{"version":"1.0","provider_name":"Stuttgarti Katolikusok","provider_url":"https:\/\/stuttgarti-katolikusok.de","title":"\u00c9vk\u00f6zi 27. vas\u00e1rnap \u2013 Term\u00e9nybetakar\u00edt\u00e1si h\u00e1laad\u00e1s - Stuttgarti Katolikusok","type":"rich","width":600,"height":338,"html":"<blockquote class=\"wp-embedded-content\" data-secret=\"e0jzy9gQIk\"><a href=\"https:\/\/stuttgarti-katolikusok.de\/index.php\/evkozi-27-vasarnap-termenybetakaritasi-halaadas-2\/\">\u00c9vk\u00f6zi 27. vas\u00e1rnap \u2013 Term\u00e9nybetakar\u00edt\u00e1si h\u00e1laad\u00e1s<\/a><\/blockquote><iframe sandbox=\"allow-scripts\" security=\"restricted\" src=\"https:\/\/stuttgarti-katolikusok.de\/index.php\/evkozi-27-vasarnap-termenybetakaritasi-halaadas-2\/embed\/#?secret=e0jzy9gQIk\" width=\"600\" height=\"338\" title=\"&#8220;\u00c9vk\u00f6zi 27. vas\u00e1rnap \u2013 Term\u00e9nybetakar\u00edt\u00e1si h\u00e1laad\u00e1s&#8221; &#8212; Stuttgarti Katolikusok\" data-secret=\"e0jzy9gQIk\" frameborder=\"0\" marginwidth=\"0\" marginheight=\"0\" scrolling=\"no\" class=\"wp-embedded-content\"><\/iframe><script type=\"text\/javascript\">\n\/* <![CDATA[ *\/\n\/*! This file is auto-generated *\/\n!function(d,l){\"use strict\";l.querySelector&&d.addEventListener&&\"undefined\"!=typeof URL&&(d.wp=d.wp||{},d.wp.receiveEmbedMessage||(d.wp.receiveEmbedMessage=function(e){var t=e.data;if((t||t.secret||t.message||t.value)&&!\/[^a-zA-Z0-9]\/.test(t.secret)){for(var s,r,n,a=l.querySelectorAll('iframe[data-secret=\"'+t.secret+'\"]'),o=l.querySelectorAll('blockquote[data-secret=\"'+t.secret+'\"]'),c=new RegExp(\"^https?:$\",\"i\"),i=0;i<o.length;i++)o[i].style.display=\"none\";for(i=0;i<a.length;i++)s=a[i],e.source===s.contentWindow&&(s.removeAttribute(\"style\"),\"height\"===t.message?(1e3<(r=parseInt(t.value,10))?r=1e3:~~r<200&&(r=200),s.height=r):\"link\"===t.message&&(r=new URL(s.getAttribute(\"src\")),n=new URL(t.value),c.test(n.protocol))&&n.host===r.host&&l.activeElement===s&&(d.top.location.href=t.value))}},d.addEventListener(\"message\",d.wp.receiveEmbedMessage,!1),l.addEventListener(\"DOMContentLoaded\",function(){for(var e,t,s=l.querySelectorAll(\"iframe.wp-embedded-content\"),r=0;r<s.length;r++)(t=(e=s[r]).getAttribute(\"data-secret\"))||(t=Math.random().toString(36).substring(2,12),e.src+=\"#?secret=\"+t,e.setAttribute(\"data-secret\",t)),e.contentWindow.postMessage({message:\"ready\",secret:t},\"*\")},!1)))}(window,document);\n\/\/# sourceURL=https:\/\/stuttgarti-katolikusok.de\/wp-includes\/js\/wp-embed.min.js\n\/* ]]> *\/\n<\/script>\n","thumbnail_url":"https:\/\/stuttgarti-katolikusok.de\/wp-content\/uploads\/2023\/10\/biberach1.jpg","thumbnail_width":2040,"thumbnail_height":1447,"description":"Sz\u00e1momra ennek a vas\u00e1rnapnak k\u00f6ny\u00f6rg\u00e9se az egyik legm\u00e9lyebb katolikus teol\u00f3giai tan\u00edt\u00e1s \u00e9s \u00fczenet is egyben. Tal\u00e1n az\u00e9rt is, mert ifj\u00fa di\u00e1k\u00e9veim egy \u0151szi vas\u00e1rnap d\u00e9lut\u00e1nj\u00e1t eleven\u00edti fel. N\u00e9hai Po\u00f3sz Lajos atya Hossz\u00famez\u0151n volt pl\u00e9b\u00e1nos, s vas\u00e1rnap est\u00e9re akkori pl\u00e9b\u00e1nosomhoz l\u00e1togatott, \u00c1ib S\u00e1ndor aty\u00e1hoz. Nagyon j\u00f3 bar\u00e1ts\u00e1gban voltak. Term\u00e9szetes volt, hogy Lajos atya v\u00e9gezte a vas\u00e1rnap esti szentmis\u00e9t. Az \u0151 saj\u00e1tos \u00e9s egyedi st\u00edlus\u00e1ban \u00e9ppen err\u0151l a k\u00f6ny\u00f6rg\u00e9sr\u0151l tartotta elm\u00e9lked\u00e9s\u00e9t. Az\u00f3ta is gyakran elm\u00e9lkedem ennek a k\u00f6ny\u00f6rg\u00e9snek tartalmas \u00fczeneteir\u0151l. &#8222;Isten, te mindig t\u00f6bbet adsz nek\u00fcnk, mint amit meg\u00e9rdeml\u00fcnk \u00e9s k\u00edv\u00e1nhatunk.&#8221; &#8211;\u00a0 Amennyiben \u0151szinte vagyok magamhoz, el kell ismernem, nincs ez m\u00e1sk\u00e9nt a magam \u00e9let\u00e9ben sem. Ne tagadd meg ezt \u0151szintes\u00e9get magadt\u00f3l sem, s r\u00e1 fogsz j\u00f6nni, hogy magad \u00e9let\u00e9ben is pontosan \u00edgy van. \u00c9rdemeinken \u00e9s egy\u00e9ni k\u00edv\u00e1ns\u00e1gainkon \u00e9s \u00f3hajainkon t\u00fal! &#8222;\u00c1raszd r\u00e1nk irgalmadat, bocs\u00e1sd meg mindazt, amivel lelkiismeret\u00fcnk v\u00e1dol.&#8221; &#8211; Ezzel elismerem v\u00e9tkes voltomat, s azt, hogy Isten irgalma n\u00e9lk\u00fcl senki vagyok. Lelkiismeretem v\u00e1dl\u00f3 szav\u00e1t csakis Isten irgalma tudja lecsendes\u00edteni \u00e9s kioltani. &#8222;\u00c9s amit szinte m\u00e1r k\u00e9rni sem mer\u00fcnk, add meg t\u00fal\u00e1rad\u00f3 atyai j\u00f3s\u00e1godb\u00f3l.&#8221; &#8211; Szavak n\u00e9lk\u00fcl is meg\u00e9rtj\u00fck egym\u00e1st! Emberi kapcsolataink \u00e9s k\u00f6t\u0151d\u00e9seink igazi fokm\u00e9r\u0151je. Igaz, ebbe vagy belen\u00f6v\u00fcnk &#8211; sz\u00fcl\u0151k \u00e9s gyermek kapcsolata -, vagy pedig hosszas \u00e9s k\u00f6z\u00f6s utat megt\u00e9ve &#8211; bar\u00e1ti kapcsolatok &#8211; jutunk el ide. A j\u00f3 Isten eset\u00e9ben pedig m\u00e1r ki sem kell mondanunk, nem is kell k\u00e9rn\u00fcnk, mert t\u00fal\u00e1rad\u00f3 atyai j\u00f3s\u00e1g\u00e1b\u00f3l megadja nek\u00fcnk. Mennyire csod\u00e1latos, megnyugtat\u00f3 felismer\u00e9s \u00e9s \u00e9rz\u00e9s ez!\u00a0 A hit emberi \u00e9let\u00fcnk nagy kincse. Az igaz ember hitb\u0151l \u00e9l. Err\u0151l sz\u00f3l az els\u0151 olvasm\u00e1ny. Amennyiben nincs meg bennem az Istenbe vetett hit, k\u00f6nnyen a perleked\u00e9s \u00e9s el\u00e9gedetlens\u00e9g \u00fatj\u00e1t v\u00e1lasztom. A h\u00edv\u0151 ember azonban tudja, hogy Isten biztosan igazs\u00e1got szolg\u00e1ltat. Ennek idej\u00e9t azonban, isteni b\u00f6lcsess\u00e9ge szerint, \u0150 maga hat\u00e1rozza meg. \u00a0 A szentleck\u00e9ben Szent P\u00e1l apostol a tan\u00fas\u00e1gt\u00e9tel fontoss\u00e1g\u00e1t hangs\u00falyozza. Ennek felt\u00e9tele pedig... R\u00e9szletek"}