{"version":"1.0","provider_name":"Stuttgarti Katolikusok","provider_url":"https:\/\/stuttgarti-katolikusok.de","title":"\u00c9vk\u00f6zi 24. vas\u00e1rnapra - Stuttgarti Katolikusok","type":"rich","width":600,"height":338,"html":"<blockquote class=\"wp-embedded-content\" data-secret=\"AKl6Sqq1TY\"><a href=\"https:\/\/stuttgarti-katolikusok.de\/index.php\/evkozi-24-vasarnapra\/\">\u00c9vk\u00f6zi 24. vas\u00e1rnapra<\/a><\/blockquote><iframe sandbox=\"allow-scripts\" security=\"restricted\" src=\"https:\/\/stuttgarti-katolikusok.de\/index.php\/evkozi-24-vasarnapra\/embed\/#?secret=AKl6Sqq1TY\" width=\"600\" height=\"338\" title=\"&#8220;\u00c9vk\u00f6zi 24. vas\u00e1rnapra&#8221; &#8212; Stuttgarti Katolikusok\" data-secret=\"AKl6Sqq1TY\" frameborder=\"0\" marginwidth=\"0\" marginheight=\"0\" scrolling=\"no\" class=\"wp-embedded-content\"><\/iframe><script type=\"text\/javascript\">\n\/* <![CDATA[ *\/\n\/*! This file is auto-generated *\/\n!function(d,l){\"use strict\";l.querySelector&&d.addEventListener&&\"undefined\"!=typeof URL&&(d.wp=d.wp||{},d.wp.receiveEmbedMessage||(d.wp.receiveEmbedMessage=function(e){var t=e.data;if((t||t.secret||t.message||t.value)&&!\/[^a-zA-Z0-9]\/.test(t.secret)){for(var s,r,n,a=l.querySelectorAll('iframe[data-secret=\"'+t.secret+'\"]'),o=l.querySelectorAll('blockquote[data-secret=\"'+t.secret+'\"]'),c=new RegExp(\"^https?:$\",\"i\"),i=0;i<o.length;i++)o[i].style.display=\"none\";for(i=0;i<a.length;i++)s=a[i],e.source===s.contentWindow&&(s.removeAttribute(\"style\"),\"height\"===t.message?(1e3<(r=parseInt(t.value,10))?r=1e3:~~r<200&&(r=200),s.height=r):\"link\"===t.message&&(r=new URL(s.getAttribute(\"src\")),n=new URL(t.value),c.test(n.protocol))&&n.host===r.host&&l.activeElement===s&&(d.top.location.href=t.value))}},d.addEventListener(\"message\",d.wp.receiveEmbedMessage,!1),l.addEventListener(\"DOMContentLoaded\",function(){for(var e,t,s=l.querySelectorAll(\"iframe.wp-embedded-content\"),r=0;r<s.length;r++)(t=(e=s[r]).getAttribute(\"data-secret\"))||(t=Math.random().toString(36).substring(2,12),e.src+=\"#?secret=\"+t,e.setAttribute(\"data-secret\",t)),e.contentWindow.postMessage({message:\"ready\",secret:t},\"*\")},!1)))}(window,document);\n\/\/# sourceURL=https:\/\/stuttgarti-katolikusok.de\/wp-includes\/js\/wp-embed.min.js\n\/* ]]> *\/\n<\/script>\n","description":"szeptember 15. \u00c9VK\u00d6ZI 24. VAS\u00c1RNAP H\u00e1nyszor r\u00e1szolg\u00e1lt m\u00e1r az emberis\u00e9g arra, hogy Isten megb\u00fcntesse, s\u0151t elt\u00f6r\u00f6lje a f\u00f6ld sz\u00edn\u00e9r\u0151l. Mindig akadt azonban egy-egy k\u00f6zbenj\u00e1r\u00f3, aki Istent engesztelte, a n\u00e9-pet pedig b\u0171nb\u00e1natra figyelmeztette. \u00c1ldott legyen az Is-ten, aki mindig \u00faj lehet\u0151s\u00e9get adott arra, hogy \u00faj \u00e9letet kezdj\u00fcnk. Olvasm\u00e1ny: Kiv 32, 7\u201311. 13\u201314 Az \u201earanyborj\u00fa\u201d im\u00e1d\u00e1sa \u00f6r\u00f6k k\u00eds\u00e9rt\u00e9se marad az embe-ris\u00e9gnek. Sokan elhagyj\u00e1k Istent csillog\u00f3 kincsek\u00e9rt, f\u00f6ldi \u00e9rt\u00e9kek\u00e9rt. B\u00e1lv\u00e1ny mindaz, amit az ember Isten el\u00e9 helyez. De m\u00e9g ebb\u0151l a b\u00e1lv\u00e1nyim\u00e1d\u00e1sb\u00f3l is van felemelked\u00e9s \u00e9s megt\u00e9r\u00e9s. Szentlecke: 1 Tim 1, 12\u201317 Szent P\u00e1l apostol Isten irgalmass\u00e1g\u00e1nak szeml\u00e9ltet\u00e9s\u00e9re a saj\u00e1t p\u00e9ld\u00e1j\u00e1t eml\u00edti. Semmi \u00e9rdeme nem volt, s\u0151t \u00fcl-d\u00f6zte Krisztus k\u00f6vet\u0151it, m\u00e9gis megk\u00f6ny\u00f6r\u00fclt rajta az \u00dar. Ez\u00e9rt \u00e9lete v\u00e9g\u00e9ig dics\u0151\u00edti irgalmass\u00e1g\u00e1t. Evang\u00e9lium: Lk 15, 1\u201332 A t\u00e9kozl\u00f3 fi\u00far\u00f3l sz\u00f3l\u00f3 t\u00f6rt\u00e9netb\u0151l kit\u0171nik, hogy milyen nagy k\u00fcl\u00f6nbs\u00e9g van az \u00f3sz\u00f6vets\u00e9gi \u00e9s az \u00fajsz\u00f6vets\u00e9gi vall\u00e1soss\u00e1g k\u00f6z\u00f6tt. Az \u00edr\u00e1stud\u00f3k \u00e9s farizeusok szerint egyed\u00fcl a t\u00f6rv\u00e9ny megtart\u00e1s\u00e1ban el\u00e9rt teljes\u00edtm\u00e9ny a vall\u00e1soss\u00e1g fokm\u00e9r\u0151je. J\u00e9zus viszont r\u00e1mutat arra, hogy fontos az Isten irgalm\u00e1ba vetett bizalom is. Tudnunk kell ugyanis azt, hogy Isten kegyelme n\u00e9lk\u00fcl nincs igazi ke-reszt\u00e9ny \u00e9let: Isten \u00f6r\u00fcl, ha visszafogadhatja a b\u0171nb\u00e1n\u00f3t. A F\u00c1JDALMAS SZ\u0170ZANYA \u00dcNNEPE Szeptember 15-e a F\u00e1jdalmas Sz\u0171zanya \u00fcnnepe. Az \u00fcn-nepnap \u00f6sszef\u00fcgg a Szent Kereszt felmagasztal\u00e1s\u00e1nak \u00fcnnep\u00e9vel (szeptember 14.). Liturgikus \u00fcnnepl\u00e9s\u00e9t el\u0151-sz\u00f6r a szervita rendnek enged\u00e9lyezt\u00e9k. VII. Piusz p\u00e1pa vezette be az eg\u00e9sz Egyh\u00e1zban \u2013 h\u00e1l\u00e1b\u00f3l a nap\u00f3leoni fogs\u00e1gb\u00f3l val\u00f3 szerencs\u00e9s visszat\u00e9r\u00e9s\u00e9\u00e9rt. Mivel vas\u00e1r-napra esik, \u00edgy liturgikus \u00fcnnepl\u00e9se az idei \u00e9vben elma-rad. &nbsp; \u00d3 szents\u00e9ges Any\u00e1m, a keresztre fesz\u00edtettnek v\u00e9sd sz\u00edvembe sebeit. A keresztn\u00e9l veled \u00e1llni, gy\u00e1szban veled eggy\u00e9 v\u00e1lni, erre h\u00edv a szeretet. IM\u00c1DS\u00c1G Isten\u00fcnk, te \u00fagy akartad, hogy a Sz\u0171zanya osztozz\u00e9k Fiad szenved\u00e9s\u00e9ben, \u00e9s ott \u00e1lljon dics\u0151s\u00e9ges keresztje alatt. Add meg Egyh\u00e1zadnak, amely vele egy\u00fctt r\u00e9szt vesz Krisztus k\u00ednszenved\u00e9s\u00e9ben, hogy r\u00e9sze legyen Krisztus felt\u00e1mad\u00e1s\u00e1ban is. Amen. SZENT FERENC SEBEI Szer\u00e1fi Szent Ferenc aty\u00e1nk a... R\u00e9szletek"}