{"version":"1.0","provider_name":"Stuttgarti Katolikusok","provider_url":"https:\/\/stuttgarti-katolikusok.de","title":"\u00c9vk\u00f6zi 24. vas\u00e1rnap - Stuttgarti Katolikusok","type":"rich","width":600,"height":338,"html":"<blockquote class=\"wp-embedded-content\" data-secret=\"awUk4w3JgD\"><a href=\"https:\/\/stuttgarti-katolikusok.de\/index.php\/evkozi-24-vasarnap-3\/\">\u00c9vk\u00f6zi 24. vas\u00e1rnap<\/a><\/blockquote><iframe sandbox=\"allow-scripts\" security=\"restricted\" src=\"https:\/\/stuttgarti-katolikusok.de\/index.php\/evkozi-24-vasarnap-3\/embed\/#?secret=awUk4w3JgD\" width=\"600\" height=\"338\" title=\"&#8220;\u00c9vk\u00f6zi 24. vas\u00e1rnap&#8221; &#8212; Stuttgarti Katolikusok\" data-secret=\"awUk4w3JgD\" frameborder=\"0\" marginwidth=\"0\" marginheight=\"0\" scrolling=\"no\" class=\"wp-embedded-content\"><\/iframe><script type=\"text\/javascript\">\n\/* <![CDATA[ *\/\n\/*! This file is auto-generated *\/\n!function(d,l){\"use strict\";l.querySelector&&d.addEventListener&&\"undefined\"!=typeof URL&&(d.wp=d.wp||{},d.wp.receiveEmbedMessage||(d.wp.receiveEmbedMessage=function(e){var t=e.data;if((t||t.secret||t.message||t.value)&&!\/[^a-zA-Z0-9]\/.test(t.secret)){for(var s,r,n,a=l.querySelectorAll('iframe[data-secret=\"'+t.secret+'\"]'),o=l.querySelectorAll('blockquote[data-secret=\"'+t.secret+'\"]'),c=new RegExp(\"^https?:$\",\"i\"),i=0;i<o.length;i++)o[i].style.display=\"none\";for(i=0;i<a.length;i++)s=a[i],e.source===s.contentWindow&&(s.removeAttribute(\"style\"),\"height\"===t.message?(1e3<(r=parseInt(t.value,10))?r=1e3:~~r<200&&(r=200),s.height=r):\"link\"===t.message&&(r=new URL(s.getAttribute(\"src\")),n=new URL(t.value),c.test(n.protocol))&&n.host===r.host&&l.activeElement===s&&(d.top.location.href=t.value))}},d.addEventListener(\"message\",d.wp.receiveEmbedMessage,!1),l.addEventListener(\"DOMContentLoaded\",function(){for(var e,t,s=l.querySelectorAll(\"iframe.wp-embedded-content\"),r=0;r<s.length;r++)(t=(e=s[r]).getAttribute(\"data-secret\"))||(t=Math.random().toString(36).substring(2,12),e.src+=\"#?secret=\"+t,e.setAttribute(\"data-secret\",t)),e.contentWindow.postMessage({message:\"ready\",secret:t},\"*\")},!1)))}(window,document);\n\/\/# sourceURL=https:\/\/stuttgarti-katolikusok.de\/wp-includes\/js\/wp-embed.min.js\n\/* ]]> *\/\n<\/script>\n","thumbnail_url":"https:\/\/stuttgarti-katolikusok.de\/wp-content\/uploads\/2024\/09\/whatsapp-kep-2024-09-14-222341-13c54751.jpg","thumbnail_width":1674,"thumbnail_height":1116,"description":"Az \u00e9vk\u00f6zi 24. vas\u00e1rnap bizonyos \u00e9rtelemben a szenved\u00e9s k\u00e9rd\u00e9s\u00e9t, \u00e9s ahhoz val\u00f3 viszonyul\u00e1sunkat \u00e1ll\u00edtja figyelm\u00fcnk k\u00f6z\u00e9ppontj\u00e1ba. \u00c1lljon itt Szent II. J\u00e1nos P\u00e1l p\u00e1pa elm\u00e9lked\u00e9se : &#8222;J\u00e9zus azonos\u00edtja mag\u00e1t minden sz\u00fcks\u00e9get szenved\u0151 emberrel. Amikor teh\u00e1t m\u00e1sokon seg\u00edt\u00fcnk, ezt val\u00f3j\u00e1ban J\u00e9zussal tessz\u00fck.\u00a0 A keresztet hordoz\u00f3 ember pedig komolyan gondoljon arra, hogy minden szenved\u00e9s Krisztus szenved\u00e9s\u00e9ben val\u00f3 r\u00e9szesed\u00e9s. Szent P\u00e1l apostol szerint az a hivat\u00e1sunk, hogy szenved\u00e9seinkkel kieg\u00e9sz\u00edts\u00fck azt, ami Krisztus szenved\u00e9s\u00e9b\u0151l hi\u00e1nyzik az Egyh\u00e1z jav\u00e1ra. Krisztus ezt mondta: &#8222;velem tett\u00e9tek&#8221;. Mindenkiben \u0151 tapasztalja meg szeretet\u00fcnket. Neki seg\u00edt\u00fcnk, amikor megk\u00fcl\u00f6nb\u00f6ztet\u00e9s n\u00e9lk\u00fcl seg\u00edts\u00e9get ny\u00fajtunk minden szenved\u0151nek. \u0150 van jelen minden szenved\u0151ben, mivel \u00fcdv\u00f6z\u00edt\u0151 szenved\u00e9se egyszer s mindenkorra felt\u00e1rul minden emberi szenved\u00e9s el\u0151tt. S minden szenved\u0151 egyszer s mindenkorra megh\u00edv\u00e1st kapott, hogy &#8222;Krisztus szenved\u00e9seinek&#8221; r\u00e9szese legyen. Mik\u00e9nt mindenkihez sz\u00f3l P\u00e1l apostol szava: &#8222;Eg\u00e9sz\u00edts\u00e9tek ki&#8221; saj\u00e1t szenved\u00e9setekkel azt, &#8222;ami Krisztus szenved\u00e9s\u00e9b\u0151l m\u00e9g hi\u00e1nyzik&#8221;. Kezd\u0151\u00e9nek: Adj b\u00e9k\u00e9t, Urunk, azoknak, akik benned b\u00edznak, hogy pr\u00f3f\u00e9t\u00e1id igazmond\u00f3knak bizonyuljanak; hallgasd meg szolg\u00e1d, \u00e9s a te n\u00e9ped, Izrael k\u00f6ny\u00f6rg\u00e9s\u00e9t. (V\u00f6. Sir 36,18) K\u00f6ny\u00f6rg\u00e9s: Mindens\u00e9g teremt\u0151 \u00e9s gondvisel\u0151 Istene, tekints re\u00e1nk \u00e9s engedd \u00e9rezn\u00fcnk irgalmas j\u00f3s\u00e1god, hogy eg\u00e9sz sz\u00edvvel szolg\u00e1ljunk neked. A mi Urunk, J\u00e9zus Krisztus, a te Fiad \u00e1ltal, aki veled \u00e9l \u00e9s uralkodik a Szentl\u00e9lekkel egys\u00e9gben, Isten mind\u00f6r\u00f6kk\u00f6n \u00f6r\u00f6kk\u00e9. OLVASM\u00c1NY Izaj\u00e1s pr\u00f3f\u00e9ta k\u00f6nyv\u00e9b\u0151l (Iz 50,5-9a) Pr\u00f3f\u00e9t\u00e1ja \u00e1ltal a Megv\u00e1lt\u00f3 \u00edgy besz\u00e9l: \u201eIsten, az \u00dar megnyitotta f\u00fclemet. \u00c9n nem \u00e1lltam ellen, \u00e9s nem h\u00e1tr\u00e1ltam meg. H\u00e1tamat odaford\u00edtottam azoknak, akik vertek, arcomat pedig azoknak, akik t\u00e9p\u00e1ztak. Nem rejtettem el arcomat azok el\u0151l, akik gyal\u00e1ztak \u00e9s lek\u00f6pd\u00f6stek. Isten, az \u00dar megseg\u00edt, ez\u00e9rt nem vallok sz\u00e9gyent. Arcomat megkem\u00e9ny\u00edtem, mint a k\u0151szikla, s tudom, hogy nem kell sz\u00e9gyenkeznem. K\u00f6zel van, aki igazs\u00e1got szolg\u00e1ltat nekem. Ki sz\u00e1llhat velem perbe? \u00c1lljunk ki egy\u00fctt! Ki az ellenfelem? J\u00f6jj\u00f6n ide hozz\u00e1m! Isten, az \u00dar seg\u00edts\u00e9gemre siet. Ki \u00edt\u00e9lhetne el?\u201d Ez az Isten ig\u00e9je. V\u00c1LASZOS ZSOLT\u00c1R (Zsolt 114,1-2.3-4.5-6.8-9) V\u00e1lasz:\u00a0Az \u00dar... R\u00e9szletek"}