{"version":"1.0","provider_name":"Stuttgarti Katolikusok","provider_url":"https:\/\/stuttgarti-katolikusok.de","title":"\u00c9vk\u00f6zi 23. vas\u00e1rnap - Stuttgarti Katolikusok","type":"rich","width":600,"height":338,"html":"<blockquote class=\"wp-embedded-content\" data-secret=\"iGjqtFkNWV\"><a href=\"https:\/\/stuttgarti-katolikusok.de\/index.php\/evkozi-23-vasarnap\/\">\u00c9vk\u00f6zi 23. vas\u00e1rnap<\/a><\/blockquote><iframe sandbox=\"allow-scripts\" security=\"restricted\" src=\"https:\/\/stuttgarti-katolikusok.de\/index.php\/evkozi-23-vasarnap\/embed\/#?secret=iGjqtFkNWV\" width=\"600\" height=\"338\" title=\"&#8220;\u00c9vk\u00f6zi 23. vas\u00e1rnap&#8221; &#8212; Stuttgarti Katolikusok\" data-secret=\"iGjqtFkNWV\" frameborder=\"0\" marginwidth=\"0\" marginheight=\"0\" scrolling=\"no\" class=\"wp-embedded-content\"><\/iframe><script type=\"text\/javascript\">\n\/* <![CDATA[ *\/\n\/*! This file is auto-generated *\/\n!function(d,l){\"use strict\";l.querySelector&&d.addEventListener&&\"undefined\"!=typeof URL&&(d.wp=d.wp||{},d.wp.receiveEmbedMessage||(d.wp.receiveEmbedMessage=function(e){var t=e.data;if((t||t.secret||t.message||t.value)&&!\/[^a-zA-Z0-9]\/.test(t.secret)){for(var s,r,n,a=l.querySelectorAll('iframe[data-secret=\"'+t.secret+'\"]'),o=l.querySelectorAll('blockquote[data-secret=\"'+t.secret+'\"]'),c=new RegExp(\"^https?:$\",\"i\"),i=0;i<o.length;i++)o[i].style.display=\"none\";for(i=0;i<a.length;i++)s=a[i],e.source===s.contentWindow&&(s.removeAttribute(\"style\"),\"height\"===t.message?(1e3<(r=parseInt(t.value,10))?r=1e3:~~r<200&&(r=200),s.height=r):\"link\"===t.message&&(r=new URL(s.getAttribute(\"src\")),n=new URL(t.value),c.test(n.protocol))&&n.host===r.host&&l.activeElement===s&&(d.top.location.href=t.value))}},d.addEventListener(\"message\",d.wp.receiveEmbedMessage,!1),l.addEventListener(\"DOMContentLoaded\",function(){for(var e,t,s=l.querySelectorAll(\"iframe.wp-embedded-content\"),r=0;r<s.length;r++)(t=(e=s[r]).getAttribute(\"data-secret\"))||(t=Math.random().toString(36).substring(2,12),e.src+=\"#?secret=\"+t,e.setAttribute(\"data-secret\",t)),e.contentWindow.postMessage({message:\"ready\",secret:t},\"*\")},!1)))}(window,document);\n\/\/# sourceURL=https:\/\/stuttgarti-katolikusok.de\/wp-includes\/js\/wp-embed.min.js\n\/* ]]> *\/\n<\/script>\n","thumbnail_url":"https:\/\/stuttgarti-katolikusok.de\/wp-content\/uploads\/2023\/09\/evkozi-25-vasarnap.png","thumbnail_width":830,"thumbnail_height":568,"description":"A szentmise k\u00f6ny\u00f6rg\u00e9se k\u00e9t fontos dologra h\u00edvja fel figyelm\u00fcnket. Egyr\u00e9szt Isten, J\u00e9zus Krisztus \u00e1ltal megv\u00e1ltott benn\u00fcnket. M\u00e1sr\u00e9szt pedig fogadott gyermekei vagyunk. E k\u00e9t t\u00e9ny egy\u00fcttesen er\u0151s\u00edti bizalmunkat a j\u00f3 Isten ir\u00e1ny\u00e1ban, k\u00fcl\u00f6n\u00f6sen akkor, amikor nagyon neh\u00e9znek \u00e9s kil\u00e1t\u00e1stalannak \u00e9rezz\u00fck \u00e9let\u00fcnket. Az olvasm\u00e1nyban Izaj\u00e1s pr\u00f3f\u00e9ta azzal vigasztalja n\u00e9p\u00e9t, hogy Isten a messi\u00e1si orsz\u00e1gban orvosolja a f\u00f6ldi \u00e9let bajait. &#8222;B\u00e1tors\u00e1g! Ne f\u00e9ljetek! \u00cdme, elj\u00f6n Istenetek, elj\u00f6n, hogy bossz\u00fat \u00e1lljon \u00e9s megfizessen. Maga Isten j\u00f6n el, hogy szabadul\u00e1st hozzon nektek.\u201d Ism\u00e9telten Isten ir\u00e1nti bizalmunkat er\u0151s\u00edti fel. A j\u00f6v\u0151k\u00e9p, amelyet felv\u00e1zol a pr\u00f3f\u00e9ta, idealisztikus. A magunk szemsz\u00f6g\u00e9b\u0151l tekintve, itt \u00e9s most, badars\u00e1g, megval\u00f3s\u00edthatatlan. \u00cdgy is van! Azonban, ha a hit szem\u00fcveg\u00e9n kereszt\u00fcl tekintj\u00fck mindezt, akkor m\u00e1r van alapja ennek a j\u00f6v\u0151k\u00e9pnek. Csakis \u00edgy van alapja \u00e9s val\u00f3s\u00e1gtartalma! Mindez viszont m\u00e1r rajtam m\u00falik. A v\u00e1laszos zsolt\u00e1r Isten gondoskod\u00f3 szeretet\u00e9t \u00e1ll\u00edtja figyelm\u00fcnk k\u00f6z\u00e9ppontj\u00e1ba. Ez\u00e9rt a h\u00e1la \u00e9s k\u00f6sz\u00f6net r\u00e9szemr\u0151l. \u00c9rdemes sokszor \u00fajra im\u00e1dkozni ezt a zsolt\u00e1rt, hiszen egyszer csak azt veszem \u00e9szre magamban, hogy egyre ink\u00e1bb feler\u0151s\u00f6dik a h\u00e1la \u00e9rz\u00e9se lelkemben. A szentlecke szint\u00e9n, vil\u00e1gunkban jelenl\u00e9v\u0151 jelens\u00e9gre ir\u00e1ny\u00edtja r\u00e1 figyelm\u00fcnket, mely nem m\u00e1s, mint a szem\u00e9lyv\u00e1logat\u00e1s. Nagy a k\u00eds\u00e9rt\u00e9s sz\u00e1munkra, hogy embereket kategoriz\u00e1ljunk. Jakab apostol felh\u00edv\u00e1sa egy\u00e9rtelm\u0171: &#8222;Ha hisztek J\u00e9zus Krisztusban, ne legyetek szem\u00e9lyv\u00e1logat\u00f3k.&#8221; Vagyis, amennyiben le akarom magamban gy\u0151zni ezt az \u00f6r\u00f6k\u00f6s k\u00eds\u00e9rt\u00e9st, csakis hitben tudom megtenni. Amennyiben pedig m\u00e9g \u0151szinte is vagyok \u00f6nmagamhoz, l\u00e1tnom kell, hogy mennyi mindennel rendelkezem, amelyet egyszer\u0171en csak Isten aj\u00e1nd\u00e9koz\u00f3 j\u00f3s\u00e1g\u00e1nak k\u00f6sz\u00f6nhetek. Nem a magam \u00e9rdeme! T\u00f6rekedj\u00fcnk arra, hogy Isten szem\u00e9vel n\u00e9zz\u00fck egym\u00e1st.\u00a0 Az evang\u00e9liumi r\u00e9sz \u00fczenete: az eg\u00e9szs\u00e9g Isten nagy aj\u00e1nd\u00e9ka sz\u00e1momra. Ne feledjek h\u00e1l\u00e1t adni \u00e9rte. Kincs, amelyet t\u00f6r\u00e9keny cser\u00e9ped\u00e9nyben \u0151rz\u00f6k.\u00a0 Ez a magam \u00e9lete, benne lelki \u00e9s testi \u00e9ps\u00e9gem. \u00c1t kell \u00e9reznem \u00f6nmagammal szembeni felel\u0151ss\u00e9gemet. A ny\u00e1ri h\u00f3napok \u00e9ppen erre k\u00edn\u00e1ltak lehet\u0151s\u00e9get. Semmi k\u00e9pen nem \u00f6nz\u0151 magatart\u00e1s ez. A magam lelki \u00e9s testi eg\u00e9szs\u00e9ge felt\u00e9tele annak, hogy... R\u00e9szletek"}