{"version":"1.0","provider_name":"Stuttgarti Katolikusok","provider_url":"https:\/\/stuttgarti-katolikusok.de","title":"\u00c9vk\u00f6zi 22. vas\u00e1rnapra - Stuttgarti Katolikusok","type":"rich","width":600,"height":338,"html":"<blockquote class=\"wp-embedded-content\" data-secret=\"rgghdCBc3u\"><a href=\"https:\/\/stuttgarti-katolikusok.de\/index.php\/evkozi-22-vasarnapra\/\">\u00c9vk\u00f6zi 22. vas\u00e1rnapra<\/a><\/blockquote><iframe sandbox=\"allow-scripts\" security=\"restricted\" src=\"https:\/\/stuttgarti-katolikusok.de\/index.php\/evkozi-22-vasarnapra\/embed\/#?secret=rgghdCBc3u\" width=\"600\" height=\"338\" title=\"&#8220;\u00c9vk\u00f6zi 22. vas\u00e1rnapra&#8221; &#8212; Stuttgarti Katolikusok\" data-secret=\"rgghdCBc3u\" frameborder=\"0\" marginwidth=\"0\" marginheight=\"0\" scrolling=\"no\" class=\"wp-embedded-content\"><\/iframe><script type=\"text\/javascript\">\n\/* <![CDATA[ *\/\n\/*! This file is auto-generated *\/\n!function(d,l){\"use strict\";l.querySelector&&d.addEventListener&&\"undefined\"!=typeof URL&&(d.wp=d.wp||{},d.wp.receiveEmbedMessage||(d.wp.receiveEmbedMessage=function(e){var t=e.data;if((t||t.secret||t.message||t.value)&&!\/[^a-zA-Z0-9]\/.test(t.secret)){for(var s,r,n,a=l.querySelectorAll('iframe[data-secret=\"'+t.secret+'\"]'),o=l.querySelectorAll('blockquote[data-secret=\"'+t.secret+'\"]'),c=new RegExp(\"^https?:$\",\"i\"),i=0;i<o.length;i++)o[i].style.display=\"none\";for(i=0;i<a.length;i++)s=a[i],e.source===s.contentWindow&&(s.removeAttribute(\"style\"),\"height\"===t.message?(1e3<(r=parseInt(t.value,10))?r=1e3:~~r<200&&(r=200),s.height=r):\"link\"===t.message&&(r=new URL(s.getAttribute(\"src\")),n=new URL(t.value),c.test(n.protocol))&&n.host===r.host&&l.activeElement===s&&(d.top.location.href=t.value))}},d.addEventListener(\"message\",d.wp.receiveEmbedMessage,!1),l.addEventListener(\"DOMContentLoaded\",function(){for(var e,t,s=l.querySelectorAll(\"iframe.wp-embedded-content\"),r=0;r<s.length;r++)(t=(e=s[r]).getAttribute(\"data-secret\"))||(t=Math.random().toString(36).substring(2,12),e.src+=\"#?secret=\"+t,e.setAttribute(\"data-secret\",t)),e.contentWindow.postMessage({message:\"ready\",secret:t},\"*\")},!1)))}(window,document);\n\/\/# sourceURL=https:\/\/stuttgarti-katolikusok.de\/wp-includes\/js\/wp-embed.min.js\n\/* ]]> *\/\n<\/script>\n","description":"2019. szeptember 1. \u00c9VK\u00d6ZI 22. VAS\u00c1RNAP &nbsp; A mai vil\u00e1gban a verseng\u00e9s, a t\u00fcleked\u00e9s, s\u0151t az er\u0151szakoss\u00e1g is megszokott dolog. A kereszt\u00e9ny ember magatart\u00e1sa azonban eg\u00e9szen m\u00e1s. \u0150 ugyanis annak a J\u00e9zusnak k\u00f6vet\u0151je, aki ezt mondta: \u201eTanuljatok t\u0151lem, mert szel\u00edd vagyok \u00e9s al\u00e1zatos sz\u00edv\u0171\u201d (Mt 11,29). KEZD\u0150\u00c9NEK\u00a0 \u00a0\u00a0\u00a0\u00a0\u00a0\u00a0\u00a0\u00a0\u00a0\u00a0\u00a0\u00a0\u00a0\u00a0\u00a0\u00a0\u00a0\u00a0\u00a0\u00a0\u00a0\u00a0\u00a0\u00a0\u00a0\u00a0\u00a0\u00a0\u00a0\u00a0\u00a0\u00a0\u00a0\u00a0\u00a0\u00a0\u00a0\u00a0\u00a0\u00a0\u00a0\u00a0\u00a0\u00a0\u00a0\u00a0\u00a0\u00a0\u00a0\u00a0\u00a0\u00a0\u00a0\u00a0Zsolt 85, 3. 5 K\u00f6ny\u00f6r\u00fclj rajtam, Uram; l\u00e1tod: eg\u00e9sz nap hozz\u00e1d ki\u00e1ltok, mert te, Uram, j\u00f3s\u00e1gos vagy \u00e9s szel\u00edd, \u00e9s nagy irgalm\u00fa azokhoz, akik sz\u00f3l\u00edtanak. OLVASM\u00c1NY \u00a0\u00a0\u00a0\u00a0\u00a0\u00a0\u00a0\u00a0\u00a0\u00a0\u00a0\u00a0\u00a0\u00a0\u00a0\u00a0\u00a0\u00a0\u00a0\u00a0\u00a0\u00a0\u00a0\u00a0\u00a0\u00a0\u00a0\u00a0\u00a0\u00a0\u00a0\u00a0\u00a0\u00a0\u00a0\u00a0\u00a0\u00a0\u00a0\u00a0\u00a0Sir 3, 19\u201321. 30\u201331 Az ember hajlamos a hi\u00fas\u00e1gra \u00e9s a b\u00fcszkes\u00e9gre. Ez a magatart\u00e1s ellenszenvess\u00e9 teszi az emberek el\u0151tt, \u00e9s m\u00e9g ink\u00e1bb indokolatlan Isten el\u0151tt, hiszen az \u0151 kez\u00e9ben van sorsunk, \u00e9let\u00fcnk. \u0150 pedig \u2013 J\u00e9zus tan\u00edt\u00e1sa szerint \u2013 az al\u00e1zatosakat emeli fel \u00e9s seg\u00edti kegyelm\u00e9vel, a g\u0151g\u00f6seket pedig megal\u00e1zza. V\u00c1LASZOS ZSOLT\u00c1R \u00a0\u00a0\u00a0\u00a0\u00a0\u00a0\u00a0\u00a0\u00a0\u00a0\u00a0\u00a0\u00a0\u00a0\u00a0\u00a0\u00a0\u00a0\u00a0\u00a0\u00a0\u00a0\u00a0\u00a0\u00a0\u00a0\u00a0\u00a0\u00a0\u00a0\u00a0\u00a0\u00a0\u00a0\u00a0\u00a0\u00a067. Zsolt\u00e1r V\u00e1lasz: J\u00f3s\u00e1godban, Isten\u00fcnk, * \u00a0\u00a0\u00a0\u00a0\u00a0\u00a0\u00a0\u00a0\u00a0\u00a0\u00a0\u00a0\u00a0 hajl\u00e9kot k\u00e9sz\u00edtesz a szeg\u00e9nynek. &nbsp; SZENTLECKE \u00a0\u00a0\u00a0\u00a0\u00a0\u00a0\u00a0\u00a0\u00a0\u00a0\u00a0\u00a0\u00a0\u00a0\u00a0\u00a0\u00a0\u00a0\u00a0\u00a0\u00a0\u00a0\u00a0\u00a0\u00a0\u00a0\u00a0\u00a0\u00a0\u00a0\u00a0Zsid 13, 18\u201319. 22\u201324a\u00a0 A Zsid\u00f3khoz \u00edrt lev\u00e9l tan\u00edt\u00e1sa szerint az \u00dajsz\u00f6vets\u00e9g fel\u00fclm\u00falja az \u00d3sz\u00f6vets\u00e9get. Az el\u0151bbit ugyanis Isten az \u0151 Egysz\u00fcl\u00f6tt Fia \u00e1ltal k\u00f6t\u00f6tte az emberis\u00e9ggel, \u00e9s r\u00e9szes\u00e9v\u00e9 tette a megv\u00e1lt\u00e1s aj\u00e1nd\u00e9kainak: az Atya gyermekei, az \u0151 csal\u00e1dj\u00e1nak tagjai, orsz\u00e1g\u00e1nak \u00f6r\u00f6k\u00f6sei, az angyalok \u00e9s a szentek t\u00e1rsai lett\u00fcnk. ALLELUJA\u00a0\u00a0\u00a0\u00a0 \u00a0\u00a0\u00a0\u00a0\u00a0\u00a0\u00a0\u00a0\u00a0\u00a0\u00a0\u00a0\u00a0\u00a0\u00a0\u00a0\u00a0\u00a0\u00a0\u00a0\u00a0\u00a0\u00a0\u00a0\u00a0\u00a0\u00a0\u00a0\u00a0\u00a0\u00a0\u00a0\u00a0\u00a0\u00a0\u00a0\u00a0\u00a0\u00a0\u00a0\u00a0\u00a0\u00a0\u00a0\u00a0\u00a0\u00a0\u00a0\u00a0\u00a0\u00a0\u00a0\u00a0\u00a0\u00a0\u00a0\u00a0Mt 11, 29ab J\u00e9zus mondja: \u201eVegy\u00e9tek magatokra ig\u00e1mat, \u00e9s tanuljatok t\u0151lem, * mert szel\u00edd vagyok \u00e9s al\u00e1zatos sz\u00edv\u0171.\u201d EVANG\u00c9LIUM\u00a0\u00a0 \u00a0\u00a0\u00a0\u00a0\u00a0\u00a0\u00a0\u00a0\u00a0\u00a0\u00a0\u00a0\u00a0\u00a0\u00a0\u00a0\u00a0\u00a0\u00a0\u00a0\u00a0\u00a0\u00a0\u00a0\u00a0\u00a0\u00a0\u00a0\u00a0\u00a0\u00a0\u00a0\u00a0\u00a0\u00a0\u00a0\u00a0\u00a0\u00a0\u00a0\u00a0Lk 14, 1. 7\u201314 J\u00e9zus minden alkalmat felhaszn\u00e1l arra, hogy tan\u00edtsa az embereket. Egy farizeus lakom\u00e1j\u00e1n \u00e9szrevette, hogy a megjelentek egym\u00e1ssal versengve az els\u0151 helyeket szeretn\u00e9k elfoglalni. Ez\u00e9rt\u00a0 figyelmeztette \u0151ket: Legyetek szer\u00e9nyek \u00e9s al\u00e1zatosak, mert ez teszi kedvess\u00e9 az embert Isten \u00e9s embert\u00e1rsai el\u0151tt. A h\u00e1zigazd\u00e1nak pedig azt aj\u00e1nlotta: Ne az el\u0151kel\u0151k, hanem a r\u00e1szorul\u00f3k sz\u00e1m\u00e1ra rendezzen lakom\u00e1t. Igaz, \u0151k nem tudj\u00e1k ezt viszonozni. Istent\u0151l viszont b\u0151s\u00e9ges jutalomra sz\u00e1m\u00edthat. AZ EUCHARISZTI\u00c1HOZ J\u00e9zus a keny\u00e9r \u00e9s a bor sz\u00edne al\u00e1 rejt\u0151zve maradt itt k\u00f6z\u00f6tt\u00fcnk. Ez is az \u0151 nagy al\u00e1zatoss\u00e1g\u00e1t tanus\u00edtja. Tanuljunk t\u0151le... R\u00e9szletek"}