{"version":"1.0","provider_name":"Stuttgarti Katolikusok","provider_url":"https:\/\/stuttgarti-katolikusok.de","title":"\u00c9vk\u00f6zi 22. vas\u00e1rnap \u2013 Teremt\u00e9sv\u00e9delmi vil\u00e1gnap - Stuttgarti Katolikusok","type":"rich","width":600,"height":338,"html":"<blockquote class=\"wp-embedded-content\" data-secret=\"zkPsLApbnJ\"><a href=\"https:\/\/stuttgarti-katolikusok.de\/index.php\/evkozi-22-vasarnap-teremtesvedelmi-vilagnap\/\">\u00c9vk\u00f6zi 22. vas\u00e1rnap \u2013 Teremt\u00e9sv\u00e9delmi vil\u00e1gnap<\/a><\/blockquote><iframe sandbox=\"allow-scripts\" security=\"restricted\" src=\"https:\/\/stuttgarti-katolikusok.de\/index.php\/evkozi-22-vasarnap-teremtesvedelmi-vilagnap\/embed\/#?secret=zkPsLApbnJ\" width=\"600\" height=\"338\" title=\"&#8220;\u00c9vk\u00f6zi 22. vas\u00e1rnap \u2013 Teremt\u00e9sv\u00e9delmi vil\u00e1gnap&#8221; &#8212; Stuttgarti Katolikusok\" data-secret=\"zkPsLApbnJ\" frameborder=\"0\" marginwidth=\"0\" marginheight=\"0\" scrolling=\"no\" class=\"wp-embedded-content\"><\/iframe><script type=\"text\/javascript\">\n\/* <![CDATA[ *\/\n\/*! This file is auto-generated *\/\n!function(d,l){\"use strict\";l.querySelector&&d.addEventListener&&\"undefined\"!=typeof URL&&(d.wp=d.wp||{},d.wp.receiveEmbedMessage||(d.wp.receiveEmbedMessage=function(e){var t=e.data;if((t||t.secret||t.message||t.value)&&!\/[^a-zA-Z0-9]\/.test(t.secret)){for(var s,r,n,a=l.querySelectorAll('iframe[data-secret=\"'+t.secret+'\"]'),o=l.querySelectorAll('blockquote[data-secret=\"'+t.secret+'\"]'),c=new RegExp(\"^https?:$\",\"i\"),i=0;i<o.length;i++)o[i].style.display=\"none\";for(i=0;i<a.length;i++)s=a[i],e.source===s.contentWindow&&(s.removeAttribute(\"style\"),\"height\"===t.message?(1e3<(r=parseInt(t.value,10))?r=1e3:~~r<200&&(r=200),s.height=r):\"link\"===t.message&&(r=new URL(s.getAttribute(\"src\")),n=new URL(t.value),c.test(n.protocol))&&n.host===r.host&&l.activeElement===s&&(d.top.location.href=t.value))}},d.addEventListener(\"message\",d.wp.receiveEmbedMessage,!1),l.addEventListener(\"DOMContentLoaded\",function(){for(var e,t,s=l.querySelectorAll(\"iframe.wp-embedded-content\"),r=0;r<s.length;r++)(t=(e=s[r]).getAttribute(\"data-secret\"))||(t=Math.random().toString(36).substring(2,12),e.src+=\"#?secret=\"+t,e.setAttribute(\"data-secret\",t)),e.contentWindow.postMessage({message:\"ready\",secret:t},\"*\")},!1)))}(window,document);\n\/\/# sourceURL=https:\/\/stuttgarti-katolikusok.de\/wp-includes\/js\/wp-embed.min.js\n\/* ]]> *\/\n<\/script>\n","thumbnail_url":"https:\/\/stuttgarti-katolikusok.de\/wp-content\/uploads\/2024\/08\/whatsapp-kep-2024-08-31-180249-1464abd8.jpg","thumbnail_width":2048,"thumbnail_height":1513,"description":"\u201eA teremtett vil\u00e1ggal egy\u00fctt rem\u00e9lj \u00e9s cselekedj\u201d \u2013 ez a szeptember 1-jei teremt\u00e9sv\u00e9delmi imanap t\u00e9m\u00e1ja. Szent P\u00e1l apostol R\u00f3maiaknak \u00edrt level\u00e9re\u00a0utal (8,19\u201325): az apostol ebben elmagyar\u00e1zza, mit jelent a L\u00e9lek szerint \u00e9lni, \u00e9s a hit \u00e1ltali \u00fcdv\u00f6ss\u00e9g biztos rem\u00e9ny\u00e9r\u0151l \u00edr, ez a hit pedig \u00faj \u00e9let Krisztusban. A szentmise k\u00f6ny\u00f6rg\u00e9se r\u00e1ir\u00e1ny\u00edtja figyelm\u00fcnket egy fontos felismer\u00e9sre: Isten minden j\u00f3 forr\u00e1sa. Vagyis, \u0150 egy j\u00f3 vil\u00e1got b\u00edzott r\u00e1nk. A magunk feladata pedig, hogy ezt a j\u00f3s\u00e1got meg\u0151rizz\u00fck. Erre csakis szeretet\u00e9ben \u00e9s kegyelmi aj\u00e1nd\u00e9kainak birtok\u00e1ban vagyunk k\u00e9pesek. M\u00f3zes besz\u00e9det int\u00e9z a v\u00e1lasztott n\u00e9phez, err\u0151l hallhatunk az els\u0151 olvasm\u00e1nyban. Mindezt ma buzd\u00edt\u00f3 \u00e9s lelkes\u00edt\u0151 besz\u00e9dnek nevezn\u00e9nk, mely a t\u00f6rv\u00e9nyek fontoss\u00e1g\u00e1t \u00e9s \u00e9let\u00fcnkre gyakorolt pozit\u00edv hat\u00e1s\u00e1t emeli ki.\u00a0 Aktualiz\u00e1lva M\u00f3zes besz\u00e9d\u00e9t, elmondhatjuk, hogy \u00fczenete ma is fontos lehet sz\u00e1munkra. K\u00fcl\u00f6n\u00f6sen annak f\u00e9ny\u00e9ben, hogy gyakorta hajlamosak vagyunk csup\u00e1n a rossz dolgokat \u00e9szre venni k\u00f6rnyezet\u00fcnkben. A gondolkod\u00f3 ember el\u0151bb-ut\u00f3bb r\u00e1j\u00f6n, hogy \u00fcres az \u00e9lete Isten n\u00e9lk\u00fcl \u00e9s Isten parancsai n\u00e9lk\u00fcl. A h\u00edv\u0151 ember al\u00e1zat\u00e1nak jutalma, hogy felismeri \u00e9s elismeri: minden j\u00f3 Istent\u0151l sz\u00e1rmazik. Att\u00f3l, aki \u00f6r\u00f6k, akiben nincs v\u00e1ltoz\u00e1s. Nincs v\u00e1laszt\u00e1som, mint mint megtartani a bel\u00e9m oltott tan\u00edt\u00e1st, amelyet \u00e9lett\u00e9 tudok v\u00e1ltani. \u00cdgy nem csup\u00e1n hallgat\u00f3ja leszek a kinyilatkoztatott tan\u00edt\u00e1snak, hanem egyben meg\u00e9l\u0151je is. Egyetlen \u00fat ahhoz, hogy tiszt\u00e1n megmaradjak ebben a vil\u00e1gban. A sz\u00edv tisztas\u00e1ga, csak az, ami sz\u00e1m\u00edt. Ez az elhangz\u00f3 evang\u00e9liumi r\u00e9sz fontos \u00fczenete. J\u00e9zus v\u00e1lasza ez a provokat\u00edv sz\u00e1nd\u00e9k\u00fa \u00edr\u00e1stud\u00f3knak \u00e9s farizeusoknak. \u00c9rdekes megfigyeln\u00fcnk, hogy nem megy bele az \u0151 j\u00e1tszm\u00e1jukba \u00e9s a sz\u00e1m\u00e1ra k\u00e9sz\u00edtett csapd\u00e1ba. V\u00e1lasza nek\u00fcnk is ir\u00e1nyt mutat. Amennyiben provok\u00e1lnak, megk\u00e9rd\u0151jelezik cselekedeteim tisztas\u00e1g\u00e1t, v\u00e1laszom csakis sz\u00edvem tisztas\u00e1ga lehet. Igazi kereszt\u00e9nyk\u00e9nt igyekszem sz\u00edvem m\u00e9ly\u00e9ig tiszta lenni \u00e9s maradni. Csakis ez a kifizet\u0151d\u0151 kereszt\u00e9ny magatart\u00e1s! Tibor atya\u00a0 Kezd\u0151\u00e9nek: K\u00f6ny\u00f6r\u00fclj rajtam, Uram, mert eg\u00e9sz nap hozz\u00e1d ki\u00e1ltok: mert te, Uram, j\u00f3s\u00e1gos vagy \u00e9s szel\u00edd, \u00e9s nagy irgalm\u00fa azokhoz, akik seg\u00edts\u00e9g\u00fcl h\u00edvnak t\u00e9ged. (V\u00f6.... R\u00e9szletek"}