{"version":"1.0","provider_name":"Stuttgarti Katolikusok","provider_url":"https:\/\/stuttgarti-katolikusok.de","title":"\u00c9vk\u00f6zi 22. vas\u00e1rnap - Stuttgarti Katolikusok","type":"rich","width":600,"height":338,"html":"<blockquote class=\"wp-embedded-content\" data-secret=\"8hEzI1fHx4\"><a href=\"https:\/\/stuttgarti-katolikusok.de\/index.php\/evkozi-22-vasarnap-2\/\">\u00c9vk\u00f6zi 22. vas\u00e1rnap<\/a><\/blockquote><iframe sandbox=\"allow-scripts\" security=\"restricted\" src=\"https:\/\/stuttgarti-katolikusok.de\/index.php\/evkozi-22-vasarnap-2\/embed\/#?secret=8hEzI1fHx4\" width=\"600\" height=\"338\" title=\"&#8220;\u00c9vk\u00f6zi 22. vas\u00e1rnap&#8221; &#8212; Stuttgarti Katolikusok\" data-secret=\"8hEzI1fHx4\" frameborder=\"0\" marginwidth=\"0\" marginheight=\"0\" scrolling=\"no\" class=\"wp-embedded-content\"><\/iframe><script type=\"text\/javascript\">\n\/* <![CDATA[ *\/\n\/*! This file is auto-generated *\/\n!function(d,l){\"use strict\";l.querySelector&&d.addEventListener&&\"undefined\"!=typeof URL&&(d.wp=d.wp||{},d.wp.receiveEmbedMessage||(d.wp.receiveEmbedMessage=function(e){var t=e.data;if((t||t.secret||t.message||t.value)&&!\/[^a-zA-Z0-9]\/.test(t.secret)){for(var s,r,n,a=l.querySelectorAll('iframe[data-secret=\"'+t.secret+'\"]'),o=l.querySelectorAll('blockquote[data-secret=\"'+t.secret+'\"]'),c=new RegExp(\"^https?:$\",\"i\"),i=0;i<o.length;i++)o[i].style.display=\"none\";for(i=0;i<a.length;i++)s=a[i],e.source===s.contentWindow&&(s.removeAttribute(\"style\"),\"height\"===t.message?(1e3<(r=parseInt(t.value,10))?r=1e3:~~r<200&&(r=200),s.height=r):\"link\"===t.message&&(r=new URL(s.getAttribute(\"src\")),n=new URL(t.value),c.test(n.protocol))&&n.host===r.host&&l.activeElement===s&&(d.top.location.href=t.value))}},d.addEventListener(\"message\",d.wp.receiveEmbedMessage,!1),l.addEventListener(\"DOMContentLoaded\",function(){for(var e,t,s=l.querySelectorAll(\"iframe.wp-embedded-content\"),r=0;r<s.length;r++)(t=(e=s[r]).getAttribute(\"data-secret\"))||(t=Math.random().toString(36).substring(2,12),e.src+=\"#?secret=\"+t,e.setAttribute(\"data-secret\",t)),e.contentWindow.postMessage({message:\"ready\",secret:t},\"*\")},!1)))}(window,document);\n\/\/# sourceURL=https:\/\/stuttgarti-katolikusok.de\/wp-includes\/js\/wp-embed.min.js\n\/* ]]> *\/\n<\/script>\n","thumbnail_url":"https:\/\/stuttgarti-katolikusok.de\/wp-content\/uploads\/2024\/08\/whatsapp-kep-2024-08-31-180249-1464abd8.jpg","thumbnail_width":2048,"thumbnail_height":1513,"description":"Vil\u00e1gunkban a verseng\u00e9s, a t\u00fcleked\u00e9s, a benne megnyilv\u00e1nul\u00f3 g\u00e1tl\u00e1stalans\u00e1g, mi t\u00f6bb, az er\u0151szakoss\u00e1g, megszokott\u00e1 v\u00e1lik. Ennek k\u00f6vetkezm\u00e9nye pedig, hogy egyre k\u00e9nyelmetlenebb\u00fcl \u00e9rezz\u00fck magunkat. Amennyiben ennek ok\u00e1t keresem, akkor els\u0151sorban arr\u00f3l a t\u00falfokozott hangulatr\u00f3l tehetek eml\u00edt\u00e9st, amely mind a k\u00f6zbesz\u00e9dben, mind pedig a virtu\u00e1lis t\u00e9rben megjelenik. N\u00e9zz\u00fck csak meg, milyen g\u00e1tl\u00e1stalanul \u00e9s k\u00f6vetkezm\u00e9nyek n\u00e9lk\u00fcl lehet \u00e1lh\u00edreket terjeszteni m\u00e1sokr\u00f3l, hogyan lehet c\u00edmk\u00e9zni m\u00e1sokat. Nem m\u00e1s ez, mint a k\u00f6zbesz\u00e9d m\u00e9lyrep\u00fcl\u00e9se, a m\u00e1sik szem\u00e9lyi m\u00e9lt\u00f3s\u00e1g\u00e1nak semmibe v\u00e9tele. Ahelyett, hogy m\u00e1sokat min\u0151s\u00edten\u00e9k, magamat kell szeml\u00e9lnem. Az igaz\u00e1n fontos k\u00e9rd\u00e9s, hogy ez a szeml\u00e9let fellelhet\u0151-e egy\u00e9ni magatart\u00e1somban? Ne feledjem, a kereszt\u00e9ny ember magatart\u00e1sa eg\u00e9szen m\u00e1s. \u0150 ugyanis annak a J\u00e9zus Krisztusnak k\u00f6vet\u0151je, aki ezt mondja: \u201eTanuljatok t\u0151lem, mert szel\u00edd vagyok \u00e9s al\u00e1zatos sz\u00edv\u0171\u201d (Mt 11,29). A szentmise k\u00f6ny\u00f6rg\u00e9se r\u00e1ir\u00e1ny\u00edtja figyelm\u00fcnket egy fontos felismer\u00e9sre: Isten minden j\u00f3 forr\u00e1sa. Vagyis, \u0150 egy j\u00f3 vil\u00e1got b\u00edzott r\u00e1nk. A magunk feladata pedig, hogy ezt a j\u00f3s\u00e1got meg\u0151rizz\u00fck. Erre csakis szeretet\u00e9ben \u00e9s kegyelmi aj\u00e1nd\u00e9kainak birtok\u00e1ban vagyunk k\u00e9pesek. Az els\u0151 olvasm\u00e1ny az \u00f3sz\u00f6vets\u00e9gi b\u00f6lcsess\u00e9g irodalom egyik gy\u00f6ny\u00f6r\u0171 \u00e9s elgondolkodtat\u00f3 tan\u00edt\u00e1s\u00e1val aj\u00e1nd\u00e9koz meg. A hi\u00fas\u00e1gra \u00e9s b\u00fcszkes\u00e9gre val\u00f3 hajlamom ellenszenvess\u00e9 tesz embertestv\u00e9reim el\u0151tt. Mi t\u00f6bb, megfeledkezem J\u00e9zus fontos tan\u00edt\u00e1s\u00e1r\u00f3l, az al\u00e1zatosakat felemeli kegyelm\u00e9vel, a g\u0151g\u00f6s\u00f6ket megal\u00e1zza. \u201eA b\u00f6lcs sz\u00edv nyitva \u00e1ll a b\u00f6lcsek szav\u00e1nak, s a figyelmes f\u00fcl b\u00f6lcsess\u00e9gre v\u00e1gyik.\u201d (Sir 3,31) A szentlecke tan\u00edt\u00e1s\u00e1t b\u00e1tor\u00edt\u00f3 \u00fczenetek\u00e9nt is \u00e9rtelmezhetj\u00fck. Ugyanis a h\u00edv\u0151 ember \u00e9let\u00e9nek zsin\u00f3rm\u00e9rt\u00e9ke J\u00e9zus Krisztus tan\u00edt\u00e1sa, vagyis az \u00f6r\u00f6mh\u00edr. Ennek f\u00e9ny\u00e9ben \u00e9rtj\u00fck meg a ma elhangz\u00f3 evang\u00e9liumi tan\u00edt\u00e1st. J\u00e9zus egy vezet\u0151 farizeus h\u00e1z\u00e1ba kap megh\u00edv\u00e1st. K\u00eds\u00e9rj\u00fck el \u0151t! Ez nagy megtiszteltet\u00e9snek sz\u00e1m\u00edtott akkoriban. Az \u00e9tkez\u00e9skor rangsor szerint telepedtek le az emberek, ez\u00e9rt mindenki kereste, melyik az \u0151 helye. J\u00e9zus erre mondja az egyszer\u0171 tan\u00e1csot: \u201eFoglald el az utols\u00f3 helyet, hogy amikor a h\u00e1zigazda odaj\u00f6n, \u00edgy sz\u00f3ljon hozz\u00e1d: Bar\u00e1tom, menj f\u00f6ljebb!\u201d Befejez\u0151 szavai azonban erk\u00f6lcsi \u00fczenetet hordoznak: \u201eaki mag\u00e1t felmagasztalja, megal\u00e1zz\u00e1k,... R\u00e9szletek"}