{"version":"1.0","provider_name":"Stuttgarti Katolikusok","provider_url":"https:\/\/stuttgarti-katolikusok.de","title":"\u00c9vk\u00f6zi 2. vas\u00e1rnap - Stuttgarti Katolikusok","type":"rich","width":600,"height":338,"html":"<blockquote class=\"wp-embedded-content\" data-secret=\"qb8PcHzESV\"><a href=\"https:\/\/stuttgarti-katolikusok.de\/index.php\/evkozi-2-vasarnap-3\/\">\u00c9vk\u00f6zi 2. vas\u00e1rnap<\/a><\/blockquote><iframe sandbox=\"allow-scripts\" security=\"restricted\" src=\"https:\/\/stuttgarti-katolikusok.de\/index.php\/evkozi-2-vasarnap-3\/embed\/#?secret=qb8PcHzESV\" width=\"600\" height=\"338\" title=\"&#8220;\u00c9vk\u00f6zi 2. vas\u00e1rnap&#8221; &#8212; Stuttgarti Katolikusok\" data-secret=\"qb8PcHzESV\" frameborder=\"0\" marginwidth=\"0\" marginheight=\"0\" scrolling=\"no\" class=\"wp-embedded-content\"><\/iframe><script type=\"text\/javascript\">\n\/* <![CDATA[ *\/\n\/*! This file is auto-generated *\/\n!function(d,l){\"use strict\";l.querySelector&&d.addEventListener&&\"undefined\"!=typeof URL&&(d.wp=d.wp||{},d.wp.receiveEmbedMessage||(d.wp.receiveEmbedMessage=function(e){var t=e.data;if((t||t.secret||t.message||t.value)&&!\/[^a-zA-Z0-9]\/.test(t.secret)){for(var s,r,n,a=l.querySelectorAll('iframe[data-secret=\"'+t.secret+'\"]'),o=l.querySelectorAll('blockquote[data-secret=\"'+t.secret+'\"]'),c=new RegExp(\"^https?:$\",\"i\"),i=0;i<o.length;i++)o[i].style.display=\"none\";for(i=0;i<a.length;i++)s=a[i],e.source===s.contentWindow&&(s.removeAttribute(\"style\"),\"height\"===t.message?(1e3<(r=parseInt(t.value,10))?r=1e3:~~r<200&&(r=200),s.height=r):\"link\"===t.message&&(r=new URL(s.getAttribute(\"src\")),n=new URL(t.value),c.test(n.protocol))&&n.host===r.host&&l.activeElement===s&&(d.top.location.href=t.value))}},d.addEventListener(\"message\",d.wp.receiveEmbedMessage,!1),l.addEventListener(\"DOMContentLoaded\",function(){for(var e,t,s=l.querySelectorAll(\"iframe.wp-embedded-content\"),r=0;r<s.length;r++)(t=(e=s[r]).getAttribute(\"data-secret\"))||(t=Math.random().toString(36).substring(2,12),e.src+=\"#?secret=\"+t,e.setAttribute(\"data-secret\",t)),e.contentWindow.postMessage({message:\"ready\",secret:t},\"*\")},!1)))}(window,document);\n\/\/# sourceURL=https:\/\/stuttgarti-katolikusok.de\/wp-includes\/js\/wp-embed.min.js\n\/* ]]> *\/\n<\/script>\n","thumbnail_url":"https:\/\/stuttgarti-katolikusok.de\/wp-content\/uploads\/2024\/01\/whatsapp-kep-2024-01-10-185622-d7131a11.jpg","thumbnail_width":1080,"thumbnail_height":1003,"description":"Az \u00e9vk\u00f6zi 2. vas\u00e1rnap szent\u00edr\u00e1si szakaszai ism\u00e9telten sok-sok gondolattal aj\u00e1nd\u00e9koznak meg benn\u00fcnket.\u00a0 &#8211; Megnyer\u0151 sz\u00e1momra a gyermek S\u00e1muel naivit\u00e1sa \u00e9s \u0151szintes\u00e9ge. Az, ahogyan k\u00e9szs\u00e9ggel v\u00e1laszol az \u00dar h\u00edv\u00f3 szav\u00e1ra: \u201eSz\u00f3lj, Uram, hallja a te szolg\u00e1d?\u201d Ezen vallom\u00e1s megsz\u00fclet\u00e9s\u00e9ig pedig egy utat kell bej\u00e1rnia, m\u00edg v\u00e9gre megbizonyosodik, hogy az \u00dar sz\u00f3l\u00edtotta meg \u0151t. &#8211; &#8222;Nem tudj\u00e1tok, hogy testetek Krisztus tagja?&#8221; &#8211; Szent P\u00e1l apostol ezen mondata sokkal ink\u00e1bb b\u00e1tor\u00edt\u00e1s \u00e9s biztat\u00e1s, mintsem figyelmeztet\u00e9s. A mai, testkultuszra \u00e9p\u00fcl\u0151 vil\u00e1gban k\u00fcl\u00f6n\u00f6s s\u00falya van e mondatnak. S ha ehhez hozz\u00e1vessz\u00fck, hogy test\u00fcnk a benn\u00fcnk lak\u00f3 Szentl\u00e9lek temploma, igencsak fel\u00e9rt\u00e9kel\u0151dik az a fajta felel\u0151ss\u00e9g, amellyel test\u00fcnknek is tartozunk. Kereszt\u00e9nyi hivat\u00e1sunk: Istent megdics\u0151\u00edteni test\u00fcnkben. &#8211; A mai evang\u00e9lium sz\u00e1momra megkap\u00f3 jelenete: Andr\u00e1s, miut\u00e1n tal\u00e1lkozik J\u00e9zussal, \u00e9s ez \u00f3ri\u00e1si hat\u00e1ssal van r\u00e1, azonnal cselekszik. Az els\u0151, akivel tal\u00e1lkozik, testv\u00e9re Simon. Nem habozik, elviszi \u0151t J\u00e9zushoz. \u00c9ppen erre a l\u00e9p\u00e9sre volt sz\u00fcks\u00e9g, hogy J\u00e9zus megsz\u00f3l\u00edthassa Simont: \u201eTe Simon vagy, J\u00e1nos fia, de K\u00e9f\u00e1snak, azaz P\u00e9ternek fognak h\u00edvni.\u201d OLVASM\u00c1NY S\u00e1muel els\u0151 k\u00f6nyv\u00e9b\u0151l (1S\u00e1m 3,3b-10.19) S\u00e1muel, gyermekkor\u00e1t\u00f3l fogva \u00c9li f\u0151pap mellett az \u00darnak szolg\u00e1lt. Az \u00dartemplom\u00e1ban aludt, ahol az Isten l\u00e1d\u00e1ja volt. Az \u00dar megsz\u00f3l\u00edtotta: \u201eS\u00e1muel, S\u00e1muel!\u201d A gyermek ezt felelte: \u201eItt vagyok.\u201d Azt\u00e1n odafutott \u00c9lihez, \u00e9s azt mondta: \u201eItt vagyok, h\u00edvt\u00e1l.\u201d \u00c9li ezt v\u00e1laszolta: \u201e\u00c9n nem h\u00edvtalak, fek\u00fcdj le \u00e9s aludj.\u201d Erre elment, \u00e9s lefek\u00fcdt aludni. Az \u00dar azonban \u00fajra sz\u00f3l\u00edtotta S\u00e1muelt. S\u00e1muel f\u00f6lkelt, odament \u00c9lihez, \u00e9s azt mondta: \u201eItt vagyok, h\u00edvt\u00e1l.\u201d \u0150 azt felelte: \u201eNem h\u00edvtalak, fiam, fek\u00fcdj le \u00e9s aludj!\u201d S\u00e1muel ugyanis m\u00e9g nem ismerte az Urat, mert az \u00dar szava m\u00e9g nem nyilatkozott meg neki. Ezut\u00e1n az \u00dar ism\u00e9t sz\u00f3l\u00edtotta S\u00e1muelt, harmadszorra. Az f\u00f6lkelt, odament \u00c9lihez, \u00e9s \u00edgy sz\u00f3lt: \u201eItt vagyok, h\u00edvt\u00e1l.\u201d Erre \u00c9li meg\u00e9rtette, hogy az \u00dar sz\u00f3l\u00edtotta a fi\u00fat. Ez\u00e9rt azt mondta S\u00e1muelnek: \u201eMenj, fek\u00fcdj le \u00e9s aludj, azt\u00e1n ha valaki sz\u00f3l\u00edt, \u00edgy v\u00e1laszolj:... R\u00e9szletek"}