{"version":"1.0","provider_name":"Stuttgarti Katolikusok","provider_url":"https:\/\/stuttgarti-katolikusok.de","title":"\u00c9vk\u00f6zi 2. vas\u00e1rnap - Stuttgarti Katolikusok","type":"rich","width":600,"height":338,"html":"<blockquote class=\"wp-embedded-content\" data-secret=\"P6TEu0jgjw\"><a href=\"https:\/\/stuttgarti-katolikusok.de\/index.php\/evkozi-2-vasarnap-2\/\">\u00c9vk\u00f6zi 2. vas\u00e1rnap<\/a><\/blockquote><iframe sandbox=\"allow-scripts\" security=\"restricted\" src=\"https:\/\/stuttgarti-katolikusok.de\/index.php\/evkozi-2-vasarnap-2\/embed\/#?secret=P6TEu0jgjw\" width=\"600\" height=\"338\" title=\"&#8220;\u00c9vk\u00f6zi 2. vas\u00e1rnap&#8221; &#8212; Stuttgarti Katolikusok\" data-secret=\"P6TEu0jgjw\" frameborder=\"0\" marginwidth=\"0\" marginheight=\"0\" scrolling=\"no\" class=\"wp-embedded-content\"><\/iframe><script type=\"text\/javascript\">\n\/* <![CDATA[ *\/\n\/*! This file is auto-generated *\/\n!function(d,l){\"use strict\";l.querySelector&&d.addEventListener&&\"undefined\"!=typeof URL&&(d.wp=d.wp||{},d.wp.receiveEmbedMessage||(d.wp.receiveEmbedMessage=function(e){var t=e.data;if((t||t.secret||t.message||t.value)&&!\/[^a-zA-Z0-9]\/.test(t.secret)){for(var s,r,n,a=l.querySelectorAll('iframe[data-secret=\"'+t.secret+'\"]'),o=l.querySelectorAll('blockquote[data-secret=\"'+t.secret+'\"]'),c=new RegExp(\"^https?:$\",\"i\"),i=0;i<o.length;i++)o[i].style.display=\"none\";for(i=0;i<a.length;i++)s=a[i],e.source===s.contentWindow&&(s.removeAttribute(\"style\"),\"height\"===t.message?(1e3<(r=parseInt(t.value,10))?r=1e3:~~r<200&&(r=200),s.height=r):\"link\"===t.message&&(r=new URL(s.getAttribute(\"src\")),n=new URL(t.value),c.test(n.protocol))&&n.host===r.host&&l.activeElement===s&&(d.top.location.href=t.value))}},d.addEventListener(\"message\",d.wp.receiveEmbedMessage,!1),l.addEventListener(\"DOMContentLoaded\",function(){for(var e,t,s=l.querySelectorAll(\"iframe.wp-embedded-content\"),r=0;r<s.length;r++)(t=(e=s[r]).getAttribute(\"data-secret\"))||(t=Math.random().toString(36).substring(2,12),e.src+=\"#?secret=\"+t,e.setAttribute(\"data-secret\",t)),e.contentWindow.postMessage({message:\"ready\",secret:t},\"*\")},!1)))}(window,document);\n\/\/# sourceURL=https:\/\/stuttgarti-katolikusok.de\/wp-includes\/js\/wp-embed.min.js\n\/* ]]> *\/\n<\/script>\n","thumbnail_url":"https:\/\/stuttgarti-katolikusok.de\/wp-content\/uploads\/2023\/01\/nemeti-gergely-januar-14.jpg","thumbnail_width":2048,"thumbnail_height":1365,"description":"Megkap\u00f3 \u00e9s mag\u00e1val ragad\u00f3 a nyit\u00f3k\u00e9p, k\u00f6sz\u00f6net N\u00e9meti Gergely bar\u00e1tomnak, \u00fczenete. A t\u00e1bl\u00e1t elhelyez\u0151 ismeretlen k\u00e9ri az arra elhalad\u00f3 v\u00e1ndort, hogy \u00e9rte im\u00e1dkozzon, hiszen holnap majd valaki m\u00e1s \u00e9rte, a most im\u00e1dkoz\u00f3\u00e9rt, fog im\u00e1dkozni. Sz\u00e1momra a k\u00e9p \u00fczeni, hogy im\u00e1ds\u00e1gainkon kereszt\u00fcl lelki kapcsolatban maradunk egym\u00e1ssal. Az im\u00e1ds\u00e1gnak megtart\u00f3 ereje van! Mi\u00e9rt im\u00e1dkozunk most k\u00fcl\u00f6n\u00f6sen? Erre a k\u00e9rd\u00e9sre a v\u00e1laszt az els\u0151 k\u00f6ny\u00f6rg\u00e9s adja meg: &#8222;Adj b\u00e9k\u00e9t napjainkban!&#8221;. Sz\u00e1nd\u00e9kosan felki\u00e1lt\u00f3jelet tettem, jelezve, hogy ez a k\u00e9r\u00e9s hangs\u00falyosabb \u00e9s id\u0151szer\u0171bb, mint kor\u00e1bban. K\u00f6r\u00fcl\u00f6tt\u00fcnk sokan a fegyverek erej\u00e9ben hisznek, h\u00e1bor\u00fara k\u00e9sz\u00fcl\u0151dnek. Mi magunk azonban valljuk, hogy egyetlen &#8222;fegyver\u00fcnk az im\u00e1ds\u00e1g&#8221;. Gy\u0151zelemre \u00edt\u00e9ltett\u00fcnk, amennyiben hisz\u00fcnk a kitart\u00f3 im\u00e1ds\u00e1g erej\u00e9ben! A k\u00f6ny\u00f6rg\u00e9snek az els\u0151 r\u00e9sze azonban m\u00e9g egy fontos dologra ir\u00e1ny\u00edtja r\u00e1 a figyelm\u00fcnket. Els\u0151 l\u00e9p\u00e9sk\u00e9nt el kell ismern\u00fcnk, hogy a teremt\u0151 \u00e9s \u00f6r\u00f6k Isten a t\u00f6rt\u00e9nelem Ura. Mi emberek, csup\u00e1n kivitelez\u0151i vagyunk az \u00f6r\u00f6k isteni sz\u00e1nd\u00e9knak \u00e9s tervnek. Az \u0150 sz\u00e1nd\u00e9ka pedig, hogy b\u00e9k\u00e9ben l\u00e1sson benn\u00fcnket. Az olvasm\u00e1ny fontos \u00fczenete: Isten benn\u00fcnk is meg akar dics\u0151\u00fclni! Emberi m\u00e9lt\u00f3s\u00e1gomb\u00f3l fakad\u00f3 egy\u00e9ni hivat\u00e1som m\u00e9lt\u00f3s\u00e1ga ez. Csod\u00e1latos kincs \u00e9s aj\u00e1nd\u00e9k ez! Az olvasm\u00e1ny lez\u00e1r\u00f3 szakasza \u00fagy is \u00e9rtelmezhet\u0151, mint az egy\u00e9n csod\u00e1latos hivat\u00e1s\u00e1nak meger\u0151s\u00edt\u00e9se: &#8222;Kev\u00e9s az, hogy a szolg\u00e1m l\u00e9gy, s f\u00f6lemeld J\u00e1kob t\u00f6rzseit, \u00e9s visszat\u00e9r\u00edtsd Izrael marad\u00e9k\u00e1t. A nemzetek vil\u00e1goss\u00e1g\u00e1v\u00e1 teszlek, hogy \u00fcdv\u00f6ss\u00e9gem eljusson a f\u00f6ld hat\u00e1r\u00e1ig.&#8221;\u00a0 Izrael marad\u00e9ka a k\u00e9s\u0151bbiekben az \u00fajj\u00e1sz\u00fclet\u00e9s rem\u00e9ny\u00e9nek hordoz\u00f3ja \u00e9s biztos let\u00e9tem\u00e9nyese is egyben. Ennek anal\u00f3gi\u00e1jak\u00e9nt elmondhatjuk, hogy mi magunk is, akik a gyakorl\u00f3, magkereszt\u00e9nyek k\u00f6z\u00e9 tartoz\u00f3knak valljuk magunkat, az \u00fajj\u00e1sz\u00fclet\u00e9s rem\u00e9ny\u00e9t k\u00f6zvet\u00edthetj\u00fck. A szentleck\u00e9nek v\u00e9g\u00e9n szerepl\u0151 felh\u00edv\u00e1s beleker\u00fclt szent liturgi\u00e1nkba is. Ugyanis a szentmise kezdet\u00e9n, a keresztvet\u00e9st k\u00f6vet\u0151en, \u00edgy sz\u00f3l\u00edthatjuk meg a jelenl\u00e9v\u0151 h\u00edveket: &#8222;Kegyelem nektek \u00e9s b\u00e9kess\u00e9g Aty\u00e1nkt\u00f3l, az Istent\u0151l, \u00e9s az \u00dar J\u00e9zus Krisztust\u00f3l!&#8221;. T\u00f6rekszem-e kegyelemben \u00e9s b\u00e9kess\u00e9gben \u00e9lni?\u00a0 Keresztel\u0151 J\u00e1nos r\u00e1mutat J\u00e9zusra: &#8222;\u00cdme az Isten B\u00e1r\u00e1nya!&#8221; Majd ezt k\u00f6vet\u0151en tan\u00fas\u00e1got tesz, hogy J\u00e9zus Krisztus az Isten... R\u00e9szletek"}