{"version":"1.0","provider_name":"Stuttgarti Katolikusok","provider_url":"https:\/\/stuttgarti-katolikusok.de","title":"\u00c9vk\u00f6zi 2. \u00e9s 3. vas\u00e1rnap - Stuttgarti Katolikusok","type":"rich","width":600,"height":338,"html":"<blockquote class=\"wp-embedded-content\" data-secret=\"kKKQihBt9q\"><a href=\"https:\/\/stuttgarti-katolikusok.de\/index.php\/evkozi-2-es-3-vasarnap\/\">\u00c9vk\u00f6zi 2. \u00e9s 3. vas\u00e1rnap<\/a><\/blockquote><iframe sandbox=\"allow-scripts\" security=\"restricted\" src=\"https:\/\/stuttgarti-katolikusok.de\/index.php\/evkozi-2-es-3-vasarnap\/embed\/#?secret=kKKQihBt9q\" width=\"600\" height=\"338\" title=\"&#8220;\u00c9vk\u00f6zi 2. \u00e9s 3. vas\u00e1rnap&#8221; &#8212; Stuttgarti Katolikusok\" data-secret=\"kKKQihBt9q\" frameborder=\"0\" marginwidth=\"0\" marginheight=\"0\" scrolling=\"no\" class=\"wp-embedded-content\"><\/iframe><script type=\"text\/javascript\">\n\/* <![CDATA[ *\/\n\/*! This file is auto-generated *\/\n!function(d,l){\"use strict\";l.querySelector&&d.addEventListener&&\"undefined\"!=typeof URL&&(d.wp=d.wp||{},d.wp.receiveEmbedMessage||(d.wp.receiveEmbedMessage=function(e){var t=e.data;if((t||t.secret||t.message||t.value)&&!\/[^a-zA-Z0-9]\/.test(t.secret)){for(var s,r,n,a=l.querySelectorAll('iframe[data-secret=\"'+t.secret+'\"]'),o=l.querySelectorAll('blockquote[data-secret=\"'+t.secret+'\"]'),c=new RegExp(\"^https?:$\",\"i\"),i=0;i<o.length;i++)o[i].style.display=\"none\";for(i=0;i<a.length;i++)s=a[i],e.source===s.contentWindow&&(s.removeAttribute(\"style\"),\"height\"===t.message?(1e3<(r=parseInt(t.value,10))?r=1e3:~~r<200&&(r=200),s.height=r):\"link\"===t.message&&(r=new URL(s.getAttribute(\"src\")),n=new URL(t.value),c.test(n.protocol))&&n.host===r.host&&l.activeElement===s&&(d.top.location.href=t.value))}},d.addEventListener(\"message\",d.wp.receiveEmbedMessage,!1),l.addEventListener(\"DOMContentLoaded\",function(){for(var e,t,s=l.querySelectorAll(\"iframe.wp-embedded-content\"),r=0;r<s.length;r++)(t=(e=s[r]).getAttribute(\"data-secret\"))||(t=Math.random().toString(36).substring(2,12),e.src+=\"#?secret=\"+t,e.setAttribute(\"data-secret\",t)),e.contentWindow.postMessage({message:\"ready\",secret:t},\"*\")},!1)))}(window,document);\n\/\/# sourceURL=https:\/\/stuttgarti-katolikusok.de\/wp-includes\/js\/wp-embed.min.js\n\/* ]]> *\/\n<\/script>\n","description":"janu\u00e1r 19. \u00c9VK\u00d6ZI 2. VAS\u00c1RNAP \u00a0\u00a0\u00a0\u00a0\u00a0\u00a0\u00a0\u00a0\u00a0\u00a0\u00a0\u00a0\u00a0\u00a0\u00a0\u00a0\u00a0\u00a0 \u201eAmikor elhatalmasodott a b\u0171n, t\u00fal\u00e1radt a kegyelem.\u201d (R\u00f3m 5, 20) Az emberek \u00e9rezt\u00e9k b\u0171n\u00f6ss\u00e9g\u00fcket, s a b\u0171nb\u00e1nat kereszts\u00e9g\u00e9t k\u00e9rt\u00e9k Keresztel\u0151 Szent J\u00e1nost\u00f3l. \u0150 boldogan mutatott r\u00e1 az Isten B\u00e1r\u00e1ny\u00e1ra, aki elveszi a vil\u00e1g b\u0171neit. Krisztus megadja a lehet\u0151s\u00e9get, hogy a b\u0171n helyett a kegyelem uralkodj\u00e9k \u00e9let\u00fcnkben. OLVASM\u00c1NY\u00a0\u00a0\u00a0 \u00a0\u00a0\u00a0\u00a0\u00a0\u00a0\u00a0\u00a0\u00a0\u00a0\u00a0\u00a0\u00a0\u00a0\u00a0\u00a0\u00a0\u00a0\u00a0\u00a0\u00a0\u00a0\u00a0\u00a0\u00a0\u00a0\u00a0\u00a0\u00a0\u00a0\u00a0\u00a0\u00a0\u00a0\u00a0\u00a0\u00a0\u00a0\u00a0\u00a0\u00a0\u00a0\u00a0\u00a0\u00a0Iz 49, 3. 5\u20136 Isten benn\u00fcnk is meg akar dics\u0151\u00fclni! Vajon engedj\u00fck ezt? Mi is becsesek vagyunk az \u00dar szem\u00e9ben, mint szemef\u00e9ny\u00e9re vigy\u00e1z r\u00e1nk. Kincseinket nem t\u00e9kozoljuk el? Isten er\u0151t ad nek\u00fcnk is. Nem hagyatkozunk g\u0151g\u00f6sen a saj\u00e1t er\u0151nkre? Vil\u00e1goss\u00e1gg\u00e1 tett minket is. Nem lett\u00fcnk s\u00f6t\u00e9ts\u00e9gg\u00e9? V\u00c1LASZOS ZSOLT\u00c1R\u00a0\u00a0\u00a0\u00a0\u00a0\u00a0\u00a0\u00a0\u00a0\u00a0 \u00a039, 2 \u00e9s 4ab. 7\u20138a. 8b\u20139. 10 V\u00e1lasz: \u00cdme, elj\u00f6v\u00f6k, Uram, * \u00a0\u00a0\u00a0\u00a0\u00a0\u00a0\u00a0\u00a0\u00a0\u00a0\u00a0\u00a0 hogy teljes\u00edtsem azt, amit k\u00edv\u00e1nsz. SZENTLECKE\u00a0\u00a0 \u00a0\u00a0\u00a0\u00a0\u00a0\u00a0\u00a0\u00a0\u00a0\u00a0\u00a0\u00a0\u00a0\u00a0\u00a0\u00a0\u00a0\u00a0\u00a0\u00a0\u00a0\u00a0\u00a0\u00a0\u00a0\u00a0\u00a0\u00a0\u00a0\u00a0\u00a0\u00a0\u00a0\u00a0\u00a0\u00a0\u00a0\u00a0\u00a0\u00a0\u00a0\u00a0\u00a0\u00a0\u00a0\u00a01 Kor 1, 1\u20133 Folytassuk az Olvasm\u00e1nyn\u00e1l feltett k\u00e9rd\u00e9seket! J\u00e9zus Krisztusban szentek vagyunk. A szent dolgokat nem dobjuk oda a kuty\u00e1knak? (V\u00f6. Mt 7, 6) Isten megh\u00edvott gyermekei k\u00f6z\u00e9, a kiv\u00e1lasztottak csal\u00e1dj\u00e1ba. Nem vagyunk h\u0171tlenek e h\u00edv\u00e1shoz \u00e9s kiv\u00e1laszttotts\u00e1ghoz? Kegyelmet \u00e9s b\u00e9k\u00e9t k\u00edv\u00e1n nek\u00fcnk Szent P\u00e1l. Nem \u00e9l\u00fcnk b\u00e9k\u00e9tlens\u00e9gben? ALLELUJA \u00a0\u00a0\u00a0\u00a0\u00a0\u00a0\u00a0\u00a0\u00a0\u00a0\u00a0\u00a0\u00a0\u00a0\u00a0\u00a0\u00a0\u00a0\u00a0\u00a0\u00a0\u00a0\u00a0\u00a0\u00a0\u00a0\u00a0\u00a0\u00a0\u00a0\u00a0\u00a0\u00a0\u00a0\u00a0\u00a0\u00a0\u00a0\u00a0\u00a0\u00a0\u00a0\u00a0\u00a0\u00a0\u00a0\u00a0\u00a0\u00a0\u00a0\u00a0\u00a0\u00a0\u00a0\u00a0\u00a0Jn 1, 14 \u00e9s 12b Az Ige emberr\u00e9 lett, \u00e9s itt \u00e9lt k\u00f6z\u00f6tt\u00fcnk. * Befogad\u00f3inak megadta, hogy Isten fiai legyenek. EVANG\u00c9LIUM \u00a0\u00a0\u00a0\u00a0\u00a0\u00a0\u00a0\u00a0\u00a0\u00a0\u00a0\u00a0\u00a0\u00a0\u00a0\u00a0\u00a0\u00a0\u00a0\u00a0\u00a0\u00a0\u00a0\u00a0\u00a0\u00a0\u00a0\u00a0\u00a0\u00a0\u00a0\u00a0\u00a0\u00a0\u00a0\u00a0\u00a0\u00a0\u00a0\u00a0\u00a0\u00a0\u00a0\u00a0\u00a0\u00a0\u00a0\u00a0Jn 1, 29\u201334 J\u00e9zus nem a zsid\u00f3 f\u0151tan\u00e1cs el\u0151tt mutatkozott be, hanem a b\u0171n\u00f6s\u00f6k k\u00f6r\u00e9ben, akik szabadulni akartak b\u0171n\u00f6ss\u00e9g\u00fckt\u0151l. Boldog perce volt J\u00e1nosnak, hogy bemutathatta az \u00dcdv\u00f6z\u00edt\u0151t, aki n\u00e1la sokkal nagyobb, \u201e\u0151 az Isten Fia\u201d. AZ EUCHARISZTI\u00c1HOZ Krisztus, mint \u00e1ldozati b\u00e1r\u00e1ny fel\u00e1ldozta \u00f6nmag\u00e1t a vil\u00e1g b\u0171nei\u00e9rt. Ez az \u00e1ldozat jelenval\u00f3v\u00e1 v\u00e1lik a szentmis\u00e9ben. S arra ind\u00edt minket, hogy b\u0171nb\u00e1natot tartsunk \u00e9s kegyelm\u00e9vel meg\u00faj\u00edtsuk \u00e9let\u00fcnket. MEGFONTOLAND\u00d3 A kereszt\u00e9ny ember sz\u00e1m\u00e1ra nincs fontosabb, mint tal\u00e1lkozni Krisztussal \u00e9s megv\u00e1lt\u00f3 m\u0171veivel. Tisztelj\u00fck, becs\u00fclj\u00fck \u00e9s szeress\u00fck a szents\u00e9geket, mint Egyh\u00e1zunk dr\u00e1ga kincseit, lelk\u00fcnk j\u00f3tev\u0151it. Hagyatkozzunk r\u00e1 b\u00e1trabban a szents\u00e9gek hat\u00e1s\u00e1ra, ez a bizalom a Krisztusban fel\u00e9nk kit\u00e1rulkoz\u00f3 Aty\u00e1nak sz\u00f3l. \u00d6KUMENIKUS IMAH\u00c9T A 2020. \u00e9vi... R\u00e9szletek"}