{"version":"1.0","provider_name":"Stuttgarti Katolikusok","provider_url":"https:\/\/stuttgarti-katolikusok.de","title":"\u00c9vk\u00f6zi 19. vas\u00e1rnap - Stuttgarti Katolikusok","type":"rich","width":600,"height":338,"html":"<blockquote class=\"wp-embedded-content\" data-secret=\"UJRX7qQOoi\"><a href=\"https:\/\/stuttgarti-katolikusok.de\/index.php\/evkozi-19-vasarnap-2\/\">\u00c9vk\u00f6zi 19. vas\u00e1rnap<\/a><\/blockquote><iframe sandbox=\"allow-scripts\" security=\"restricted\" src=\"https:\/\/stuttgarti-katolikusok.de\/index.php\/evkozi-19-vasarnap-2\/embed\/#?secret=UJRX7qQOoi\" width=\"600\" height=\"338\" title=\"&#8220;\u00c9vk\u00f6zi 19. vas\u00e1rnap&#8221; &#8212; Stuttgarti Katolikusok\" data-secret=\"UJRX7qQOoi\" frameborder=\"0\" marginwidth=\"0\" marginheight=\"0\" scrolling=\"no\" class=\"wp-embedded-content\"><\/iframe><script type=\"text\/javascript\">\n\/* <![CDATA[ *\/\n\/*! This file is auto-generated *\/\n!function(d,l){\"use strict\";l.querySelector&&d.addEventListener&&\"undefined\"!=typeof URL&&(d.wp=d.wp||{},d.wp.receiveEmbedMessage||(d.wp.receiveEmbedMessage=function(e){var t=e.data;if((t||t.secret||t.message||t.value)&&!\/[^a-zA-Z0-9]\/.test(t.secret)){for(var s,r,n,a=l.querySelectorAll('iframe[data-secret=\"'+t.secret+'\"]'),o=l.querySelectorAll('blockquote[data-secret=\"'+t.secret+'\"]'),c=new RegExp(\"^https?:$\",\"i\"),i=0;i<o.length;i++)o[i].style.display=\"none\";for(i=0;i<a.length;i++)s=a[i],e.source===s.contentWindow&&(s.removeAttribute(\"style\"),\"height\"===t.message?(1e3<(r=parseInt(t.value,10))?r=1e3:~~r<200&&(r=200),s.height=r):\"link\"===t.message&&(r=new URL(s.getAttribute(\"src\")),n=new URL(t.value),c.test(n.protocol))&&n.host===r.host&&l.activeElement===s&&(d.top.location.href=t.value))}},d.addEventListener(\"message\",d.wp.receiveEmbedMessage,!1),l.addEventListener(\"DOMContentLoaded\",function(){for(var e,t,s=l.querySelectorAll(\"iframe.wp-embedded-content\"),r=0;r<s.length;r++)(t=(e=s[r]).getAttribute(\"data-secret\"))||(t=Math.random().toString(36).substring(2,12),e.src+=\"#?secret=\"+t,e.setAttribute(\"data-secret\",t)),e.contentWindow.postMessage({message:\"ready\",secret:t},\"*\")},!1)))}(window,document);\n\/\/# sourceURL=https:\/\/stuttgarti-katolikusok.de\/wp-includes\/js\/wp-embed.min.js\n\/* ]]> *\/\n<\/script>\n","thumbnail_url":"https:\/\/stuttgarti-katolikusok.de\/wp-content\/uploads\/2024\/08\/insta-augusztus.jpg","thumbnail_width":1080,"thumbnail_height":1254,"description":"A mostani szentmise k\u00f6ny\u00f6rg\u00e9se ism\u00e9telten a bizalom fontoss\u00e1g\u00e1t emeli ki, amelyben Istent Aty\u00e1nak sz\u00f3l\u00edthatjuk. \u00c9ppen l\u00e1togat\u00f3ban vagyok egy kedves csal\u00e1dn\u00e1l. Este van, gy\u00f6ny\u00f6r\u0171 id\u0151. Kint \u00fcl\u00fcnk le a szabadban, a ny\u00e1ri kertben. Bar\u00e1tom gyermeke \u00e9rkezik meg, \u00f6l\u00e9be \u00fcl. Gy\u00f6ny\u00f6r\u0171 k\u00e9p ez, mely a gyermek sz\u00fcl\u0151 ir\u00e1nti bizalm\u00e1t \u00e9rz\u00e9kelteti. Megvan-e bennem ez a fajta bizalom mennyei Aty\u00e1m ir\u00e1nt? Az \u00e9bers\u00e9g \u00e9s a k\u00e9szenl\u00e9t gondolata mindig id\u0151szer\u0171. A katonai szolg\u00e1latom egyik legszebb eml\u00e9ke elevenedik meg most bennem. Ez az \u00e1lland\u00f3 \u0151rszolg\u00e1lat volt t\u00f6bb h\u00e9ten kereszt\u00fcl. H\u00e1rom \u00f3ra \u0151rt\u00e1ll\u00e1s, h\u00e1rom \u00f3ra alv\u00e1s, majd h\u00e1rom \u00f3ra k\u00e9szenl\u00e9t. Azt\u00e1n minden kezd\u0151dik el\u0151r\u00f6l. Vagyis el\u0151sz\u00f6r k\u00e9szenl\u00e9tbe kell helyeznem magam. Ez a k\u00e9szenl\u00e9t sok munk\u00e1t \u00e9s id\u0151t ig\u00e9nyel.\u00a0 Erre ir\u00e1ny\u00edtja a r\u00e1 a figyelm\u00fcnket az els\u0151 olvasm\u00e1ny. A fogs\u00e1gb\u00f3l val\u00f3 szabadul\u00e1s nem \u00e9rte v\u00e1ratlanul a v\u00e1lasztott n\u00e9pet. vagyis k\u00e9szenl\u00e9tbe helyezt\u00e9k magukat. Ebben az \u00e9rtelemben az \u00e1lland\u00f3 k\u00e9sz\u00fclet r\u00e9sze \u00e9letemnek. Seg\u00edt \u00e9bren tartani \u00e9bers\u00e9gemet. Arra \u00f6szt\u00f6n\u00f6z, hogy a l\u00e9nyeges dolgokra \u00f6sszpontos\u00edtsak. A szentleck\u00e9ben a sugalmazott szent\u00edr\u00f3 \u00c1brah\u00e1m szem\u00e9ly\u00e9n kereszt\u00fcl az egy\u00e9ni hitnek fontoss\u00e1g\u00e1t \u00e9s megtart\u00f3 erej\u00e9t emeli ki. Aki ilyen szil\u00e1rd hittel rendelkezik, azt nem tudja megt\u00f6rni sem a szenved\u00e9s, sem a kudarc, a f\u00e1jdalom. Szent Luk\u00e1cs az elhangzott evang\u00e9liumi r\u00e9szben boldognak mondja azt a szolg\u00e1t, akinek a legnagyobb er\u00e9nye az \u00e9bers\u00e9g \u00e9s a gazda ir\u00e1nti h\u0171s\u00e9g. \u00d6nmag\u00e1ban v\u00e9ve mindez nagy er\u0151fesz\u00edt\u00e9st is ig\u00e9nyel. Gyakorlati \u00fczenete ezen szent\u00edr\u00e1si r\u00e9sznek, hogy \u00e9rt\u00e9kelni tudjam a rendelkez\u00e9semre \u00e1ll\u00f3 id\u0151t, a benne k\u00edn\u00e1lt lehet\u0151s\u00e9geket. Kezd\u0151\u00e9nek: Tekints, Uram, sz\u00f6vets\u00e9gedre, \u00e9s szeg\u00e9nyeidr\u0151l ne feledkezz\u00e9l el v\u00e9gleg. Kelj fel, \u00f3 Isten, v\u00e9dd meg \u00fcgyedet, \u00e9s ne feledkezz meg a hozz\u00e1d k\u00f6ny\u00f6rg\u0151k szav\u00e1r\u00f3l. (V\u00f6. Zsolt 73,20.19.22.23) K\u00f6ny\u00f6rg\u00e9s: Mindenhat\u00f3 \u00f6r\u00f6k Isten, a Szentl\u00e9lekt\u0151l vezetve bizalommal Aty\u00e1nknak sz\u00f3l\u00edtunk t\u00e9ged. T\u00f6k\u00e9letes\u00edtsd sz\u00edv\u00fcnkben a fogadott fi\u00fas\u00e1g lelk\u00fclet\u00e9t, hogy a meg\u00edg\u00e9rt \u00f6r\u00f6ks\u00e9get elnyerj\u00fck. A mi Urunk, J\u00e9zus Krisztus, a te Fiad \u00e1ltal, aki veled \u00e9l \u00e9s uralkodik a Szentl\u00e9lekkel egys\u00e9gben, Isten... R\u00e9szletek"}