{"version":"1.0","provider_name":"Stuttgarti Katolikusok","provider_url":"https:\/\/stuttgarti-katolikusok.de","title":"\u00c9vk\u00f6zi 18. vas\u00e1rnap - Stuttgarti Katolikusok","type":"rich","width":600,"height":338,"html":"<blockquote class=\"wp-embedded-content\" data-secret=\"lSvSesuUGL\"><a href=\"https:\/\/stuttgarti-katolikusok.de\/index.php\/evkozi-18-vasarnap-3\/\">\u00c9vk\u00f6zi 18. vas\u00e1rnap<\/a><\/blockquote><iframe sandbox=\"allow-scripts\" security=\"restricted\" src=\"https:\/\/stuttgarti-katolikusok.de\/index.php\/evkozi-18-vasarnap-3\/embed\/#?secret=lSvSesuUGL\" width=\"600\" height=\"338\" title=\"&#8220;\u00c9vk\u00f6zi 18. vas\u00e1rnap&#8221; &#8212; Stuttgarti Katolikusok\" data-secret=\"lSvSesuUGL\" frameborder=\"0\" marginwidth=\"0\" marginheight=\"0\" scrolling=\"no\" class=\"wp-embedded-content\"><\/iframe><script type=\"text\/javascript\">\n\/* <![CDATA[ *\/\n\/*! This file is auto-generated *\/\n!function(d,l){\"use strict\";l.querySelector&&d.addEventListener&&\"undefined\"!=typeof URL&&(d.wp=d.wp||{},d.wp.receiveEmbedMessage||(d.wp.receiveEmbedMessage=function(e){var t=e.data;if((t||t.secret||t.message||t.value)&&!\/[^a-zA-Z0-9]\/.test(t.secret)){for(var s,r,n,a=l.querySelectorAll('iframe[data-secret=\"'+t.secret+'\"]'),o=l.querySelectorAll('blockquote[data-secret=\"'+t.secret+'\"]'),c=new RegExp(\"^https?:$\",\"i\"),i=0;i<o.length;i++)o[i].style.display=\"none\";for(i=0;i<a.length;i++)s=a[i],e.source===s.contentWindow&&(s.removeAttribute(\"style\"),\"height\"===t.message?(1e3<(r=parseInt(t.value,10))?r=1e3:~~r<200&&(r=200),s.height=r):\"link\"===t.message&&(r=new URL(s.getAttribute(\"src\")),n=new URL(t.value),c.test(n.protocol))&&n.host===r.host&&l.activeElement===s&&(d.top.location.href=t.value))}},d.addEventListener(\"message\",d.wp.receiveEmbedMessage,!1),l.addEventListener(\"DOMContentLoaded\",function(){for(var e,t,s=l.querySelectorAll(\"iframe.wp-embedded-content\"),r=0;r<s.length;r++)(t=(e=s[r]).getAttribute(\"data-secret\"))||(t=Math.random().toString(36).substring(2,12),e.src+=\"#?secret=\"+t,e.setAttribute(\"data-secret\",t)),e.contentWindow.postMessage({message:\"ready\",secret:t},\"*\")},!1)))}(window,document);\n\/\/# sourceURL=https:\/\/stuttgarti-katolikusok.de\/wp-includes\/js\/wp-embed.min.js\n\/* ]]> *\/\n<\/script>\n","thumbnail_url":"https:\/\/stuttgarti-katolikusok.de\/wp-content\/uploads\/2024\/08\/soare-alice.jpg","thumbnail_width":2048,"thumbnail_height":1518,"description":"Mennyire j\u00f3 tudnunk azt, hogy Isten nem csup\u00e1n megteremtette a vil\u00e1got, hanem gondoskodik is r\u00f3la. A hasonlat k\u00e9zenfekv\u0151: nem el\u00e9g csup\u00e1n elk\u00e9sz\u00edteni a fali\u00f3r\u00e1t, de karban is kell tartani. Magunkra vonatkoztatva, s ez a h\u00edv\u0151 ember rem\u00e9nye, a j\u00f3 Isten \u00e9letre h\u00edvott benn\u00fcnket, s az\u00f3ta is gondunkat viseli. A Pr\u00e9dik\u00e1tor a muland\u00f3 dolgok hi\u00e1baval\u00f3s\u00e1g\u00e1t \u00e1ll\u00edtja el\u00e9nk. Olykor mi magunk is hajlamosak vagyunk mindent a &#8222;minden hi\u00e1baval\u00f3s\u00e1g&#8221; szem\u00fcveg\u00e9n kereszt\u00fcl szeml\u00e9lni. Pedig csak szem\u00fcveget kellene cser\u00e9ln\u00fcnk. Kapu Tibor egy gondolat\u00e1t hozn\u00e1m ide a vele k\u00e9sz\u00edtett besz\u00e9lget\u00e9sb\u0151l, miut\u00e1n visszat\u00e9rt a Vil\u00e1g\u0171rb\u0151l. Csod\u00e1latosnak \u00e9s sz\u00e9pnek l\u00e1tta a F\u00f6ldet \u00e9s orsz\u00e1g\u00e1t. Amennyiben \u00e9n is sz\u00e9pnek l\u00e1tom az engem k\u00f6r\u00fclvev\u0151 vil\u00e1got, siker\u00fcl \u00e9rtelmet \u00e9s c\u00e9lt adni minden munk\u00e1mnak, \u00e9letemnek. Ez pedig mer\u0151ben megv\u00e1ltoztatja \u00e9letszeml\u00e9letemet. Az \u00f6r\u00f6k\u00f6s pesszimizmust felv\u00e1ltja az eg\u00e9szs\u00e9ges kereszt\u00e9ny optimista szeml\u00e9let. A szentleck\u00e9ben Szent P\u00e1l apostol ezt a gondolatot hangs\u00falyozza. &#8222;Az \u00e9giekre ir\u00e1nyuljon figyelmetek, ne a f\u00f6ldiekre.&#8221; Erk\u00f6lcsi \u00fatmutat\u00e1st is ad hozz\u00e1, amely szeml\u00e9let v\u00e1lt\u00e1st jelent egyben. Levetni a r\u00e9gi embert, rossz szok\u00e1saival egy\u00fctt, \u00e9s magunkra \u00f6lteni az \u00fajat, aki k\u00e9sz az \u00e1lland\u00f3 meg\u00fajul\u00e1sra. Csod\u00e1latos \u00e9s var\u00e1zslatos bels\u0151 \u00fat ez mindannyiunk sz\u00e1m\u00e1ra, amennyiben k\u00e9szek vagyunk ezen bens\u0151 \u00fat megt\u00e9tel\u00e9re. Nem k\u00f6nny\u0171 az \u00fat, de meg\u00e9ri! Az evang\u00e9liumi tan\u00edt\u00e1s pedig az \u00dar J\u00e9zus p\u00e9ldabesz\u00e9d\u00e9n kereszt\u00fcl nagyszer\u0171en szeml\u00e9lteti, mit is jelent \u00e9let\u00fcnk szeml\u00e9letm\u00f3dj\u00e1nak megv\u00e1ltoztat\u00e1sa. Ebben az egyik a legnagyobb k\u00fczdelmet az anyagikhoz val\u00f3 viszonyunkban v\u00edvjuk. Anyagi javaink birtokl\u00e1sa nem v\u00e9gs\u0151 \u00e9s kiz\u00e1r\u00f3lagos c\u00e9l. Anyagi javaink csup\u00e1n eszk\u00f6z\u00f6k, melyek egy\u00e9ni \u00fcdv\u00f6ss\u00e9g\u00fcnket hivatottak szolg\u00e1lni. Mennyi j\u00f3t tehetek a magam kincseivel, legyen az b\u00e1rmi. Melyek az \u00e9n kincseim \u00e9s hogyan haszn\u00e1lom azokat? Keressem magamban a v\u00e1laszt! Kezd\u0151\u00e9nek: Istenem, j\u00f6jj seg\u00edts\u00e9gemre, Uram, siess, seg\u00edts meg engem! Seg\u00edt\u0151m \u00e9s szabad\u00edt\u00f3m te vagy, \u00e9n Istenem, ne k\u00e9slekedj! (Zsolt 69,2.6) K\u00f6ny\u00f6rg\u00e9s: Urunk, boldogan vallunk t\u00e9ged teremt\u0151 \u00e9s gondvisel\u0151 Isten\u00fcnknek. Oltalmazd mindenkor h\u00edveidet: \u00faj\u00edtsd meg kegyelmi adom\u00e1nyaidat benn\u00fcnk, \u00e9s meg\u00fajult \u00e9let\u00fcnket \u0151rizd meg j\u00f3s\u00e1gosan.... R\u00e9szletek"}