{"version":"1.0","provider_name":"Stuttgarti Katolikusok","provider_url":"https:\/\/stuttgarti-katolikusok.de","title":"\u00c9vk\u00f6zi 17. vas\u00e1rnap \u2013 Nagysz\u00fcl\u0151k \u00e9s id\u0151sek vil\u00e1gnapja - Stuttgarti Katolikusok","type":"rich","width":600,"height":338,"html":"<blockquote class=\"wp-embedded-content\" data-secret=\"9wy5sPQziE\"><a href=\"https:\/\/stuttgarti-katolikusok.de\/index.php\/evkozi-17-vasarnap-nagyszulok-es-idosek-vilagnapja\/\">\u00c9vk\u00f6zi 17. vas\u00e1rnap \u2013 Nagysz\u00fcl\u0151k \u00e9s id\u0151sek vil\u00e1gnapja<\/a><\/blockquote><iframe sandbox=\"allow-scripts\" security=\"restricted\" src=\"https:\/\/stuttgarti-katolikusok.de\/index.php\/evkozi-17-vasarnap-nagyszulok-es-idosek-vilagnapja\/embed\/#?secret=9wy5sPQziE\" width=\"600\" height=\"338\" title=\"&#8220;\u00c9vk\u00f6zi 17. vas\u00e1rnap \u2013 Nagysz\u00fcl\u0151k \u00e9s id\u0151sek vil\u00e1gnapja&#8221; &#8212; Stuttgarti Katolikusok\" data-secret=\"9wy5sPQziE\" frameborder=\"0\" marginwidth=\"0\" marginheight=\"0\" scrolling=\"no\" class=\"wp-embedded-content\"><\/iframe><script type=\"text\/javascript\">\n\/* <![CDATA[ *\/\n\/*! This file is auto-generated *\/\n!function(d,l){\"use strict\";l.querySelector&&d.addEventListener&&\"undefined\"!=typeof URL&&(d.wp=d.wp||{},d.wp.receiveEmbedMessage||(d.wp.receiveEmbedMessage=function(e){var t=e.data;if((t||t.secret||t.message||t.value)&&!\/[^a-zA-Z0-9]\/.test(t.secret)){for(var s,r,n,a=l.querySelectorAll('iframe[data-secret=\"'+t.secret+'\"]'),o=l.querySelectorAll('blockquote[data-secret=\"'+t.secret+'\"]'),c=new RegExp(\"^https?:$\",\"i\"),i=0;i<o.length;i++)o[i].style.display=\"none\";for(i=0;i<a.length;i++)s=a[i],e.source===s.contentWindow&&(s.removeAttribute(\"style\"),\"height\"===t.message?(1e3<(r=parseInt(t.value,10))?r=1e3:~~r<200&&(r=200),s.height=r):\"link\"===t.message&&(r=new URL(s.getAttribute(\"src\")),n=new URL(t.value),c.test(n.protocol))&&n.host===r.host&&l.activeElement===s&&(d.top.location.href=t.value))}},d.addEventListener(\"message\",d.wp.receiveEmbedMessage,!1),l.addEventListener(\"DOMContentLoaded\",function(){for(var e,t,s=l.querySelectorAll(\"iframe.wp-embedded-content\"),r=0;r<s.length;r++)(t=(e=s[r]).getAttribute(\"data-secret\"))||(t=Math.random().toString(36).substring(2,12),e.src+=\"#?secret=\"+t,e.setAttribute(\"data-secret\",t)),e.contentWindow.postMessage({message:\"ready\",secret:t},\"*\")},!1)))}(window,document);\n\/\/# sourceURL=https:\/\/stuttgarti-katolikusok.de\/wp-includes\/js\/wp-embed.min.js\n\/* ]]> *\/\n<\/script>\n","thumbnail_url":"https:\/\/stuttgarti-katolikusok.de\/wp-content\/uploads\/2021\/01\/12-apostol.jpg","thumbnail_width":640,"thumbnail_height":426,"description":"A mai, \u00e9vk\u00f6zi 17. vas\u00e1rnap, k\u00f6ny\u00f6rg\u00e9se nagyon fontos igazs\u00e1gra ir\u00e1ny\u00edtja r\u00e1 figyelm\u00fcnket. K\u00fcl\u00f6n\u00f6sen annak f\u00e9ny\u00e9ben, ami a P\u00e1rizsi Olimpia J\u00e1t\u00e9kok megnyit\u00f3 \u00fcnneps\u00e9g\u00e9n t\u00f6rt\u00e9nt. Az\u00f3ta ez a k\u00e9rd\u00e9s foglalkoztat: Mindent el kell t\u0171rn\u00fcnk? Hol vannak a hat\u00e1rok? A v\u00e1laszt a k\u00f6ny\u00f6rg\u00e9s \u00fczenet\u00e9ben tal\u00e1ltam\u00a0 meg: &#8222;Isten\u00fcnk, benned b\u00edz\u00f3k oltalmaz\u00f3ja, aki n\u00e9lk\u00fcl semmi sem szent, semmi sem \u00e1lland\u00f3.&#8221; Vagyis, ami a nyit\u00f3\u00fcnneps\u00e9gen t\u00f6rt\u00e9nt, csup\u00e1n kort\u00fcnet. Ahogy j\u00f6tt, \u00fagy t\u0171nik el. A k\u00f6ny\u00f6rg\u00e9s folytat\u00f3dik: &#8222;\u00c1raszd r\u00e1nk b\u0151s\u00e9ges irgalmaddal, hogy ir\u00e1ny\u00edt\u00e1soddal \u00fagy haszn\u00e1ljuk a muland\u00f3 javakat, hogy sz\u00edv\u00fcnk m\u00e1r most a maradand\u00f3khoz ragaszkodjon.&#8221; &#8211; Ez a megold\u00e1s kulcsa: sz\u00edv\u00fcnkkel a maradand\u00f3khoz ragaszkodni. Amennyiben pedig ehhez hozz\u00e1veszem Egyh\u00e1zmegy\u00e9nk mai trendj\u00e9t, ez m\u00e9g hatv\u00e1nyozottabb m\u00e9rt\u00e9kben helyt\u00e1ll\u00f3. Az els\u0151 olvasm\u00e1ny Isten gondoskod\u00f3 j\u00f3s\u00e1g\u00e1t \u00e9s szeretet\u00e9t, \u00e9s az abban val\u00f3 hitet szeretn\u00e9 feler\u0151s\u00edteni benn\u00fcnk. A k\u00e9rd\u00e9s csup\u00e1n, hogy tudok-e \u00fagy r\u00e1hagyatkozni, ahogyan Elizeus pr\u00f3f\u00e9ta aj\u00e1nlja, \u00e9ppen a nagy \u00e9h\u00edns\u00e9g idej\u00e9n. Sz\u00e1momra egy feladat van: ez hitet er\u0151s\u00edteni magamban \u00e9s a r\u00e1m b\u00edzottokban. A v\u00e1laszos zsolt\u00e1r ism\u00e9tl\u0151d\u0151 felh\u00edv\u00e1sa: &#8222;Megnyitod kezedet, Istenem, \u00e9s t\u00e1pl\u00e1lsz minket.&#8221; Vagyis, Isten a t\u00f6rt\u00e9nelem Ura. Milyen biztons\u00e1g van ebben a felismer\u00e9sben! R\u00f3mai falain k\u00edv\u00fcl mutogatj\u00e1k azt a vasr\u00e1ccsal elz\u00e1rt \u00fcreget, ahol P\u00e1l apostol b\u00f6rt\u00f6ne volt. A fogoly P\u00e1l hallgat, nem a maga igaz\u00e1t keresi. Mi t\u00f6bb, innen is int, tan\u00edt al\u00e1zatra, szel\u00edds\u00e9gre \u00e9s b\u00e9kess\u00e9gre. Csak teste volt b\u00f6rt\u00f6nben, lelke azonban most is szabad volt. Itt \u00e9rint meg igaz\u00e1b\u00f3l engem is az \u0150 t\u00f6rt\u00e9nete. Ne keresd sohasem a magad igaz\u00e1t! Helyette, j\u00e1rd a magad \u00fatj\u00e1t, l\u00e9lekben teljesen szabadon. A lelki egys\u00e9g fenntart\u00e1sa, illetve annak felk\u00edn\u00e1l\u00e1sa mindenn\u00e9l fontosabb. Egy\u00e9ni \u00e9lethivat\u00e1sunk meger\u0151s\u00edt\u00e9se. Az evang\u00e9liumi p\u00e9ldabesz\u00e9d egy eg\u00e9szen hiteles t\u00f6rt\u00e9netet t\u00e1r el\u00e9nk. \u00c9letem rem\u00e9nytelennek t\u0171n\u0151 helyzete, illetve annak felold\u00e1sa. A t\u00f6rt\u00e9netet ismerj\u00fck: a megold\u00e1s, egy ott tart\u00f3zkod\u00f3 fi\u00fa, annak \u00f6t \u00e1rpakenyere \u00e9s k\u00e9t hala. Ahhoz, hogy J\u00e9zus csod\u00e1t tegyen, megmutassa isteni hatalm\u00e1t,\u00a0 sz\u00fcks\u00e9ge van a az ifj\u00fa \u00e1rpakenyer\u00e9re \u00e9s hal\u00e1ra.... R\u00e9szletek"}