{"version":"1.0","provider_name":"Stuttgarti Katolikusok","provider_url":"https:\/\/stuttgarti-katolikusok.de","title":"\u00c9vk\u00f6zi 15. vas\u00e1rnap - Stuttgarti Katolikusok","type":"rich","width":600,"height":338,"html":"<blockquote class=\"wp-embedded-content\" data-secret=\"qLUKqVXzLN\"><a href=\"https:\/\/stuttgarti-katolikusok.de\/index.php\/evkozi-15-vasarnap-2\/\">\u00c9vk\u00f6zi 15. vas\u00e1rnap<\/a><\/blockquote><iframe sandbox=\"allow-scripts\" security=\"restricted\" src=\"https:\/\/stuttgarti-katolikusok.de\/index.php\/evkozi-15-vasarnap-2\/embed\/#?secret=qLUKqVXzLN\" width=\"600\" height=\"338\" title=\"&#8220;\u00c9vk\u00f6zi 15. vas\u00e1rnap&#8221; &#8212; Stuttgarti Katolikusok\" data-secret=\"qLUKqVXzLN\" frameborder=\"0\" marginwidth=\"0\" marginheight=\"0\" scrolling=\"no\" class=\"wp-embedded-content\"><\/iframe><script type=\"text\/javascript\">\n\/* <![CDATA[ *\/\n\/*! This file is auto-generated *\/\n!function(d,l){\"use strict\";l.querySelector&&d.addEventListener&&\"undefined\"!=typeof URL&&(d.wp=d.wp||{},d.wp.receiveEmbedMessage||(d.wp.receiveEmbedMessage=function(e){var t=e.data;if((t||t.secret||t.message||t.value)&&!\/[^a-zA-Z0-9]\/.test(t.secret)){for(var s,r,n,a=l.querySelectorAll('iframe[data-secret=\"'+t.secret+'\"]'),o=l.querySelectorAll('blockquote[data-secret=\"'+t.secret+'\"]'),c=new RegExp(\"^https?:$\",\"i\"),i=0;i<o.length;i++)o[i].style.display=\"none\";for(i=0;i<a.length;i++)s=a[i],e.source===s.contentWindow&&(s.removeAttribute(\"style\"),\"height\"===t.message?(1e3<(r=parseInt(t.value,10))?r=1e3:~~r<200&&(r=200),s.height=r):\"link\"===t.message&&(r=new URL(s.getAttribute(\"src\")),n=new URL(t.value),c.test(n.protocol))&&n.host===r.host&&l.activeElement===s&&(d.top.location.href=t.value))}},d.addEventListener(\"message\",d.wp.receiveEmbedMessage,!1),l.addEventListener(\"DOMContentLoaded\",function(){for(var e,t,s=l.querySelectorAll(\"iframe.wp-embedded-content\"),r=0;r<s.length;r++)(t=(e=s[r]).getAttribute(\"data-secret\"))||(t=Math.random().toString(36).substring(2,12),e.src+=\"#?secret=\"+t,e.setAttribute(\"data-secret\",t)),e.contentWindow.postMessage({message:\"ready\",secret:t},\"*\")},!1)))}(window,document);\n\/\/# sourceURL=https:\/\/stuttgarti-katolikusok.de\/wp-includes\/js\/wp-embed.min.js\n\/* ]]> *\/\n<\/script>\n","thumbnail_url":"https:\/\/stuttgarti-katolikusok.de\/wp-content\/uploads\/2024\/07\/screenshot-20240714-143249-facebook.jpg","thumbnail_width":1079,"thumbnail_height":718,"description":"A szentmise k\u00f6ny\u00f6rg\u00e9s\u00e9ben az\u00e9rt foh\u00e1szkodunk, hogy az isteni igazs\u00e1g f\u00e9ny\u00e9ben mindig r\u00e1tal\u00e1ljunk a helyes \u00fatra. Elt\u00e9vedni, elesni m\u00e9g nem trag\u00e9dia. Legyen meg mindig a k\u00e9szs\u00e9g \u00e9s sz\u00e1nd\u00e9k visszatal\u00e1lni kit\u0171z\u00f6tt c\u00e9ljainkhoz. \u00c1mosz pr\u00f3f\u00e9ta tiszt\u00e1ban van emberi gyenges\u00e9geivel \u00e9s korl\u00e1taival. Ennek ellen\u00e9re v\u00e1llalja a pr\u00f3f\u00e9tai k\u00fcldet\u00e9st. Ez az \u0151 igazi nagys\u00e1ga. Tudja ugyanis, hogy mindaz, amit el\u00e9r \u00e9let\u00e9ben, az \u0151t megsz\u00f3l\u00edt\u00f3 \u00e9s megh\u00edv\u00f3 Isten k\u00fcl\u00f6n\u00f6s aj\u00e1nd\u00e9ka. Ennek k\u00f6sz\u00f6nhet\u0151en megmarad al\u00e1zatoss\u00e1g\u00e1ban. Szent P\u00e1l apostol \u00fczenete egyfajta biztat\u00e1s nek\u00fcnk is. Isten, J\u00e9zus Krisztusban megv\u00e1ltott benn\u00fcnket. Ez a felismer\u00e9s adhat er\u0151t mindennapi feladatainkhoz. Az evang\u00e9liumi r\u00e9sz az egy\u00e9ni k\u00fcldet\u00e9s nagyszer\u0171s\u00e9g\u00e9r\u0151l sz\u00f3l. Felt\u00e9tele a teljes szabads\u00e1g elnyer\u00e9se, amely f\u00fcggetlens\u00e9get eredm\u00e9nyez. Mennyire vagyok szabad \u00e9s f\u00fcggetlen? K\u00e9rd\u00e9s, melyet magamnak kell megv\u00e1laszolnom. Kezd\u0151\u00e9nek: Igazs\u00e1gban jelenek meg sz\u00edned el\u0151tt, bet\u00f6lt engem a te dics\u0151s\u00e9ged. (V\u00f6. Zsolt 16,15) K\u00f6ny\u00f6rg\u00e9s: Isten\u00fcnk, te megmutatod igazs\u00e1god f\u00e9ny\u00e9t a t\u00e9velyg\u0151knek, hogy visszatal\u00e1ljanak a helyes \u00fatra. Add meg mindazoknak, akik a kereszt\u00e9ny hitet vallj\u00e1k, hogy elutas\u00edts\u00e1k, ami ellenkezik ezzel a n\u00e9vvel, \u00e9s t\u00f6rekedjenek arra, ami m\u00e9lt\u00f3 hozz\u00e1. A mi Urunk, J\u00e9zus Krisztus, a te Fiad \u00e1ltal, aki veled \u00e9l \u00e9s uralkodik a Szentl\u00e9lekkel egys\u00e9gben, Isten mind\u00f6r\u00f6kk\u00f6n \u00f6r\u00f6kk\u00e9. OLVASM\u00c1NY \u00c1mosz pr\u00f3f\u00e9ta k\u00f6nyv\u00e9b\u0151l (\u00c1m 7,12-15) Amacja, B\u00e9tel papja ezt mondta \u00c1mosznak: \u201eL\u00e1tnok! Menj el innen! Menek\u00fclj, Juda f\u00f6ldj\u00e9re! Ott edd a kenyeredet \u00e9s ott pr\u00f3f\u00e9t\u00e1lj! B\u00e9telben t\u00f6bb\u00e9 ne pr\u00f3f\u00e9t\u00e1lj, mert kir\u00e1lyi szent\u00e9ly ez, \u00e9s a kir\u00e1lys\u00e1g temploma!\u201d \u00c1mosz \u00edgy felelt Amacj\u00e1nak: \u201eNem vagyok \u00e9n pr\u00f3f\u00e9ta, sem pr\u00f3f\u00e9t\u00e1nak fia: p\u00e1sztor vagyok \u00e9s f\u00fcg\u00e9t termesztek. Az \u00dar azonban elh\u00edvott a ny\u00e1j mell\u0151l. Azt mondta nekem az \u00dar: \u00bbMenj, pr\u00f3f\u00e9t\u00e1lj n\u00e9pemnek, Izraelnek!\u00ab Ez az Isten ig\u00e9je. V\u00c1LASZOS ZSOLT\u00c1R (Zsolt 84,9ab-10.11-12.13-14) V\u00e1lasz:\u00a0Urunk, mutasd meg nek\u00fcnk\u00a0irgalmas sz\u00edvedet, * \u00e9s \u00fcdv\u00f6ss\u00e9g\u00fcnket\u00a0add\u00a0meg n\u00e9k\u00fcnk!\u00a0(1 D2\u00a0t\u00f3nus.) El\u0151\u00e9nekes: Hadd halljam, mit mond az \u00e9n\u00a0Uram, Istenem, * mert n\u00e9p\u00e9nek \u00e9s szentjeinek\u00a0b\u00e9k\u00e9t \u00edg\u00e9r. Az istenf\u00e9l\u0151kh\u00f6z val\u00f3ban\u00a0k\u00f6zel az \u00fcdv\u00f6ss\u00e9g, * hogy orsz\u00e1gukba dics\u0151s\u00e9g k\u00f6lt\u00f6zz\u00e9k. H\u00edvek:\u00a0Urunk, mutasd meg nek\u00fcnk\u00a0irgalmas sz\u00edvedet, *... R\u00e9szletek"}