{"version":"1.0","provider_name":"Stuttgarti Katolikusok","provider_url":"https:\/\/stuttgarti-katolikusok.de","title":"\u00c9vk\u00f6zi 14. vas\u00e1rnapra - Stuttgarti Katolikusok","type":"rich","width":600,"height":338,"html":"<blockquote class=\"wp-embedded-content\" data-secret=\"mQFuomtKmH\"><a href=\"https:\/\/stuttgarti-katolikusok.de\/index.php\/evkozi-14-vasarnapra-2\/\">\u00c9vk\u00f6zi 14. vas\u00e1rnapra<\/a><\/blockquote><iframe sandbox=\"allow-scripts\" security=\"restricted\" src=\"https:\/\/stuttgarti-katolikusok.de\/index.php\/evkozi-14-vasarnapra-2\/embed\/#?secret=mQFuomtKmH\" width=\"600\" height=\"338\" title=\"&#8220;\u00c9vk\u00f6zi 14. vas\u00e1rnapra&#8221; &#8212; Stuttgarti Katolikusok\" data-secret=\"mQFuomtKmH\" frameborder=\"0\" marginwidth=\"0\" marginheight=\"0\" scrolling=\"no\" class=\"wp-embedded-content\"><\/iframe><script type=\"text\/javascript\">\n\/* <![CDATA[ *\/\n\/*! This file is auto-generated *\/\n!function(d,l){\"use strict\";l.querySelector&&d.addEventListener&&\"undefined\"!=typeof URL&&(d.wp=d.wp||{},d.wp.receiveEmbedMessage||(d.wp.receiveEmbedMessage=function(e){var t=e.data;if((t||t.secret||t.message||t.value)&&!\/[^a-zA-Z0-9]\/.test(t.secret)){for(var s,r,n,a=l.querySelectorAll('iframe[data-secret=\"'+t.secret+'\"]'),o=l.querySelectorAll('blockquote[data-secret=\"'+t.secret+'\"]'),c=new RegExp(\"^https?:$\",\"i\"),i=0;i<o.length;i++)o[i].style.display=\"none\";for(i=0;i<a.length;i++)s=a[i],e.source===s.contentWindow&&(s.removeAttribute(\"style\"),\"height\"===t.message?(1e3<(r=parseInt(t.value,10))?r=1e3:~~r<200&&(r=200),s.height=r):\"link\"===t.message&&(r=new URL(s.getAttribute(\"src\")),n=new URL(t.value),c.test(n.protocol))&&n.host===r.host&&l.activeElement===s&&(d.top.location.href=t.value))}},d.addEventListener(\"message\",d.wp.receiveEmbedMessage,!1),l.addEventListener(\"DOMContentLoaded\",function(){for(var e,t,s=l.querySelectorAll(\"iframe.wp-embedded-content\"),r=0;r<s.length;r++)(t=(e=s[r]).getAttribute(\"data-secret\"))||(t=Math.random().toString(36).substring(2,12),e.src+=\"#?secret=\"+t,e.setAttribute(\"data-secret\",t)),e.contentWindow.postMessage({message:\"ready\",secret:t},\"*\")},!1)))}(window,document);\n\/\/# sourceURL=https:\/\/stuttgarti-katolikusok.de\/wp-includes\/js\/wp-embed.min.js\n\/* ]]> *\/\n<\/script>\n","thumbnail_url":"https:\/\/stuttgarti-katolikusok.de\/wp-content\/uploads\/2020\/07\/tegyjot.jpg","thumbnail_width":658,"thumbnail_height":494,"description":"j\u00falius 5. \u00c9VK\u00d6ZI 14. VAS\u00c1RNAP J\u00falius: J\u00e9zus Szent V\u00e9re h\u00f3napja &nbsp; \u201eAz \u00dar az engedelmeseket az igazs\u00e1g \u00fatj\u00e1n vezeti; az al\u00e1zatosakat megtan\u00edtja \u00f6sv\u00e9nyeire.\u201d (Zsolt 25, 9) Az al\u00e1zatoss\u00e1g gyakorl\u00e1s\u00e1ra J\u00e9zus ad nek\u00fcnk p\u00e9ld\u00e1t. \u201e\u0150 az Istennel val\u00f3 egyenl\u0151s\u00e9get nem tartotta olyan dolognak, amelyhez felt\u00e9tlen\u00fcl ragaszkodj\u00e9k.\u201d (Fil 2, 6) KEZD\u0150\u00c9NEK\u00a0\u00a0\u00a0\u00a0\u00a0\u00a0\u00a0\u00a0\u00a0\u00a0\u00a0\u00a0\u00a0\u00a0\u00a0\u00a0\u00a0\u00a0\u00a0\u00a0\u00a0\u00a0\u00a0\u00a0\u00a0\u00a0\u00a0\u00a0\u00a0\u00a0\u00a0\u00a0\u00a0\u00a0\u00a0\u00a0\u00a0\u00a0\u00a0\u00a0\u00a0\u00a0\u00a0\u00a0\u00a0\u00a0\u00a0\u00a0\u00a0\u00a0 \u00a0\u00a0\u00a0\u00a0\u00a0\u00a0\u00a0\u00a0\u00a0\u00a0\u00a0\u00a0\u00a0\u00a0\u00a0\u00a0\u00a0\u00a0\u00a0\u00a0\u00a0\u00a0\u00a0\u00a0\u00a0\u00a0\u00a0\u00a0\u00a0\u00a0\u00a0\u00a0\u00a0\u00a0\u00a0\u00a0\u00a0\u00a0\u00a0\u00a0\u00a0 Zsolt 47, 10\u201311 J\u00f3s\u00e1godr\u00f3l elm\u00e9lked\u00fcnk, Isten\u00fcnk, templomod belsej\u00e9ben. Isten\u00fcnk, mik\u00e9nt m\u00e1r neved is, \u00fagy f\u00f6ls\u00e9ged is bet\u00f6lt minden f\u00f6ldhat\u00e1rt; jobbod telve igazs\u00e1ggal. OLVASM\u00c1NY\u00a0\u00a0\u00a0\u00a0\u00a0\u00a0\u00a0\u00a0\u00a0\u00a0\u00a0\u00a0\u00a0\u00a0\u00a0\u00a0\u00a0\u00a0\u00a0\u00a0\u00a0\u00a0\u00a0\u00a0\u00a0\u00a0\u00a0\u00a0\u00a0\u00a0\u00a0\u00a0\u00a0\u00a0\u00a0\u00a0\u00a0\u00a0\u00a0\u00a0\u00a0\u00a0\u00a0\u00a0\u00a0\u00a0\u00a0\u00a0\u00a0 \u00a0\u00a0\u00a0\u00a0\u00a0\u00a0\u00a0\u00a0\u00a0\u00a0\u00a0\u00a0\u00a0\u00a0\u00a0\u00a0\u00a0\u00a0\u00a0\u00a0\u00a0\u00a0\u00a0\u00a0\u00a0\u00a0\u00a0\u00a0\u00a0\u00a0\u00a0\u00a0\u00a0\u00a0\u00a0\u00a0\u00a0\u00a0\u00a0\u00a0\u00a0\u00a0 Zak 9, 9\u201310 A v\u00e1lasztott n\u00e9p f\u00e9nyes uralkod\u00f3t, dics\u0151 hadvez\u00e9rt v\u00e1rt az Elj\u00f6vend\u0151ben, aki szabadul\u00e1st, j\u00f3ll\u00e9tet \u00e9s gondtalan \u00e9letet biztos\u00edt n\u00e9p\u00e9nek. J\u00e9zus, az igazi Messi\u00e1s szeg\u00e9nys\u00e9gben \u00e9s egyszer\u0171s\u00e9gben \u00e9rkezett. De nagyobb aj\u00e1nd\u00e9kokat hozott, mint amit v\u00e1rtak t\u0151le: b\u0171nt\u0151l val\u00f3 szabadul\u00e1st, lelki b\u00e9k\u00e9t \u00e9s \u00f6r\u00f6k \u00fcdv\u00f6ss\u00e9get. S mindezt nem csup\u00e1n egy n\u00e9pnek, hanem az eg\u00e9sz emberis\u00e9gnek! &nbsp; V\u00c1LASZOS ZSOLT\u00c1R\u00a0\u00a0\u00a0\u00a0\u00a0\u00a0\u00a0\u00a0\u00a0\u00a0\u00a0\u00a0\u00a0\u00a0\u00a0\u00a0\u00a0\u00a0\u00a0\u00a0\u00a0\u00a0\u00a0 \u00a0\u00a0\u00a0\u00a0\u00a0\u00a0\u00a0\u00a0\u00a0\u00a0\u00a0\u00a0\u00a0\u00a0\u00a0\u00a0\u00a0\u00a0\u00a0\u00a0\u00a0\u00a0\u00a0\u00a0\u00a0\u00a0\u00a0\u00a0\u00a0\u00a0\u00a0\u00a0\u00a0\u00a0\u00a0\u00a0\u00a0\u00a0\u00a0\u00a0\u00a0\u00a0\u00a0\u00a0\u00a0\u00a0\u00a0\u00a0\u00a0\u00a0\u00a0\u00a0\u00a0 \u00a0144. Zsolt\u00e1r V\u00e1lasz: Istenem \u00e9s kir\u00e1lyom, magasztallak t\u00e9ged: * \u00a0szent nevedet \u00e1ldom \u00f6r\u00f6kk\u00f6n&#8211;\u00f6r\u00f6kk\u00e9. &nbsp; SZENTLECKE\u00a0\u00a0\u00a0\u00a0\u00a0\u00a0\u00a0\u00a0\u00a0\u00a0\u00a0\u00a0\u00a0\u00a0\u00a0\u00a0\u00a0\u00a0\u00a0\u00a0\u00a0\u00a0\u00a0\u00a0\u00a0\u00a0\u00a0\u00a0\u00a0\u00a0\u00a0\u00a0\u00a0\u00a0\u00a0\u00a0\u00a0\u00a0\u00a0\u00a0\u00a0\u00a0 \u00a0\u00a0\u00a0\u00a0\u00a0\u00a0\u00a0\u00a0\u00a0\u00a0\u00a0\u00a0\u00a0\u00a0\u00a0\u00a0\u00a0\u00a0\u00a0\u00a0\u00a0\u00a0\u00a0\u00a0\u00a0\u00a0\u00a0\u00a0\u00a0\u00a0\u00a0\u00a0\u00a0\u00a0\u00a0\u00a0\u00a0\u00a0\u00a0\u00a0\u00a0\u00a0\u00a0\u00a0\u00a0\u00a0\u00a0\u00a0\u00a0 R\u00f3m 8, 9 11\u201313 A Szentl\u00e9lek m\u0171k\u00f6d\u00f6tt k\u00f6zre Krisztus megtestes\u00fcl\u00e9s\u00e9n\u00e9l \u00e9s felt\u00e1mad\u00e1s\u00e1n\u00e1l. Megvan a hatalma, hogy benn\u00fcnket is lelki emberr\u00e9 tegyen. Ennek felt\u00e9tele azonban az, hogy ne a test v\u00e1gyait, hanem a L\u00e9lek ind\u00edt\u00e1sait k\u00f6vess\u00fck. ALLELUJA\u00a0\u00a0\u00a0\u00a0\u00a0\u00a0\u00a0\u00a0\u00a0\u00a0\u00a0\u00a0\u00a0\u00a0\u00a0\u00a0\u00a0\u00a0\u00a0\u00a0\u00a0\u00a0\u00a0\u00a0\u00a0\u00a0\u00a0\u00a0\u00a0\u00a0\u00a0\u00a0\u00a0\u00a0\u00a0\u00a0\u00a0\u00a0\u00a0\u00a0\u00a0\u00a0\u00a0\u00a0\u00a0\u00a0\u00a0\u00a0\u00a0\u00a0\u00a0 \u00a0\u00a0\u00a0\u00a0\u00a0\u00a0\u00a0\u00a0\u00a0\u00a0\u00a0\u00a0\u00a0\u00a0\u00a0\u00a0\u00a0\u00a0\u00a0\u00a0\u00a0\u00a0\u00a0\u00a0\u00a0\u00a0\u00a0\u00a0\u00a0\u00a0\u00a0\u00a0\u00a0\u00a0\u00a0\u00a0\u00a0\u00a0\u00a0\u00a0\u00a0\u00a0\u00a0\u00a0\u00a0\u00a0 Mt 11, 25 \u00c1ldalak t\u00e9ged, Aty\u00e1m, mennynek \u00e9s f\u00f6ldnek Istene, * mert felt\u00e1rtad a kicsinyeknek orsz\u00e1god titkait. EVANG\u00c9LIUM\u00a0\u00a0\u00a0\u00a0\u00a0\u00a0\u00a0\u00a0\u00a0\u00a0\u00a0\u00a0\u00a0\u00a0\u00a0\u00a0\u00a0\u00a0\u00a0\u00a0\u00a0\u00a0\u00a0\u00a0\u00a0\u00a0\u00a0\u00a0\u00a0\u00a0\u00a0\u00a0\u00a0\u00a0\u00a0\u00a0\u00a0\u00a0\u00a0\u00a0\u00a0\u00a0\u00a0\u00a0\u00a0 \u00a0\u00a0\u00a0\u00a0\u00a0\u00a0\u00a0\u00a0\u00a0\u00a0\u00a0\u00a0\u00a0\u00a0\u00a0\u00a0\u00a0\u00a0\u00a0\u00a0\u00a0\u00a0\u00a0\u00a0\u00a0\u00a0\u00a0\u00a0\u00a0\u00a0\u00a0\u00a0\u00a0\u00a0\u00a0\u00a0\u00a0\u00a0\u00a0\u00a0\u00a0\u00a0\u00a0\u00a0 Mt 11, 25\u201330 J\u00e9zus nemcsak tan\u00edt\u00e1s\u00e1val, hanem szent \u00e9s p\u00e9ldamutat\u00f3 \u00e9let\u00e9vel is bizony\u00edtotta: \u0151 az Isten egysz\u00fcl\u00f6tt Fia. Ez\u00e9rt b\u00edzhatunk benne, hogy megbocs\u00e1tja b\u0171neinket \u00e9s \u00f6r\u00f6k \u00e9letet ad majd nek\u00fcnk. De lelkier\u0151t is rem\u00e9lhet\u00fcnk t\u0151le az \u00e9let terheinek \u00e9s keresztjeinek hordoz\u00e1s\u00e1hoz. AZ EUCHARISZTI\u00c1HOZ J\u00e9zus a gazdagokat \u00e9s szeg\u00e9nyeket, a b\u00f6lcseket \u00e9s egyszer\u0171eket egyar\u00e1nt h\u00edvja asztal\u00e1hoz, \u00e9s felaj\u00e1nlja nekik az \u00e9let kenyer\u00e9t. Ez a keny\u00e9r enyh\u00fcl\u00e9st ad a f\u00e1radtaknak, v\u00edgaszt ad a szenved\u0151knek \u00e9s er\u0151t ad az igaz kereszt\u00e9ny \u00e9letre t\u00f6rekv\u0151knek. ELM\u00c9LKED\u00c9S A kereszt\u00e9ny ember \u00e9let\u00e9ben az \u00f6r\u00f6mnek kell az uralkod\u00f3 \u00e9rz\u00e9snek lennie. Az\u00e9rt, mert a... R\u00e9szletek"}