{"version":"1.0","provider_name":"Stuttgarti Katolikusok","provider_url":"https:\/\/stuttgarti-katolikusok.de","title":"\u00c9vk\u00f6zi 14. vas\u00e1rnapra - Stuttgarti Katolikusok","type":"rich","width":600,"height":338,"html":"<blockquote class=\"wp-embedded-content\" data-secret=\"tfqiUnHKwD\"><a href=\"https:\/\/stuttgarti-katolikusok.de\/index.php\/evkozi-14-vasarnapra\/\">\u00c9vk\u00f6zi 14. vas\u00e1rnapra<\/a><\/blockquote><iframe sandbox=\"allow-scripts\" security=\"restricted\" src=\"https:\/\/stuttgarti-katolikusok.de\/index.php\/evkozi-14-vasarnapra\/embed\/#?secret=tfqiUnHKwD\" width=\"600\" height=\"338\" title=\"&#8220;\u00c9vk\u00f6zi 14. vas\u00e1rnapra&#8221; &#8212; Stuttgarti Katolikusok\" data-secret=\"tfqiUnHKwD\" frameborder=\"0\" marginwidth=\"0\" marginheight=\"0\" scrolling=\"no\" class=\"wp-embedded-content\"><\/iframe><script type=\"text\/javascript\">\n\/* <![CDATA[ *\/\n\/*! This file is auto-generated *\/\n!function(d,l){\"use strict\";l.querySelector&&d.addEventListener&&\"undefined\"!=typeof URL&&(d.wp=d.wp||{},d.wp.receiveEmbedMessage||(d.wp.receiveEmbedMessage=function(e){var t=e.data;if((t||t.secret||t.message||t.value)&&!\/[^a-zA-Z0-9]\/.test(t.secret)){for(var s,r,n,a=l.querySelectorAll('iframe[data-secret=\"'+t.secret+'\"]'),o=l.querySelectorAll('blockquote[data-secret=\"'+t.secret+'\"]'),c=new RegExp(\"^https?:$\",\"i\"),i=0;i<o.length;i++)o[i].style.display=\"none\";for(i=0;i<a.length;i++)s=a[i],e.source===s.contentWindow&&(s.removeAttribute(\"style\"),\"height\"===t.message?(1e3<(r=parseInt(t.value,10))?r=1e3:~~r<200&&(r=200),s.height=r):\"link\"===t.message&&(r=new URL(s.getAttribute(\"src\")),n=new URL(t.value),c.test(n.protocol))&&n.host===r.host&&l.activeElement===s&&(d.top.location.href=t.value))}},d.addEventListener(\"message\",d.wp.receiveEmbedMessage,!1),l.addEventListener(\"DOMContentLoaded\",function(){for(var e,t,s=l.querySelectorAll(\"iframe.wp-embedded-content\"),r=0;r<s.length;r++)(t=(e=s[r]).getAttribute(\"data-secret\"))||(t=Math.random().toString(36).substring(2,12),e.src+=\"#?secret=\"+t,e.setAttribute(\"data-secret\",t)),e.contentWindow.postMessage({message:\"ready\",secret:t},\"*\")},!1)))}(window,document);\n\/\/# sourceURL=https:\/\/stuttgarti-katolikusok.de\/wp-includes\/js\/wp-embed.min.js\n\/* ]]> *\/\n<\/script>\n","description":"j\u00falius 7. \u00c9VK\u00d6ZI 14. VAS\u00c1RNAP J\u00falius: J\u00e9zus Szent V\u00e9r\u00e9nek h\u00f3napja A szentmise im\u00e1ds\u00e1gaiban \u00e9s szent\u00edr\u00e1si sz\u00f6vegeiben gyakran hallunk a b\u00e9k\u00e9r\u0151l. Ez ugyanis Isten egyik nagy-nagy adom\u00e1nya sz\u00e1munkra. A b\u00e9ke megval\u00f3s\u00edt\u00e1s\u00e1nak fontos felt\u00e9tele a kiengesztel\u0151d\u00e9sre \u00e9s megbocs\u00e1t\u00e1sra val\u00f3 k\u00e9szs\u00e9g. K\u00e9rj\u00fck ehhez Urunk hathat\u00f3s seg\u00edts\u00e9g\u00e9t, kegyelm\u00e9t. KEZD\u0150\u00c9NEK\u00a0\u00a0\u00a0\u00a0\u00a0\u00a0\u00a0\u00a0\u00a0\u00a0\u00a0\u00a0\u00a0\u00a0\u00a0\u00a0\u00a0\u00a0\u00a0\u00a0\u00a0\u00a0\u00a0\u00a0\u00a0\u00a0\u00a0\u00a0\u00a0\u00a0\u00a0\u00a0\u00a0\u00a0\u00a0\u00a0\u00a0\u00a0\u00a0\u00a0\u00a0\u00a0\u00a0\u00a0\u00a0\u00a0\u00a0\u00a0\u00a0\u00a0 Zsolt 47, 10\u201311 J\u00f3s\u00e1godr\u00f3l elm\u00e9lked\u00fcnk, Isten\u00fcnk, templomod belsej\u00e9ben. Isten\u00fcnk, mik\u00e9nt m\u00e1r neved is, \u00fagy f\u00f6ls\u00e9ged is bet\u00f6lt minden f\u00f6ldhat\u00e1rt; jobbod telve igazs\u00e1ggal. OLVASM\u00c1NY \u00a0\u00a0\u00a0\u00a0\u00a0\u00a0\u00a0\u00a0\u00a0\u00a0\u00a0\u00a0\u00a0\u00a0\u00a0\u00a0\u00a0\u00a0\u00a0\u00a0\u00a0\u00a0\u00a0\u00a0\u00a0\u00a0\u00a0\u00a0\u00a0\u00a0\u00a0\u00a0\u00a0\u00a0\u00a0\u00a0\u00a0\u00a0\u00a0\u00a0\u00a0\u00a0\u00a0\u00a0\u00a0\u00a0\u00a0\u00a0\u00a0\u00a0\u00a0\u00a0\u00a0Iz 66, 10\u201314c A babiloni fogs\u00e1gb\u00f3l hazat\u00e9rt n\u00e9p sok viszontags\u00e1g k\u00f6zepette v\u00e9gezte az \u00fajj\u00e1\u00e9p\u00edt\u00e9s munk\u00e1j\u00e1t. N\u00e9ha bizony elkeseredtek \u00e9s el\u00e9gedetlenek voltak sorsukkal. A pr\u00f3f\u00e9ta azzal vigasztalja \u0151ket, hogy a Gondvisel\u0151 Isten j\u00f3s\u00e1gos \u00e9s hatalmas is ahhoz, hogy jobb \u00e9letk\u00f6r\u00fclm\u00e9nyeket, lelki b\u00e9k\u00e9t \u00e9s \u00f6r\u00f6m\u00f6t aj\u00e1nd\u00e9kozzon nekik. S\u0151t k\u00e9sz arra, hogy mindezt a t\u00f6bbi n\u00e9pnek is megadja. Hiszen Jeruzs\u00e1lem a messi\u00e1si orsz\u00e1got jelk\u00e9pezi. V\u00c1LASZOS ZSOLT\u00c1R\u00a0 \u00a0\u00a0\u00a0\u00a0\u00a0\u00a0\u00a0\u00a0\u00a0\u00a0\u00a0\u00a0\u00a0\u00a0\u00a0\u00a0\u00a0\u00a0\u00a0\u00a0\u00a0\u00a0\u00a0\u00a0\u00a0\u00a0\u00a0\u00a0\u00a0\u00a0\u00a0\u00a0\u00a0\u00a0\u00a0\u00a065. Zsolt\u00e1r V\u00e1lasz: Minden f\u00f6ld Istent dics\u00e9rje! SZENTLECKE\u00a0\u00a0\u00a0 \u00a0\u00a0\u00a0\u00a0\u00a0\u00a0\u00a0\u00a0\u00a0\u00a0\u00a0\u00a0\u00a0\u00a0\u00a0\u00a0\u00a0\u00a0\u00a0\u00a0\u00a0\u00a0\u00a0\u00a0\u00a0\u00a0\u00a0\u00a0\u00a0\u00a0\u00a0\u00a0\u00a0\u00a0\u00a0\u00a0\u00a0\u00a0\u00a0\u00a0\u00a0\u00a0\u00a0\u00a0Gal 6, 14\u201318 Az \u00fcdv\u00f6ss\u00e9get Krisztus keresztje szerezte meg sz\u00e1munkra. Ez\u00e9rt, ha Isten csal\u00e1dj\u00e1hoz akarunk tartozni, a keresztre fesz\u00edtett J\u00e9zushoz kell csatlakoznunk. Vagyis hinn\u00fcnk kell \u0151benne \u00e9s meg kell keresztelkedn\u00fcnk az \u0151 nev\u00e9re. Az igazi hit gy\u00fcm\u00f6lcse a krisztusi szeretet. A kereszts\u00e9get pedig k\u00f6vesse a tudatos elsz\u00e1nts\u00e1g: t\u00f6reksz\u00fcnk meghalni a b\u0171nnek \u00e9s \u00e9lni Krisztus tan\u00edt\u00e1sa \u00e9s p\u00e9ld\u00e1ja szerint. ALLELUJA \u00a0\u00a0\u00a0\u00a0\u00a0\u00a0\u00a0\u00a0\u00a0\u00a0\u00a0\u00a0\u00a0\u00a0\u00a0\u00a0\u00a0\u00a0\u00a0\u00a0\u00a0\u00a0\u00a0\u00a0\u00a0\u00a0\u00a0\u00a0\u00a0\u00a0\u00a0\u00a0\u00a0\u00a0\u00a0\u00a0\u00a0\u00a0\u00a0\u00a0\u00a0\u00a0\u00a0\u00a0\u00a0\u00a0\u00a0\u00a0\u00a0\u00a0Kol 3, 15a. \u00e9s 16a Sz\u00edvetekben uralkodj\u00e9k Kriszus b\u00e9k\u00e9je. * Krisztus tan\u00edt\u00e1sa t\u00f6lts\u00f6n el titeket gazdagon. EVANG\u00c9LIUM\u00a0 \u00a0\u00a0\u00a0\u00a0\u00a0\u00a0\u00a0\u00a0\u00a0\u00a0\u00a0\u00a0\u00a0\u00a0\u00a0\u00a0\u00a0\u00a0\u00a0\u00a0\u00a0\u00a0\u00a0\u00a0\u00a0\u00a0\u00a0\u00a0\u00a0\u00a0\u00a0\u00a0\u00a0\u00a0Lk 10, 1\u201312. 17\u201320 A Teremt\u00e9s K\u00f6nyv\u00e9nek 10. fejezet\u00e9ben olvashat\u00f3, hogy a f\u00f6ld n\u00e9peinek sz\u00e1ma 72. J\u00e9zus az\u00e9rt v\u00e1laszt hetvenk\u00e9t tan\u00edtv\u00e1nyt, hogy ezzel is jelezze: az \u0151 k\u00fcldet\u00e9se \u00e9s tan\u00edt\u00e1sa minden n\u00e9pnek sz\u00f3l. Az apostolkod\u00e1s munk\u00e1j\u00e1b\u00f3l azonban minden egyes h\u00edv\u0151nek ki kell vennie r\u00e9sz\u00e9t. Aki ugyanis a kereszts\u00e9g \u00e1ltal eggy\u00e9 lett Krisztussal, az r\u00e9szes\u00fclt az \u0151 pr\u00f3f\u00e9tai, tan\u00edt\u00f3i hivat\u00e1s\u00e1b\u00f3l is. AZ EUCHARISZTI\u00c1HOZ J\u00e9zushoz hasonl\u00f3an mi is az Aty\u00e1t\u00f3l kaptuk a megh\u00edv\u00e1st, t\u0151le kapjuk az er\u0151t is a krisztusi\u00a0 \u00e9letre. A mi er\u0151nk: a szentmise\u00e1ldozat gy\u00fcm\u00f6lcse,... R\u00e9szletek"}