{"version":"1.0","provider_name":"Stuttgarti Katolikusok","provider_url":"https:\/\/stuttgarti-katolikusok.de","title":"\u00c9vk\u00f6zi 14. vas\u00e1rnap - Stuttgarti Katolikusok","type":"rich","width":600,"height":338,"html":"<blockquote class=\"wp-embedded-content\" data-secret=\"3HUvAMYwCN\"><a href=\"https:\/\/stuttgarti-katolikusok.de\/index.php\/evkozi-14-vasarnap-3\/\">\u00c9vk\u00f6zi 14. vas\u00e1rnap<\/a><\/blockquote><iframe sandbox=\"allow-scripts\" security=\"restricted\" src=\"https:\/\/stuttgarti-katolikusok.de\/index.php\/evkozi-14-vasarnap-3\/embed\/#?secret=3HUvAMYwCN\" width=\"600\" height=\"338\" title=\"&#8220;\u00c9vk\u00f6zi 14. vas\u00e1rnap&#8221; &#8212; Stuttgarti Katolikusok\" data-secret=\"3HUvAMYwCN\" frameborder=\"0\" marginwidth=\"0\" marginheight=\"0\" scrolling=\"no\" class=\"wp-embedded-content\"><\/iframe><script type=\"text\/javascript\">\n\/* <![CDATA[ *\/\n\/*! This file is auto-generated *\/\n!function(d,l){\"use strict\";l.querySelector&&d.addEventListener&&\"undefined\"!=typeof URL&&(d.wp=d.wp||{},d.wp.receiveEmbedMessage||(d.wp.receiveEmbedMessage=function(e){var t=e.data;if((t||t.secret||t.message||t.value)&&!\/[^a-zA-Z0-9]\/.test(t.secret)){for(var s,r,n,a=l.querySelectorAll('iframe[data-secret=\"'+t.secret+'\"]'),o=l.querySelectorAll('blockquote[data-secret=\"'+t.secret+'\"]'),c=new RegExp(\"^https?:$\",\"i\"),i=0;i<o.length;i++)o[i].style.display=\"none\";for(i=0;i<a.length;i++)s=a[i],e.source===s.contentWindow&&(s.removeAttribute(\"style\"),\"height\"===t.message?(1e3<(r=parseInt(t.value,10))?r=1e3:~~r<200&&(r=200),s.height=r):\"link\"===t.message&&(r=new URL(s.getAttribute(\"src\")),n=new URL(t.value),c.test(n.protocol))&&n.host===r.host&&l.activeElement===s&&(d.top.location.href=t.value))}},d.addEventListener(\"message\",d.wp.receiveEmbedMessage,!1),l.addEventListener(\"DOMContentLoaded\",function(){for(var e,t,s=l.querySelectorAll(\"iframe.wp-embedded-content\"),r=0;r<s.length;r++)(t=(e=s[r]).getAttribute(\"data-secret\"))||(t=Math.random().toString(36).substring(2,12),e.src+=\"#?secret=\"+t,e.setAttribute(\"data-secret\",t)),e.contentWindow.postMessage({message:\"ready\",secret:t},\"*\")},!1)))}(window,document);\n\/\/# sourceURL=https:\/\/stuttgarti-katolikusok.de\/wp-includes\/js\/wp-embed.min.js\n\/* ]]> *\/\n<\/script>\n","thumbnail_url":"https:\/\/stuttgarti-katolikusok.de\/wp-content\/uploads\/2024\/07\/img-20240707-wa0002.jpg","thumbnail_width":2000,"thumbnail_height":1500,"description":"Az \u00c9vk\u00f6zi 14. vas\u00e1rnap alap\u00fczenete\u00a0 a szentmise els\u0151 k\u00f6ny\u00f6rg\u00e9s\u00e9b\u0151l olvashat\u00f3 ki. \u00d6r\u00f6mben meg\u00e9lt \u00e9letre h\u00edv benn\u00fcnket teremt\u0151 Isten\u00fcnk. Ez\u00e9rt is emeli fel J\u00e9zus Krisztusban az elesett emberis\u00e9get. Mekkora \u00f6r\u00f6m sz\u00e1munkra, hogy kiragad a b\u0171n szolgas\u00e1g\u00e1b\u00f3l \u00e9s befogad majd egykor \u00f6r\u00f6k boldogs\u00e1g\u00e1ba. Ehhez azonban a rem\u00e9ny zar\u00e1ndokaik\u00e9nt kell j\u00e1rnunk \u00e9let\u00fcnk \u00fatj\u00e1t. Az els\u0151 olvasm\u00e1nyban Izaj\u00e1s pr\u00f3f\u00e9ta arr\u00f3l sz\u00e1mol be, hogy a babiloni fogs\u00e1gb\u00f3l hazat\u00e9rt n\u00e9p sok viszontags\u00e1g k\u00f6zepette v\u00e9gezte az \u00fajj\u00e1\u00e9p\u00edt\u00e9s munk\u00e1j\u00e1t. Mindez k\u0151kem\u00e9ny munka volt, f\u00e1jdalommal, izzads\u00e1ggal. A meg\u00fajul\u00e1s, \u00fajrakezd\u00e9s a magunk egy\u00e9ni \u00e9let\u00e9ben is \u00e1ldozatot, adott esetben f\u00e1jdalmat \u00e9s izzads\u00e1got jelent. Ezen \u00e9rz\u00e9seket viszont fel\u00fcl\u00edrja az a fajta bels\u0151 \u00f6r\u00f6m, amely a meg\u00fajul\u00e1s csod\u00e1s aj\u00e1nd\u00e9ka. Gondvisel\u0151 Isten\u00fcnk j\u00f3s\u00e1gos \u00e9s hatalmas ahhoz, hogy jobb \u00e9letk\u00f6r\u00fclm\u00e9nyeket, lelki b\u00e9k\u00e9t \u00e9s \u00f6r\u00f6m\u00f6t aj\u00e1nd\u00e9kozzon nek\u00fcnk ezen a bels\u0151 \u00faton. Vigy\u00fcnk magunkkal a pr\u00f3f\u00e9ta \u00e1ltal megjelen\u00edtett k\u00e9pet \u00e9s id\u0151zz\u00fcnk el f\u00f6l\u00f6tte. Az anya, aki gyermek\u00e9t vigasztalja. \u00d6nk\u00e9ntelen\u00fcl magam gyermekkora jut eszembe, amikoris \u00e9desany\u00e1m \u00f6l\u00e9ben \u00e9s karjaiban leltem biztons\u00e1gra, ha valamilyen f\u00e1jdalom vagy kudarc \u00e9rt. Nagyon \u00e9rdekes megfogalmaz\u00e1snak t\u0171nik sz\u00e1momra a v\u00e1laszos zsolt\u00e1r visszat\u00e9r\u0151 felh\u00edv\u00e1sa: &#8222;Minden f\u00f6ld Istent dics\u00e9rje!&#8221; Ink\u00e1bb \u00edgy \u00edrn\u00e1m \u00e1t: Minden \u00e9s mindenki, ami \u00e9s aki a f\u00f6ld\u00f6n l\u00e9tezik, dics\u00e9ri \u00e9s \u00e1ldja Istent.\u00a0 Ilyen \u00e9rtelemben sz\u00e1momra ez felh\u00edv\u00e1s, hogy nem maradjak ki az Istent dics\u00e9r\u0151k sor\u00e1b\u00f3l. Term\u00e9szetesen ennek felt\u00e9teltele, hogy felismerjem magamban azokat a j\u00f3 Isten aj\u00e1nd\u00e9kozta kegyelmi kincseket, melyek\u00e9rt v\u00e9gtelen\u00fcl h\u00e1l\u00e1s akarok lenni. Az \u00fcdv\u00f6ss\u00e9get J\u00e9zus Krisztus keresztje szerezte meg sz\u00e1munkra. Ez\u00e9rt, ha Isten nagy csal\u00e1dj\u00e1hoz akarunk tartozni, a keresztre fesz\u00edtett J\u00e9zushoz kell csatlakoznunk. Az igazi hit gy\u00fcm\u00f6lcse a krisztusi szeretet. Err\u0151l sz\u00f3l \u00e9let\u00fcnk: igyeksz\u00fcnk meghalni a b\u0171nnek \u00e9s Krisztus tan\u00edt\u00e1sa \u00e9s p\u00e9ld\u00e1ja szerint akarunk \u00e9lni. Az evang\u00e9lium J\u00e9zus Krisztus \u00e1ltal aj\u00e1nd\u00e9kozott k\u00fcldet\u00e9s \u00e9s tan\u00edt\u00e1s egyetemess\u00e9g\u00e9r\u0151l sz\u00f3l. Ezt jelk\u00e9pezi a 72 tan\u00edtv\u00e1ny kiv\u00e1laszt\u00e1sa \u00e9s k\u00fcld\u00e9se. A Teremt\u00e9s K\u00f6nyv\u00e9nek 10. fejezet\u00e9ben olvashatjuk, hogy a f\u00f6ld n\u00e9peinek sz\u00e1ma 72. Mik\u00f6zben ez a k\u00fcldet\u00e9s egyetemes,... R\u00e9szletek"}