{"version":"1.0","provider_name":"Stuttgarti Katolikusok","provider_url":"https:\/\/stuttgarti-katolikusok.de","title":"\u00c9vk\u00f6zi 14. vas\u00e1rnap - Stuttgarti Katolikusok","type":"rich","width":600,"height":338,"html":"<blockquote class=\"wp-embedded-content\" data-secret=\"K6jHNQ0PGV\"><a href=\"https:\/\/stuttgarti-katolikusok.de\/index.php\/evkozi-14-vasarnap-2\/\">\u00c9vk\u00f6zi 14. vas\u00e1rnap<\/a><\/blockquote><iframe sandbox=\"allow-scripts\" security=\"restricted\" src=\"https:\/\/stuttgarti-katolikusok.de\/index.php\/evkozi-14-vasarnap-2\/embed\/#?secret=K6jHNQ0PGV\" width=\"600\" height=\"338\" title=\"&#8220;\u00c9vk\u00f6zi 14. vas\u00e1rnap&#8221; &#8212; Stuttgarti Katolikusok\" data-secret=\"K6jHNQ0PGV\" frameborder=\"0\" marginwidth=\"0\" marginheight=\"0\" scrolling=\"no\" class=\"wp-embedded-content\"><\/iframe><script type=\"text\/javascript\">\n\/* <![CDATA[ *\/\n\/*! This file is auto-generated *\/\n!function(d,l){\"use strict\";l.querySelector&&d.addEventListener&&\"undefined\"!=typeof URL&&(d.wp=d.wp||{},d.wp.receiveEmbedMessage||(d.wp.receiveEmbedMessage=function(e){var t=e.data;if((t||t.secret||t.message||t.value)&&!\/[^a-zA-Z0-9]\/.test(t.secret)){for(var s,r,n,a=l.querySelectorAll('iframe[data-secret=\"'+t.secret+'\"]'),o=l.querySelectorAll('blockquote[data-secret=\"'+t.secret+'\"]'),c=new RegExp(\"^https?:$\",\"i\"),i=0;i<o.length;i++)o[i].style.display=\"none\";for(i=0;i<a.length;i++)s=a[i],e.source===s.contentWindow&&(s.removeAttribute(\"style\"),\"height\"===t.message?(1e3<(r=parseInt(t.value,10))?r=1e3:~~r<200&&(r=200),s.height=r):\"link\"===t.message&&(r=new URL(s.getAttribute(\"src\")),n=new URL(t.value),c.test(n.protocol))&&n.host===r.host&&l.activeElement===s&&(d.top.location.href=t.value))}},d.addEventListener(\"message\",d.wp.receiveEmbedMessage,!1),l.addEventListener(\"DOMContentLoaded\",function(){for(var e,t,s=l.querySelectorAll(\"iframe.wp-embedded-content\"),r=0;r<s.length;r++)(t=(e=s[r]).getAttribute(\"data-secret\"))||(t=Math.random().toString(36).substring(2,12),e.src+=\"#?secret=\"+t,e.setAttribute(\"data-secret\",t)),e.contentWindow.postMessage({message:\"ready\",secret:t},\"*\")},!1)))}(window,document);\n\/\/# sourceURL=https:\/\/stuttgarti-katolikusok.de\/wp-includes\/js\/wp-embed.min.js\n\/* ]]> *\/\n<\/script>\n","thumbnail_url":"https:\/\/stuttgarti-katolikusok.de\/wp-content\/uploads\/2024\/07\/img-20240707-wa0002.jpg","thumbnail_width":2000,"thumbnail_height":1500,"description":"* * * B\u00e1rmilyen megk\u00f6zel\u00edt\u00e9sben szeml\u00e9ljem \u00e9letemet, bizonyos \u00e9rtelemben vezet\u0151i tiszts\u00e9g is oszt\u00e1lyr\u00e9szem. Nyilv\u00e1n ennek alapfelt\u00e9tele, hogy tiszt\u00e1ban legyek st\u00e1tusommal \u00e9s az azzal j\u00e1r\u00f3 jogaimmal, illetve k\u00f6teless\u00e9geimmel. Amikor ugyanis egy feladatra igent mondok, els\u0151sorban nem jogaimat, hanem v\u00e1llalt k\u00f6telezetts\u00e9geimet kell szeml\u00e9lnem. Igent mondok a csal\u00e1dban, munkahelyen, k\u00f6z\u00f6ss\u00e9gben, a vil\u00e1gi \u00e9s egyh\u00e1zi t\u00e1rsadalom adott szintj\u00e9n egy megh\u00edv\u00e1sra. Ett\u0151l kezdve, a megfelel\u0151 keretek k\u00f6z\u00f6tt, vezet\u0151v\u00e9 is v\u00e1lok. A v\u00e9gs\u0151 sz\u00e1mad\u00e1sn\u00e1l pedig csak egyetlen egy dolog fontos: hogyan l\u00e1ttam el v\u00e1llalt feladataimat. Mindez azonban, adott k\u00f6r\u00fclm\u00e9nyek k\u00f6zepette, konfliktusok sokas\u00e1g\u00e1val is j\u00e1r. K\u00e9rd\u00e9s csup\u00e1n, hogyan kezelem ezen konfliktus helyzeteket?\u00a0 Az olvasm\u00e1nyban Ezekiel pr\u00f3f\u00e9ta saj\u00e1t megh\u00edv\u00e1s\u00e1r\u00f3l \u00edr. Arr\u00f3l a megh\u00edv\u00e1sr\u00f3l, amely egyben neh\u00e9z k\u00fcldet\u00e9s is sz\u00e1m\u00e1ra: &#8222;Emberfia, elk\u00fcldelek Izrael fiaihoz, a l\u00e1zad\u00f3khoz, akik fell\u00e1zadtak ellenem&#8221;. Ezekiel, a pr\u00f3f\u00e9ta, nem azzal foglalkozik, hogyan fogadj\u00e1k \u0151t. Bet\u00f6lt\u00f6tt k\u00fcldet\u00e9s\u00e9r\u0151l kell sz\u00e1mot adnia. F\u00e1jdalmas szembes\u00fclni az elutas\u00edt\u00e1s gondolat\u00e1val. Egyetlen m\u00f3dja \u00e9s \u00fatja van az ilyen jelleg\u0171, konfliktusos helyzetek felold\u00e1s\u00e1nak, ami nem m\u00e1s, mint az egy\u00e9ni megt\u00e9r\u00e9s. Nem a m\u00e1siknak, hanem nekem van sz\u00fcks\u00e9gem megt\u00e9r\u00e9sre. J\u00f6v\u0151nket illet\u0151en sokszor a f\u00e9lelem, bizonytalans\u00e1g \u00e9s k\u00e9tely \u00e9rz\u00e9se ker\u00edt hatalm\u00e1ba. Az \u00dar \u00fczen Szent P\u00e1llal: &#8222;El\u00e9g neked az \u00e9n kegyelmem.&#8221; A jelenben kell \u00e9lnem, azzal az \u0151sbizalommal, hogy a holnaphoz mindig megkapom a sz\u00fcks\u00e9ges \u00e9s el\u00e9gs\u00e9ges kegyelmet Istent\u0151l. Szent P\u00e1l apostol nem f\u00e9l megmutatni gyenges\u00e9geit. Mi t\u00f6bb, gy\u00f6nges\u00e9geivel dicsekszik. Egy\u00e9rtelm\u0171 a szentlecke \u00fczenete mindannyiunk sz\u00e1m\u00e1ra: Istenben, \u00f6r\u00f6k terv\u00e9ben \u00e9s sz\u00e1nd\u00e9k\u00e1ban, tervezzem meg\u00a0 \u00e9letemet. Ennek pedig \u00fatja, hogy er\u0151s\u00edtem ir\u00e1nta val\u00f3 bizalmamat. Az evang\u00e9lium arr\u00f3l sz\u00e1mol be, hogy milyen az, amikor el\u0151\u00edt\u00e9leteink foglyaiv\u00e1 v\u00e1lunk. \u00c9ppen \u00fagy, mint N\u00e1z\u00e1ret lak\u00f3i. Ott \u00e9s akkor nem tudtak a helyb\u00e9liek \u00f6r\u00fclni J\u00e9zus Krisztus \u00e9rkez\u00e9s\u00e9nek. Mi t\u00f6bb, megbotr\u00e1nkozta benne. Ilyen az, amikor nem tudunk fel\u00fclemelkedni el\u0151\u00edt\u00e9leteink benn\u00fcnk kialak\u00edtott k\u00e9p\u00e9n. Mit kezdek a magam el\u0151\u00edt\u00e9leteivel? Vas\u00e1rnap d\u00e9lut\u00e1n van, 2024. j\u00falius 7.\u00a0 A mai napra tervezett Csal\u00e1di Napunkat nem tudtuk megtartani, k\u00fcls\u0151... R\u00e9szletek"}