{"version":"1.0","provider_name":"Stuttgarti Katolikusok","provider_url":"https:\/\/stuttgarti-katolikusok.de","title":"\u00c9vk\u00f6zi 13. vas\u00e1rnap - Stuttgarti Katolikusok","type":"rich","width":600,"height":338,"html":"<blockquote class=\"wp-embedded-content\" data-secret=\"CYji08maoq\"><a href=\"https:\/\/stuttgarti-katolikusok.de\/index.php\/evkozi-13-vasarnap-3\/\">\u00c9vk\u00f6zi 13. vas\u00e1rnap<\/a><\/blockquote><iframe sandbox=\"allow-scripts\" security=\"restricted\" src=\"https:\/\/stuttgarti-katolikusok.de\/index.php\/evkozi-13-vasarnap-3\/embed\/#?secret=CYji08maoq\" width=\"600\" height=\"338\" title=\"&#8220;\u00c9vk\u00f6zi 13. vas\u00e1rnap&#8221; &#8212; Stuttgarti Katolikusok\" data-secret=\"CYji08maoq\" frameborder=\"0\" marginwidth=\"0\" marginheight=\"0\" scrolling=\"no\" class=\"wp-embedded-content\"><\/iframe><script type=\"text\/javascript\">\n\/* <![CDATA[ *\/\n\/*! This file is auto-generated *\/\n!function(d,l){\"use strict\";l.querySelector&&d.addEventListener&&\"undefined\"!=typeof URL&&(d.wp=d.wp||{},d.wp.receiveEmbedMessage||(d.wp.receiveEmbedMessage=function(e){var t=e.data;if((t||t.secret||t.message||t.value)&&!\/[^a-zA-Z0-9]\/.test(t.secret)){for(var s,r,n,a=l.querySelectorAll('iframe[data-secret=\"'+t.secret+'\"]'),o=l.querySelectorAll('blockquote[data-secret=\"'+t.secret+'\"]'),c=new RegExp(\"^https?:$\",\"i\"),i=0;i<o.length;i++)o[i].style.display=\"none\";for(i=0;i<a.length;i++)s=a[i],e.source===s.contentWindow&&(s.removeAttribute(\"style\"),\"height\"===t.message?(1e3<(r=parseInt(t.value,10))?r=1e3:~~r<200&&(r=200),s.height=r):\"link\"===t.message&&(r=new URL(s.getAttribute(\"src\")),n=new URL(t.value),c.test(n.protocol))&&n.host===r.host&&l.activeElement===s&&(d.top.location.href=t.value))}},d.addEventListener(\"message\",d.wp.receiveEmbedMessage,!1),l.addEventListener(\"DOMContentLoaded\",function(){for(var e,t,s=l.querySelectorAll(\"iframe.wp-embedded-content\"),r=0;r<s.length;r++)(t=(e=s[r]).getAttribute(\"data-secret\"))||(t=Math.random().toString(36).substring(2,12),e.src+=\"#?secret=\"+t,e.setAttribute(\"data-secret\",t)),e.contentWindow.postMessage({message:\"ready\",secret:t},\"*\")},!1)))}(window,document);\n\/\/# sourceURL=https:\/\/stuttgarti-katolikusok.de\/wp-includes\/js\/wp-embed.min.js\n\/* ]]> *\/\n<\/script>\n","thumbnail_url":"https:\/\/stuttgarti-katolikusok.de\/wp-content\/uploads\/2024\/06\/gyulafehervar.jpg","thumbnail_width":2028,"thumbnail_height":1614,"description":"\u00c9let\u00fcnk kem\u00e9ny k\u00fczdelmek sorozata. A hal\u00e1l pedig elszakad\u00e1s a f\u00f6ldt\u0151l \u00e9s \u00e1tmenet a m\u00e1svil\u00e1gra. Az \u00e9let \u00e9s a h\u00e1l\u00e1l \u00e9rtelm\u00e9r\u0151l a legszebben a Biblia sz\u00f3l: &#8222;Senki k\u00f6z\u00fcl\u00fcnk nem \u00e9l \u00f6nmag\u00e1nak, \u00e9s senki sem hal meg \u00f6nmag\u00e1nak. M\u00edg \u00e9l\u00fcnk, Istennek \u00e9l\u00fcnk, s ha meghalunk, az \u00dar\u00e9i vagyunk&#8221; (R\u00f3m 14, 7-8).\u00a0 A halhatatlans\u00e1g Isten aj\u00e1nd\u00e9ka minden ember sz\u00e1m\u00e1ra. M\u00e1sr\u00e9szt, saj\u00e1t \u00f6r\u00f6kk\u00e9val\u00f3s\u00e1g\u00e1nak k\u00e9pm\u00e1s\u00e1v\u00e1 is tett. Mekkora aj\u00e1nd\u00e9k ez sz\u00e1munkra, hogy az isteni \u00e9let \u00f6r\u00f6k von\u00e1sait hordozzuk \u00e9let\u00fcnkben. Szent P\u00e1l apostol megdics\u00e9ri a Korintusban \u00e9l\u0151 h\u00edveket, akik kit\u0171nnek az alapvet\u0151 emberi er\u00e9nyekben. Ezeken t\u00falmen\u0151en a j\u00f3t\u00e9konykod\u00e1sban is biztatja \u0151ket. Mindezt a kereszt\u00e9ny szolidarit\u00e1s szellem\u00e9ben kell tenni\u00fck. Az evang\u00e9lium a k\u00e9t csod\u00e1n kereszt\u00fcl &#8211; Jairus l\u00e1ny\u00e1nak felt\u00e1maszt\u00e1sa \u00e9s a tizenk\u00e9t \u00e9ve v\u00e9rfoly\u00e1sban szenved\u0151nek meggy\u00f3gy\u00edt\u00e1sa &#8211; a hit fontoss\u00e1g\u00e1t emeli ki. Milyen az \u00e9n hitem? Mennyire m\u00e9ly \u00e9s szem\u00e9lyes? Kezd\u0151\u00e9nek: Tapsoljatok, nemzetek, mindny\u00e1jan, \u00f6rvendjetek Istennek ujjong\u00f3 sz\u00f3val! (Zsolt 46,2) K\u00f6ny\u00f6rg\u00e9s: Isten\u00fcnk, aki kegyelmeddel gyermekeidd\u00e9 fogadt\u00e1l \u00e9s a vil\u00e1goss\u00e1g fiaiv\u00e1 tett\u00e9l minket, k\u00e9r\u00fcnk, tartsd t\u00e1vol t\u0151l\u00fcnk a t\u00e9ved\u00e9s hom\u00e1ly\u00e1t, \u00e9s seg\u00edts, hogy igazs\u00e1god ragyog\u00f3 f\u00e9nye mindig t\u00fcnd\u00f6k\u00f6lj\u00f6n lelk\u00fcnkben. A mi Urunk, J\u00e9zus Krisztus, a te Fiad \u00e1ltal, aki veled \u00e9l \u00e9s uralkodik a Szentl\u00e9lekkel egys\u00e9gben, Isten mind\u00f6r\u00f6kk\u00f6n \u00f6r\u00f6kk\u00e9. OLVASM\u00c1NY a B\u00f6lcsess\u00e9g k\u00f6nyv\u00e9b\u0151l (B\u00f6lcs 1,13-15;2,23-24) A hal\u00e1lt nem Isten alkotta, \u0151 nem leli \u00f6r\u00f6m\u00e9t az \u00e9l\u0151k pusztul\u00e1s\u00e1ban. Hisz mindent az\u00e9rt teremtett, hogy legyen, \u00e9s a vil\u00e1gon minden teremtm\u00e9ny az \u00e9letet szolg\u00e1lja. Nincs benn\u00fck puszt\u00edt\u00f3 m\u00e9reg, \u00e9s a f\u00f6ld\u00f6n nem az alvil\u00e1g uralkodik. Az igazs\u00e1g ugyanis halhatatlan. Isten halhatatlans\u00e1gra teremtette az embert, a saj\u00e1t \u00f6r\u00f6kk\u00e9val\u00f3s\u00e1g\u00e1nak k\u00e9pm\u00e1s\u00e1v\u00e1 tette. A s\u00e1t\u00e1n irigys\u00e9ge r\u00e9v\u00e9n azonban a vil\u00e1gba j\u00f6tt a hal\u00e1l, \u00e9s akik vele tartanak, azok megtapasztalj\u00e1k. Ez az Isten ig\u00e9je. V\u00c1LASZOS ZSOLT\u00c1R (Zsolt 29,2.4.5-6,11.12a.13b) V\u00e1lasz:\u00a0Dics\u0151\u00edtelek, Uram, * mivel megmentett\u00e9l engem.\u00a0(6. t\u00f3nus.) El\u0151\u00e9nekes: Dics\u0151\u00edtelek, Uram, mivel megmentett\u00e9l\u00a0engem, * nem engedted, hogy ellens\u00e9geim ujjongjanak rajtam. Uram, lelkemet kihoztad a hal\u00e1l orsz\u00e1g\u00e1b\u00f3l, * \u00e9letben tartott\u00e1l,... R\u00e9szletek"}