{"version":"1.0","provider_name":"Stuttgarti Katolikusok","provider_url":"https:\/\/stuttgarti-katolikusok.de","title":"\u00c9vk\u00f6zi 12. vas\u00e1rnapra - Stuttgarti Katolikusok","type":"rich","width":600,"height":338,"html":"<blockquote class=\"wp-embedded-content\" data-secret=\"Vc7vneHnlf\"><a href=\"https:\/\/stuttgarti-katolikusok.de\/index.php\/evkozi-12-vasarnapra\/\">\u00c9vk\u00f6zi 12. vas\u00e1rnapra<\/a><\/blockquote><iframe sandbox=\"allow-scripts\" security=\"restricted\" src=\"https:\/\/stuttgarti-katolikusok.de\/index.php\/evkozi-12-vasarnapra\/embed\/#?secret=Vc7vneHnlf\" width=\"600\" height=\"338\" title=\"&#8220;\u00c9vk\u00f6zi 12. vas\u00e1rnapra&#8221; &#8212; Stuttgarti Katolikusok\" data-secret=\"Vc7vneHnlf\" frameborder=\"0\" marginwidth=\"0\" marginheight=\"0\" scrolling=\"no\" class=\"wp-embedded-content\"><\/iframe><script type=\"text\/javascript\">\n\/* <![CDATA[ *\/\n\/*! This file is auto-generated *\/\n!function(d,l){\"use strict\";l.querySelector&&d.addEventListener&&\"undefined\"!=typeof URL&&(d.wp=d.wp||{},d.wp.receiveEmbedMessage||(d.wp.receiveEmbedMessage=function(e){var t=e.data;if((t||t.secret||t.message||t.value)&&!\/[^a-zA-Z0-9]\/.test(t.secret)){for(var s,r,n,a=l.querySelectorAll('iframe[data-secret=\"'+t.secret+'\"]'),o=l.querySelectorAll('blockquote[data-secret=\"'+t.secret+'\"]'),c=new RegExp(\"^https?:$\",\"i\"),i=0;i<o.length;i++)o[i].style.display=\"none\";for(i=0;i<a.length;i++)s=a[i],e.source===s.contentWindow&&(s.removeAttribute(\"style\"),\"height\"===t.message?(1e3<(r=parseInt(t.value,10))?r=1e3:~~r<200&&(r=200),s.height=r):\"link\"===t.message&&(r=new URL(s.getAttribute(\"src\")),n=new URL(t.value),c.test(n.protocol))&&n.host===r.host&&l.activeElement===s&&(d.top.location.href=t.value))}},d.addEventListener(\"message\",d.wp.receiveEmbedMessage,!1),l.addEventListener(\"DOMContentLoaded\",function(){for(var e,t,s=l.querySelectorAll(\"iframe.wp-embedded-content\"),r=0;r<s.length;r++)(t=(e=s[r]).getAttribute(\"data-secret\"))||(t=Math.random().toString(36).substring(2,12),e.src+=\"#?secret=\"+t,e.setAttribute(\"data-secret\",t)),e.contentWindow.postMessage({message:\"ready\",secret:t},\"*\")},!1)))}(window,document);\n\/\/# sourceURL=https:\/\/stuttgarti-katolikusok.de\/wp-includes\/js\/wp-embed.min.js\n\/* ]]> *\/\n<\/script>\n","thumbnail_url":"https:\/\/stuttgarti-katolikusok.de\/wp-content\/uploads\/2020\/06\/apa-lanya.jpg","thumbnail_width":960,"thumbnail_height":639,"description":"2020. j\u00fanius 21. \u00c9VK\u00d6ZI 12. VAS\u00c1RNAP Ap\u00e1k napja &nbsp; Isten nagy \u00e9s felfoghatatlan titok. Itt \u00e9l k\u00f6z\u00f6tt\u00fcnk. Benne \u00e9l\u00fcnk, mozgunk \u00e9s vagyunk. M\u00e9gis folyamatosan keresn\u00fcnk kell \u0151t. \u0150 ugyanis azoknak nyilatkoztatja ki mag\u00e1t, akik nyugtalanok addig, m\u00edg \u0151t meg nem tal\u00e1lj\u00e1k. KEZD\u0150\u00c9NEK\u00a0\u00a0\u00a0\u00a0\u00a0\u00a0\u00a0\u00a0\u00a0\u00a0\u00a0\u00a0\u00a0\u00a0\u00a0\u00a0\u00a0\u00a0\u00a0\u00a0\u00a0\u00a0\u00a0\u00a0\u00a0\u00a0\u00a0\u00a0\u00a0\u00a0\u00a0\u00a0\u00a0\u00a0\u00a0\u00a0\u00a0\u00a0\u00a0\u00a0\u00a0\u00a0\u00a0\u00a0\u00a0\u00a0\u00a0\u00a0\u00a0\u00a0\u00a0\u00a0\u00a0\u00a0\u00a0 Zsolt 27, 8\u20139 N\u00e9p\u00e9nek er\u0151ss\u00e9ge az \u00dar. F\u00f6lkentj\u00e9nek szabadul\u00e1sa \u00e9s mened\u00e9ke. Szabad\u00edtsd meg, Uram, n\u00e9ped, \u00e1ldd meg a te \u00f6r\u00f6ks\u00e9ged, l\u00e9gy p\u00e1sztora \u00e9s te vezesd mind\u00f6r\u00f6kk\u00e9! OLVASM\u00c1NY\u00a0\u00a0\u00a0 \u00a0\u00a0\u00a0\u00a0\u00a0\u00a0\u00a0\u00a0\u00a0\u00a0\u00a0\u00a0\u00a0\u00a0\u00a0\u00a0\u00a0\u00a0\u00a0\u00a0\u00a0\u00a0\u00a0\u00a0\u00a0\u00a0\u00a0\u00a0\u00a0\u00a0\u00a0\u00a0\u00a0\u00a0\u00a0\u00a0\u00a0\u00a0\u00a0\u00a0\u00a0\u00a0\u00a0Jer 20, 10\u201313 Isten \u00fcgy\u00e9nek k\u00e9pviselete sok \u00e1ldozatot k\u00edv\u00e1n. Az emberek ugyanis nem sz\u00edvesen hallgatj\u00e1k a pr\u00f3f\u00e9t\u00e1k intelmeit, figyelmeztet\u00e9seit. Isten azonban \u00f6v\u00e9i mellett \u00e1ll: er\u0151t, \u00e1llhatatoss\u00e1got \u00e9s vigasztal\u00e1st ad nekik. Ez minket is bizalommal t\u00f6lthet el, amikor m\u00e1sok \u00e9rtetlens\u00e9ge \u00e9s ellenszenve miatt megk\u00f6rny\u00e9kez a kishit\u0171s\u00e9g k\u00eds\u00e9rt\u00e9se. V\u00c1LASZOS ZSOLT\u00c1R\u00a0\u00a0\u00a0\u00a0\u00a0\u00a0\u00a0\u00a0\u00a0\u00a0\u00a0\u00a0\u00a0\u00a0\u00a0\u00a0\u00a0\u00a0\u00a0\u00a0\u00a0\u00a0\u00a0\u00a0\u00a0\u00a0\u00a0\u00a0\u00a0\u00a0\u00a0\u00a0\u00a0\u00a0\u00a0\u00a0\u00a0\u00a0\u00a0\u00a0\u00a0\u00a0\u00a0 68. Zsolt\u00e1r V\u00e1lasz: Uram, hallgass meg engem, * \u00a0 nagy irgalmass\u00e1god szerint. SZENTLECKE\u00a0\u00a0 \u00a0\u00a0\u00a0\u00a0\u00a0\u00a0\u00a0\u00a0\u00a0\u00a0\u00a0\u00a0\u00a0\u00a0\u00a0\u00a0\u00a0\u00a0\u00a0\u00a0\u00a0\u00a0\u00a0\u00a0\u00a0\u00a0\u00a0\u00a0\u00a0\u00a0\u00a0\u00a0\u00a0\u00a0\u00a0\u00a0\u00a0\u00a0\u00a0\u00a0\u00a0\u00a0\u00a0\u00a0R\u00f3m 5, 12\u201315 Az irgalmas Isten szeretetb\u0151l megh\u00edvta az embert az \u00f6r\u00f6k boldogs\u00e1gba. Ezt a terv\u00e9t m\u00e9g a b\u0171n \u00e9s a nyom\u00e1ban j\u00e1r\u00f3 hal\u00e1l sem tudta meghi\u00fas\u00edtani. Ahol ugyanis elhatalmasodott a b\u0171n, ott m\u00e9g b\u0151s\u00e9gesebben ki\u00e1radt Isten szeretete. Krisztusnak a kereszthal\u00e1lig val\u00f3 engedelmess\u00e9ge megszerezte sz\u00e1munkra a megv\u00e1lt\u00e1st \u00e9s az \u00f6r\u00f6k \u00e9letet. ALLELUJA\u00a0\u00a0\u00a0\u00a0\u00a0\u00a0\u00a0\u00a0\u00a0\u00a0\u00a0\u00a0\u00a0\u00a0\u00a0\u00a0\u00a0\u00a0\u00a0\u00a0\u00a0\u00a0\u00a0\u00a0\u00a0\u00a0\u00a0\u00a0\u00a0\u00a0\u00a0\u00a0\u00a0\u00a0\u00a0\u00a0\u00a0\u00a0\u00a0\u00a0\u00a0\u00a0\u00a0\u00a0\u00a0\u00a0\u00a0\u00a0\u00a0\u00a0\u00a0 Jn 15, 26b \u00e9s 27a \u201eAz igazs\u00e1g Lelke majd tan\u00fas\u00e1got tesz r\u00f3lam\u201d, mondja az \u00dar, * \u201e\u00e9s ti is tan\u00fas\u00e1got tesztek r\u00f3lam.\u201d EVANG\u00c9LIUM\u00a0\u00a0\u00a0\u00a0\u00a0\u00a0\u00a0\u00a0\u00a0\u00a0\u00a0\u00a0\u00a0\u00a0\u00a0\u00a0\u00a0\u00a0\u00a0\u00a0\u00a0\u00a0\u00a0\u00a0\u00a0\u00a0\u00a0\u00a0\u00a0\u00a0\u00a0\u00a0\u00a0\u00a0\u00a0\u00a0\u00a0\u00a0\u00a0\u00a0\u00a0\u00a0\u00a0\u00a0\u00a0 Mt 10, 26\u201333 Az \u00fcdv\u00f6ss\u00e9gt\u00f6rt\u00e9net a j\u00f3 \u00e9s a rossz \u00e1lland\u00f3 k\u00fczdelme. Ett\u0151l a Krisztus-k\u00f6vet\u0151k sem mentesek. De az \u00dar b\u00e1tor\u00edtja h\u00edveit: \u201eNe f\u00e9ljetek!\u201d Szeretetet\u00e9vel megf\u00e9kezi a b\u0171n hatalm\u00e1t, \u00e9s megjutalmazza azokat, akik h\u0171s\u00e9gben szolg\u00e1lj\u00e1k \u0151t, \u00e9s j\u00f3 meg rossz napjaikban egyar\u00e1nt tan\u00faskodnak gondvisel\u0151 j\u00f3s\u00e1g\u00e1r\u00f3l. K\u00c9R\u00c9SEK Add, Urunk, hogy az Egyh\u00e1z b\u00e1tran hirdesse az evang\u00e9liumot az eg\u00e9sz vil\u00e1g el\u0151tt&#8230; \u00e9s hogy h\u00edveid szavukkal \u00e9s \u00e9let\u00fckkel tegyenek tan\u00fas\u00e1got az emberek el\u0151tt! AZ EUCHARISZTI\u00c1HOZ Adjuk tov\u00e1bb, amit az \u00dart\u00f3l hallottunk, adjuk tov\u00e1bb, amit az \u00dart\u00f3l kaptunk. Ez az igazi h\u00e1laad\u00e1s. Ezzel csatlakozunk J\u00e9zus h\u00e1laad\u00e1s\u00e1hoz! \u00c1LDOZ\u00c1SI \u00c9NEK\u00a0\u00a0\u00a0\u00a0\u00a0\u00a0\u00a0\u00a0\u00a0\u00a0\u00a0\u00a0\u00a0\u00a0\u00a0\u00a0\u00a0\u00a0\u00a0\u00a0\u00a0\u00a0\u00a0\u00a0\u00a0\u00a0\u00a0\u00a0\u00a0\u00a0\u00a0\u00a0\u00a0\u00a0\u00a0\u00a0\u00a0\u00a0\u00a0\u00a0\u00a0\u00a0\u00a0\u00a0\u00a0\u00a0\u00a0 Zsolt... R\u00e9szletek"}