{"version":"1.0","provider_name":"Stuttgarti Katolikusok","provider_url":"https:\/\/stuttgarti-katolikusok.de","title":"\u00c9vk\u00f6zi 12. vas\u00e1rnap - Stuttgarti Katolikusok","type":"rich","width":600,"height":338,"html":"<blockquote class=\"wp-embedded-content\" data-secret=\"KoMpTf1ufw\"><a href=\"https:\/\/stuttgarti-katolikusok.de\/index.php\/evkozi-12-vasarnap-2\/\">\u00c9vk\u00f6zi 12. vas\u00e1rnap<\/a><\/blockquote><iframe sandbox=\"allow-scripts\" security=\"restricted\" src=\"https:\/\/stuttgarti-katolikusok.de\/index.php\/evkozi-12-vasarnap-2\/embed\/#?secret=KoMpTf1ufw\" width=\"600\" height=\"338\" title=\"&#8220;\u00c9vk\u00f6zi 12. vas\u00e1rnap&#8221; &#8212; Stuttgarti Katolikusok\" data-secret=\"KoMpTf1ufw\" frameborder=\"0\" marginwidth=\"0\" marginheight=\"0\" scrolling=\"no\" class=\"wp-embedded-content\"><\/iframe><script type=\"text\/javascript\">\n\/* <![CDATA[ *\/\n\/*! This file is auto-generated *\/\n!function(d,l){\"use strict\";l.querySelector&&d.addEventListener&&\"undefined\"!=typeof URL&&(d.wp=d.wp||{},d.wp.receiveEmbedMessage||(d.wp.receiveEmbedMessage=function(e){var t=e.data;if((t||t.secret||t.message||t.value)&&!\/[^a-zA-Z0-9]\/.test(t.secret)){for(var s,r,n,a=l.querySelectorAll('iframe[data-secret=\"'+t.secret+'\"]'),o=l.querySelectorAll('blockquote[data-secret=\"'+t.secret+'\"]'),c=new RegExp(\"^https?:$\",\"i\"),i=0;i<o.length;i++)o[i].style.display=\"none\";for(i=0;i<a.length;i++)s=a[i],e.source===s.contentWindow&&(s.removeAttribute(\"style\"),\"height\"===t.message?(1e3<(r=parseInt(t.value,10))?r=1e3:~~r<200&&(r=200),s.height=r):\"link\"===t.message&&(r=new URL(s.getAttribute(\"src\")),n=new URL(t.value),c.test(n.protocol))&&n.host===r.host&&l.activeElement===s&&(d.top.location.href=t.value))}},d.addEventListener(\"message\",d.wp.receiveEmbedMessage,!1),l.addEventListener(\"DOMContentLoaded\",function(){for(var e,t,s=l.querySelectorAll(\"iframe.wp-embedded-content\"),r=0;r<s.length;r++)(t=(e=s[r]).getAttribute(\"data-secret\"))||(t=Math.random().toString(36).substring(2,12),e.src+=\"#?secret=\"+t,e.setAttribute(\"data-secret\",t)),e.contentWindow.postMessage({message:\"ready\",secret:t},\"*\")},!1)))}(window,document);\n\/\/# sourceURL=https:\/\/stuttgarti-katolikusok.de\/wp-includes\/js\/wp-embed.min.js\n\/* ]]> *\/\n<\/script>\n","thumbnail_url":"https:\/\/stuttgarti-katolikusok.de\/wp-content\/uploads\/2024\/06\/whatsapp-kep-2024-06-22-115852-a322131b.jpg","thumbnail_width":1600,"thumbnail_height":1066,"description":"A f\u00e9lelem, mint emberi \u00e9rz\u00e9s, \u00e1lland\u00f3 r\u00e9sze \u00e9let\u00fcnknek. Amennyiben ok\u00e1t keress\u00fck, akkor mindenk\u00e9ppen a kiszolg\u00e1ltatotts\u00e1g \u00e9s v\u00e9dtelens\u00e9g \u00e9rz\u00e9se \u00e1ll a h\u00e1tt\u00e9rben. Els\u0151k\u00e9nt arra kell keresnem a v\u00e1laszt, hogy mit\u0151l f\u00e9lek. F\u00e9lek a jelent\u0151l, a j\u00f6v\u0151t\u0151l. Ugyanakkor az emberekt\u0151l, esem\u00e9nyekt\u0151l \u00e9s t\u00f6rt\u00e9n\u00e9sekt\u0151l, akikkel \u00e9s amelyekkel szemben v\u00e9dtelennek \u00e9rzem magam. Nem utols\u00f3 sorban f\u00e9lek m\u00faltam rendezetlen \u00e9s feloldatlan terheit\u0151l, melyeket szinte elviselhetetlen teherk\u00e9nt cipelek magammal. Ki az, aki a f\u00e9lelem \u00e9rz\u00e9s\u00e9t\u0151l megszabad\u00edthat? A mai, \u00e9vk\u00f6zi 12. vas\u00e1rnap olvasm\u00e1nyainak k\u00f6zvet\u00edtett \u00fczenetei szeretn\u00e9nek ebben seg\u00edts\u00e9g\u00fcnkre lenni. J\u00f3b voltak\u00e9pen benn\u00fcnket testes\u00edt meg, az el\u00e9gedetlenked\u0151 \u00e9s panaszkod\u00f3 embert. Ezzel egyben jelzi is, hogy ezek az emberi \u00e9rz\u00e9sek a mi \u00e9let\u00fcnknek is a r\u00e9szei. Nem kell f\u00e9l\u00fcnk t\u0151l\u00fck. Csakis az istenf\u00e9lelem jegy\u00e9ben k\u00fczdhetj\u00fck le: &#8222;Az \u00dar f\u00e9lelme ugyanis a b\u00f6lcsess\u00e9g kezdete&#8230;Az \u00dar f\u00e9lelme a rossznak ut\u00e1lata&#8221; (P\u00e9ld 1,7;8,13). Szent P\u00e1l apostol szem\u00e9lyesen tapasztalta meg, hogy mit is jelent az Isten szeretete. Ez\u00e9rt tan\u00e1csolja, hogy cselekedeteink mozgat\u00f3 rug\u00f3ja a szeretet legyen, amely \u0151t sem hagyta nyugodni. Ez a krisztusi szeretet s\u00fcrgessen minket is. Krisztusnak \u00e9lni, aki \u00e9rtem is meghalt. Vagyis szeretetben \u00e9lni! \u00c9let\u00fcnkben sz\u00e1mtalan vihart \u00e9l\u00fcnk meg. A lelk\u00fcnk m\u00e9ly\u00e9n l\u00e9v\u0151 viharokra gondolok, amelyek olykor \u00e9vtizedeken kereszt\u00fcl \u00e1lland\u00f3 k\u00eds\u00e9r\u0151i \u00e9letemben. Mi t\u00f6bb, a f\u00e9lelem \u00e1lland\u00f3 \u00fatit\u00e1rsunkk\u00e1 v\u00e1lik, amely adott esetben b\u00e9n\u00edt\u00f3an is hathat r\u00e1m.\u00a0 \u201eAz elvarratlan lelki sz\u00e1lakban k\u00f6nny\u0171 megbotlani\u201d \u2013 \u00edrja J\u00f3kai Anna. Megbotlani, elesni \u00e9s ottmaradni. Ennek az \u00e1llapotnak felold\u00e1sa: elvarrni az eles\u00e9st okoz\u00f3 lelki sz\u00e1lainkat, vagyis h\u00e1tra hagyni az eles\u00e9st okoz\u00f3 f\u00e9lelmet. Egyben pedig k\u00e9rni J\u00e9zust, hogy vigy\u00e1zzon r\u00e1m.\u00a0 Kezd\u0151\u00e9nek: Az \u00dar n\u00e9p\u00e9nek er\u0151ss\u00e9ge, F\u00f6lkentj\u00e9nek szabadul\u00e1sa \u00e9s mened\u00e9ke. Mentsd meg n\u00e9pedet, Uram, \u00e1ldd meg \u00f6r\u00f6ks\u00e9gedet, \u00e9s korm\u00e1nyozd \u0151ket mind\u00f6r\u00f6kk\u00e9. (V\u00f6. Zsolt 27,8-9) K\u00f6ny\u00f6rg\u00e9s: Urunk, Isten\u00fcnk, add, hogy szent nevedet mindenkor tisztelj\u00fck \u00e9s szeress\u00fck, mert gondvisel\u0151 oltalmadat soha nem vonod meg azokt\u00f3l, akiket \u00e1llhatatos szeretetedre tan\u00edtasz. A mi Urunk, J\u00e9zus Krisztus, a te Fiad \u00e1ltal, aki... R\u00e9szletek"}