{"version":"1.0","provider_name":"Stuttgarti Katolikusok","provider_url":"https:\/\/stuttgarti-katolikusok.de","title":"\u00c9vk\u00f6zi 23. vas\u00e1rnap - Stuttgarti Katolikusok","type":"rich","width":600,"height":338,"html":"<blockquote class=\"wp-embedded-content\" data-secret=\"5f3bc9USPN\"><a href=\"https:\/\/stuttgarti-katolikusok.de\/index.php\/evkoezi-23-vasarnap\/\">\u00c9vk\u00f6zi 23. vas\u00e1rnap<\/a><\/blockquote><iframe sandbox=\"allow-scripts\" security=\"restricted\" src=\"https:\/\/stuttgarti-katolikusok.de\/index.php\/evkoezi-23-vasarnap\/embed\/#?secret=5f3bc9USPN\" width=\"600\" height=\"338\" title=\"&#8222;\u00c9vk\u00f6zi 23. vas\u00e1rnap&#8220; &#8211; Stuttgarti Katolikusok\" data-secret=\"5f3bc9USPN\" frameborder=\"0\" marginwidth=\"0\" marginheight=\"0\" scrolling=\"no\" class=\"wp-embedded-content\"><\/iframe><script>\n\/*! This file is auto-generated *\/\n!function(d,l){\"use strict\";l.querySelector&&d.addEventListener&&\"undefined\"!=typeof URL&&(d.wp=d.wp||{},d.wp.receiveEmbedMessage||(d.wp.receiveEmbedMessage=function(e){var t=e.data;if((t||t.secret||t.message||t.value)&&!\/[^a-zA-Z0-9]\/.test(t.secret)){for(var s,r,n,a=l.querySelectorAll('iframe[data-secret=\"'+t.secret+'\"]'),o=l.querySelectorAll('blockquote[data-secret=\"'+t.secret+'\"]'),c=new RegExp(\"^https?:$\",\"i\"),i=0;i<o.length;i++)o[i].style.display=\"none\";for(i=0;i<a.length;i++)s=a[i],e.source===s.contentWindow&&(s.removeAttribute(\"style\"),\"height\"===t.message?(1e3<(r=parseInt(t.value,10))?r=1e3:~~r<200&&(r=200),s.height=r):\"link\"===t.message&&(r=new URL(s.getAttribute(\"src\")),n=new URL(t.value),c.test(n.protocol))&&n.host===r.host&&l.activeElement===s&&(d.top.location.href=t.value))}},d.addEventListener(\"message\",d.wp.receiveEmbedMessage,!1),l.addEventListener(\"DOMContentLoaded\",function(){for(var e,t,s=l.querySelectorAll(\"iframe.wp-embedded-content\"),r=0;r<s.length;r++)(t=(e=s[r]).getAttribute(\"data-secret\"))||(t=Math.random().toString(36).substring(2,12),e.src+=\"#?secret=\"+t,e.setAttribute(\"data-secret\",t)),e.contentWindow.postMessage({message:\"ready\",secret:t},\"*\")},!1)))}(window,document);\n\/\/# sourceURL=https:\/\/stuttgarti-katolikusok.de\/wp-includes\/js\/wp-embed.min.js\n<\/script>\n","thumbnail_url":"https:\/\/stuttgarti-katolikusok.de\/wp-content\/uploads\/2023\/09\/ng9.jpg","thumbnail_width":2048,"thumbnail_height":1365,"description":"A szentmise els\u0151 k\u00f6ny\u00f6rg\u00e9s\u00e9ben az igaz szabads\u00e1g aj\u00e1nd\u00e9k\u00e1\u00e9rt im\u00e1dkoztunk. Nagy k\u00e9rd\u00e9se az emberis\u00e9gnek, hogy val\u00f3ban szabad-e az akaratom, val\u00f3ban szabad vagyok-e, amikor d\u00f6nt\u00e9seket hozok. Sokat hangs\u00falyozz\u00e1k az ut\u00f3bbi id\u0151ben az egy\u00e9ni szabads\u00e1g fontoss\u00e1g\u00e1t. Ennek a szabads\u00e1gnak k\u00e9t ir\u00e1nya van. Egyr\u00e9szt, ezt birtokolva, menek\u00fclni lehet a hagyom\u00e1nyok, a szok\u00e1sok, a k\u00f6t\u00f6tts\u00e9gek el\u0151l. M\u00e1sr\u00e9szt, a szabads\u00e1g nev\u00e9ben, sokf\u00e9le sz\u00f6rny\u0171s\u00e9get is megtett m\u00e1r az emberis\u00e9g, \u00e9s tesz ma is. Tal\u00e1n nem is v\u00e9letlen, hogy igaz szabads\u00e1g\u00e9rt im\u00e1dkozunk ma. Az igaz szabads\u00e1g\u00e9rt, amit az Egyh\u00e1z mindig is v\u00e9dett, s mindig k\u00fcl\u00f6n\u00f6sen hangs\u00falyozza a szabad akaratot is, amely minden ember saj\u00e1tja, \u00e9s ami igaz\u00e1n felel\u0151s emberr\u00e9 tesz benn\u00fcnket. Nagyon j\u00f3l tudja az Egyh\u00e1z, hogy a szabads\u00e1g \u00f3ri\u00e1si \u00e9rt\u00e9k, ugyanakkor komoly fegyver is; \u00e9ltet\u0151 er\u0151, de rombolni is tud. Gondolj csak bele, Isten, aki saj\u00e1t k\u00e9p\u00e9re \u00e9s hasonlatoss\u00e1g\u00e1ra teremtett engem, megaj\u00e1nd\u00e9kozott a bens\u0151 szabads\u00e1g\u00e1val. A pannonhalmi barokk eb\u00e9dl\u0151ben egy kis k\u00e9pen egy abroncsait ledobott, haszn\u00e1lhatatlan boroshord\u00f3t l\u00e1tunk. Rajta a felirat: Libertate perit \u2013 A szabads\u00e1ga tette. A szabads\u00e1gunk felel\u0151ss\u00e9ge, hogy az \u00e9letet vagy a hal\u00e1lt v\u00e1lasztjuk-e. A d\u00f6nt\u00e9seink el\u0151tt \u00e9rdemes komolyan elgondolkodnunk a k\u00f6vetkezm\u00e9nyekr\u0151l, a hossz\u00fa t\u00e1v\u00faakr\u00f3l is. Hajlamosak vagyunk a pillanatnyi \u00e9rz\u00e9seink alapj\u00e1n d\u00f6nteni, \u00e9s egyre r\u00f6videbb t\u00e1vokban gondolkodni, pedig j\u00f3 lenne el\u0151re tekinteni. Err\u0151l a felel\u0151ss\u00e9gr\u0151l sz\u00f3l a mai els\u0151 olvasm\u00e1ny \u00fczenete is. A j\u00f3 Isten mindannyiunkat \u0151rnek \u00e1ll\u00edtott. Hatalmas megtiszteltet\u00e9s \u00e9s felel\u0151ss\u00e9g ez mindenki sz\u00e1m\u00e1ra. \u00c9lek, avagy vissza\u00e9lek a magam egy\u00e9ni felel\u0151ss\u00e9g\u00e9vel?\u00a0 Szabads\u00e1gban \u00e9s szabadon meg\u00e9lt felel\u0151ss\u00e9g! Megsz\u00edvlelend\u0151 Szent P\u00e1l apostol buzd\u00edt\u00e1sa, melyet a R\u00f3m\u00e1ban \u00e9l\u0151 h\u00edveihez int\u00e9z. Nyilv\u00e1n az \u00fczenet engem is megsz\u00f3l\u00edt. Ennek l\u00e9nyege pedig, hogy mindazt, amit teszek \u00e9s cselekszem, csakis a szeretet jegy\u00e9ben szabad tennem. Merthogy v\u00e9gs\u0151 soron ez sz\u00e1m\u00edt! Az elhangz\u00f3 evang\u00e9liumi r\u00e9szb\u0151l, amely a testv\u00e9ri fedd\u00e9s mik\u00e9ntj\u00e9r\u0151l hallhatunk, egy mondatot szeretn\u00e9k kiemelni: &#8222;Ha ketten k\u00f6z\u00fcletek valamiben egyet\u00e9rtenek a f\u00f6ld\u00f6n \u00e9s \u00fagy k\u00e9rik, megkapj\u00e1k azt mennyei Aty\u00e1mt\u00f3l. Mert... R\u00e9szletek"}