{"version":"1.0","provider_name":"Stuttgarti Katolikusok","provider_url":"https:\/\/stuttgarti-katolikusok.de","title":"Eml\u00e9kezem - Stuttgarti Katolikusok","type":"rich","width":600,"height":338,"html":"<blockquote class=\"wp-embedded-content\" data-secret=\"6jdZgLeLEs\"><a href=\"https:\/\/stuttgarti-katolikusok.de\/index.php\/emlekezem\/\">Eml\u00e9kezem<\/a><\/blockquote><iframe sandbox=\"allow-scripts\" security=\"restricted\" src=\"https:\/\/stuttgarti-katolikusok.de\/index.php\/emlekezem\/embed\/#?secret=6jdZgLeLEs\" width=\"600\" height=\"338\" title=\"&#8220;Eml\u00e9kezem&#8221; &#8212; Stuttgarti Katolikusok\" data-secret=\"6jdZgLeLEs\" frameborder=\"0\" marginwidth=\"0\" marginheight=\"0\" scrolling=\"no\" class=\"wp-embedded-content\"><\/iframe><script type=\"text\/javascript\">\n\/* <![CDATA[ *\/\n\/*! This file is auto-generated *\/\n!function(d,l){\"use strict\";l.querySelector&&d.addEventListener&&\"undefined\"!=typeof URL&&(d.wp=d.wp||{},d.wp.receiveEmbedMessage||(d.wp.receiveEmbedMessage=function(e){var t=e.data;if((t||t.secret||t.message||t.value)&&!\/[^a-zA-Z0-9]\/.test(t.secret)){for(var s,r,n,a=l.querySelectorAll('iframe[data-secret=\"'+t.secret+'\"]'),o=l.querySelectorAll('blockquote[data-secret=\"'+t.secret+'\"]'),c=new RegExp(\"^https?:$\",\"i\"),i=0;i<o.length;i++)o[i].style.display=\"none\";for(i=0;i<a.length;i++)s=a[i],e.source===s.contentWindow&&(s.removeAttribute(\"style\"),\"height\"===t.message?(1e3<(r=parseInt(t.value,10))?r=1e3:~~r<200&&(r=200),s.height=r):\"link\"===t.message&&(r=new URL(s.getAttribute(\"src\")),n=new URL(t.value),c.test(n.protocol))&&n.host===r.host&&l.activeElement===s&&(d.top.location.href=t.value))}},d.addEventListener(\"message\",d.wp.receiveEmbedMessage,!1),l.addEventListener(\"DOMContentLoaded\",function(){for(var e,t,s=l.querySelectorAll(\"iframe.wp-embedded-content\"),r=0;r<s.length;r++)(t=(e=s[r]).getAttribute(\"data-secret\"))||(t=Math.random().toString(36).substring(2,12),e.src+=\"#?secret=\"+t,e.setAttribute(\"data-secret\",t)),e.contentWindow.postMessage({message:\"ready\",secret:t},\"*\")},!1)))}(window,document);\n\/\/# sourceURL=https:\/\/stuttgarti-katolikusok.de\/wp-includes\/js\/wp-embed.min.js\n\/* ]]> *\/\n<\/script>\n","thumbnail_url":"https:\/\/stuttgarti-katolikusok.de\/wp-content\/uploads\/2021\/11\/david-melinda.jpeg","thumbnail_width":2038,"thumbnail_height":1787,"description":"1990-ben ismertem meg Marg\u00f3t. Egy\u00fctt voltunk k\u00f3rustagok a Magyar Misszi\u00f3 k\u00f3rus\u00e1ban. Cs\u00edktaplocai sz\u00fclet\u00e9s\u0171 sz\u00e9kely asszony volt, aki nagyon szerette sz\u00fcl\u0151f\u00f6ldj\u00e9t, csal\u00e1dj\u00e1t, kilenc testv\u00e9r\u00e9t, legf\u0151k\u00e9ppen b\u00e1tyj\u00e1t, Andr\u00e1s Imre S. J. jezsuita aty\u00e1t. Egy alkalommal megh\u00edvott benn\u00fcnket, l\u00e1togassuk meg stuttgarti lak\u00e1s\u00e1ban. Saj\u00e1t maga k\u00e9sz\u00edtette sz\u00ednes kalotaszegi \u00edr\u00e1sos p\u00e1rn\u00e1kat, ter\u00edt\u0151ket \u00e9s fafarag\u00e1sokat csod\u00e1ltunk meg lak\u00e1s\u00e1ban. B\u00facs\u00faz\u00e1skor egy kis k\u00f6nyvvel aj\u00e1nd\u00e9kozott meg benn\u00fcnket. Ebben a k\u00f6nyvben \u00e9desapja, Andr\u00e1s Gy\u00e1rf\u00e1s, \u201eEgy sz\u00e9kely ezermester \u00e9let\u00fatja Cs\u00edkban\u201c c\u00edmmel le\u00edrja csal\u00e1djuk t\u00f6rt\u00e9net\u00e9t. \u00c9desapja hangszalagra felvett visszaeml\u00e9kez\u00e9s\u00e9t Marg\u00f3 \u00edrta le \u00edr\u00f3g\u00e9ppel, majd lelk\u00e9sz testv\u00e9re el\u0151szav\u00e1val \u00e9s sajt\u00f3 al\u00e1 rendez\u00e9s\u00e9vel kiad\u00e1sra ker\u00fclt \u00e9s \u00edgy a m\u00falt, a gy\u00f6kerek ismerete nem veszett el a csal\u00e1d \u00e9s az ut\u00f3kor sz\u00e1m\u00e1ra. \u00c9desapja \u00edgy eml\u00e9kezik meg Marg\u00f3r\u00f3l: \u201eLegkisebb le\u00e1nyom \u2026 gimnazista kora egybeesik a kul\u00e1ksorsnak legm\u00e9rgesebb id\u0151szak\u00e1val. \u00c9les esz\u0171, igen j\u00f3 megjegyz\u0151 k\u00e9pess\u00e9g\u0171 le\u00e1nyka volt, virgonc mozg\u00e1s\u00fa. Oszt\u00e1lyt\u00e1rsai, a tan\u00e1rok \u00e9s \u2026 igazgat\u00f3 utas\u00edt\u00e1sa folyt\u00e1n t\u0151le m\u00e9g a vele val\u00f3 t\u00e1rsalg\u00e1st, k\u00f6r\u00fckbe val\u00f3 befogad\u00e1st is megtagadt\u00e1k. Vele az \u00faton meg nem indultak, mell\u00e9 nem \u00fcltek, az \u00e9retts\u00e9gi vacsor\u00e1ra oda nem engedt\u00e9k, az \u00e9retts\u00e9gi tabl\u00f3ra \u0151t kitenni nem engedt\u00e9k. Minden alkalmat megragadtak, hogy \u0151t megsz\u00e9gyen\u00edts\u00e9k. Elk\u00e9pzelhet\u0151, hogy milyen lelki \u00e1llapotban hagyta ott az iskol\u00e1t. Hogy egyetemre mehessen, arra nem is sz\u00e1m\u00edthatott, de mert gyors felfog\u00e1sa \u00e9s t\u00f6k\u00e9letes sz\u00e1m\u00edt\u00e1si t\u00e1j\u00e9koz\u00f3d\u00f3 k\u00e9pess\u00e9ge volt, egy nagy \u00e1llami \u00fczlet p\u00e9nzt\u00e1rkezel\u00e9si \u00e1ll\u00e1ssal megk\u00edn\u00e1lta, \u0151 el is fogadta. Munk\u00e1j\u00e1t mind\u00e9g a legnagyobb pontoss\u00e1ggal, p\u00e9nzt\u00e1ri hi\u00e1ny n\u00e9lk\u00fcl v\u00e9gezte. Munkat\u00e1rsai megszerett\u00e9k, megismert\u00e9k \u00e9s megbecs\u00fclt\u00e9k. \u2026 P\u00e1r \u00e9v m\u00falva lehet\u0151s\u00e9g ny\u00edlt, hogy Marosv\u00e1s\u00e1rhelyre a sz\u00fcl\u00e9szeti technikusi kik\u00e9pz\u00e9sre felveszik. Halad\u00e9k n\u00e9lk\u00fcl \u00e1tk\u00e9rezkedett, fel is vett\u00e9k. Igen j\u00f3 eredm\u00e9nnyel v\u00e9gzett, \u00e9s az ottani sz\u00fcl\u00e9szeti klinik\u00e1n \u00e1ll\u00e1st \u00e9s lak\u00e1st is kapott. Id\u0151vel el\u0151l\u00e9ptett\u00e9k \u00e9s f\u0151asszisztensi c\u00edmmel \u00e9s munkak\u00f6rrel szolg\u00e1lja a k\u00f6z\u00f6ss\u00e9get.\u201c Mai szemmel elk\u00e9pzelhetetlen milyen neh\u00e9zs\u00e9gbe \u00fctk\u00f6ztek az elm\u00falt kor emberei \u00e9s milyen igazs\u00e1gtalans\u00e1gok \u00e9rt\u00e9k \u0151ket. A sors tov\u00e1bbra se volt kegyes hozz\u00e1: testv\u00e9rei rendre elhunytak, utolj\u00e1ra... R\u00e9szletek"}