{"version":"1.0","provider_name":"Stuttgarti Katolikusok","provider_url":"https:\/\/stuttgarti-katolikusok.de","title":"Egy\u00fctt j\u00f3nak lenni m\u00e9g jobb! - Stuttgarti Katolikusok","type":"rich","width":600,"height":338,"html":"<blockquote class=\"wp-embedded-content\" data-secret=\"hHXjxOwlLP\"><a href=\"https:\/\/stuttgarti-katolikusok.de\/index.php\/egyutt-jonak-lenni-meg-jobb-4\/\">Egy\u00fctt j\u00f3nak lenni m\u00e9g jobb!<\/a><\/blockquote><iframe sandbox=\"allow-scripts\" security=\"restricted\" src=\"https:\/\/stuttgarti-katolikusok.de\/index.php\/egyutt-jonak-lenni-meg-jobb-4\/embed\/#?secret=hHXjxOwlLP\" width=\"600\" height=\"338\" title=\"&#8220;Egy\u00fctt j\u00f3nak lenni m\u00e9g jobb!&#8221; &#8212; Stuttgarti Katolikusok\" data-secret=\"hHXjxOwlLP\" frameborder=\"0\" marginwidth=\"0\" marginheight=\"0\" scrolling=\"no\" class=\"wp-embedded-content\"><\/iframe><script type=\"text\/javascript\">\n\/* <![CDATA[ *\/\n\/*! This file is auto-generated *\/\n!function(d,l){\"use strict\";l.querySelector&&d.addEventListener&&\"undefined\"!=typeof URL&&(d.wp=d.wp||{},d.wp.receiveEmbedMessage||(d.wp.receiveEmbedMessage=function(e){var t=e.data;if((t||t.secret||t.message||t.value)&&!\/[^a-zA-Z0-9]\/.test(t.secret)){for(var s,r,n,a=l.querySelectorAll('iframe[data-secret=\"'+t.secret+'\"]'),o=l.querySelectorAll('blockquote[data-secret=\"'+t.secret+'\"]'),c=new RegExp(\"^https?:$\",\"i\"),i=0;i<o.length;i++)o[i].style.display=\"none\";for(i=0;i<a.length;i++)s=a[i],e.source===s.contentWindow&&(s.removeAttribute(\"style\"),\"height\"===t.message?(1e3<(r=parseInt(t.value,10))?r=1e3:~~r<200&&(r=200),s.height=r):\"link\"===t.message&&(r=new URL(s.getAttribute(\"src\")),n=new URL(t.value),c.test(n.protocol))&&n.host===r.host&&l.activeElement===s&&(d.top.location.href=t.value))}},d.addEventListener(\"message\",d.wp.receiveEmbedMessage,!1),l.addEventListener(\"DOMContentLoaded\",function(){for(var e,t,s=l.querySelectorAll(\"iframe.wp-embedded-content\"),r=0;r<s.length;r++)(t=(e=s[r]).getAttribute(\"data-secret\"))||(t=Math.random().toString(36).substring(2,12),e.src+=\"#?secret=\"+t,e.setAttribute(\"data-secret\",t)),e.contentWindow.postMessage({message:\"ready\",secret:t},\"*\")},!1)))}(window,document);\n\/\/# sourceURL=https:\/\/stuttgarti-katolikusok.de\/wp-includes\/js\/wp-embed.min.js\n\/* ]]> *\/\n<\/script>\n","thumbnail_url":"https:\/\/stuttgarti-katolikusok.de\/wp-content\/uploads\/2025\/11\/egyutt-jonakl-lenni-meg-jobb-2025jpeg-web.jpeg","thumbnail_width":1080,"thumbnail_height":812,"description":"Kedves H\u00edveim, Bar\u00e1taim! 2025. december 7-\u00e9n imm\u00e1r 3-ik alkalommal csatlakozunk a &#8222;J\u00f3nak lenni j\u00f3&#8221; adom\u00e1nygy\u0171jt\u0151 akci\u00f3hoz.\u00a0 H\u00f3napok lelkes k\u00e9sz\u00fclete \u00e9r c\u00e9lba hamarosan. B\u00edzom abban, hogy nagy k\u00f6z\u00f6ss\u00e9g\u00fcnk sok hely\u00e9r\u0151l j\u00f6tt\u00f6k el. Tartalmas \u00e9s gazdag napnak n\u00e9z\u00fcnk el\u00e9be, mely rem\u00e9nnyel \u00e9s \u00f6r\u00f6mmel t\u00f6lt el benn\u00fcnket. Kor\u00e1bban is hangs\u00falyoztam, nem csup\u00e1n az \u00f6sszeg nagys\u00e1ga fontos. Sz\u00e1momra nagyon nagy jelent\u0151s\u00e9ggel b\u00edr azon t\u00e9ny, hogy ism\u00e9telten t\u00f6bb mint 10 magyar szervezet egy ir\u00e1nyba \u00e9s egy\u00fctt mozdul.\u00a0 R\u00e1ad\u00e1sul ezen esztend\u0151ben siker\u00fclt a helyi Bruder Klaus m\u00e9met nyelv\u0171 k\u00f6z\u00f6ss\u00e9get is megsz\u00f3l\u00edtani. \u0150k is vel\u00fcnk tartanak ezen a napon. Term\u00e9szetesen a c\u00e9l ezen esztend\u0151ben is nagyon nemes. Adom\u00e1nyainkat K\u00e1rp\u00e1talj\u00e1ra, a Kegyes Alap\u00edtv\u00e1ny r\u00e9sz\u00e9re juttatjuk el. Nagyszer\u0171 \u00e9s felemel\u0151 \u00e9rz\u00e9s, hogy seg\u00edt\u0151 kezet tudunk ny\u00fajtani. Az \u00f6tletgazda, mint kor\u00e1bban is jeleztem, Szegi Oszk\u00e1r, a Pasztor\u00e1lis Tan\u00e1cs v\u00e1lasztott vezet\u0151je. Egykori \u00e1lma szintet l\u00e9pett. Szem\u00e9lyes kapcsolatait felhaszn\u00e1lva, amint l\u00e1thatj\u00e1tok az al\u00e1bbiakban, h\u00e1rom focimez is licitre ker\u00fcl. Term\u00e9szetesen al\u00e1\u00edr\u00e1ssal\/al\u00e1\u00edr\u00e1sokkal ell\u00e1tva. K\u00e9rlek benneteket, hogy ossz\u00e1tok meg minden f\u00f3rumon ezen bejegyz\u00e9st! V\u00e1runk Benneteket! Tibor atya\u00a0 &nbsp;"}