{"version":"1.0","provider_name":"Stuttgarti Katolikusok","provider_url":"https:\/\/stuttgarti-katolikusok.de","title":"Egyh\u00e1zk\u00f6zs\u00e9g\u00fcnk fenn\u00e1ll\u00e1s\u00e1nak 69. \u00e9vfordul\u00f3ja - Stuttgarti Katolikusok","type":"rich","width":600,"height":338,"html":"<blockquote class=\"wp-embedded-content\" data-secret=\"18RQytmjqw\"><a href=\"https:\/\/stuttgarti-katolikusok.de\/index.php\/egyhazkozsegunk-fennallasanak-69-evforduloja\/\">Egyh\u00e1zk\u00f6zs\u00e9g\u00fcnk fenn\u00e1ll\u00e1s\u00e1nak 69. \u00e9vfordul\u00f3ja<\/a><\/blockquote><iframe sandbox=\"allow-scripts\" security=\"restricted\" src=\"https:\/\/stuttgarti-katolikusok.de\/index.php\/egyhazkozsegunk-fennallasanak-69-evforduloja\/embed\/#?secret=18RQytmjqw\" width=\"600\" height=\"338\" title=\"&#8220;Egyh\u00e1zk\u00f6zs\u00e9g\u00fcnk fenn\u00e1ll\u00e1s\u00e1nak 69. \u00e9vfordul\u00f3ja&#8221; &#8212; Stuttgarti Katolikusok\" data-secret=\"18RQytmjqw\" frameborder=\"0\" marginwidth=\"0\" marginheight=\"0\" scrolling=\"no\" class=\"wp-embedded-content\"><\/iframe><script type=\"text\/javascript\">\n\/* <![CDATA[ *\/\n\/*! This file is auto-generated *\/\n!function(d,l){\"use strict\";l.querySelector&&d.addEventListener&&\"undefined\"!=typeof URL&&(d.wp=d.wp||{},d.wp.receiveEmbedMessage||(d.wp.receiveEmbedMessage=function(e){var t=e.data;if((t||t.secret||t.message||t.value)&&!\/[^a-zA-Z0-9]\/.test(t.secret)){for(var s,r,n,a=l.querySelectorAll('iframe[data-secret=\"'+t.secret+'\"]'),o=l.querySelectorAll('blockquote[data-secret=\"'+t.secret+'\"]'),c=new RegExp(\"^https?:$\",\"i\"),i=0;i<o.length;i++)o[i].style.display=\"none\";for(i=0;i<a.length;i++)s=a[i],e.source===s.contentWindow&&(s.removeAttribute(\"style\"),\"height\"===t.message?(1e3<(r=parseInt(t.value,10))?r=1e3:~~r<200&&(r=200),s.height=r):\"link\"===t.message&&(r=new URL(s.getAttribute(\"src\")),n=new URL(t.value),c.test(n.protocol))&&n.host===r.host&&l.activeElement===s&&(d.top.location.href=t.value))}},d.addEventListener(\"message\",d.wp.receiveEmbedMessage,!1),l.addEventListener(\"DOMContentLoaded\",function(){for(var e,t,s=l.querySelectorAll(\"iframe.wp-embedded-content\"),r=0;r<s.length;r++)(t=(e=s[r]).getAttribute(\"data-secret\"))||(t=Math.random().toString(36).substring(2,12),e.src+=\"#?secret=\"+t,e.setAttribute(\"data-secret\",t)),e.contentWindow.postMessage({message:\"ready\",secret:t},\"*\")},!1)))}(window,document);\n\/\/# sourceURL=https:\/\/stuttgarti-katolikusok.de\/wp-includes\/js\/wp-embed.min.js\n\/* ]]> *\/\n<\/script>\n","description":"+! Kedves H\u00edveink, kedves Bar\u00e1taink! Egyh\u00e1zk\u00f6zs\u00e9g\u00fcnk &#8211; Isten kegyelm\u00e9b\u0151l \u00e9s el\u0151deink hit\u00fckh\u00f6z val\u00f3 ragaszkod\u00e1s\u00e1b\u00f3l &#8211; m\u00e1jus 13-\u00e1n, p\u00e9nteken \u00fcnnepli fenn\u00e1ll\u00e1s\u00e1nak\u00a069.\u00a0\u00e9vfordul\u00f3j\u00e1t. Az \u00fcnneps\u00e9g 18.00 \u00f3rakor veszi kezdet\u00e9t a templom el\u0151tti t\u00e9ren gy\u00fclekez\u0151vel \u00e9s ismerked\u00e9ssel. 18.30 \u00f3rakor szentmise, majd ut\u00e1na egy kis \u00fcnneps\u00e9g (el\u0151ad\u00e1s). V\u00e9g\u00fcl, miut\u00e1n Mindszenty b\u00edboros eml\u00e9kszobr\u00e1t megkoszor\u00faztuk, egy kis \u00e1g\u00e1p\u00e9ra h\u00edvjuk vend\u00e9g\u00fcl a megjelenteket. Mott\u00f3nk: &#8222;V\u00e9geredm\u00e9nyben nem az \u00e9let\u00fcnkb\u0151l eltelt \u00e9vek sz\u00e1m\u00edtanak. Hanem az \u00e9vek alatt le\u00e9lt \u00e9let a fontos.&#8221; Szeretettel v\u00e1runk mindannyi\u00f3tokat! Ha j\u00f6szt\u00f6k, ne feledkezzetek meg arr\u00f3l, hogy sz\u00edvesen fogadunk egy kis harapnival\u00f3t (hidegt\u00e1l, s\u00fcti, stb.) is. Lelkip\u00e1sztori \u00e9s bar\u00e1ti szeretettel Imre atya \u00e9s Tibor atya Ungarische Katholische Gemeinde Albert-Sch\u00e4ffle-Str. 30 70186 Stuttgart Tel.: 0711-236 91 90 Fax: 0711-236 73 93"}