{"version":"1.0","provider_name":"Stuttgarti Katolikusok","provider_url":"https:\/\/stuttgarti-katolikusok.de","title":"Zeitler Barbara: Saj\u00e1t k\u00e9sz\u00edt\u00e9s\u0171 betlehem... - Stuttgarti Katolikusok","type":"rich","width":600,"height":338,"html":"<blockquote class=\"wp-embedded-content\" data-secret=\"EWPshLaoeB\"><a href=\"https:\/\/stuttgarti-katolikusok.de\/index.php\/egy-rendhagyo-kiallitas-margojara\/\">Zeitler Barbara: Saj\u00e1t k\u00e9sz\u00edt\u00e9s\u0171 betlehem&#8230;<\/a><\/blockquote><iframe sandbox=\"allow-scripts\" security=\"restricted\" src=\"https:\/\/stuttgarti-katolikusok.de\/index.php\/egy-rendhagyo-kiallitas-margojara\/embed\/#?secret=EWPshLaoeB\" width=\"600\" height=\"338\" title=\"&#8220;Zeitler Barbara: Saj\u00e1t k\u00e9sz\u00edt\u00e9s\u0171 betlehem&#8230;&#8221; &#8212; Stuttgarti Katolikusok\" data-secret=\"EWPshLaoeB\" frameborder=\"0\" marginwidth=\"0\" marginheight=\"0\" scrolling=\"no\" class=\"wp-embedded-content\"><\/iframe><script type=\"text\/javascript\">\n\/* <![CDATA[ *\/\n\/*! This file is auto-generated *\/\n!function(d,l){\"use strict\";l.querySelector&&d.addEventListener&&\"undefined\"!=typeof URL&&(d.wp=d.wp||{},d.wp.receiveEmbedMessage||(d.wp.receiveEmbedMessage=function(e){var t=e.data;if((t||t.secret||t.message||t.value)&&!\/[^a-zA-Z0-9]\/.test(t.secret)){for(var s,r,n,a=l.querySelectorAll('iframe[data-secret=\"'+t.secret+'\"]'),o=l.querySelectorAll('blockquote[data-secret=\"'+t.secret+'\"]'),c=new RegExp(\"^https?:$\",\"i\"),i=0;i<o.length;i++)o[i].style.display=\"none\";for(i=0;i<a.length;i++)s=a[i],e.source===s.contentWindow&&(s.removeAttribute(\"style\"),\"height\"===t.message?(1e3<(r=parseInt(t.value,10))?r=1e3:~~r<200&&(r=200),s.height=r):\"link\"===t.message&&(r=new URL(s.getAttribute(\"src\")),n=new URL(t.value),c.test(n.protocol))&&n.host===r.host&&l.activeElement===s&&(d.top.location.href=t.value))}},d.addEventListener(\"message\",d.wp.receiveEmbedMessage,!1),l.addEventListener(\"DOMContentLoaded\",function(){for(var e,t,s=l.querySelectorAll(\"iframe.wp-embedded-content\"),r=0;r<s.length;r++)(t=(e=s[r]).getAttribute(\"data-secret\"))||(t=Math.random().toString(36).substring(2,12),e.src+=\"#?secret=\"+t,e.setAttribute(\"data-secret\",t)),e.contentWindow.postMessage({message:\"ready\",secret:t},\"*\")},!1)))}(window,document);\n\/\/# sourceURL=https:\/\/stuttgarti-katolikusok.de\/wp-includes\/js\/wp-embed.min.js\n\/* ]]> *\/\n<\/script>\n","thumbnail_url":"https:\/\/stuttgarti-katolikusok.de\/wp-content\/uploads\/2020\/02\/betlehem-diana.jpg","thumbnail_width":1024,"thumbnail_height":768,"description":"Zeitler Barbara: Saj\u00e1t k\u00e9sz\u00edt\u00e9s\u0171 betlehem&#8230; \u00c1llnak m\u00e9g templomainkban a kar\u00e1csonyf\u00e1k (vas\u00e1rnap leszedt\u00fck \u0151ket, de a cikk sokkal el\u0151bb \u00edr\u00f3dott! \u2013 szerk.), igaz, f\u00e9ny\u00fckt\u0151l s diszeikt\u0151l m\u00e1r megfosztottan, mert V\u00edzkereszt napj\u00e1t\u00f3l m\u00e1r elhom\u00e1lyosulnak a fa t\u00fcnd\u00f6kl\u0151 villany\u00e9g\u0151i, \u00e9s \u00edgy d\u00edsztelen\u00fcl jelzik azt, hogy hamarosan elj\u00f6n febru\u00e1r m\u00e1sodika, Gyertyaszentel\u0151 napja, amely m\u00e1r val\u00f3ban a kar\u00e1csonyi liturgia m\u00e9lt\u00f3 befejez\u00e9se. Legut\u00f3bbi pr\u00e9dik\u00e1ci\u00f3j\u00e1ban arr\u00f3l besz\u00e9lt lelkip\u00e1sztorunk, hogy januar 1-t\u0151l, J\u00e9zus nevenapj\u00e1t\u00f3l, a liturgi\u00e1ban szinte s\u00f3lyomsz\u00e1rnyon rep\u00fcl az id\u0151. A nemr\u00e9g m\u00e9g p\u00f3ly\u00e1ba takart Kisdedet, a szent sz\u00f6vegek m\u00e1r meglett feln\u0151ttk\u00e9nt eml\u00edtik, akit Keresztel\u0151 \u00a0J\u00e1nos a Jord\u00e1nban megkeresztelt. Hi\u00e1ba fut s rohan az id\u0151, nek\u00fcnk l\u00e9p\u00e9st kell tartanunk vele, mert az id\u0151 kerek\u00e9t nem tudjuk visszaforgatni. Avagy m\u00e9gis? Egy eredeti \u00f6tlettel \u00e1llt el\u0151 2019 \u00e1dventj\u00e9n pl\u00e9b\u00e1nosunk. Kar\u00e1csonyra val\u00f3 visszapillant\u00e1ssal invit\u00e1lta id\u0151utaz\u00e1sra h\u00edveit. Azt ind\u00edtv\u00e1nyozta, hogy a csal\u00e1dok vegyenek r\u00e9szt egy olyan vet\u00e9lked\u0151n, amelynek a f\u0151szerepl\u0151je az a kar\u00e1csonyfa k\u00f6zel\u00e9ben fel\u00e1ll\u00edtott betlehem, amelyet szenteste im\u00e1dkozva s \u00e9nekelve k\u00f6r\u00fcl\u00e1llt csal\u00e1djuk, s k\u00e9sz\u00edtsenek err\u0151l f\u00e9nyk\u00e9pfelv\u00e9telt. 2020. janu\u00e1r 19-\u00e9n a 12-\u00f3rai szentmise ut\u00e1ni id\u0151pont volt a megm\u00e9ret\u00e9s nagy napja, ekkor tudhattuk meg, hogy melyik csal\u00e1d betlehemje nyerte el a legszebbnek kij\u00e1r\u00f3 f\u0151d\u00edjat. A ki\u00e1ll\u00edt\u00e1s megnyit\u00f3ja el\u0151tt Imre aty\u00e1t\u00f3l megtudtuk, hogy otthonukban nem volt betlehem. Ez \u00e9rthet\u0151, hiszen azokban a gazdas\u00e1gilag kem\u00e9ny \u00e9vekben m\u00e1r egy kar\u00e1csonyfa, \u00e9s a gyerekek r\u00e9sz\u00e9re az alatta l\u00e9v\u0151 aj\u00e1nd\u00e9kok megv\u00e1s\u00e1rl\u00e1sa is gondot jelenthetett a sz\u00fcl\u0151knek. De \u00edgy sem volt Imre aty\u00e1nak hi\u00e1ny\u00e9rzete, mert mint kisministr\u00e1ns a kar\u00e1csonyi id\u0151szakban els\u0151 \u00fatja a templomban \u2013 mint t\u00f6bbi t\u00e1rsainak is! \u2013 mindig a betlehemi olt\u00e1r megtekint\u00e9s\u00e9hez vezetett. Igaz\u00e1n nem vagyok szak\u00e9rt\u0151je a betlehem-\u00e1ll\u00edt\u00e1si szok\u00e1soknak, de \u00fagy gondoltam, hogy tal\u00e1n nemcsak anyagi oldala lehetett ennek a dolognak. Ezt az\u00e9rt is gondoltam \u00edgy, mert bar\u00e1tn\u0151m\u00e9knek igaz\u00e1n mindig volt \u201eb\u0151ven, amit tejbe apr\u00edtsanak\u201c teh\u00e1t n\u00e1luk a p\u00e9nz nem j\u00e1tszhatott szerepet. K\u00e9z\u00fcgyess\u00e9g\u00fck is volt, az apuka is \u00e9p\u00edt\u00e9szm\u00e9rn\u00f6k volt, \u00e9s a h\u00e1rom gyermek... R\u00e9szletek"}