{"version":"1.0","provider_name":"Stuttgarti Katolikusok","provider_url":"https:\/\/stuttgarti-katolikusok.de","title":"Egy igazi k\u00f6z\u00f6ss\u00e9g... - Stuttgarti Katolikusok","type":"rich","width":600,"height":338,"html":"<blockquote class=\"wp-embedded-content\" data-secret=\"qBERkLfVV4\"><a href=\"https:\/\/stuttgarti-katolikusok.de\/index.php\/egy-igazi-kozosseg\/\">Egy igazi k\u00f6z\u00f6ss\u00e9g&#8230;<\/a><\/blockquote><iframe sandbox=\"allow-scripts\" security=\"restricted\" src=\"https:\/\/stuttgarti-katolikusok.de\/index.php\/egy-igazi-kozosseg\/embed\/#?secret=qBERkLfVV4\" width=\"600\" height=\"338\" title=\"&#8220;Egy igazi k\u00f6z\u00f6ss\u00e9g&#8230;&#8221; &#8212; Stuttgarti Katolikusok\" data-secret=\"qBERkLfVV4\" frameborder=\"0\" marginwidth=\"0\" marginheight=\"0\" scrolling=\"no\" class=\"wp-embedded-content\"><\/iframe><script type=\"text\/javascript\">\n\/* <![CDATA[ *\/\n\/*! This file is auto-generated *\/\n!function(d,l){\"use strict\";l.querySelector&&d.addEventListener&&\"undefined\"!=typeof URL&&(d.wp=d.wp||{},d.wp.receiveEmbedMessage||(d.wp.receiveEmbedMessage=function(e){var t=e.data;if((t||t.secret||t.message||t.value)&&!\/[^a-zA-Z0-9]\/.test(t.secret)){for(var s,r,n,a=l.querySelectorAll('iframe[data-secret=\"'+t.secret+'\"]'),o=l.querySelectorAll('blockquote[data-secret=\"'+t.secret+'\"]'),c=new RegExp(\"^https?:$\",\"i\"),i=0;i<o.length;i++)o[i].style.display=\"none\";for(i=0;i<a.length;i++)s=a[i],e.source===s.contentWindow&&(s.removeAttribute(\"style\"),\"height\"===t.message?(1e3<(r=parseInt(t.value,10))?r=1e3:~~r<200&&(r=200),s.height=r):\"link\"===t.message&&(r=new URL(s.getAttribute(\"src\")),n=new URL(t.value),c.test(n.protocol))&&n.host===r.host&&l.activeElement===s&&(d.top.location.href=t.value))}},d.addEventListener(\"message\",d.wp.receiveEmbedMessage,!1),l.addEventListener(\"DOMContentLoaded\",function(){for(var e,t,s=l.querySelectorAll(\"iframe.wp-embedded-content\"),r=0;r<s.length;r++)(t=(e=s[r]).getAttribute(\"data-secret\"))||(t=Math.random().toString(36).substring(2,12),e.src+=\"#?secret=\"+t,e.setAttribute(\"data-secret\",t)),e.contentWindow.postMessage({message:\"ready\",secret:t},\"*\")},!1)))}(window,document);\n\/\/# sourceURL=https:\/\/stuttgarti-katolikusok.de\/wp-includes\/js\/wp-embed.min.js\n\/* ]]> *\/\n<\/script>\n","thumbnail_url":"https:\/\/stuttgarti-katolikusok.de\/wp-content\/uploads\/2016\/04\/img_0709.jpg","thumbnail_width":800,"thumbnail_height":533,"description":"Egy igazi k\u00f6z\u00f6ss\u00e9g &nbsp; Felejthetetlen marad sz\u00e1momra a K\u00f6lni \u00c9rseks\u00e9g R\u00f3mai Katolikus Magyar Lelk\u00e9szs\u00e9ge h\u00fasz tagj\u00e1nak \u00e9s lelkip\u00e1sztoruknak, Ft. Luk\u00e1cs J\u00f3zsef aty\u00e1nak a l\u00e1togat\u00e1sa egyh\u00e1zk\u00f6zs\u00e9g\u00fcnkben. &nbsp; A l\u00e1togat\u00e1s \u00f6tlet\u00e9t Imre aty\u00e1nak k\u00f6sz\u00f6nhetj\u00fck, \u00e9s azt a c\u00e9lt szolg\u00e1lta, hogy jobban megismerj\u00fck egym\u00e1s t\u00f6rt\u00e9net\u00e9t, programjait, terveit, \u00e9lm\u00e9nyeit \u00e9s a v\u00e1rost, ahol \u00e9l\u00fcnk. &nbsp; \u00c1prilis 15-\u00e9n, p\u00e9ntek d\u00e9lut\u00e1n \u00e9rkezett meg a zar\u00e1ndokcsoport a Bruder Klaus templom el\u00e9, ahol m\u00e1r v\u00e1rt r\u00e1juk Imre atya. A zar\u00e1ndokokat bevezette a templomba, ott meg\u00e1ldotta \u0151ket, \u00e9s ut\u00e1na r\u00f6viden bemutatta nekik a \u201emi templomunkat\u201d. &nbsp; Mint r\u00e9gi zar\u00e1ndokt\u00e1rsat k\u00f6sz\u00f6nthett\u00fck k\u00f6reinkben J\u00f3zsef aty\u00e1t, Reinhold Gizell\u00e1t \u00e9s f\u00e9rj\u00e9t Herbertet, valamint Dr. Szathm\u00e1ry Csab\u00e1t, aki az Erasmus Akad\u00e9mia keret\u00e9n bel\u00fcl tartott nek\u00fcnk egy nagyon \u00e9rdekes vet\u00edt\u00e9ses el\u0151ad\u00e1st. &nbsp; Vend\u00e9geink a templomi szertart\u00e1s ut\u00e1n el\u0151sz\u00f6r a Bar\u00e1ts\u00e1g Klub tagjainak vend\u00e9gei voltak, akik k\u00e1v\u00e9val, te\u00e1val \u00e9s s\u00fctem\u00e9nnyel v\u00e1rtak a zar\u00e1ndokokra. Imre atya bemutatta J\u00f3zsef aty\u00e1t, akit k\u00f6z\u00e9piskol\u00e1sk\u00e9nt ismert meg. J\u00f3zsef atya Gyergy\u00f3szentmikl\u00f3sr\u00f3l sz\u00e1rmazik, 1998 janu\u00e1rj\u00e1t\u00f3l szolg\u00e1l K\u00f6lnben, kilenc v\u00e1rosba j\u00e1r mis\u00e9zni, \u00e9s k\u00e9thavonta Luxemburgba is \u00e1tj\u00e1r az ottani magyarokhoz. K\u00f6lnben is, mint Stuttgartban, k\u00e9tszer egy h\u00f3napban van szentmise a Szent Apostolok bazilik\u00e1ban. A v\u00e1rosban \u00e9s k\u00f6rny\u00e9k\u00e9n hat-h\u00e9tezer honfit\u00e1rsunk \u00e9l, ez is egy sz\u00f3rv\u00e1nyk\u00f6z\u00f6ss\u00e9g, amely az ut\u00f3bbi k\u00e9t-h\u00e1rom \u00e9vben a munkaer\u0151piac megnyit\u00e1sa \u00f3ta \u00e1lland\u00f3an n\u0151. &nbsp; Azt is megtudtuk, hogy \u00e1lland\u00f3 programjaik k\u00f6z\u00e9 tartozik a havonta egyszer megrendezett \u201eZen\u00e9s irodalmi k\u00e1v\u00e9h\u00e1z\u201d, ahol k\u00e1v\u00e9 \u00e9s s\u00fctem\u00e9ny mellett k\u00f6tetlen besz\u00e9lget\u00e9sre v\u00e1rj\u00e1k a zen\u00e9t \u00e9s irodalmat kedvel\u0151 \u00e9rdekl\u0151d\u0151ket, \u201eZene\u00f3vi + K\u00e9zm\u0171ves\u201d valamint a \u201eMagyar Iskola\u201d program keret\u00e9n bel\u00fcl a gyerekek megtanulnak helyesen magyarul besz\u00e9lni. &nbsp; A k\u00f6lni testv\u00e9rk\u00f6z\u00f6ss\u00e9g is minden \u00e9vben zar\u00e1ndokutat szervez. Id\u00e9n egyhetes erd\u00e9lyi kir\u00e1ndul\u00e1son \u00e9s a cs\u00edksomly\u00f3i zar\u00e1ndoklaton vesz r\u00e9szt egy h\u00fasztag\u00fa zar\u00e1ndokcsoport. &nbsp; A hagyom\u00e1nyos 18.00 \u00f3r\u00e1s szentmis\u00e9t ez\u00fattal is r\u00f3zsaf\u00fcz\u00e9r im\u00e1dkoz\u00e1s\u00e1val kezdt\u00fck, majd J\u00f3zsef atya pr\u00e9dik\u00e1ci\u00f3j\u00e1n \u00e9p\u00fclt\u00fcnk. &nbsp; A k\u00f6z\u00f6s szentmise ut\u00e1n bibliak\u00f6r volt, amelynek keret\u00e9n bel\u00fcl h\u00fasmentes hideg vacsor\u00e1ra h\u00edvtuk meg... R\u00e9szletek"}