{"version":"1.0","provider_name":"Stuttgarti Katolikusok","provider_url":"https:\/\/stuttgarti-katolikusok.de","title":"Editk\u00e9re eml\u00e9kezve - Stuttgarti Katolikusok","type":"rich","width":600,"height":338,"html":"<blockquote class=\"wp-embedded-content\" data-secret=\"72gxpimWZh\"><a href=\"https:\/\/stuttgarti-katolikusok.de\/index.php\/editkere-emlekezve\/\">Editk\u00e9re eml\u00e9kezve<\/a><\/blockquote><iframe sandbox=\"allow-scripts\" security=\"restricted\" src=\"https:\/\/stuttgarti-katolikusok.de\/index.php\/editkere-emlekezve\/embed\/#?secret=72gxpimWZh\" width=\"600\" height=\"338\" title=\"&#8220;Editk\u00e9re eml\u00e9kezve&#8221; &#8212; Stuttgarti Katolikusok\" data-secret=\"72gxpimWZh\" frameborder=\"0\" marginwidth=\"0\" marginheight=\"0\" scrolling=\"no\" class=\"wp-embedded-content\"><\/iframe><script type=\"text\/javascript\">\n\/* <![CDATA[ *\/\n\/*! This file is auto-generated *\/\n!function(d,l){\"use strict\";l.querySelector&&d.addEventListener&&\"undefined\"!=typeof URL&&(d.wp=d.wp||{},d.wp.receiveEmbedMessage||(d.wp.receiveEmbedMessage=function(e){var t=e.data;if((t||t.secret||t.message||t.value)&&!\/[^a-zA-Z0-9]\/.test(t.secret)){for(var s,r,n,a=l.querySelectorAll('iframe[data-secret=\"'+t.secret+'\"]'),o=l.querySelectorAll('blockquote[data-secret=\"'+t.secret+'\"]'),c=new RegExp(\"^https?:$\",\"i\"),i=0;i<o.length;i++)o[i].style.display=\"none\";for(i=0;i<a.length;i++)s=a[i],e.source===s.contentWindow&&(s.removeAttribute(\"style\"),\"height\"===t.message?(1e3<(r=parseInt(t.value,10))?r=1e3:~~r<200&&(r=200),s.height=r):\"link\"===t.message&&(r=new URL(s.getAttribute(\"src\")),n=new URL(t.value),c.test(n.protocol))&&n.host===r.host&&l.activeElement===s&&(d.top.location.href=t.value))}},d.addEventListener(\"message\",d.wp.receiveEmbedMessage,!1),l.addEventListener(\"DOMContentLoaded\",function(){for(var e,t,s=l.querySelectorAll(\"iframe.wp-embedded-content\"),r=0;r<s.length;r++)(t=(e=s[r]).getAttribute(\"data-secret\"))||(t=Math.random().toString(36).substring(2,12),e.src+=\"#?secret=\"+t,e.setAttribute(\"data-secret\",t)),e.contentWindow.postMessage({message:\"ready\",secret:t},\"*\")},!1)))}(window,document);\n\/\/# sourceURL=https:\/\/stuttgarti-katolikusok.de\/wp-includes\/js\/wp-embed.min.js\n\/* ]]> *\/\n<\/script>\n","thumbnail_url":"https:\/\/stuttgarti-katolikusok.de\/wp-content\/uploads\/2025\/08\/kovacs-editke-6.jpg","thumbnail_width":800,"thumbnail_height":600,"description":"\u201eHa visszan\u00e9zek a megtett \u00fatra, mit j\u00e1rtam eddig, Bel\u00e9d fog\u00f3zva; A sz\u00edvem h\u00e1l\u00e1s, magasztal T\u00e9ged. K\u00f6sz\u00f6n\u00f6k mindent, J\u00e9zus, Ten\u00e9ked.\u201d &nbsp; Egy k\u00f6zkedvelt ifj\u00fas\u00e1gi \u00e9nek fenti sorai jutottak eszembe, amikoris augusztus 14-\u00e9n megtal\u00e1lt a h\u00edr: Kov\u00e1cs, sz\u00fcl. Verest\u00f3y Edit-Brigitta, aki 1932. okt\u00f3ber 16-\u00e1n sz\u00fcletett Brass\u00f3ban, 2025. augusztus 14-re virrad\u00f3an csendben elaludt, haza\u00e9rkezett az \u00f6r\u00f6kk\u00e9val\u00f3s\u00e1gba. Szem\u00e9lyesen 2025. j\u00falius 22-\u00e9n l\u00e1togattam meg Editk\u00e9t otthon\u00e1ban. \u00d6r\u00f6mteli \u00e9s feledhetetlen tal\u00e1lkoz\u00e1s volt ez sz\u00e1momra is. Vittem a szentkenet szents\u00e9g\u00e9t, az \u00dar J\u00e9zust az Olt\u00e1riszents\u00e9gben. Azt\u00e1n pedig, eml\u00e9keket sokas\u00e1g\u00e1t h\u00edvtuk \u00e9letre. Egyszer\u0171en csak \u00f6r\u00fclt\u00fcnk egym\u00e1snak! \u00d6r\u00f6mmel \u00e9s h\u00e1l\u00e1val sz\u00edv\u00e9ben besz\u00e9lt a t\u00e1rgyakr\u00f3l, s mindazon eml\u00e9kekr\u0151l, melyek szeretett f\u00e9rj\u00e9hez, J\u00f3sk\u00e1hoz kapcsol\u00f3dtak. Lelkem m\u00e9ly\u00e9n ekkor m\u00e1r \u00e9reztem, Editke v\u00e1rja az \u00fajratal\u00e1lkoz\u00e1st. Gyeng\u00e9cske volt, ennek hangot is adott. Fia k\u00f6zel\u00e9ben lett volna az \u00faj otthona, ahol vigy\u00e1ztak volna r\u00e1. B\u00e1r mostanra minden k\u00e9szen volt, de meggy\u0151z\u0151d\u00e9sem, hogy v\u00e1gyott az \u00f6r\u00f6k haz\u00e1ba. Meg\u00e9rkezett, s szeretett f\u00e9rj\u00e9vel Isten \u00f6r\u00f6k sz\u00edne-l\u00e1t\u00e1s\u00e1nak \u00f6rvendeznek. A k\u00f6z\u00f6s eml\u00e9keket felid\u00e9zve, a h\u00e1la \u00e9s k\u00f6sz\u00f6net \u00e9rz\u00e9seit hordozom \u00e9n is sz\u00edvemben. A maga term\u00e9szetess\u00e9g\u00e9ben mondom, Editke mindannyiunknak hi\u00e1nyozni fog. 2025.szeptember 5-\u00e9n (p\u00e9nteken), 11.00 \u00f3rakor, Schorndorfban, a Neuer Friedhof-ban helyezz\u00fck f\u00f6ldi hamvait v\u00e9gs\u0151 nyugalomra. Csal\u00e1dtagjaival egy\u00fctt v\u00e1runk Benneteket. A szeptember 26-ai klubfoglalkoz\u00e1sunkon pedig Editke eml\u00e9ke el\u0151tt szeretn\u00e9nk tisztelegni, felid\u00e9zve a legszebb pillanatait a tal\u00e1lkoz\u00f3inkon. Eml\u00e9k\u00e9t szeretettel \u00e9s h\u00e1l\u00e1val \u0151rizz\u00fck meg sz\u00edv\u00fcnkben. Erd\u0151sn\u00e9 Nyitrai Erik\u00e1nak \u00e9s kedves f\u00e9rj\u00e9nek, S\u00e1ndornak pedig k\u00f6sz\u00f6n\u00f6m, hogy megsz\u00f3l\u00edtottatok. Ugyanis, augusztus 22-\u00e9t megel\u0151z\u0151 szombaton l\u00e1togatt\u00e1tok meg Editk\u00e9t otthon\u00e1ban. \u00a0Jelezt\u00e9tek, hogy Editke v\u00e1r. Erika sorait k\u00f6lcs\u00f6nz\u00f6m, amelyet a Bar\u00e1ts\u00e1gklub WhatsApp-os csoportj\u00e1ban osztott meg vel\u00fcnk: \u201eDr\u00e1ga Editke! Te csak j\u00e1tszd tov\u00e1bb a mennyek orsz\u00e1g\u00e1ban a dallamot, amit oly sokszor nek\u00fcnk adt\u00e1l \u2013 mi itt lent mindig hallani fogjuk. Te csak j\u00e1tssz\u00a0m\u00e9g\u2026\u201d Tibor atya K\u00e9t tal\u00e1lkoz\u00f3nk k\u00e9p\u00f6ssze\u00e1ll\u00edt\u00e1s\u00e1t is megosztom: 2024. november 8. You are currently viewing a placeholder content from Default. To access the actual content, click the button below.... R\u00e9szletek"}