{"version":"1.0","provider_name":"Stuttgarti Katolikusok","provider_url":"https:\/\/stuttgarti-katolikusok.de","title":"Dr. Klaus Kr\u00e4mer p\u00fcsp\u00f6k nagyb\u00f6jti \u00fczenete - Stuttgarti Katolikusok","type":"rich","width":600,"height":338,"html":"<blockquote class=\"wp-embedded-content\" data-secret=\"uPxWGwxxNF\"><a href=\"https:\/\/stuttgarti-katolikusok.de\/index.php\/dr-klaus-kramer-puspok-nagybojti-uzenete\/\">Dr. Klaus Kr\u00e4mer p\u00fcsp\u00f6k nagyb\u00f6jti \u00fczenete<\/a><\/blockquote><iframe sandbox=\"allow-scripts\" security=\"restricted\" src=\"https:\/\/stuttgarti-katolikusok.de\/index.php\/dr-klaus-kramer-puspok-nagybojti-uzenete\/embed\/#?secret=uPxWGwxxNF\" width=\"600\" height=\"338\" title=\"&#8220;Dr. Klaus Kr\u00e4mer p\u00fcsp\u00f6k nagyb\u00f6jti \u00fczenete&#8221; &#8212; Stuttgarti Katolikusok\" data-secret=\"uPxWGwxxNF\" frameborder=\"0\" marginwidth=\"0\" marginheight=\"0\" scrolling=\"no\" class=\"wp-embedded-content\"><\/iframe><script type=\"text\/javascript\">\n\/* <![CDATA[ *\/\n\/*! This file is auto-generated *\/\n!function(d,l){\"use strict\";l.querySelector&&d.addEventListener&&\"undefined\"!=typeof URL&&(d.wp=d.wp||{},d.wp.receiveEmbedMessage||(d.wp.receiveEmbedMessage=function(e){var t=e.data;if((t||t.secret||t.message||t.value)&&!\/[^a-zA-Z0-9]\/.test(t.secret)){for(var s,r,n,a=l.querySelectorAll('iframe[data-secret=\"'+t.secret+'\"]'),o=l.querySelectorAll('blockquote[data-secret=\"'+t.secret+'\"]'),c=new RegExp(\"^https?:$\",\"i\"),i=0;i<o.length;i++)o[i].style.display=\"none\";for(i=0;i<a.length;i++)s=a[i],e.source===s.contentWindow&&(s.removeAttribute(\"style\"),\"height\"===t.message?(1e3<(r=parseInt(t.value,10))?r=1e3:~~r<200&&(r=200),s.height=r):\"link\"===t.message&&(r=new URL(s.getAttribute(\"src\")),n=new URL(t.value),c.test(n.protocol))&&n.host===r.host&&l.activeElement===s&&(d.top.location.href=t.value))}},d.addEventListener(\"message\",d.wp.receiveEmbedMessage,!1),l.addEventListener(\"DOMContentLoaded\",function(){for(var e,t,s=l.querySelectorAll(\"iframe.wp-embedded-content\"),r=0;r<s.length;r++)(t=(e=s[r]).getAttribute(\"data-secret\"))||(t=Math.random().toString(36).substring(2,12),e.src+=\"#?secret=\"+t,e.setAttribute(\"data-secret\",t)),e.contentWindow.postMessage({message:\"ready\",secret:t},\"*\")},!1)))}(window,document);\n\/\/# sourceURL=https:\/\/stuttgarti-katolikusok.de\/wp-includes\/js\/wp-embed.min.js\n\/* ]]> *\/\n<\/script>\n","thumbnail_url":"https:\/\/stuttgarti-katolikusok.de\/wp-content\/uploads\/2025\/03\/klaus-kramer-jochen-wiedemann.jpg","thumbnail_width":630,"thumbnail_height":420,"description":"Kedves Testv\u00e9rek, a h\u00fasv\u00e9tot megel\u0151z\u0151 b\u0171nb\u00e1nati id\u0151 elej\u00e9n egy els\u0151 lelkip\u00e1sztori lev\u00e9llel szeretn\u00e9k mindannyiukhoz fordulni. Sz\u00e1z nap telt el december 1-je \u00f3ta, amikor p\u00fcsp\u00f6kk\u00e9 szenteltek. Sz\u00edvesen ragadom az alkalmat, hogy a sok j\u00f3k\u00edv\u00e1ns\u00e1got, amit az Egyh\u00e1zmegye minden t\u00e1j\u00e1r\u00f3l kaptam, tiszta sz\u00edvb\u0151l megk\u00f6sz\u00f6njem. K\u00fcl\u00f6n\u00f6sen k\u00f6sz\u00f6n\u00f6m im\u00e1ds\u00e1gaikat. Az elm\u00falt hetekben p\u00fcsp\u00f6ks\u00e9g\u00fcnket mindenekel\u0151tt imak\u00f6z\u00f6ss\u00e9gnek tapasztaltam. Ez a tapasztalat er\u0151s\u00edt \u00e9s b\u00e1tor\u00edt, hogy \u00d6n\u00f6kkel egy\u00fctt Egyh\u00e1zmegy\u00e9nkben \u00faj l\u00e9p\u00e9seket tegy\u00fcnk. A h\u00fasv\u00e9ti b\u0171nb\u00e1nat id\u0151 kezdet\u00e9n J\u00e9zus figyelmeztet\u0151 szava \u00e1ll: \u201eT\u00e9rjetek meg \u00e9s higgyetek az evang\u00e9liumban\u201d. Ez a felh\u00edv\u00e1s mindannyiunkat \u00e9rint. Felh\u00edv\u00e1s, hogy ebben a 4O napban intenz\u00edvebben tekints\u00fcnk \u00e9let\u00fcnkre, utunknak \u00faj ir\u00e1nyt adjunk J\u00e9zus Krisztus fel\u00e9. \u0150 a vez\u00e9rcsillagunk, amelyhez igazodunk. A j\u00f3 h\u00edr, amit hirdetett, a rem\u00e9ny k\u00f6vete \u2013 Isten irgalmas szeretet\u00e9nek \u00edg\u00e9rete, amely mindenkit \u00e9rint. Akik tal\u00e1lkoztak J\u00e9zussal, \u00e9rezt\u00e9k: Szavaiban Isten besz\u00e9l hozz\u00e1nk. Isten szava a forr\u00e1s, amelyb\u0151l mindig \u00fajra er\u0151t mer\u00edthet\u00fcnk \u00e9let\u00fcnkh\u00f6z. Mert \u201enem csak keny\u00e9rrel \u00e9l az ember, hanem minden ig\u00e9vel, ami Isten sz\u00e1j\u00e1b\u00f3l sz\u00e1rmazik\u201d (Mt 4,4) Ami minden egyes kereszt\u00e9ny sz\u00e1m\u00e1ra \u00e9rv\u00e9nyes, az \u00e9rv\u00e9nyes minden h\u00edv\u0151 k\u00f6z\u00f6ss\u00e9g sz\u00e1m\u00e1ra is: Az Egyh\u00e1znak is mindig \u00fajra kell az evang\u00e9lium ut\u00e1n t\u00e1j\u00e9koz\u00f3dni, mindig tudatosan Isten szava al\u00e1 kell rendelje mag\u00e1t, hogy felismerje az utat, amelyet, mint h\u00edv\u0151k k\u00f6z\u00f6sen kell megtenn\u00fcnk: Hogyan lehet\u00fcnk az Evang\u00e9lium hiteles tan\u00fai az \u00fcdv\u00f6z\u00edt\u0151 h\u00edrnek, amely \u00e1ltalunk el akarja \u00e9rni az emberek sz\u00edv\u00e9t. \u00c9s ezt egy olyan id\u0151szakban, amikor \u00fagy t\u0171nik, hogy egyre t\u00f6bben fordulnak el a hitt\u0151l \u00e9s az egyh\u00e1zt\u00f3l. Hogyan siker\u00fclhetne, hogy \u0151k is legm\u00e9lyebb l\u00e9ny\u00fckben megtapasztalj\u00e1k, hogy Isten elfogadja \u00e9s szereti \u0151ket. Az Egyh\u00e1z, amely az evang\u00e9liumhoz igazodik tan\u00edt\u00e1s\u00e1ban, mint J\u00e9zus, mindenekel\u0151tt azokat fogja szemmel tartani, akik a t\u00e1rsadalom sz\u00e9l\u00e9n \u00e9lnek, akiket figyelmen k\u00edv\u00fcl hagynak, akik az \u00e9let \u00e1rnyoldal\u00e1n vannak. Ilyen emberekkel tal\u00e1lkozunk napjainkban \u2013 k\u00f6zvetlen \u00e9letk\u00f6r\u00fcnkben, a v\u00e1rosok \u00e9s falvak utc\u00e1in, terein. Mint vil\u00e1gszerte elterjedt hitk\u00f6z\u00f6ss\u00e9get nem hagyhat \u00e9rintetlen\u00fcl azon emberek sorsa, akik a vil\u00e1g... R\u00e9szletek"}