{"version":"1.0","provider_name":"Stuttgarti Katolikusok","provider_url":"https:\/\/stuttgarti-katolikusok.de","title":"Dr. Horv\u00e1th Diana: Kincseket tal\u00e1lni - Stuttgarti Katolikusok","type":"rich","width":600,"height":338,"html":"<blockquote class=\"wp-embedded-content\" data-secret=\"LARbeMBQHN\"><a href=\"https:\/\/stuttgarti-katolikusok.de\/index.php\/dr-horvath-diana-kincseket-talalni\/\">Dr. Horv\u00e1th Diana: Kincseket tal\u00e1lni<\/a><\/blockquote><iframe sandbox=\"allow-scripts\" security=\"restricted\" src=\"https:\/\/stuttgarti-katolikusok.de\/index.php\/dr-horvath-diana-kincseket-talalni\/embed\/#?secret=LARbeMBQHN\" width=\"600\" height=\"338\" title=\"&#8220;Dr. Horv\u00e1th Diana: Kincseket tal\u00e1lni&#8221; &#8212; Stuttgarti Katolikusok\" data-secret=\"LARbeMBQHN\" frameborder=\"0\" marginwidth=\"0\" marginheight=\"0\" scrolling=\"no\" class=\"wp-embedded-content\"><\/iframe><script type=\"text\/javascript\">\n\/* <![CDATA[ *\/\n\/*! This file is auto-generated *\/\n!function(d,l){\"use strict\";l.querySelector&&d.addEventListener&&\"undefined\"!=typeof URL&&(d.wp=d.wp||{},d.wp.receiveEmbedMessage||(d.wp.receiveEmbedMessage=function(e){var t=e.data;if((t||t.secret||t.message||t.value)&&!\/[^a-zA-Z0-9]\/.test(t.secret)){for(var s,r,n,a=l.querySelectorAll('iframe[data-secret=\"'+t.secret+'\"]'),o=l.querySelectorAll('blockquote[data-secret=\"'+t.secret+'\"]'),c=new RegExp(\"^https?:$\",\"i\"),i=0;i<o.length;i++)o[i].style.display=\"none\";for(i=0;i<a.length;i++)s=a[i],e.source===s.contentWindow&&(s.removeAttribute(\"style\"),\"height\"===t.message?(1e3<(r=parseInt(t.value,10))?r=1e3:~~r<200&&(r=200),s.height=r):\"link\"===t.message&&(r=new URL(s.getAttribute(\"src\")),n=new URL(t.value),c.test(n.protocol))&&n.host===r.host&&l.activeElement===s&&(d.top.location.href=t.value))}},d.addEventListener(\"message\",d.wp.receiveEmbedMessage,!1),l.addEventListener(\"DOMContentLoaded\",function(){for(var e,t,s=l.querySelectorAll(\"iframe.wp-embedded-content\"),r=0;r<s.length;r++)(t=(e=s[r]).getAttribute(\"data-secret\"))||(t=Math.random().toString(36).substring(2,12),e.src+=\"#?secret=\"+t,e.setAttribute(\"data-secret\",t)),e.contentWindow.postMessage({message:\"ready\",secret:t},\"*\")},!1)))}(window,document);\n\/\/# sourceURL=https:\/\/stuttgarti-katolikusok.de\/wp-includes\/js\/wp-embed.min.js\n\/* ]]> *\/\n<\/script>\n","thumbnail_url":"https:\/\/stuttgarti-katolikusok.de\/wp-content\/uploads\/2020\/07\/bicajzari.jpg","thumbnail_width":663,"thumbnail_height":372,"description":"Kincseket tal\u00e1lni&#8230; \u00dcres utc\u00e1k, gy\u00e1rak, c\u00e9gek, iskol\u00e1k, boltok, sz\u00ednh\u00e1zak, s\u0151t m\u00e9g a templomok is z\u00e1rva\u2026 Ha valaki \u00edgy kezdene egy filmet, az a sci-fi kateg\u00f3ri\u00e1ban kasszasiker lenne. M\u00e1rpedig ez nem film, hanem m\u00e1rcius k\u00f6zepe \u00f3ta majdnem \u00e1lland\u00f3an \u00e9s vil\u00e1gszerte val\u00f3s\u00e1gg\u00e1 v\u00e1lt. Be kellett z\u00e1rk\u00f3znunk! Ker\u00fcln\u00fcnk kellett az egym\u00e1ssal val\u00f3 tal\u00e1lkoz\u00e1st! M\u00e9g a h\u00fasv\u00e9ti \u00fcnnepeket sem tudtuk k\u00f6z\u00f6ss\u00e9gben \u00fcnnepelni, ami m\u00e9g soha nem fordult el\u0151 a kereszt\u00e9nys\u00e9g t\u00f6rt\u00e9nelm\u00e9ben. Nem is besz\u00e9lve arr\u00f3l, ami minket, stuttgarti h\u00edveket ugyanolyan keser\u0171en \u00e9rintett: a megszokott \u00e9ves nagyzar\u00e1ndoklatunk &#8211; id\u00e9n Compostel\u00e1ba ment\u00fcnk volna &#8211; elmaradt&#8230; \u201eDe ahol egy ajt\u00f3 bez\u00e1rkozik, ott Isten kinyit egy ablakot\u201d \u2013 mondja egy okos kereszt\u00e9ny k\u00f6zmond\u00e1s. Compostela helyett j\u00fanius 1-j\u00e9n a n\u00e9met Camin\u00f3 Winnendenb\u0151l Esslingenbe vezet\u0151 szakasz\u00e1r j\u00e1rtuk be, Szentjakab nyom\u00e1n! Majd j\u00falius 4-\u00e9n Szent M\u00e1rton nyom\u00e1t is bej\u00e1rtunk gyalog, ugyancsak 22 km-t t\u00e9ve meg Herrenbergb\u0151l B\u00f6blingenig. V\u00e9g\u00fcl j\u00falius 11-\u00e9n, m\u00falt szombaton, m\u00e9g a 2010 \u00f3ta hagyom\u00e1nyos bicaj-zarit is megtudtuk tartani. Boldogan k\u00e9sz\u00fcltem p\u00e9ntek este, de mikor szombat reggel kor\u00e1n kin\u00e9ztem az ablakon, azt hittem rosszul l\u00e1tok: es\u0151 \u00e9s 13 \u00b0&#8230; \u0150szint\u00e9n megmondva, egy kicsit beijedtem. Mi lesz most? Ki fog egy\u00e1ltal\u00e1n j\u00f6nni? Induljak egy\u00e1ltal\u00e1n \u00fatnak? De az \u00c9va \u00e1ltal l\u00e9trehozott \u00a0WhatsApp-csoport t\u00f6bbi r\u00e9sztvev\u0151it\u0151l egyre m\u00e1sra j\u00f6ttek a b\u00e1tor\u00edt\u00f3 h\u00edrek: egyesek az S-Bahnb\u00f3l k\u00fcldtek k\u00e9pek, hogy l\u00e1ssuk: elindultak; m\u00e1sok egy ut\u00e1nfut\u00f3val indultak \u00fatnak, telerakva biciklivel; Imre atya azt \u00edrta: besz\u00e9lt Szent P\u00e9terrel, aki azt \u00fczente a csapatnak, hogy csak a b\u00e1tors\u00e1gunkat akarja pr\u00f3b\u00e1ra tenni, ne rezelj\u00fcnk be&#8230; Erre m\u00e1r \u00e9n sem hagytam magam: el indultam a Plochingen-i \u00e1llom\u00e1sra, ahol 9 \u00f3rakor volt a tal\u00e1lka. M\u00e1r majdnem mindenki ott volt. Ott a gyalogzarir\u00f3l m\u00e1r ismert \u201ecsigacsapat\u201d (ezuttal hatan k\u00e9pviseltett\u00e9k magukat: Gr\u00e9ti, Anika, Patri, R\u00e9ka, No\u00e9mi \u00e9s Emese), \u00e9s ott volt szinte mind a 19 feln\u0151tt. Az indul\u00e1sn\u00e1l, ahogyan azt m\u00e9g nagymam\u00e1mt\u00f3l tanultam, ezt mondtam magamban: \u201eSzent Krist\u00f3f, az utasok v\u00e9d\u0151szentje, l\u00e9gy vel\u00fcnk!\u201d... R\u00e9szletek"}