{"version":"1.0","provider_name":"Stuttgarti Katolikusok","provider_url":"https:\/\/stuttgarti-katolikusok.de","title":"Dr. Gebhard F\u00fcrst p\u00fcsp\u00f6k nagyb\u00f6jti \u00fczenete - Stuttgarti Katolikusok","type":"rich","width":600,"height":338,"html":"<blockquote class=\"wp-embedded-content\" data-secret=\"2GtKtUZtT6\"><a href=\"https:\/\/stuttgarti-katolikusok.de\/index.php\/dr-gebhard-furst-puspok-nagybojti-uzenete\/\">Dr. Gebhard F\u00fcrst p\u00fcsp\u00f6k nagyb\u00f6jti \u00fczenete<\/a><\/blockquote><iframe sandbox=\"allow-scripts\" security=\"restricted\" src=\"https:\/\/stuttgarti-katolikusok.de\/index.php\/dr-gebhard-furst-puspok-nagybojti-uzenete\/embed\/#?secret=2GtKtUZtT6\" width=\"600\" height=\"338\" title=\"&#8220;Dr. Gebhard F\u00fcrst p\u00fcsp\u00f6k nagyb\u00f6jti \u00fczenete&#8221; &#8212; Stuttgarti Katolikusok\" data-secret=\"2GtKtUZtT6\" frameborder=\"0\" marginwidth=\"0\" marginheight=\"0\" scrolling=\"no\" class=\"wp-embedded-content\"><\/iframe><script type=\"text\/javascript\">\n\/* <![CDATA[ *\/\n\/*! This file is auto-generated *\/\n!function(d,l){\"use strict\";l.querySelector&&d.addEventListener&&\"undefined\"!=typeof URL&&(d.wp=d.wp||{},d.wp.receiveEmbedMessage||(d.wp.receiveEmbedMessage=function(e){var t=e.data;if((t||t.secret||t.message||t.value)&&!\/[^a-zA-Z0-9]\/.test(t.secret)){for(var s,r,n,a=l.querySelectorAll('iframe[data-secret=\"'+t.secret+'\"]'),o=l.querySelectorAll('blockquote[data-secret=\"'+t.secret+'\"]'),c=new RegExp(\"^https?:$\",\"i\"),i=0;i<o.length;i++)o[i].style.display=\"none\";for(i=0;i<a.length;i++)s=a[i],e.source===s.contentWindow&&(s.removeAttribute(\"style\"),\"height\"===t.message?(1e3<(r=parseInt(t.value,10))?r=1e3:~~r<200&&(r=200),s.height=r):\"link\"===t.message&&(r=new URL(s.getAttribute(\"src\")),n=new URL(t.value),c.test(n.protocol))&&n.host===r.host&&l.activeElement===s&&(d.top.location.href=t.value))}},d.addEventListener(\"message\",d.wp.receiveEmbedMessage,!1),l.addEventListener(\"DOMContentLoaded\",function(){for(var e,t,s=l.querySelectorAll(\"iframe.wp-embedded-content\"),r=0;r<s.length;r++)(t=(e=s[r]).getAttribute(\"data-secret\"))||(t=Math.random().toString(36).substring(2,12),e.src+=\"#?secret=\"+t,e.setAttribute(\"data-secret\",t)),e.contentWindow.postMessage({message:\"ready\",secret:t},\"*\")},!1)))}(window,document);\n\/\/# sourceURL=https:\/\/stuttgarti-katolikusok.de\/wp-includes\/js\/wp-embed.min.js\n\/* ]]> *\/\n<\/script>\n","thumbnail_url":"https:\/\/stuttgarti-katolikusok.de\/wp-content\/uploads\/2020\/07\/furst2.jpg","thumbnail_width":1280,"thumbnail_height":720,"description":"P\u00fcsp\u00f6ki lev\u00e9l a Rottenburg-Stuttgarti Egyh\u00e1zmegye egyh\u00e1zk\u00f6zs\u00e9gei sz\u00e1m\u00e1ra a 2022-es h\u00fasv\u00e9ti b\u0171nb\u00e1nati id\u0151szakra Nagyb\u00f6jt 1. vas\u00e1rnapja m\u00e1rcius 6. Dr. Gebhard F\u00fcrst p\u00fcsp\u00f6k Az egyh\u00e1z struktur\u00e1lis \u00e9s lelki meg\u00fajul\u00e1sa J\u00e9zus Krisztus szellem\u00e9ben Kedves Gy\u00fclekezeti tagok, kedves N\u0151v\u00e9rek \u00e9s Testv\u00e9rek! A h\u00fasv\u00e9ti b\u0171nb\u00e1nati id\u0151szak kezdet\u00e9n sz\u00edvb\u0151l j\u00f6v\u0151 szeretettel fordulok \u00d6n\u00f6kh\u00f6z. De ugyanakkor m\u00e9ly aggodalommal is. Neh\u00e9z id\u0151ket \u00e9l\u00fcnk. A nyugtalan\u00edt\u00f3 esem\u00e9nyek &#8211; b\u00e1rmerre is n\u00e9z\u00fcnk &#8211; lehangolnak minket \u00e9s sokakat megr\u00e9m\u00edtenek. A viharos id\u0151k viharos konfliktusokba sodornak benn\u00fcnket. A kib\u00e9k\u00edthetetlen helyzetek sz\u00e9tszak\u00edtj\u00e1k az egy\u00fctt\u00e9l\u00e9s\u00fcnket, \u00e9s megosztotts\u00e1ghoz vezetnek. A koronav\u00edrus-j\u00e1rv\u00e1ny harmadik \u00e9v\u00e9ben tov\u00e1bbra is a betegs\u00e9g \u00e9s a hal\u00e1l, a mag\u00e1ny \u00e9s a mut\u00e1l\u00f3d\u00f3 v\u00edrus okozta egzisztenci\u00e1lis szorong\u00e1s miatt szenved\u00fcnk. M\u00e9g ink\u00e1bb \u00e9rezz\u00fck egyh\u00e1zunk megr\u00e1z\u00f3 v\u00e1ls\u00e1g\u00e1t. \u00dajra \u00e9s \u00fajra \u00fajabb \u00e9s \u00fajabb botr\u00e1nyok ker\u00fclnek napvil\u00e1gra a papok, diak\u00f3nusok, egyh\u00e1zi szem\u00e9lyek \u00e9s egyh\u00e1zi alkalmazottak \u00e1ltal gyermekek \u00e9s fiatalok ellen elk\u00f6vetett vissza\u00e9l\u00e9sekkel kapcsolatban. Mindebben k\u00fcl\u00f6n\u00f6sen megd\u00f6bbent\u0151nek tartom a vissza\u00e9l\u00e9sek \u00e1ltal \u00e9rintettekkel szembeni rideg, elutas\u00edt\u00f3 b\u00e1n\u00e1sm\u00f3dot, a szenved\u00e9seik semmibe v\u00e9tel\u00e9t \u00e9s a seg\u00edts\u00e9g elutas\u00edt\u00e1s\u00e1t a legmagasabb egyh\u00e1zi tiszts\u00e9gvisel\u0151k r\u00e9sz\u00e9r\u0151l. A b\u0171ncselekm\u00e9nyeknek az elk\u00f6vet\u0151k felt\u00e9telezett v\u00e9delme \u00e9rdek\u00e9ben t\u00f6rt\u00e9n\u0151 elhom\u00e1lyos\u00edt\u00e1s\u00e1val kapcsolatban tov\u00e1bbi, a rendszerben rejl\u0151 probl\u00e9m\u00e1k v\u00e1lnak nyilv\u00e1nval\u00f3v\u00e1: a nyilv\u00e1noss\u00e1gra ker\u00fclt hatalommal val\u00f3 vissza\u00e9l\u00e9s, az egyh\u00e1z meg\u00fajul\u00e1s\u00e1nak elutas\u00edt\u00e1sa, a k\u00e9ptelens\u00e9g arra, hogy az embereket egy\u00e9ni \u00e9lethelyzet\u00fckben elfogadjuk, \u00e9s megbecs\u00fcl\u00e9ssel b\u00e1njunk vel\u00fck, \u00e9s a k\u00e9ptelens\u00e9g, hogy a nagy probl\u00e9m\u00e1kat j\u00f6v\u0151orient\u00e1lt m\u00f3don kezelj\u00fck. Mindez rendk\u00edv\u00fcli m\u00f3don megterheli az egyh\u00e1zi egy\u00fcttl\u00e9t\u00fcnket. Egyh\u00e1zunk l\u00e9te vesz\u00e9lyben van. Kedves N\u0151v\u00e9reim \u00e9s Testv\u00e9reim, p\u00fcsp\u00f6kk\u00e9nt felel\u0151ss\u00e9get kell v\u00e1llalnom. \u00d6n\u00f6kkel egy\u00fctt szeretn\u00e9k az egyh\u00e1z fenntarthat\u00f3 meg\u00fajul\u00e1s\u00e1\u00e9rt dolgozni. Az egyh\u00e1z struktur\u00e1lis meg\u00fajul\u00e1s\u00e1\u00e9rt, de a lelki meg\u00fajul\u00e1s\u00e9rt is a sz\u00edv\u00fcnkben. Sok besz\u00e9lget\u00e9sb\u0151l, valamint a levelekb\u0151l \u00e9s az e-mailekb\u0151l, amelyeket sokan \u00edrtak \u00d6n\u00f6k k\u00f6z\u00fcl nekem, tudok az \u00d6n\u00f6kben l\u00e9v\u0151 d\u00fchr\u0151l, szomor\u00fas\u00e1gr\u00f3l \u00e9s csal\u00f3dotts\u00e1gr\u00f3l, \u00e9s tudok az \u00d6n\u00f6k meghasonlotts\u00e1g\u00e1r\u00f3l; k\u00fcl\u00f6n\u00f6sen akkor, amikor \u00d6n\u00f6k a felel\u0151s\u00f6k. Jelenleg sz\u00e1mos h\u00edv\u0151 ford\u00edt h\u00e1tat az egyh\u00e1znak, vagy hagyja el azt a hatalommal val\u00f3 vissza\u00e9l\u00e9s miatt: az\u00e9rt... R\u00e9szletek"}