{"version":"1.0","provider_name":"Stuttgarti Katolikusok","provider_url":"https:\/\/stuttgarti-katolikusok.de","title":"D\u00e9nes \u00c9va: Megosztott kincseink - Stuttgarti Katolikusok","type":"rich","width":600,"height":338,"html":"<blockquote class=\"wp-embedded-content\" data-secret=\"98Qe67iVtn\"><a href=\"https:\/\/stuttgarti-katolikusok.de\/index.php\/denes-eva-megosztott-kincseink\/\">D\u00e9nes \u00c9va: Megosztott kincseink<\/a><\/blockquote><iframe sandbox=\"allow-scripts\" security=\"restricted\" src=\"https:\/\/stuttgarti-katolikusok.de\/index.php\/denes-eva-megosztott-kincseink\/embed\/#?secret=98Qe67iVtn\" width=\"600\" height=\"338\" title=\"&#8220;D\u00e9nes \u00c9va: Megosztott kincseink&#8221; &#8212; Stuttgarti Katolikusok\" data-secret=\"98Qe67iVtn\" frameborder=\"0\" marginwidth=\"0\" marginheight=\"0\" scrolling=\"no\" class=\"wp-embedded-content\"><\/iframe><script type=\"text\/javascript\">\n\/* <![CDATA[ *\/\n\/*! This file is auto-generated *\/\n!function(d,l){\"use strict\";l.querySelector&&d.addEventListener&&\"undefined\"!=typeof URL&&(d.wp=d.wp||{},d.wp.receiveEmbedMessage||(d.wp.receiveEmbedMessage=function(e){var t=e.data;if((t||t.secret||t.message||t.value)&&!\/[^a-zA-Z0-9]\/.test(t.secret)){for(var s,r,n,a=l.querySelectorAll('iframe[data-secret=\"'+t.secret+'\"]'),o=l.querySelectorAll('blockquote[data-secret=\"'+t.secret+'\"]'),c=new RegExp(\"^https?:$\",\"i\"),i=0;i<o.length;i++)o[i].style.display=\"none\";for(i=0;i<a.length;i++)s=a[i],e.source===s.contentWindow&&(s.removeAttribute(\"style\"),\"height\"===t.message?(1e3<(r=parseInt(t.value,10))?r=1e3:~~r<200&&(r=200),s.height=r):\"link\"===t.message&&(r=new URL(s.getAttribute(\"src\")),n=new URL(t.value),c.test(n.protocol))&&n.host===r.host&&l.activeElement===s&&(d.top.location.href=t.value))}},d.addEventListener(\"message\",d.wp.receiveEmbedMessage,!1),l.addEventListener(\"DOMContentLoaded\",function(){for(var e,t,s=l.querySelectorAll(\"iframe.wp-embedded-content\"),r=0;r<s.length;r++)(t=(e=s[r]).getAttribute(\"data-secret\"))||(t=Math.random().toString(36).substring(2,12),e.src+=\"#?secret=\"+t,e.setAttribute(\"data-secret\",t)),e.contentWindow.postMessage({message:\"ready\",secret:t},\"*\")},!1)))}(window,document);\n\/\/# sourceURL=https:\/\/stuttgarti-katolikusok.de\/wp-includes\/js\/wp-embed.min.js\n\/* ]]> *\/\n<\/script>\n","thumbnail_url":"https:\/\/stuttgarti-katolikusok.de\/wp-content\/uploads\/2025\/03\/baratsagklub-4.jpg","thumbnail_width":2048,"thumbnail_height":1536,"description":"Nagyb\u00f6jti id\u0151 l\u00e9v\u00e9n, m\u00e1rcius 21-\u00e9n, p\u00e9nteken a kereszt\u00fati \u00e1jtatoss\u00e1g \u00e9s szentmise ut\u00e1n a Bar\u00e1ts\u00e1gklub m\u00e1rcius h\u00f3napra tervezett tal\u00e1lkoz\u00f3j\u00e1ra ker\u00fclt sor.\u00a0 A k\u00e9pgal\u00e9ri\u00e1t D\u00e9nes \u00c9va \u00edr\u00e1sa k\u00f6veti. You are currently viewing a placeholder content from Default. To access the actual content, click the button below. Please note that doing so will share data with third-party providers. Unblock content Accept required service and unblock content More Information A m\u00e1rcius 21-ei Bar\u00e1ts\u00e1gklubban Erika \u00e9s Judit ism\u00e9t sz\u00e9pen ter\u00edtett asztallal \u00e9s nagy szeretettel fogadtak. A tal\u00e1lkoz\u00f3ra mindenki egy \u201ekincset\u201d hozott el az \u00e9let\u00e9b\u0151l, ak\u00e1r t\u00e1rgyi, ak\u00e1r lelki kincset, melyet meghitt \u00e9s vid\u00e1m hangulatban osztott meg. El\u0151sz\u00f6r a Bal\u00e1zs \u00e1ltal mesteri pontoss\u00e1ggal hajtogatott, pap\u00edrb\u00f3l k\u00e9sz\u00fclt m\u0171alkot\u00e1sokat csod\u00e1ltuk meg, melyeket a term\u00e9szet ihletett \u00e9s t\u00f6bb ki\u00e1ll\u00edt\u00e1son is l\u00e1tni lehetett. Matyi a szenved\u00e9lyes motoros \u00e9s Sudokus, elmes\u00e9lte, hogy a poros Alf\u00f6ld\u00f6n szerzett tapasztalat\u00e1val az afrikai sivatagban is elk\u00e1pr\u00e1ztatta motorost\u00e1rsait. Szilvia a fot\u00f3ir\u00f3l mes\u00e9lt, melyeken az apr\u00f3 dolgokra helyezi a hangs\u00falyt. Sz\u00edvesen fest, sz\u00ednez \u00e9s megcsod\u00e1ltuk sz\u00edvmint\u00e1s t\u00e1skakre\u00e1ci\u00f3j\u00e1t is. Erzs\u00e9bet csod\u00e1s k\u00e9zimunk\u00e1ib\u00f3l hozott bemutat\u00f3t. A magyar mint\u00e1k h\u00edmz\u00e9se seg\u00edtett neki \u00e9s \u00e9desanyj\u00e1nak Argent\u00edn\u00e1ban a honv\u00e1gyukat enyh\u00edteni \u00e9s m\u00e1soknak is \u00f6r\u00f6met okoztak vele. Erzs\u00e9bet m\u00e1r k\u00e9t \u00e9rdekes el\u0151ad\u00e1st tartott nek\u00fcnk: Az \u00e1sv\u00e1nyokr\u00f3l \u00e9s az \u0151shonos magyar kuty\u00e1kr\u00f3l. J\u00f3magam f\u00e9nyk\u00e9peket hoztam az 1990-es \u00e9vek stuttgarti magyar rendezv\u00e9nyeir\u0151l. Az ismer\u0151s arcok felfedez\u00e9se mellett \u00e9rdekes volt l\u00e1tni, hogy pont \u00fagy, mint ma, akkor is, lelkes emberek szerveztek, ter\u00edtettek, szavaltak, daloltak, kir\u00e1ndultak \u00e9s elvitt\u00e9k azokat is, akik nem aut\u00f3ztak. Ma egy \u00faj gener\u00e1ci\u00f3 hozza el \u0151ket, hogy r\u00e9szesei lehessenek k\u00f6z\u00f6ss\u00e9g\u00fcnknek. Editke a zongor\u00e1n\u00e1l J\u00e1nos vit\u00e9z dalaival var\u00e1zsolt el \u2013 pont \u00fagy \u2013 mint 35 \u00e9vvel ezel\u0151tt is \u00e9s a zen\u00e9l\u00e9s, \u00e9nekl\u00e9s \u00f6sszetart\u00f3 erej\u00e9t \u00e9reztette vel\u00fcnk. G\u00e1sp\u00e1r versgy\u0171jt\u0151 szenved\u00e9ly\u00e9r\u0151l mes\u00e9lt \u00e9s elhozta nek\u00fcnk V\u00f6r\u00f6smarty Mih\u00e1ly \u201eA szeg\u00e9ny asszony k\u00f6nyve\u201d c\u00edm\u0171 verset. J\u00e1nos a sport \u00e9s a foci ir\u00e1nti szenved\u00e9ly\u00e9t osztotta meg vel\u00fcnk. Ann\u00e1t\u00f3l megtudtuk,... R\u00e9szletek"}