{"version":"1.0","provider_name":"Stuttgarti Katolikusok","provider_url":"https:\/\/stuttgarti-katolikusok.de","title":"December 7 \u00e9s 13 k\u00f6z\u00f6tt - Stuttgarti Katolikusok","type":"rich","width":600,"height":338,"html":"<blockquote class=\"wp-embedded-content\" data-secret=\"E0n0xhEbvt\"><a href=\"https:\/\/stuttgarti-katolikusok.de\/index.php\/december-7-es-13-kozott\/\">December 7 \u00e9s 13 k\u00f6z\u00f6tt<\/a><\/blockquote><iframe sandbox=\"allow-scripts\" security=\"restricted\" src=\"https:\/\/stuttgarti-katolikusok.de\/index.php\/december-7-es-13-kozott\/embed\/#?secret=E0n0xhEbvt\" width=\"600\" height=\"338\" title=\"&#8220;December 7 \u00e9s 13 k\u00f6z\u00f6tt&#8221; &#8212; Stuttgarti Katolikusok\" data-secret=\"E0n0xhEbvt\" frameborder=\"0\" marginwidth=\"0\" marginheight=\"0\" scrolling=\"no\" class=\"wp-embedded-content\"><\/iframe><script type=\"text\/javascript\">\n\/* <![CDATA[ *\/\n\/*! This file is auto-generated *\/\n!function(d,l){\"use strict\";l.querySelector&&d.addEventListener&&\"undefined\"!=typeof URL&&(d.wp=d.wp||{},d.wp.receiveEmbedMessage||(d.wp.receiveEmbedMessage=function(e){var t=e.data;if((t||t.secret||t.message||t.value)&&!\/[^a-zA-Z0-9]\/.test(t.secret)){for(var s,r,n,a=l.querySelectorAll('iframe[data-secret=\"'+t.secret+'\"]'),o=l.querySelectorAll('blockquote[data-secret=\"'+t.secret+'\"]'),c=new RegExp(\"^https?:$\",\"i\"),i=0;i<o.length;i++)o[i].style.display=\"none\";for(i=0;i<a.length;i++)s=a[i],e.source===s.contentWindow&&(s.removeAttribute(\"style\"),\"height\"===t.message?(1e3<(r=parseInt(t.value,10))?r=1e3:~~r<200&&(r=200),s.height=r):\"link\"===t.message&&(r=new URL(s.getAttribute(\"src\")),n=new URL(t.value),c.test(n.protocol))&&n.host===r.host&&l.activeElement===s&&(d.top.location.href=t.value))}},d.addEventListener(\"message\",d.wp.receiveEmbedMessage,!1),l.addEventListener(\"DOMContentLoaded\",function(){for(var e,t,s=l.querySelectorAll(\"iframe.wp-embedded-content\"),r=0;r<s.length;r++)(t=(e=s[r]).getAttribute(\"data-secret\"))||(t=Math.random().toString(36).substring(2,12),e.src+=\"#?secret=\"+t,e.setAttribute(\"data-secret\",t)),e.contentWindow.postMessage({message:\"ready\",secret:t},\"*\")},!1)))}(window,document);\n\/\/# sourceURL=https:\/\/stuttgarti-katolikusok.de\/wp-includes\/js\/wp-embed.min.js\n\/* ]]> *\/\n<\/script>\n","thumbnail_url":"https:\/\/stuttgarti-katolikusok.de\/wp-content\/uploads\/2020\/12\/t.jpg","thumbnail_width":640,"thumbnail_height":426,"description":"Programel\u0151zetes A jelenlegi egyh\u00e1zi rendelkez\u00e9sek \u00e9rtelm\u00e9ben a szentmise ut\u00e1ni \u00e1g\u00e1p\u00e9 elmarad!\u00a0\u00a0 Szentmis\u00e9n k\u00f6telez\u0151 a maszk haszn\u00e1lata, jelenl\u00e9ti lista n\u00e9vvel \u00e9s el\u00e9rhet\u0151s\u00e9ggel, kezek fert\u0151tlen\u00edt\u00e9se! \u00a0* December 10-\u00e9n, cs\u00fct\u00f6rt\u00f6k\u00f6n, Ulmi d\u00e9lut\u00e1n. 18.00 \u00f3rakor szentmise, el\u0151tte r\u00f3zsaf\u00fcz\u00e9rt im\u00e1dkozunk. \u00a0* December 11-\u00e9n,\u00a0p\u00e9nteken, Stuttgartban 8.00 \u00f3rakor\u00a0r\u00f3r\u00e1t\u00e9-szentmise. \u00a0* December 12-\u00e9n, szombaton, Weingartenben a 14 Nothelfer Kapelle-ben 7.00 \u00f3rakor r\u00f3r\u00e1t\u00e9-szentmise. Biberachban a Dreifaltigkeitskirche-ben 16.00 \u00f3rakor szentmise,\u00a0keret\u00e9ben a\u00a03. adventi gyertya meggy\u00fajt\u00e1sa. * December 13-\u00e1n, Advent III. vas\u00e1rnapj\u00e1n, Weingartenben, Marienkirche-ben 11.00 \u00f3rakor szentmise, keret\u00e9ben a 3. adventi gyertya meggy\u00fajt\u00e1sa. Ulmban 15.00 \u00f3rakor szentmise, keret\u00e9ben a 3. adventi gyertya meggy\u00fajt\u00e1sa. \u00a0 * Minden helyen mindenkit szeretettel v\u00e1r a k\u00f6z\u00f6ss\u00e9g \u00e9s Tibor atya! Bens\u0151s\u00e9ges adventi napokat, j\u00f3 tal\u00e1lkoz\u00e1sokat \u00e9s sok \u00f6r\u00f6met k\u00edv\u00e1nunk minden Kedves H\u00edv\u00fcnknek! * &#8222;Az \u00e1dventi v\u00e1rakoz\u00e1s l\u00e9nyege szerint: v\u00e1rakoz\u00e1s arra, Aki van; ahogy a szeretet miszt\u00e9riuma sem egy\u00e9b, mint v\u00e1gyakoz\u00e1s az ut\u00e1n, aki van, aki a mi\u00e9nk.&#8221;\u00a0(Pilinszky J\u00e1nos \u2013 k\u00f6lt\u0151 \u2013 1921-1981)"}