{"version":"1.0","provider_name":"Stuttgarti Katolikusok","provider_url":"https:\/\/stuttgarti-katolikusok.de","title":"December 20 \u00e9s 2022. janu\u00e1r 2 k\u00f6z\u00f6tt - Stuttgarti Katolikusok","type":"rich","width":600,"height":338,"html":"<blockquote class=\"wp-embedded-content\" data-secret=\"gN5x4f7xNs\"><a href=\"https:\/\/stuttgarti-katolikusok.de\/index.php\/december-20-es-2022-januar-2-kozott\/\">December 20 \u00e9s 2022. janu\u00e1r 2 k\u00f6z\u00f6tt<\/a><\/blockquote><iframe sandbox=\"allow-scripts\" security=\"restricted\" src=\"https:\/\/stuttgarti-katolikusok.de\/index.php\/december-20-es-2022-januar-2-kozott\/embed\/#?secret=gN5x4f7xNs\" width=\"600\" height=\"338\" title=\"&#8220;December 20 \u00e9s 2022. janu\u00e1r 2 k\u00f6z\u00f6tt&#8221; &#8212; Stuttgarti Katolikusok\" data-secret=\"gN5x4f7xNs\" frameborder=\"0\" marginwidth=\"0\" marginheight=\"0\" scrolling=\"no\" class=\"wp-embedded-content\"><\/iframe><script type=\"text\/javascript\">\n\/* <![CDATA[ *\/\n\/*! This file is auto-generated *\/\n!function(d,l){\"use strict\";l.querySelector&&d.addEventListener&&\"undefined\"!=typeof URL&&(d.wp=d.wp||{},d.wp.receiveEmbedMessage||(d.wp.receiveEmbedMessage=function(e){var t=e.data;if((t||t.secret||t.message||t.value)&&!\/[^a-zA-Z0-9]\/.test(t.secret)){for(var s,r,n,a=l.querySelectorAll('iframe[data-secret=\"'+t.secret+'\"]'),o=l.querySelectorAll('blockquote[data-secret=\"'+t.secret+'\"]'),c=new RegExp(\"^https?:$\",\"i\"),i=0;i<o.length;i++)o[i].style.display=\"none\";for(i=0;i<a.length;i++)s=a[i],e.source===s.contentWindow&&(s.removeAttribute(\"style\"),\"height\"===t.message?(1e3<(r=parseInt(t.value,10))?r=1e3:~~r<200&&(r=200),s.height=r):\"link\"===t.message&&(r=new URL(s.getAttribute(\"src\")),n=new URL(t.value),c.test(n.protocol))&&n.host===r.host&&l.activeElement===s&&(d.top.location.href=t.value))}},d.addEventListener(\"message\",d.wp.receiveEmbedMessage,!1),l.addEventListener(\"DOMContentLoaded\",function(){for(var e,t,s=l.querySelectorAll(\"iframe.wp-embedded-content\"),r=0;r<s.length;r++)(t=(e=s[r]).getAttribute(\"data-secret\"))||(t=Math.random().toString(36).substring(2,12),e.src+=\"#?secret=\"+t,e.setAttribute(\"data-secret\",t)),e.contentWindow.postMessage({message:\"ready\",secret:t},\"*\")},!1)))}(window,document);\n\/\/# sourceURL=https:\/\/stuttgarti-katolikusok.de\/wp-includes\/js\/wp-embed.min.js\n\/* ]]> *\/\n<\/script>\n","thumbnail_url":"https:\/\/stuttgarti-katolikusok.de\/wp-content\/uploads\/2019\/12\/baratom-2019.jpg","thumbnail_width":800,"thumbnail_height":533,"description":"Programel\u0151zetes A jelenlegi egyh\u00e1zi rendelkez\u00e9sek \u00e9rtelm\u00e9ben a szentmise megtarthat\u00f3. Szentmis\u00e9n k\u00f6telez\u0151 a maszk haszn\u00e1lata, jelenl\u00e9ti lista n\u00e9vvel \u00e9s el\u00e9rhet\u0151s\u00e9ggel, kezek fert\u0151tlen\u00edt\u00e9se! Akik Stuttgartban vesznek r\u00e9szt a szentmis\u00e9n, azok sz\u00e1m\u00e1ra tov\u00e1bbra is el\u0151zetes bejelentkez\u00e9sre van sz\u00fcks\u00e9g, amelyet telefonon kereszt\u00fcl, vagy e-mailben tehetnek meg. Jelen helyzetben a legfontosabb sz\u00e1munkra, hogy a szentmis\u00e9ken mindenki r\u00e9szt vehet. B\u00f6blingenben 2 G, Biberachban 3 G l\u00e9pett hat\u00e1lyba!!! \u00a0\u00a0* December 24-\u00e9n,\u00a0p\u00e9ntek,\u00a0Szenteste, Stuttgartban 17.00 \u00f3rakor Kar\u00e1csonyi istentisztelet (Christmette), 19.00 \u00f3rakor \u00c9jf\u00e9li szentmise, Weingartenben\u00a019.00 \u00f3r\u00e1t\u00f3l a Heilig Geist Kirche-ben\u00a0\u00c9jf\u00e9li szentmise. \u00a0* December 25-\u00e9n,\u00a0szombaton,\u00a0Kar\u00e1csony \u00fcnnepe, B\u00f6blingenben, 9.30 \u00f3rakor\u00a0\u00fcnnepi szentmise (2 G van \u00e9rv\u00e9nyben!!!), Weingartenben\u00a011.00 \u00f3rakor a Heilig Geist Kirche-ben\u00a0\u00fcnnepi szentmise, Stuttgartban\u00a012.00 \u00f3rakor\u00a0\u00fcnnepi szentmise, Ulmban\u00a015.00 \u00f3rakor\u00a0\u00fcnnepi szentmise, Heilbronnban\u00a015.30 \u00f3rakor\u00a0\u00fcnnepi szentmise, Heidenheimban 15.30 \u00f3rakor \u00fcnnepi igeistentisztelet. \u00a0* December 26-\u00e1n, vas\u00e1rnap,\u00a0Kar\u00e1csony 2. napja &#8211; Szent Csal\u00e1d \u00fcnnepe, Schw\u00e4bisch-Gm\u00fcndben\u00a09.30 \u00f3rakor\u00a0\u00fcnnepi szentmise, Stuttgartban\u00a012.00 \u00f3rakor\u00a0\u00fcnnepi szentmise, Eislingenben 15.30 \u00f3rakor \u00fcnnepi szentmise, Biberachban 18.30 \u00f3rakor \u00fcnnepi szentmise (3 G van \u00e9rv\u00e9nyben!!!). * December 31-\u00e9n, p\u00e9nteken,\u00a0Szilveszter \u00fcnnep\u00e9n, Weingartenben\u00a015.00 \u00f3rakor\u00a0\u00e9vv\u00e9gi h\u00e1laad\u00f3 szentmise\u00a0a 14 Nothelfer Kapelle-ben, Stuttgartban\u00a018.00 \u00f3rakor \u00e9vv\u00e9gi h\u00e1laad\u00f3 szentmise \u00e9s r\u00f6vid szents\u00e9gim\u00e1d\u00e1s. * 2022. janu\u00e1r 1-j\u00e9n, szombaton, Sz\u0171z M\u00e1ria, Isten anyja f\u0151\u00fcnnep, Stuttgartban 11.30 \u00f3rakor \u00fcnnepi szentmise, Balingenben 16.00 \u00f3rakor \u00fcnnepi szentmise. \u00a0* 2022.janu\u00e1r 2-\u00e1n, vas\u00e1rnap, Kar\u00e1csony ut\u00e1ni 2. vas\u00e1rnap, Schw\u00e4bisch-Gm\u00fcndben\u00a09.30. \u00f3rakor\u00a0szentmise, Stuttgartban\u00a015.00 \u00f3rakor\u00a0szentmise. \u00a0 \u00a0 \u00a0 \u00a0 \u00a0 \u00a0* Minden helyen mindenkit szeretettel v\u00e1r a k\u00f6z\u00f6ss\u00e9g \u00e9s Tibor atya! Juh\u00e1sz Gyula: Kar\u00e1csony fel\u00e9 Sz\u00e9p T\u00fcnd\u00e9rorsz\u00e1g t\u00e1mad f\u00f6l sz\u00edvemben Ilyenkor decemberben. A szeretetnek csillag\u00e1ra n\u00e9zek, Megsz\u00e1ll egy titkos, gy\u00f6ny\u00f6r\u0171 ig\u00e9zet, Ilyenkor decemberben. \u2026Bizalmas sz\u00edvvel j\u00e1rom a vil\u00e1got, S amit az \u00e9let v\u00e1gott, Behegesztem a sebet a sz\u00edvemben, \u00c9s hiszek \u00fajra \u00e9gi szeretetben, Ilyenkor decemberben. \u2026\u00c9s valahol csak k\u00e9tked\u0151 besz\u00e9det Hallok, szomor\u00fan n\u00e9zek, A kis J\u00e9zuska itt van a k\u00f6zelben, Legy\u00fcnk h\u00e1t jobbak, s higgy\u00fcnk rend\u00fcletlen, S ne csak \u00edgy decemberben. * \u201eEg\u00e9sz \u00e9let\u00fcnk a szeretet isteni \u201et\u00falkap\u00e1sainak\u201d a dr\u00e1m\u00e1ja. Ennek a dr\u00e1m\u00e1nak \u00e1ll mintegy centrum\u00e1ban a megtestes\u00fcl\u00e9s titka... R\u00e9szletek"}