{"version":"1.0","provider_name":"Stuttgarti Katolikusok","provider_url":"https:\/\/stuttgarti-katolikusok.de","title":"December 16 \u00e9s 26 k\u00f6z\u00f6tt - Stuttgarti Katolikusok","type":"rich","width":600,"height":338,"html":"<blockquote class=\"wp-embedded-content\" data-secret=\"JoBtgql9eT\"><a href=\"https:\/\/stuttgarti-katolikusok.de\/index.php\/december-16-es-26-kozott\/\">December 16 \u00e9s 26 k\u00f6z\u00f6tt<\/a><\/blockquote><iframe sandbox=\"allow-scripts\" security=\"restricted\" src=\"https:\/\/stuttgarti-katolikusok.de\/index.php\/december-16-es-26-kozott\/embed\/#?secret=JoBtgql9eT\" width=\"600\" height=\"338\" title=\"&#8220;December 16 \u00e9s 26 k\u00f6z\u00f6tt&#8221; &#8212; Stuttgarti Katolikusok\" data-secret=\"JoBtgql9eT\" frameborder=\"0\" marginwidth=\"0\" marginheight=\"0\" scrolling=\"no\" class=\"wp-embedded-content\"><\/iframe><script type=\"text\/javascript\">\n\/* <![CDATA[ *\/\n\/*! This file is auto-generated *\/\n!function(d,l){\"use strict\";l.querySelector&&d.addEventListener&&\"undefined\"!=typeof URL&&(d.wp=d.wp||{},d.wp.receiveEmbedMessage||(d.wp.receiveEmbedMessage=function(e){var t=e.data;if((t||t.secret||t.message||t.value)&&!\/[^a-zA-Z0-9]\/.test(t.secret)){for(var s,r,n,a=l.querySelectorAll('iframe[data-secret=\"'+t.secret+'\"]'),o=l.querySelectorAll('blockquote[data-secret=\"'+t.secret+'\"]'),c=new RegExp(\"^https?:$\",\"i\"),i=0;i<o.length;i++)o[i].style.display=\"none\";for(i=0;i<a.length;i++)s=a[i],e.source===s.contentWindow&&(s.removeAttribute(\"style\"),\"height\"===t.message?(1e3<(r=parseInt(t.value,10))?r=1e3:~~r<200&&(r=200),s.height=r):\"link\"===t.message&&(r=new URL(s.getAttribute(\"src\")),n=new URL(t.value),c.test(n.protocol))&&n.host===r.host&&l.activeElement===s&&(d.top.location.href=t.value))}},d.addEventListener(\"message\",d.wp.receiveEmbedMessage,!1),l.addEventListener(\"DOMContentLoaded\",function(){for(var e,t,s=l.querySelectorAll(\"iframe.wp-embedded-content\"),r=0;r<s.length;r++)(t=(e=s[r]).getAttribute(\"data-secret\"))||(t=Math.random().toString(36).substring(2,12),e.src+=\"#?secret=\"+t,e.setAttribute(\"data-secret\",t)),e.contentWindow.postMessage({message:\"ready\",secret:t},\"*\")},!1)))}(window,document);\n\/\/# sourceURL=https:\/\/stuttgarti-katolikusok.de\/wp-includes\/js\/wp-embed.min.js\n\/* ]]> *\/\n<\/script>\n","description":"Programel\u0151zetes &nbsp; December 18-\u00e1n, szerd\u00e1n, Stuttgartban 10.15 \u00f3rakor n\u00e9metnyelv\u0171 szentmise. * December 19-\u00e9n, cs\u00fct\u00f6rt\u00f6k\u00f6n, Ulmi d\u00e9lut\u00e1n 17.30 \u00f3rakor r\u00f3zsaf\u00fcz\u00e9r im\u00e1ds\u00e1g, ut\u00e1na szentmise. Keret\u00e9ben: Besz\u00e9lget\u00e9sek a Katekizmusr\u00f3l. * December 20-\u00e1n, p\u00e9nteken, Stuttgartban 8.00 \u00f3rakor r\u00f3r\u00e1t\u00e9 szentmise. Ut\u00e1na k\u00f6z\u00f6s reggeli a Pl\u00e9b\u00e1ni\u00e1n. 19.00 \u00f3rakor Kar\u00e1csonyfa-fel\u00e1ll\u00edt\u00e1s a templomban. Ut\u00e1na bar\u00e1ti egy\u00fcttl\u00e9t. Weingarteni d\u00e9lut\u00e1n a Marien Kirche-ben: 17.30 \u00f3rakor r\u00f3zsaf\u00fcz\u00e9r im\u00e1ds\u00e1g, ut\u00e1na szentmise. Keret\u00e9ben: Besz\u00e9lget\u00e9sek a Katekizmusr\u00f3l. * December 21-\u00e9n, szombaton, Weingartenben 7.00 \u00f3rakor r\u00f3r\u00e1t\u00e9 szentmise a 14 Nothelfer Kapelle-ben, ut\u00e1na k\u00f6z\u00f6s reggeli a k\u00f6zeli \u00e9tkezd\u00e9ben. Heidenheimban 15.30 \u00f3rakor szentmise, majd \u00e1g\u00e1p\u00e9. Reutlingenben 16.30 \u00f3rakor szentmise. Ut\u00e1na \u00e1g\u00e1p\u00e9. * December 22-\u00e9n, advent 4. vas\u00e1rnapja, Biberachban 8.45 \u00f3rakor szentmise, ut\u00e1na \u00e1g\u00e1p\u00e9. Pforzheimban 11.00 \u00f3rakor szentmise, ut\u00e1na \u00e1g\u00e1p\u00e9. Ulmban 12.00 \u00f3rakor szentmise. Eislingenben 15.00 \u00f3rakor szentmise.\u00a0Az \u00e1g\u00e1p\u00e9 ez alkalommal elmarad!!! * December 24-\u00e9n, kedd, Szenteste, Stuttgartban 19.00 \u00f3rakor \u00c9jf\u00e9li szentmise. Weingartenben 20.00 \u00f3r\u00e1t\u00f3l a 14 Nothelfer Kapelle-ben \u00c9jf\u00e9li szentmise. * December 25-\u00e9n, szerda, Kar\u00e1csony \u00fcnnepe, B\u00f6blingenben, 9.30 \u00f3rakor \u00fcnnepi szentmise. Weingartenben 10.00 \u00f3rakor a 14 Nothelfer Kapelle-ben \u00fcnnepi szentmise. Stuttgartban 12.00 \u00f3rakor \u00fcnnepi szentmise. Ulmban 15.00 \u00f3rakor \u00fcnnepi szentmise. Heilbronnban 15.30 \u00f3rakor \u00fcnnepi szentmise. * December 26-\u00e1n, cs\u00fct\u00f6rt\u00f6k, Kar\u00e1csony 2. napja, Biberachban 8.45 \u00f3rakor \u00fcnnepi szentmise. Schw\u00e4bisch-Gm\u00fcndben 9.30 \u00f3rakor \u00fcnnepi szentmise. Stuttgartban 12.00 \u00f3rakor \u00fcnnepi szentmise. * Minden helyen mindenkit szeretettel v\u00e1r a k\u00f6z\u00f6ss\u00e9g, Imre atya \u00e9s Tibor atya! \u201eAdvent a megd\u00f6bben\u00e9s, a megr\u00e1zk\u00f3dtat\u00e1s id\u0151szaka, amelyben az embernek mag\u00e1ra kellene \u00e9brednie!\u201d (Alfred Delp \u2013 1907-1945 \u2013 a n\u00e1cik \u00e1ltal kiv\u00e9gzett n\u00e9met teol\u00f3gus)"}