{"version":"1.0","provider_name":"Stuttgarti Katolikusok","provider_url":"https:\/\/stuttgarti-katolikusok.de","title":"D\u00e1vid Melinda: Jubileumi \u00fcnneps\u00e9g - Stuttgarti Katolikusok","type":"rich","width":600,"height":338,"html":"<blockquote class=\"wp-embedded-content\" data-secret=\"tI3A17oTmo\"><a href=\"https:\/\/stuttgarti-katolikusok.de\/index.php\/david-melinda-jubileumi-unnepseg\/\">D\u00e1vid Melinda: Jubileumi \u00fcnneps\u00e9g<\/a><\/blockquote><iframe sandbox=\"allow-scripts\" security=\"restricted\" src=\"https:\/\/stuttgarti-katolikusok.de\/index.php\/david-melinda-jubileumi-unnepseg\/embed\/#?secret=tI3A17oTmo\" width=\"600\" height=\"338\" title=\"&#8220;D\u00e1vid Melinda: Jubileumi \u00fcnneps\u00e9g&#8221; &#8212; Stuttgarti Katolikusok\" data-secret=\"tI3A17oTmo\" frameborder=\"0\" marginwidth=\"0\" marginheight=\"0\" scrolling=\"no\" class=\"wp-embedded-content\"><\/iframe><script type=\"text\/javascript\">\n\/* <![CDATA[ *\/\n\/*! This file is auto-generated *\/\n!function(d,l){\"use strict\";l.querySelector&&d.addEventListener&&\"undefined\"!=typeof URL&&(d.wp=d.wp||{},d.wp.receiveEmbedMessage||(d.wp.receiveEmbedMessage=function(e){var t=e.data;if((t||t.secret||t.message||t.value)&&!\/[^a-zA-Z0-9]\/.test(t.secret)){for(var s,r,n,a=l.querySelectorAll('iframe[data-secret=\"'+t.secret+'\"]'),o=l.querySelectorAll('blockquote[data-secret=\"'+t.secret+'\"]'),c=new RegExp(\"^https?:$\",\"i\"),i=0;i<o.length;i++)o[i].style.display=\"none\";for(i=0;i<a.length;i++)s=a[i],e.source===s.contentWindow&&(s.removeAttribute(\"style\"),\"height\"===t.message?(1e3<(r=parseInt(t.value,10))?r=1e3:~~r<200&&(r=200),s.height=r):\"link\"===t.message&&(r=new URL(s.getAttribute(\"src\")),n=new URL(t.value),c.test(n.protocol))&&n.host===r.host&&l.activeElement===s&&(d.top.location.href=t.value))}},d.addEventListener(\"message\",d.wp.receiveEmbedMessage,!1),l.addEventListener(\"DOMContentLoaded\",function(){for(var e,t,s=l.querySelectorAll(\"iframe.wp-embedded-content\"),r=0;r<s.length;r++)(t=(e=s[r]).getAttribute(\"data-secret\"))||(t=Math.random().toString(36).substring(2,12),e.src+=\"#?secret=\"+t,e.setAttribute(\"data-secret\",t)),e.contentWindow.postMessage({message:\"ready\",secret:t},\"*\")},!1)))}(window,document);\n\/\/# sourceURL=https:\/\/stuttgarti-katolikusok.de\/wp-includes\/js\/wp-embed.min.js\n\/* ]]> *\/\n<\/script>\n","description":"Jubileumi \u00fcnneps\u00e9g Hetven \u00e9vvel ezel\u0151tt, 1947. m\u00e1jus 13-\u00e1n, honfit\u00e1rsaink k\u00e9r\u00e9s\u00e9re alap\u00edtotta meg Isten szolg\u00e1ja, Joannes Baptist Sproll rottenburgi p\u00fcsp\u00f6k, a Stuttgarti Magyar Misszi\u00f3t. A jelenlegi tizen\u00f6t r\u00e9szegyh\u00e1zk\u00f6zs\u00e9g l\u00e9trej\u00f6tt\u00e9\u00e9rt \u00e9s megmarad\u00e1s\u00e1\u00e9rt k\u00f6sz\u00f6nettel tartozunk pl\u00e9b\u00e1nosainknak, akik h\u00edveik lelki gondoz\u00e1s\u00e1t \u00e1ldozatteljesen \u00e9s kitart\u00e1ssal v\u00e1llalt\u00e1k \u00e9s v\u00e9ghezvitt\u00e9k, valamint a h\u00edveknek, akik k\u00f6z\u00fcl sokan \u00e9let\u00fck v\u00e9g\u00e9ig \u00f6nk\u00e9ntes munk\u00e1val hozz\u00e1j\u00e1rultak rendezv\u00e9nyeink siker\u00e9hez. Tragikus esem\u00e9nyek is hozz\u00e1j\u00e1rultak Egyh\u00e1zk\u00f6zs\u00e9g\u00fcnk megalap\u00edt\u00e1s\u00e1hoz \u00e9s fennmarad\u00e1s\u00e1hoz: a II. vil\u00e1gh\u00e1bor\u00fa v\u00e9g\u00e9n, 1945-ben, majd 1956-ban, a forradalom ut\u00e1n t\u00f6bb magyar honfit\u00e1rsunk menek\u00fcl\u00e9sre k\u00e9nyszer\u00fclt, majd 1989 ut\u00e1n \u00fajb\u00f3l megindult egy n\u00e9pv\u00e1ndorl\u00e1s keletr\u0151l nyugatra. Mi is k\u00f6zt\u00fck voltunk \u00e9s itt Stuttgartban \u00faj otthonra \u00e9s k\u00f6z\u00f6ss\u00e9gre tal\u00e1ltunk. M\u00e1jus 19. \u00e9s 21. k\u00f6z\u00f6tt h\u00e1rom napos jubileumi \u00fcnneps\u00e9ggel eml\u00e9kezt\u00fcnk meg a hetven \u00e9ves \u00e9vfordul\u00f3r\u00f3l. Megh\u00edvott vend\u00e9geink k\u00f6z\u00e9 tartozott Ft. Dr. Veres Andr\u00e1s, gy\u0151ri p\u00fcsp\u00f6k, a Magyar Katolikus P\u00fcsp\u00f6ki Konferencia eln\u00f6ke, Dr. Solt\u00e9sz Mikl\u00f3s egyh\u00e1zi, nemzetis\u00e9gi \u00e9s civil t\u00e1rsadalmi kapcsolatok\u00e9rt felel\u0151s \u00e1llamtitk\u00e1r \u00e9s Dr. Ber\u00e9nyi J\u00e1nos stuttgarti f\u0151konzul. P\u00e9ntek d\u00e9lut\u00e1n z\u00e1szl\u00f3felvon\u00e1ssal vette kezdet\u00e9t jubileumi \u00fcnneps\u00e9g\u00fcnk. A templom el\u0151tti t\u00e9ren a 2000-ben R\u00f3m\u00e1ban felszentelt jubileumi z\u00e1szl\u00f3nkat vontuk fel. Ezut\u00e1n Tibor atya a Bar\u00e1ts\u00e1g Klub tagjainak Egyh\u00e1zk\u00f6zs\u00e9g\u00fcnk t\u00f6rt\u00e9net\u00e9r\u0151l tartott el\u0151ad\u00e1st, majd a Bruder Klaus templomban jubileumi szentmise k\u00f6vetkezett. A nap f\u00e9nypontja volt a \u201c70 \u00e9ves a Szent Gell\u00e9rt Egyh\u00e1zk\u00f6zs\u00e9g\u201d ki\u00e1ll\u00edt\u00e1s megnyit\u00e1sa. Brune Gy\u00f6rgyi Marietta \u00e9s Schultheis \u00c9va t\u00f6bb mint f\u00e9l \u00e9ves munk\u00e1j\u00e1nak eredm\u00e9ny\u00e9t tekintett\u00fck meg 16 plak\u00e1ton. Imre atya felh\u00edv\u00e1s\u00e1ra a h\u00edvek elhozt\u00e1k f\u00e9ltve \u0151rz\u0151tt k\u00e9peiket egyh\u00e1zk\u00f6zs\u00e9gi \u00e9s csal\u00e1di esem\u00e9nyekr\u0151l. Ezek a k\u00e9pek, valamint Imre atya 2012-ben megjelent k\u00f6nyve \u201eA Stuttgarti Magyar Egyh\u00e1zk\u00f6zs\u00e9g T\u00f6rt\u00e9nete\u201c szolg\u00e1ltatt\u00e1k az anyagot a plak\u00e1tokhoz. Imre atya gondolatai, Szab\u00f3 Brigitta egyh\u00e1ztan\u00e1csosunk moder\u00e1ci\u00f3ja valamint Gy\u00f6rgyi \u00e9s \u00c9va hozz\u00e1sz\u00f3l\u00e1sai emelt\u00e9k az est f\u00e9nypontj\u00e1t, amelyet pezsg\u0151s fogad\u00e1ssal fejezt\u00fcnk be. Szombaton reggelivel v\u00e1rtunk az els\u0151 \u00e9rkez\u0151kre a K\u00f6z\u00f6ss\u00e9gi Teremben. Sz\u00fcks\u00e9g is volt a gazdag reggelire, mert maratoni nap \u00e1llt el\u0151tt\u00fcnk. A Szent Gell\u00e9rt Egyh\u00e1zk\u00f6zs\u00e9g 15 r\u00e9szegyh\u00e1zk\u00f6zs\u00e9g\u00e9nek bemutatkoz\u00e1s\u00e1val kezd\u0151d\u00f6tt. \u00c9rdekesn\u00e9l \u00e9rdekesebb besz\u00e1mol\u00f3k k\u00f6vetkeztek,... R\u00e9szletek"}