{"version":"1.0","provider_name":"Stuttgarti Katolikusok","provider_url":"https:\/\/stuttgarti-katolikusok.de","title":"D\u00e1vid Melinda: Cserk\u00e9sz-Advent a Stuttgarti Egyh\u00e1zk\u00f6zs\u00e9gben - Stuttgarti Katolikusok","type":"rich","width":600,"height":338,"html":"<blockquote class=\"wp-embedded-content\" data-secret=\"ZWaLzlwk8g\"><a href=\"https:\/\/stuttgarti-katolikusok.de\/index.php\/cserkesz-advent-a-stuttgarti-egyhazkozsegben\/\">D\u00e1vid Melinda: Cserk\u00e9sz-Advent a Stuttgarti Egyh\u00e1zk\u00f6zs\u00e9gben<\/a><\/blockquote><iframe sandbox=\"allow-scripts\" security=\"restricted\" src=\"https:\/\/stuttgarti-katolikusok.de\/index.php\/cserkesz-advent-a-stuttgarti-egyhazkozsegben\/embed\/#?secret=ZWaLzlwk8g\" width=\"600\" height=\"338\" title=\"&#8220;D\u00e1vid Melinda: Cserk\u00e9sz-Advent a Stuttgarti Egyh\u00e1zk\u00f6zs\u00e9gben&#8221; &#8212; Stuttgarti Katolikusok\" data-secret=\"ZWaLzlwk8g\" frameborder=\"0\" marginwidth=\"0\" marginheight=\"0\" scrolling=\"no\" class=\"wp-embedded-content\"><\/iframe><script type=\"text\/javascript\">\n\/* <![CDATA[ *\/\n\/*! This file is auto-generated *\/\n!function(d,l){\"use strict\";l.querySelector&&d.addEventListener&&\"undefined\"!=typeof URL&&(d.wp=d.wp||{},d.wp.receiveEmbedMessage||(d.wp.receiveEmbedMessage=function(e){var t=e.data;if((t||t.secret||t.message||t.value)&&!\/[^a-zA-Z0-9]\/.test(t.secret)){for(var s,r,n,a=l.querySelectorAll('iframe[data-secret=\"'+t.secret+'\"]'),o=l.querySelectorAll('blockquote[data-secret=\"'+t.secret+'\"]'),c=new RegExp(\"^https?:$\",\"i\"),i=0;i<o.length;i++)o[i].style.display=\"none\";for(i=0;i<a.length;i++)s=a[i],e.source===s.contentWindow&&(s.removeAttribute(\"style\"),\"height\"===t.message?(1e3<(r=parseInt(t.value,10))?r=1e3:~~r<200&&(r=200),s.height=r):\"link\"===t.message&&(r=new URL(s.getAttribute(\"src\")),n=new URL(t.value),c.test(n.protocol))&&n.host===r.host&&l.activeElement===s&&(d.top.location.href=t.value))}},d.addEventListener(\"message\",d.wp.receiveEmbedMessage,!1),l.addEventListener(\"DOMContentLoaded\",function(){for(var e,t,s=l.querySelectorAll(\"iframe.wp-embedded-content\"),r=0;r<s.length;r++)(t=(e=s[r]).getAttribute(\"data-secret\"))||(t=Math.random().toString(36).substring(2,12),e.src+=\"#?secret=\"+t,e.setAttribute(\"data-secret\",t)),e.contentWindow.postMessage({message:\"ready\",secret:t},\"*\")},!1)))}(window,document);\n\/\/# sourceURL=https:\/\/stuttgarti-katolikusok.de\/wp-includes\/js\/wp-embed.min.js\n\/* ]]> *\/\n<\/script>\n","thumbnail_url":"https:\/\/stuttgarti-katolikusok.de\/wp-content\/uploads\/2018\/12\/cserkeszek-22.jpg","thumbnail_width":800,"thumbnail_height":533,"description":"Advent 3. vas\u00e1rnapja a Stuttgarti Szent Gell\u00e9rt egyh\u00e1zk\u00f6zs\u00e9gben Egy k\u00f6zv\u00e9lem\u00e9nykutat\u00e1ssal foglalkoz\u00f3 int\u00e9zm\u00e9ny szerint csak minden m\u00e1sodik n\u00e9met polg\u00e1r megy egyh\u00e1zi \u00fcnnepekkor templomba. Egy pozit\u00edvan gondolkod\u00f3 ember ezt \u00fagy mutatn\u00e1 be, hogy minden m\u00e1sodik h\u00edv\u0151 polg\u00e1r elmegy a szentmis\u00e9re. A mi egyh\u00e1zk\u00f6zs\u00e9g\u00fcnkben is \u00edgy volt ez Advent 3. vas\u00e1rnapj\u00e1n. Sokan \u00f6sszegy\u0171lt\u00fcnk, hogy r\u00e9sztvehess\u00fcnk a szentmis\u00e9n \u00e9s megn\u00e9zz\u00fck a cserk\u00e9szek adventi programj\u00e1t. Mivel december 13-\u00e1n Szent L\u00facia v\u00e9rtan\u00fa napj\u00e1t \u00fcnnepelt\u00fck, Imre atya szentbesz\u00e9d\u00e9ben az \u0151 \u00e9let\u00e9t mutatta be nek\u00fcnk. L\u00facia el\u0151kel\u0151 sziciliai csal\u00e1dban sz\u00fcletett, \u00e9desanyja csod\u00e1latos meggy\u00f3gyul\u00e1sa ut\u00e1n felbontotta jegyess\u00e9g\u00e9t egy pog\u00e1ny f\u00e9rfi\u00faval, felvette a kereszts\u00e9get, \u00e9let\u00e9t teljesen Krisztusnak szentelte, majd m\u00e1rt\u00edrhal\u00e1lt halt hit\u00e9\u00e9rt. L\u00facia \u201ef\u00e9nyt hoz\u201d nem csak fizikai \u00e9rtelemben, hisz \u00fcnnepe a t\u00e9li napfordul\u00f3n van, hanem lelki \u00e9rtelemben is, mert Krisztusba vetett hit\u00e9nek f\u00e9ny\u00e9t m\u00e1soknak is tov\u00e1bb adja. L\u00facia szerep\u00e9t feh\u00e9r ruh\u00e1ban \u00e9s \u00e9g\u0151 gyerty\u00e1kkal disz\u00edtett feny\u0151koszor\u00faval Sz\u00e9kely \u00c9dua cserk\u00e9sz mutatta be nek\u00fcnk \u00e9leth\u0171en. Ezut\u00e1n k\u00f6vetkezett a cserk\u00e9szek adventi programja. Egy nagyon sz\u00e9pen \u00f6ssze\u00e1ll\u00edtott m\u0171sort mutattak be. \u00c9l\u0151 k\u00e9pekben l\u00e1thattuk t\u0151l\u00fck a Kar\u00e1csonnyal kapcsolatos bibliai jeleneteket. Az \u00e9l\u0151 k\u00e9pek maguk a cserk\u00e9szek voltak, akik a bibliai szerepeket el\u0151tt\u00fcnk elj\u00e1tszott\u00e1k. Nagyon \u00f6tletes volt \u00e9l\u0151 zen\u00e9vel k\u00eds\u00e9rni a programot. Nem zenedobozb\u00f3l sz\u00f3lt a zenei k\u00eds\u00e9ret, hanem cserk\u00e9szeink heged\u00fcltek, git\u00e1roztak, doboltak \u00e9s a k\u00f3rusuk \u00e9nekelt. A k\u00f6z\u00f6ns\u00e9g, egyh\u00e1zk\u00f6zs\u00e9g\u00fcnk h\u00edvei egy\u00fctt \u00e9nekelt\u00e9k a cserk\u00e9szekkel a szebbn\u00e9l szebb adventi \u00e9nekeket. Sz\u00f6veg\u00fcket cserk\u00e9szeink sz\u00e9pen \u00e9s \u00e9rthet\u0151en olvast\u00e1k fel, illetve szabadon mondt\u00e1k el. Nagy d\u00edcs\u00e9retet \u00e9rdemelnek a vezet\u0151k, a kis m\u0171v\u00e9szek \u00e9s el\u0151ad\u00f3k. Tov\u00e1bbi sikereket k\u00edv\u00e1nunk a 81. sz. Dob\u00f3 Istv\u00e1n cserk\u00e9szcsapatnak. Advent 3. vas\u00e1rnapja \u00e1g\u00e1p\u00e9val \u00e9rt v\u00e9get. Akik nem siettek haza, azok m\u00e9g sok\u00e1g besz\u00e9lgethettek egym\u00e1ssal a K\u00f6z\u00f6ss\u00e9gi Teremben. K\u00f6sz\u00f6net a szervez\u0151knek \u00e9s a szerepl\u0151knek! Isten adja, hogy p\u00e9ld\u00e1juk ragad\u00f3s legyen! D\u00e1vid Melinda Stuttgart, 2018-12-17."}