{"version":"1.0","provider_name":"Stuttgarti Katolikusok","provider_url":"https:\/\/stuttgarti-katolikusok.de","title":"Csal\u00e1dos \u00f6n- \u00e9s kapcsolatismereti h\u00e9tv\u00e9ge Ulmban - Stuttgarti Katolikusok","type":"rich","width":600,"height":338,"html":"<blockquote class=\"wp-embedded-content\" data-secret=\"hOnpYWQXQI\"><a href=\"https:\/\/stuttgarti-katolikusok.de\/index.php\/csalados-on-es-kapcsolatismereti-hetvege-ulmban\/\">Csal\u00e1dos \u00f6n- \u00e9s kapcsolatismereti h\u00e9tv\u00e9ge Ulmban<\/a><\/blockquote><iframe sandbox=\"allow-scripts\" security=\"restricted\" src=\"https:\/\/stuttgarti-katolikusok.de\/index.php\/csalados-on-es-kapcsolatismereti-hetvege-ulmban\/embed\/#?secret=hOnpYWQXQI\" width=\"600\" height=\"338\" title=\"&#8220;Csal\u00e1dos \u00f6n- \u00e9s kapcsolatismereti h\u00e9tv\u00e9ge Ulmban&#8221; &#8212; Stuttgarti Katolikusok\" data-secret=\"hOnpYWQXQI\" frameborder=\"0\" marginwidth=\"0\" marginheight=\"0\" scrolling=\"no\" class=\"wp-embedded-content\"><\/iframe><script type=\"text\/javascript\">\n\/* <![CDATA[ *\/\n\/*! This file is auto-generated *\/\n!function(d,l){\"use strict\";l.querySelector&&d.addEventListener&&\"undefined\"!=typeof URL&&(d.wp=d.wp||{},d.wp.receiveEmbedMessage||(d.wp.receiveEmbedMessage=function(e){var t=e.data;if((t||t.secret||t.message||t.value)&&!\/[^a-zA-Z0-9]\/.test(t.secret)){for(var s,r,n,a=l.querySelectorAll('iframe[data-secret=\"'+t.secret+'\"]'),o=l.querySelectorAll('blockquote[data-secret=\"'+t.secret+'\"]'),c=new RegExp(\"^https?:$\",\"i\"),i=0;i<o.length;i++)o[i].style.display=\"none\";for(i=0;i<a.length;i++)s=a[i],e.source===s.contentWindow&&(s.removeAttribute(\"style\"),\"height\"===t.message?(1e3<(r=parseInt(t.value,10))?r=1e3:~~r<200&&(r=200),s.height=r):\"link\"===t.message&&(r=new URL(s.getAttribute(\"src\")),n=new URL(t.value),c.test(n.protocol))&&n.host===r.host&&l.activeElement===s&&(d.top.location.href=t.value))}},d.addEventListener(\"message\",d.wp.receiveEmbedMessage,!1),l.addEventListener(\"DOMContentLoaded\",function(){for(var e,t,s=l.querySelectorAll(\"iframe.wp-embedded-content\"),r=0;r<s.length;r++)(t=(e=s[r]).getAttribute(\"data-secret\"))||(t=Math.random().toString(36).substring(2,12),e.src+=\"#?secret=\"+t,e.setAttribute(\"data-secret\",t)),e.contentWindow.postMessage({message:\"ready\",secret:t},\"*\")},!1)))}(window,document);\n\/\/# sourceURL=https:\/\/stuttgarti-katolikusok.de\/wp-includes\/js\/wp-embed.min.js\n\/* ]]> *\/\n<\/script>\n","thumbnail_url":"https:\/\/stuttgarti-katolikusok.de\/wp-content\/uploads\/2017\/02\/20170218_142735-1024x768.jpg","thumbnail_width":1024,"thumbnail_height":768,"description":"Febru\u00e1r 18-\u00e1n csal\u00e1dos \u00f6n- \u00e9s kapcsolatismereti h\u00e9tv\u00e9g\u00e9re ment\u00fcnk Ulmba. K\u00edv\u00e1ncsian \u00e9s izgatottan indultunk reggel, hiszen nem tudtuk, mir\u0151l is lesz sz\u00f3 pontosan, milyen emberek gy\u0171lnek \u00f6ssze, h\u00e1nyan lesz\u00fcnk, milyen lesz a h\u00e9tv\u00e9g\u00e9t tart\u00f3 h\u00e1zasp\u00e1r. Oda\u00e9rve egy kicsit csal\u00f3dottak voltunk, hiszen rajtunk k\u00edv\u00fcl csup\u00e1n 4 h\u00e1zasp\u00e1r volt, pedig \u00fagy gondoltuk, egy ilyen lehet\u0151s\u00e9g t\u00f6bbeket \u00e9rdekel majd. A nap folyam\u00e1n m\u00e9g k\u00e9t h\u00e1zasp\u00e1r csatakozott hozz\u00e1nk, \u00edgy v\u00e9g\u00fcl a n\u00e9pmesei, b\u0171v\u00f6s hetes is \u00f6sszej\u00f6tt. A J\u00f3isten nagyon tudta, hogy mi\u00e9rt pont ezeket az embereket, h\u00e1zasp\u00e1rokat ind\u00edtotta meg a lehet\u0151s\u00e9g, hogy ezen a napon elmenjenek Ulmba. A nap vezet\u0151i, Edit \u00e9s G\u00e9za (K\u00e1roly Edit \u00e9s Klembala G\u00e9za), hamar feloldott\u00e1k j\u00e1t\u00e9kos, ismerked\u0151s feladataikkal a kezdeti szorong\u00e1st \u00e9s fesz\u00fclts\u00e9get. Edit mosolyg\u00e1sa, \u00e9s mindkett\u0151j\u00fck pozit\u00edv kisug\u00e1rz\u00e1sa azonnal melegs\u00e9ggel t\u00f6lt\u00f6tt el mindannyiunkat. El\u0151sz\u00f6r a p\u00e1runk nev\u00e9ben kellett bemutatkoznunk, ami nagyon j\u00f3l r\u00e1vil\u00e1g\u00edtott arra, hogyan is l\u00e1t minket a t\u00e1rsunk. Sokat nevett\u00fcnk a bemutatkoz\u00e1sok alatt, \u00e9s hamar j\u00f3 hangulat kerekedett. Nagyon nyitott t\u00e1rsas\u00e1g j\u00f6tt \u00f6ssze, akik el\u0151tt nem volt neh\u00e9z megny\u00edlni. A m\u00e1sodik feladatban kicsit \u00fajra gyerekek lehett\u00fcnk, mert gyurm\u00e1b\u00f3l kellett megform\u00e1zni a kapcsolatunkat, azt\u00e1n mint egy ki\u00e1ll\u00edt\u00e1son, megtekintett\u00fck az elk\u00e9sz\u00fclt m\u0171veket. El\u0151sz\u00f6r mindenki elmondhatta, mit l\u00e1t az adott alkot\u00e1sban, majd maga az alkot\u00f3 is elmondta, mit is akart megform\u00e1zni. Kider\u00fclt, hogy eg\u00e9sz j\u00f3 szobr\u00e1szok is vannak k\u00f6z\u00f6tt\u00fcnk, \u00edgy nem volt neh\u00e9z a tal\u00e1lgat\u00e1s. Az egyes feladatok k\u00f6z\u00f6tt r\u00f6vid sz\u00fcnetek voltak, amikor lehet\u0151s\u00e9g ny\u00edlt besz\u00e9lgetni egy kicsit. Valahogy olyan \u00e9rz\u00e9s volt, mintha m\u00e1r r\u00e9gr\u0151l ismert\u00fck volna egym\u00e1st, nem okozott gondot a besz\u00e9lget\u00e9s, szinte r\u00f6vidnek bizonyultak a sz\u00fcnetek, mert belefeledkezt\u00fcnk egy-egy t\u00e9ma \u00e1tbesz\u00e9l\u00e9s\u00e9be. A harmadik feladatban Edit\u00e9k j\u00e1tkosan r\u00e1vil\u00e1g\u00edtottak arra, hogy egy kapcsolat, h\u00e1zass\u00e1g alakul\u00e1sa \u00e9pp olyan, mint egy kisgyermek fejl\u0151d\u00e9se. A kezdeti szimbi\u00f3zist (amikor sz\u00fclet\u00e9s ut\u00e1n az anya \u00e9s a baba szinte egyek, \u00e1lland\u00f3 k\u00f6zels\u00e9gben vannak, \u00e9s nem hagyj\u00e1k el egym\u00e1st, ak\u00e1r csak a szerelmesek a kapcsolat kezdet\u00e9n) felv\u00e1ltja... R\u00e9szletek"}