{"version":"1.0","provider_name":"Stuttgarti Katolikusok","provider_url":"https:\/\/stuttgarti-katolikusok.de","title":"B\u00facs\u00fas szentmise Stuttgartban Szent Gell\u00e9rt \u00fcnnep\u00e9n - Stuttgarti Katolikusok","type":"rich","width":600,"height":338,"html":"<blockquote class=\"wp-embedded-content\" data-secret=\"jQ5wwF9WXk\"><a href=\"https:\/\/stuttgarti-katolikusok.de\/index.php\/bucsus-szentmise-stuttgartban-szent-gellert-unnepen\/\">B\u00facs\u00fas szentmise Stuttgartban Szent Gell\u00e9rt \u00fcnnep\u00e9n<\/a><\/blockquote><iframe sandbox=\"allow-scripts\" security=\"restricted\" src=\"https:\/\/stuttgarti-katolikusok.de\/index.php\/bucsus-szentmise-stuttgartban-szent-gellert-unnepen\/embed\/#?secret=jQ5wwF9WXk\" width=\"600\" height=\"338\" title=\"&#8220;B\u00facs\u00fas szentmise Stuttgartban Szent Gell\u00e9rt \u00fcnnep\u00e9n&#8221; &#8212; Stuttgarti Katolikusok\" data-secret=\"jQ5wwF9WXk\" frameborder=\"0\" marginwidth=\"0\" marginheight=\"0\" scrolling=\"no\" class=\"wp-embedded-content\"><\/iframe><script type=\"text\/javascript\">\n\/* <![CDATA[ *\/\n\/*! This file is auto-generated *\/\n!function(d,l){\"use strict\";l.querySelector&&d.addEventListener&&\"undefined\"!=typeof URL&&(d.wp=d.wp||{},d.wp.receiveEmbedMessage||(d.wp.receiveEmbedMessage=function(e){var t=e.data;if((t||t.secret||t.message||t.value)&&!\/[^a-zA-Z0-9]\/.test(t.secret)){for(var s,r,n,a=l.querySelectorAll('iframe[data-secret=\"'+t.secret+'\"]'),o=l.querySelectorAll('blockquote[data-secret=\"'+t.secret+'\"]'),c=new RegExp(\"^https?:$\",\"i\"),i=0;i<o.length;i++)o[i].style.display=\"none\";for(i=0;i<a.length;i++)s=a[i],e.source===s.contentWindow&&(s.removeAttribute(\"style\"),\"height\"===t.message?(1e3<(r=parseInt(t.value,10))?r=1e3:~~r<200&&(r=200),s.height=r):\"link\"===t.message&&(r=new URL(s.getAttribute(\"src\")),n=new URL(t.value),c.test(n.protocol))&&n.host===r.host&&l.activeElement===s&&(d.top.location.href=t.value))}},d.addEventListener(\"message\",d.wp.receiveEmbedMessage,!1),l.addEventListener(\"DOMContentLoaded\",function(){for(var e,t,s=l.querySelectorAll(\"iframe.wp-embedded-content\"),r=0;r<s.length;r++)(t=(e=s[r]).getAttribute(\"data-secret\"))||(t=Math.random().toString(36).substring(2,12),e.src+=\"#?secret=\"+t,e.setAttribute(\"data-secret\",t)),e.contentWindow.postMessage({message:\"ready\",secret:t},\"*\")},!1)))}(window,document);\n\/\/# sourceURL=https:\/\/stuttgarti-katolikusok.de\/wp-includes\/js\/wp-embed.min.js\n\/* ]]> *\/\n<\/script>\n","thumbnail_url":"https:\/\/stuttgarti-katolikusok.de\/wp-content\/uploads\/2020\/09\/szt-gellert.jpg","thumbnail_width":931,"thumbnail_height":465,"description":"Vas\u00e1rnap, szeptember 20-\u00e1n, \u00fcnnep\u00e9lyes b\u00facs\u00fas szentmise keret\u00e9ben eml\u00e9kezt\u00fcnk meg Egyh\u00e1zk\u00f6zs\u00e9g\u00fcnk v\u00e9d\u0151szentj\u00e9r\u0151l, Szent Gell\u00e9rt v\u00e1rtan\u00fa p\u00fcsp\u00f6kr\u0151l. A szentmis\u00e9n Imre atya aj\u00e1nd\u00e9kozott meg gondolataival. Egyh\u00e1zk\u00f6zs\u00e9g\u00fcnk, mint minden m\u00e1s k\u00f6z\u00f6ss\u00e9g, tavasz \u00f3ta neh\u00e9z kih\u00edv\u00e1sokkal szembes\u00fclt. A v\u00edrus-j\u00e1rv\u00e1ny miatt kezdetben online szentmise k\u00f6zvet\u00edt\u00e9sek voltak, b\u00e1r ennek is nagyon \u00f6r\u00fclt\u00fcnk.\u00a0 Azt\u00e1n rendhagy\u00f3 szentmis\u00e9k k\u00f6vetkeztek, amelyre h\u00edveink korl\u00e1tozott sz\u00e1mban j\u00f6hetnek, s csak a kijel\u00f6lt helyeket foglalhatj\u00e1k el. Nem tarthattuk meg rendezv\u00e9nyeinket, k\u00f6reink \u00e9s klubjaink tev\u00e9kenys\u00e9ge sz\u00fcnetel, a mise ut\u00e1ni szeretetlakom\u00e1r\u00f3l is le kellett mondanunk. A jelenlegi helyzet ellenben nem t\u00f6rte meg hit\u00fcnket, lelkesed\u00e9s\u00fcnket, hiszen sz\u00fcl\u0151f\u00f6ld\u00fcnkr\u0151l m\u00e1r megedz\u0151dve \u00e9rkezt\u00fcnk v\u00e1lasztott haz\u00e1nkba. Otthon sokunknak minden nap meg kellett k\u00fczdeni hit\u00e9rt, anyanyelv\u00e9rt. A vas\u00e1rnapi b\u00facs\u00fas mis\u00e9nket nem k\u00f6vette a m\u00e1r megszokott k\u00f6z\u00f6s eb\u00e9d, k\u00e1v\u00e9 \u00e9s s\u00fctem\u00e9ny, elmaradt az ezt k\u00f6vet\u0151 kultur\u00e1lis rendezv\u00e9ny is. Ennek ellen\u00e9re nagyon j\u00f3 \u00e9rz\u00e9s volt \u00fajb\u00f3l tal\u00e1lkozni, egym\u00e1sra mosolyogni, egy\u00fctt lenni a szentmis\u00e9ben \u00e9s azt k\u00f6vet\u0151en is. Lelkiaty\u00e1k \u00e9s az Egyh\u00e1ztan\u00e1cs tan\u00e1cs\u00e1ra a templomban \u00fajb\u00f3l helyet kapott az Egyh\u00e1zk\u00f6zs\u00e9g 70 \u00e9ves t\u00f6rt\u00e9net\u00e9t \u00edr\u00e1sokban \u00e9s k\u00e9pekben bemutat\u00f3 ki\u00e1ll\u00edt\u00e1s. \u00cdgy tett\u00fck \u00fcnnep\u00e9lyesebb\u00e9 b\u00facs\u00fas mis\u00e9nket. Az \u00fcnnepi szentmise kezdet\u00e9n Tibor atya k\u00f6sz\u00f6nt\u00f6tte a megjelenteket. K\u00fcl\u00f6n \u00f6r\u00f6m\u00fcnkre szolg\u00e1lt, hogy els\u0151 alkalommal k\u00f6sz\u00f6nthett\u00fck k\u00f6r\u00fcnkben Dr. Izs\u00e1k Andr\u00e1s f\u0151konzult, tov\u00e1bb\u00e1 helyettes\u00e9t, Dr. Kov\u00e1cs Rita helyettes konzul asszonyt, Dr. Horv\u00e1th D\u00e1niel vezet\u0151 konzult \u00e9s Dr. B. Szab\u00f3 Dezs\u0151, Magyar Kultur\u00e1lis Int\u00e9zet vezet\u0151j\u00e9t \u00e9s feles\u00e9g\u00e9t, Altb\u00e4cker Edit asszonyt. Lektoraink, T\u00f3th M\u00e1rta, Kind Ang\u00e9la \u00e9s Huber Ilona olvast\u00e1k fel nek\u00fcnk az olvasm\u00e1nyt, szentleck\u00e9t \u00e9s a k\u00f6ny\u00f6rg\u00e9seket. A Gloria cantus k\u00f3rus tagjai Andree Brigitta orgonist\u00e1nk vezet\u00e9s\u00e9vel lelkesen k\u00e9sz\u00fcltek \u00e9s \u00e9nek\u00fckkel sz\u00ednes\u00edtett\u00e9k a szentmis\u00e9t. Obo\u00e1n Mokbel-Nyeste Lilla \u00e9s git\u00e1ron Sauerwein Tibor k\u00eds\u00e9rte \u0151ket. Imre atya pr\u00e9dik\u00e1ci\u00f3j\u00e1ban t\u00f6bbek k\u00f6z\u00f6tt Szent Gell\u00e9rt \u00e9letp\u00e9ld\u00e1j\u00e1ra h\u00edvta fel a figyelm\u00fcnket, akinek az \u00e1lma, hogy a Szentf\u00f6ldre eljusson, nem teljes\u00fclt, de Gell\u00e9rt p\u00fcsp\u00f6k elfogadta Isten akarat\u00e1t, aki m\u00e1s utat k\u00e9sz\u00edtett sz\u00e1m\u00e1ra. \u00cdgy azt\u00e1n \u00e9lete v\u00e9g\u00e9ig Magyarorsz\u00e1gon maradt, Szent Istv\u00e1n fi\u00e1nak, Imr\u00e9nek a... R\u00e9szletek"}