{"version":"1.0","provider_name":"Stuttgarti Katolikusok","provider_url":"https:\/\/stuttgarti-katolikusok.de","title":"Brune Gy\u00f6rgyi Marietta: Mag\u00e1nyos H\u00fasv\u00e9t - Stuttgarti Katolikusok","type":"rich","width":600,"height":338,"html":"<blockquote class=\"wp-embedded-content\" data-secret=\"Ql6VgPKw3q\"><a href=\"https:\/\/stuttgarti-katolikusok.de\/index.php\/brune-gyorgyi-marietta-maganyos-husvet\/\">Brune Gy\u00f6rgyi Marietta: Mag\u00e1nyos H\u00fasv\u00e9t<\/a><\/blockquote><iframe sandbox=\"allow-scripts\" security=\"restricted\" src=\"https:\/\/stuttgarti-katolikusok.de\/index.php\/brune-gyorgyi-marietta-maganyos-husvet\/embed\/#?secret=Ql6VgPKw3q\" width=\"600\" height=\"338\" title=\"&#8220;Brune Gy\u00f6rgyi Marietta: Mag\u00e1nyos H\u00fasv\u00e9t&#8221; &#8212; Stuttgarti Katolikusok\" data-secret=\"Ql6VgPKw3q\" frameborder=\"0\" marginwidth=\"0\" marginheight=\"0\" scrolling=\"no\" class=\"wp-embedded-content\"><\/iframe><script type=\"text\/javascript\">\n\/* <![CDATA[ *\/\n\/*! This file is auto-generated *\/\n!function(d,l){\"use strict\";l.querySelector&&d.addEventListener&&\"undefined\"!=typeof URL&&(d.wp=d.wp||{},d.wp.receiveEmbedMessage||(d.wp.receiveEmbedMessage=function(e){var t=e.data;if((t||t.secret||t.message||t.value)&&!\/[^a-zA-Z0-9]\/.test(t.secret)){for(var s,r,n,a=l.querySelectorAll('iframe[data-secret=\"'+t.secret+'\"]'),o=l.querySelectorAll('blockquote[data-secret=\"'+t.secret+'\"]'),c=new RegExp(\"^https?:$\",\"i\"),i=0;i<o.length;i++)o[i].style.display=\"none\";for(i=0;i<a.length;i++)s=a[i],e.source===s.contentWindow&&(s.removeAttribute(\"style\"),\"height\"===t.message?(1e3<(r=parseInt(t.value,10))?r=1e3:~~r<200&&(r=200),s.height=r):\"link\"===t.message&&(r=new URL(s.getAttribute(\"src\")),n=new URL(t.value),c.test(n.protocol))&&n.host===r.host&&l.activeElement===s&&(d.top.location.href=t.value))}},d.addEventListener(\"message\",d.wp.receiveEmbedMessage,!1),l.addEventListener(\"DOMContentLoaded\",function(){for(var e,t,s=l.querySelectorAll(\"iframe.wp-embedded-content\"),r=0;r<s.length;r++)(t=(e=s[r]).getAttribute(\"data-secret\"))||(t=Math.random().toString(36).substring(2,12),e.src+=\"#?secret=\"+t,e.setAttribute(\"data-secret\",t)),e.contentWindow.postMessage({message:\"ready\",secret:t},\"*\")},!1)))}(window,document);\n\/\/# sourceURL=https:\/\/stuttgarti-katolikusok.de\/wp-includes\/js\/wp-embed.min.js\n\/* ]]> *\/\n<\/script>\n","thumbnail_url":"https:\/\/stuttgarti-katolikusok.de\/wp-content\/uploads\/2020\/04\/marietta2.jpg","thumbnail_width":1080,"thumbnail_height":1440,"description":"\u00a0 Brune Gy\u00f6rgyi Marietta remek \u00edr\u00e1s\u00e1val folytatjuk az idei rendhagy\u00f3 H\u00fasv\u00e9ttal kapcsolatos sorozatunkat, amelynek a c\u00e9lja az, hogy bemutassa: hogyan \u00fcnnepelt\u00e9tek otthon, a n\u00e9gy fal k\u00f6z\u00f6tt, csal\u00e1dban vagy mag\u00e1nyosan, templomi szertart\u00e1sok \u00e9s szentmis\u00e9k f\u00e1j\u00f3 hi\u00e1nya k\u00f6zepette Urunk szenved\u00e9s\u00e9nek \u00e9s felt\u00e1mad\u00e1s\u00e1nak szent napjait? Olvast\u00e1n rem\u00e9lem, t\u00f6bben is kedvet kapnak majd ahhoz, hogy szem\u00e9lyes besz\u00e1mol\u00f3jukkal megaj\u00e1nd\u00e9kozzanak benn\u00fcnket! Lelkip\u00e1sztori szeretettel, Imre atya \u00a0 Mag\u00e1nyos h\u00fasv\u00e9t A nagyb\u00f6jti id\u0151szak id\u00e9n is nagy tervekkel indult. Na, persze nem a h\u00fasmentes di\u00e9t\u00e1ra gondolok, sokkal ink\u00e1bb arra az ajt\u00f3ra, ami csak hetekkel k\u00e9s\u0151bb, h\u00fasv\u00e9t hajnal\u00e1n ny\u00edlik ki el\u0151ttem. Ilyenkor minden \u00e9vben tervezgetem, melyik \u00faton induljak a felt\u00e1madt Krisztus fel\u00e9. \u0150szint\u00e9n bevallom, olykor \u00fcres tariszny\u00e1val v\u00e1gok neki az \u00fatnak \u00e9s a nagyb\u00f6jti \u00faton \u00fagy \u00e9rzem, mintha minden ford\u00edtva t\u00f6rt\u00e9nne: h\u00e9tr\u0151l-h\u00e9tre gazdagodom, telik a tariszny\u00e1m. Lelki kincsekkel, melyek figyelmemet ir\u00e1ny\u00edtj\u00e1k \u00e9s kiteljes\u00edtik napjaimat az \u00faton. Azt\u00e1n ahogy a h\u00fasv\u00e9t napja el\u00e9rkezik, kirakosgatom a kincseket, melyeket utam sor\u00e1n tal\u00e1ltam. Gyakran azon t\u0171n\u0151dtem: \u201emilyen k\u00e1r, hogy nem tudok el\u00e9gg\u00e9 vigy\u00e1zni r\u00e1juk, mert az \u00fcnnep elm\u00falt\u00e1val rohannom kell tov\u00e1bb.\u201c Ilyenkor egy-egy kanyarban kiesik a zsebemb\u0151l egyik-m\u00e1sik kincs. Sajnos n\u00e9ha \u00e9szrev\u00e9tlen\u00fcl\u2026 Id\u00e9n ez m\u00e1sk\u00e9nt t\u00f6rt\u00e9nt: meglep\u0151dve vettem tudom\u00e1sul m\u00e1rcius derek\u00e1n, hogy az \u00e9let\u00fcnk a j\u00e1rv\u00e1ny miatt egy csap\u00e1sra megv\u00e1ltozott. Nem hatott r\u00e1m b\u00e9n\u00edt\u00f3an, pedig a napi skand\u00e1l\u00e1sok sor\u00e1n minden m\u00e9dium ezt pr\u00f3b\u00e1lta volna el\u00fcltetni a fejemben. \u00c9ppen ellenkez\u0151leg. Boldog voltam, hogy id\u00e9n nem \u201ekutyafutt\u00e1ban\u201c rohanok v\u00e9gig ezen az \u00faton. K\u00f6zben nem cs\u00f6rg\u00f6tt szakadatlanul a telefonom, nem \u00e1lltam \u00f3r\u00e1kat a dug\u00f3ban, nem hergeltem fel magam minden apr\u00f3s\u00e1gon, mert minden csendes volt k\u00f6r\u00fcl\u00f6ttem. F\u00e9l\u00e1rb\u00f3cra h\u00fazott vitorl\u00e1val sodr\u00f3dtunk a helyes ir\u00e1nyba. Az idei online-h\u00fasv\u00e9t term\u00e9szetesen nek\u00fcnk is feladta a leck\u00e9t \u00e9s lelkem harangjai z\u00fagtak ugyan, a sz\u00e1m\u00edt\u00f3g\u00e9p el\u0151tt \u00e1llva m\u00e9gis v\u00e1gyakozva eml\u00e9keztem vissza arra a pillanatra, mikor a zs\u00fafol\u00e1sig megtelt Bruder Klaus Templomban a nagy s\u00f6t\u00e9ts\u00e9g hirtelen ragyog\u00f3 f\u00e9ny\u00e1rr\u00e1 v\u00e1ltozott. Mi pedig a \u201eDics\u0151s\u00e9g, szent \u00e1ld\u00e1s,... R\u00e9szletek"}