{"version":"1.0","provider_name":"Stuttgarti Katolikusok","provider_url":"https:\/\/stuttgarti-katolikusok.de","title":"Bicikli zar\u00e1ndoklat - 2016. j\u00falius 9. - Stuttgarti Katolikusok","type":"rich","width":600,"height":338,"html":"<blockquote class=\"wp-embedded-content\" data-secret=\"9lL6eUFgge\"><a href=\"https:\/\/stuttgarti-katolikusok.de\/index.php\/bicikli-zarandoklat-2016-julius-9\/\">Bicikli zar\u00e1ndoklat &#8211; 2016. j\u00falius 9.<\/a><\/blockquote><iframe sandbox=\"allow-scripts\" security=\"restricted\" src=\"https:\/\/stuttgarti-katolikusok.de\/index.php\/bicikli-zarandoklat-2016-julius-9\/embed\/#?secret=9lL6eUFgge\" width=\"600\" height=\"338\" title=\"&#8220;Bicikli zar\u00e1ndoklat &#8211; 2016. j\u00falius 9.&#8221; &#8212; Stuttgarti Katolikusok\" data-secret=\"9lL6eUFgge\" frameborder=\"0\" marginwidth=\"0\" marginheight=\"0\" scrolling=\"no\" class=\"wp-embedded-content\"><\/iframe><script type=\"text\/javascript\">\n\/* <![CDATA[ *\/\n\/*! This file is auto-generated *\/\n!function(d,l){\"use strict\";l.querySelector&&d.addEventListener&&\"undefined\"!=typeof URL&&(d.wp=d.wp||{},d.wp.receiveEmbedMessage||(d.wp.receiveEmbedMessage=function(e){var t=e.data;if((t||t.secret||t.message||t.value)&&!\/[^a-zA-Z0-9]\/.test(t.secret)){for(var s,r,n,a=l.querySelectorAll('iframe[data-secret=\"'+t.secret+'\"]'),o=l.querySelectorAll('blockquote[data-secret=\"'+t.secret+'\"]'),c=new RegExp(\"^https?:$\",\"i\"),i=0;i<o.length;i++)o[i].style.display=\"none\";for(i=0;i<a.length;i++)s=a[i],e.source===s.contentWindow&&(s.removeAttribute(\"style\"),\"height\"===t.message?(1e3<(r=parseInt(t.value,10))?r=1e3:~~r<200&&(r=200),s.height=r):\"link\"===t.message&&(r=new URL(s.getAttribute(\"src\")),n=new URL(t.value),c.test(n.protocol))&&n.host===r.host&&l.activeElement===s&&(d.top.location.href=t.value))}},d.addEventListener(\"message\",d.wp.receiveEmbedMessage,!1),l.addEventListener(\"DOMContentLoaded\",function(){for(var e,t,s=l.querySelectorAll(\"iframe.wp-embedded-content\"),r=0;r<s.length;r++)(t=(e=s[r]).getAttribute(\"data-secret\"))||(t=Math.random().toString(36).substring(2,12),e.src+=\"#?secret=\"+t,e.setAttribute(\"data-secret\",t)),e.contentWindow.postMessage({message:\"ready\",secret:t},\"*\")},!1)))}(window,document);\n\/\/# sourceURL=https:\/\/stuttgarti-katolikusok.de\/wp-includes\/js\/wp-embed.min.js\n\/* ]]> *\/\n<\/script>\n","thumbnail_url":"https:\/\/stuttgarti-katolikusok.de\/wp-content\/uploads\/2016\/07\/20160709_151623-1024x576.jpg","thumbnail_width":1024,"thumbnail_height":576,"description":"Sz\u00e9p\u00a0naps\u00fct\u00e9ses reggelre \u00e9bredt\u00fcnk 2016. j\u00falius 9-\u00e9n, szombaton. Vid\u00e1man indultunk a Schorndorf-i \u00e1llom\u00e1son val\u00f3 tal\u00e1lkoz\u00e1s ut\u00e1n c\u00e9lunk fel\u00e9 a Rems foly\u00f3 partj\u00e1n. Ebben az esztend\u0151ben arra v\u00e1llalkoztunk, hogy Schorndorfb\u00f3l elindulva Schw\u00e4bisch-Gm\u00fcndbe \u00e9rkezz\u00fcnk. Meglep\u0151en n\u00e9pes csapat ver\u0151d\u00f6tt \u00f6ssze. Imre atya vezet\u00e9s\u00e9vel 13 feln\u0151tt \u00e9s 5 gyerek indult \u00fatra. A Lorch-i kolostor templom udvar\u00e1n tartottuk az els\u0151, hosszabb sz\u00fcnetet, ahol mindenki j\u00f3\u00edz\u0171en elfogyasztotta a mag\u00e1val hozott reggelit.\u00a0J\u00f3llakottan \u00e9s j\u00f3kedv\u0171en indultunk tov\u00e1bb Schw\u00e4bisch Gm\u00fcnd fel\u00e9. A v\u00e1rosban meg\u00e9rkezve Tibor atya csatlakozott hozz\u00e1nk. K\u00f6z\u00f6sen megl\u00e1togattuk a Schw\u00e4bisch-Gm\u00fcndbe \u00e9s k\u00f6rny\u00e9k\u00e9n lak\u00f3 magyar katolikus testv\u00e9reink \u00e1ltal l\u00e1togatott templomot \u00e9s mis\u00e9z\u0151 helyet. Meglepet\u00e9s\u00fcnkre n\u00e9h\u00e1ny nagyon kedves magyar ismer\u0151s v\u00e1rt a templomban \u00e9rkez\u00e9s\u00fcnkre \u00e9s szeretettel fogadtak benn\u00fcnket. Egy\u00fctt im\u00e1dkoztunk, \u00e9nekelt\u00fcnk, majd elb\u00facs\u00faztunk t\u0151l\u00fck. Ut\u00e1na k\u00e1v\u00e9ztunk, fagyiztunk \u00e9s elindultunk vissza Schorndorf ir\u00e1ny\u00e1ba. Kiss\u00e9 f\u00e1radtan, de j\u00f3kedv\u0171en \u00e9rkezt\u00fcnk vissza, lelk\u00fcnkben a szeretet \u00e9s eggy\u00e9 tartoz\u00e1s \u00e9rz\u00e9s\u00e9vel. J\u00f3 egy\u00fctt lenni, j\u00f3 egym\u00e1st felebar\u00e1ti szeretettel szeretni, nevetni, vid\u00e1mnak lenni! Ezt az \u00e9rz\u00e9st a j\u00f6v\u0151ben is \u00e1polni akarjuk, sok-sok ilyen k\u00f6z\u00f6s programmal. K\u00f6sz\u00f6nettel:\u00a0D\u00e9nes-H\u00fcgel \u00c9va"}