{"version":"1.0","provider_name":"Stuttgarti Katolikusok","provider_url":"https:\/\/stuttgarti-katolikusok.de","title":"Bicajzari 2021. j\u00fanius 19. - Stuttgarti Katolikusok","type":"rich","width":600,"height":338,"html":"<blockquote class=\"wp-embedded-content\" data-secret=\"sIuANt0AGp\"><a href=\"https:\/\/stuttgarti-katolikusok.de\/index.php\/bicajzari-2021-junius-19\/\">Bicajzari 2021. j\u00fanius 19.<\/a><\/blockquote><iframe sandbox=\"allow-scripts\" security=\"restricted\" src=\"https:\/\/stuttgarti-katolikusok.de\/index.php\/bicajzari-2021-junius-19\/embed\/#?secret=sIuANt0AGp\" width=\"600\" height=\"338\" title=\"&#8220;Bicajzari 2021. j\u00fanius 19.&#8221; &#8212; Stuttgarti Katolikusok\" data-secret=\"sIuANt0AGp\" frameborder=\"0\" marginwidth=\"0\" marginheight=\"0\" scrolling=\"no\" class=\"wp-embedded-content\"><\/iframe><script type=\"text\/javascript\">\n\/* <![CDATA[ *\/\n\/*! This file is auto-generated *\/\n!function(d,l){\"use strict\";l.querySelector&&d.addEventListener&&\"undefined\"!=typeof URL&&(d.wp=d.wp||{},d.wp.receiveEmbedMessage||(d.wp.receiveEmbedMessage=function(e){var t=e.data;if((t||t.secret||t.message||t.value)&&!\/[^a-zA-Z0-9]\/.test(t.secret)){for(var s,r,n,a=l.querySelectorAll('iframe[data-secret=\"'+t.secret+'\"]'),o=l.querySelectorAll('blockquote[data-secret=\"'+t.secret+'\"]'),c=new RegExp(\"^https?:$\",\"i\"),i=0;i<o.length;i++)o[i].style.display=\"none\";for(i=0;i<a.length;i++)s=a[i],e.source===s.contentWindow&&(s.removeAttribute(\"style\"),\"height\"===t.message?(1e3<(r=parseInt(t.value,10))?r=1e3:~~r<200&&(r=200),s.height=r):\"link\"===t.message&&(r=new URL(s.getAttribute(\"src\")),n=new URL(t.value),c.test(n.protocol))&&n.host===r.host&&l.activeElement===s&&(d.top.location.href=t.value))}},d.addEventListener(\"message\",d.wp.receiveEmbedMessage,!1),l.addEventListener(\"DOMContentLoaded\",function(){for(var e,t,s=l.querySelectorAll(\"iframe.wp-embedded-content\"),r=0;r<s.length;r++)(t=(e=s[r]).getAttribute(\"data-secret\"))||(t=Math.random().toString(36).substring(2,12),e.src+=\"#?secret=\"+t,e.setAttribute(\"data-secret\",t)),e.contentWindow.postMessage({message:\"ready\",secret:t},\"*\")},!1)))}(window,document);\n\/\/# sourceURL=https:\/\/stuttgarti-katolikusok.de\/wp-includes\/js\/wp-embed.min.js\n\/* ]]> *\/\n<\/script>\n","thumbnail_url":"https:\/\/stuttgarti-katolikusok.de\/wp-content\/uploads\/2021\/06\/cyclists-1534907-1280.jpg","thumbnail_width":1280,"thumbnail_height":852,"description":"A Stuttgarti Szent Gell\u00e9rt Magyar Katolikus Egyh\u00e1zk\u00f6zs\u00e9g 2021. j\u00fanius 19-\u00e9re bicikli zar\u00e1ndoklatot hirdet. Az id\u00e9n folytatjuk biciklit\u00far\u00e1nkat, \u00e9s ez\u00fattal Rottenburgb\u00f3l &#8211; Horbba karik\u00e1zunk. Mindk\u00e9t v\u00e1ros a Neckar menti kereszt\u00e9ny \u00e9let kimagasl\u00f3 b\u00e1sty\u00e1ja. Szombaton, azaz j\u00fanius 19- \u00e9n, 8.15 \u00f3rakor indul\u00e1s vonattal Stuttgartb\u00f3l a Hbf-r\u00f3l. 9.12 \u00f3rakor \u00e9rkez\u00e9s Rottenburg Neckar vas\u00fat\u00e1llom\u00e1sra. reggel 9. 30 \u00f3rakor tal\u00e1lkoz\u00f3 a Rottenburgi vas\u00fat\u00e1llom\u00e1sn\u00e1l. Az \u00e1llom\u00e1ssal szemk\u00f6zti oldalon parkol\u00e1si lehet\u0151s\u00e9g mindazoknak, akik saj\u00e1t aut\u00f3val \u00e9rkeznek. Innen indul k\u00f6z\u00f6s bicajzarink. Bad Nidernauban, a kis k\u00e1poln\u00e1ban k\u00f6z\u00f6s ima. Folytatjuk utunkat Horbba.\u00a0 Ide meg\u00e9rkezve megtekintj\u00fck az \u00f3v\u00e1rost. S miut\u00e1n elfogyasztottuk eb\u00e9d\u00fcnket, s fel is friss\u00fclt\u00fcnk vissza karik\u00e1zunk Rottenburgba. Ide meg\u00e9rkezve megtekintj\u00fck a v\u00e1rost. A sz\u00e9kesegyh\u00e1zban ism\u00e9t lehet\u0151s\u00e9g k\u00edn\u00e1lkozik a k\u00f6z\u00f6s im\u00e1dkoz\u00e1sra. Jelentkezni vagy n\u00e1lam (Tel. 07021-84450, illetve 0160-4639-655), vagy pedig az Irod\u00e1n (0711-236-9190) lehet! Minden bicajbar\u00e1tot szeretettel v\u00e1runk! D\u00e9nes-H\u00fcgel \u00c9va egyh\u00e1ztan\u00e1csos"}