{"version":"1.0","provider_name":"Stuttgarti Katolikusok","provider_url":"https:\/\/stuttgarti-katolikusok.de","title":"Bicaj-zari Maulbronnba - Stuttgarti Katolikusok","type":"rich","width":600,"height":338,"html":"<blockquote class=\"wp-embedded-content\" data-secret=\"pezUDmq2Xm\"><a href=\"https:\/\/stuttgarti-katolikusok.de\/index.php\/bicaj-zari-maulbronnba\/\">Bicaj-zari Maulbronnba<\/a><\/blockquote><iframe sandbox=\"allow-scripts\" security=\"restricted\" src=\"https:\/\/stuttgarti-katolikusok.de\/index.php\/bicaj-zari-maulbronnba\/embed\/#?secret=pezUDmq2Xm\" width=\"600\" height=\"338\" title=\"&#8220;Bicaj-zari Maulbronnba&#8221; &#8212; Stuttgarti Katolikusok\" data-secret=\"pezUDmq2Xm\" frameborder=\"0\" marginwidth=\"0\" marginheight=\"0\" scrolling=\"no\" class=\"wp-embedded-content\"><\/iframe><script type=\"text\/javascript\">\n\/* <![CDATA[ *\/\n\/*! This file is auto-generated *\/\n!function(d,l){\"use strict\";l.querySelector&&d.addEventListener&&\"undefined\"!=typeof URL&&(d.wp=d.wp||{},d.wp.receiveEmbedMessage||(d.wp.receiveEmbedMessage=function(e){var t=e.data;if((t||t.secret||t.message||t.value)&&!\/[^a-zA-Z0-9]\/.test(t.secret)){for(var s,r,n,a=l.querySelectorAll('iframe[data-secret=\"'+t.secret+'\"]'),o=l.querySelectorAll('blockquote[data-secret=\"'+t.secret+'\"]'),c=new RegExp(\"^https?:$\",\"i\"),i=0;i<o.length;i++)o[i].style.display=\"none\";for(i=0;i<a.length;i++)s=a[i],e.source===s.contentWindow&&(s.removeAttribute(\"style\"),\"height\"===t.message?(1e3<(r=parseInt(t.value,10))?r=1e3:~~r<200&&(r=200),s.height=r):\"link\"===t.message&&(r=new URL(s.getAttribute(\"src\")),n=new URL(t.value),c.test(n.protocol))&&n.host===r.host&&l.activeElement===s&&(d.top.location.href=t.value))}},d.addEventListener(\"message\",d.wp.receiveEmbedMessage,!1),l.addEventListener(\"DOMContentLoaded\",function(){for(var e,t,s=l.querySelectorAll(\"iframe.wp-embedded-content\"),r=0;r<s.length;r++)(t=(e=s[r]).getAttribute(\"data-secret\"))||(t=Math.random().toString(36).substring(2,12),e.src+=\"#?secret=\"+t,e.setAttribute(\"data-secret\",t)),e.contentWindow.postMessage({message:\"ready\",secret:t},\"*\")},!1)))}(window,document);\n\/\/# sourceURL=https:\/\/stuttgarti-katolikusok.de\/wp-includes\/js\/wp-embed.min.js\n\/* ]]> *\/\n<\/script>\n","thumbnail_url":"https:\/\/stuttgarti-katolikusok.de\/wp-content\/uploads\/2017\/06\/dscn6070-1024x768.jpg","thumbnail_width":1024,"thumbnail_height":768,"description":"Bicaj-zari Maulbronnba Szombaton j\u00fanius 17-\u00e9n reggel f\u00e9l 9-kor ism\u00e9t tal\u00e1lkoztunk a Stuttgarti F\u0151p\u00e1lyaudvaron az imm\u00e1r hetedik esztendeje szok\u00e1sos biciklizar\u00e1ndoklatra. 9.00 \u00f3rakor indult Karlsruhe fel\u00e9 a vonatunk, \u00e9s alig tal\u00e1ltunk magunknak helyet a sok bicikli k\u00f6z\u00f6tt, ugyanis nagyon sz\u00e9p id\u0151 volt: Szent P\u00e9ter igen csak j\u00f3 id\u0151vel \u00e1ldott meg benn\u00fcnket! Emese Ulmb\u00f3l, \u00c9va \u00e9s Sanyi Dettingenb\u0151l, Erika \u00e9s J\u00f3zsi B\u00f6blingenb\u0151l, Erzsike \u00e9s Tibi Waiblingenb\u0151l, az Andr\u00e9 csal\u00e1d h\u00e1romtagja, egy bar\u00e1t, Imre atya \u00e9s j\u00f3magam Stuttgartb\u00f3l\u2026 Vaihingenben k\u00e9t \u201e\u0151stagunk\u201c is felsz\u00e1llt: Zita \u00e9s Laci. Pontosan f\u00e9l 10-kor \u00e9rkezt\u00fcnk meg Pforzheimba, ahol a \u201eGeiger-banda\u201c m\u00e1r v\u00e1rt r\u00e1nk: Erika, Georg, Joellel \u00e9s term\u00e9szetesen Bucik\u00e1val. Igy h\u00e1t 19-en voltunk, \u00e9s m\u00e1r indultunk is volna \u00fatunkra, ha valaki nem felejtette volna a mell\u00e9ny\u00e9t \u00e9s benne valamennyi kulcs\u00e1t a h\u00e1tizs\u00e1kkal egy\u00fctt \u2013 a vonaton. Az ilyenkor szok\u00e1sos hivatalos elint\u00e9znival\u00f3, \u00e9s a sok im\u00e1ds\u00e1g azonban ez alkalommal meghozta a gy\u00fcm\u00f6lcs\u00e9t: egy \u00f3ra m\u00falva minden visszaker\u00fclt jogos tulajdonos\u00e1hoz, aki, nem is kell, hogy mondjam, mennyire \u00f6rvendett a dolog szerencs\u00e9s kimenetel\u00e9nek\u2026 Egy kicsi k\u00e9s\u00e9ssel elindultunk teh\u00e1t libasorban az Enz ment\u00e9n M\u00fchlacker fel\u00e9. K\u00f6r\u00fcl\u00f6tt\u00fcnk vir\u00e1gos r\u00e9t, mellett\u00fcnk csacsogott a foly\u00f3, \u00e9s sz\u00e9p naps\u00fct\u00e9s k\u00eds\u00e9rt benn\u00fcnket eg\u00e9szen \u00fatunkon. Alig indultunk el, term\u00e9szetesen elindult a besz\u00e9lget\u00e9s is, \u00e9s \u00c9v\u00e1nak valamint Sanyinak, akik az eg\u00e9sz bicaj-zarit szervezt\u00e9k ugyancsak oda kellett figyelni r\u00e1nk, nehogy elt\u00e9vessz\u00fck az utat sok csacsog\u00e1s k\u00f6z\u00f6tt. Az Andr\u00e9-fi\u00fak mindig el\u0151re siettek, eg\u00e9szen addig am\u00edg az egyik\u00fck el nem esett. Szerencs\u00e9re nem t\u00f6rt\u00e9nt k\u00fcl\u00f6n\u00f6sebb nagy baj, \u00e9s a \u00a0k\u00f6z\u00f6tt\u00fck jelenl\u00e9v\u0151 orvosnak siker\u00fclt a sebeket bek\u00f6t\u00f6znie M\u00fchlackerbe meg\u00e9rkezve \u00e1tment\u00fcnk a gyalogos z\u00f3n\u00e1n, azt\u00e1n kerest\u00fck az utat Maulbronn fel\u00e9. Innen kezd\u0151d\u00f6tt azt\u00e1n a neh\u00e9zs\u00e9g. Ugyanis el\u00e9gg\u00e9 dimbes-dombos volt az \u00fat. M\u00e9g szerencse, hogy csatlakozott hozz\u00e1nk Zoli, aki nagyszer\u0171en kiismerte mag\u00e1t, hisz Maulbronnban lakik. Miel\u0151tt meg\u00e9rkezt\u00fcnk volna hozz\u00e1juk, m\u00e9g megpihent\u00fcnk egy pizz\u00e9ri\u00e1n\u00e1l, ahol egy finom eszpressz\u00f3t ittunk illetve egy kicsit reggelizt\u00fcnk. Innen azt\u00e1n hegyr\u0151l fel... R\u00e9szletek"}