{"version":"1.0","provider_name":"Stuttgarti Katolikusok","provider_url":"https:\/\/stuttgarti-katolikusok.de","title":"Bibliak\u00f6r skypon ma este 19.00 \u00f3rakor - Stuttgarti Katolikusok","type":"rich","width":600,"height":338,"html":"<blockquote class=\"wp-embedded-content\" data-secret=\"v5rnmj1u8I\"><a href=\"https:\/\/stuttgarti-katolikusok.de\/index.php\/bibliakor-skypon-ma-este-19-00-orakor\/\">Bibliak\u00f6r skypon ma este 19.00 \u00f3rakor<\/a><\/blockquote><iframe sandbox=\"allow-scripts\" security=\"restricted\" src=\"https:\/\/stuttgarti-katolikusok.de\/index.php\/bibliakor-skypon-ma-este-19-00-orakor\/embed\/#?secret=v5rnmj1u8I\" width=\"600\" height=\"338\" title=\"&#8220;Bibliak\u00f6r skypon ma este 19.00 \u00f3rakor&#8221; &#8212; Stuttgarti Katolikusok\" data-secret=\"v5rnmj1u8I\" frameborder=\"0\" marginwidth=\"0\" marginheight=\"0\" scrolling=\"no\" class=\"wp-embedded-content\"><\/iframe><script type=\"text\/javascript\">\n\/* <![CDATA[ *\/\n\/*! This file is auto-generated *\/\n!function(d,l){\"use strict\";l.querySelector&&d.addEventListener&&\"undefined\"!=typeof URL&&(d.wp=d.wp||{},d.wp.receiveEmbedMessage||(d.wp.receiveEmbedMessage=function(e){var t=e.data;if((t||t.secret||t.message||t.value)&&!\/[^a-zA-Z0-9]\/.test(t.secret)){for(var s,r,n,a=l.querySelectorAll('iframe[data-secret=\"'+t.secret+'\"]'),o=l.querySelectorAll('blockquote[data-secret=\"'+t.secret+'\"]'),c=new RegExp(\"^https?:$\",\"i\"),i=0;i<o.length;i++)o[i].style.display=\"none\";for(i=0;i<a.length;i++)s=a[i],e.source===s.contentWindow&&(s.removeAttribute(\"style\"),\"height\"===t.message?(1e3<(r=parseInt(t.value,10))?r=1e3:~~r<200&&(r=200),s.height=r):\"link\"===t.message&&(r=new URL(s.getAttribute(\"src\")),n=new URL(t.value),c.test(n.protocol))&&n.host===r.host&&l.activeElement===s&&(d.top.location.href=t.value))}},d.addEventListener(\"message\",d.wp.receiveEmbedMessage,!1),l.addEventListener(\"DOMContentLoaded\",function(){for(var e,t,s=l.querySelectorAll(\"iframe.wp-embedded-content\"),r=0;r<s.length;r++)(t=(e=s[r]).getAttribute(\"data-secret\"))||(t=Math.random().toString(36).substring(2,12),e.src+=\"#?secret=\"+t,e.setAttribute(\"data-secret\",t)),e.contentWindow.postMessage({message:\"ready\",secret:t},\"*\")},!1)))}(window,document);\n\/\/# sourceURL=https:\/\/stuttgarti-katolikusok.de\/wp-includes\/js\/wp-embed.min.js\n\/* ]]> *\/\n<\/script>\n","thumbnail_url":"https:\/\/stuttgarti-katolikusok.de\/wp-content\/uploads\/2020\/03\/biblia.jpg","thumbnail_width":149,"thumbnail_height":149,"description":"B I B L I A K \u00d6 R \u201eVedd \u00e9s olvasd\u201c m\u00e1rcius 20-\u00e1n 19.00 \u00f3rakor S k y p o n\u00a0 kereszt\u00fcl! &nbsp; Aki szeretne r\u00e9szt venni rajta, az jelentkezzen n\u00e1lam. Skyp-c\u00edmem: \u00a0anniko benedek Ha nem boldogultok a program telep\u00edt\u00e9s\u00e9vel, akkor \u00edrjatok az e-mail c\u00edmemre: benedek-anniko-noemi@t-online.de El\u0151ad\u00f3: Imre atya T\u00e9ma: J\u00e9zus, Sir\u00e1k k\u00f6nyve (folytat\u00e1s): Sir 32, 14-24 &nbsp; \u201eDr\u00e1ga J\u00e9zus, \u00e9gb\u0151l hoztad szent vall\u00e1sunk tanait. \u00c9gi, f\u00f6ldi sorsunk fel\u0151l szent Bibli\u00e1d megtan\u00edt. J\u00e1mbor aty\u00e1k tan\u00edt\u00e1sa sz\u00edv\u00fcnkben most megfogan. Ha az \u00e9g b\u00e1r b\u00e9borul, \u00e9l\u00fcnk azt\u00e1n j\u00e1mborul. Hit\u00fcnk szerint boldogan.\u201c Ezekkel a gondolatokkal h\u00edvlak benneteket szeretettel arra, hogy a Szent\u00edr\u00e1st egy\u00fctt olvassuk, r\u00f3la egy\u00fctt elm\u00e9lkedj\u00fcnk \u00e9s besz\u00e9lgess\u00fcnk. Anniko &nbsp; &nbsp;"}