{"version":"1.0","provider_name":"Stuttgarti Katolikusok","provider_url":"https:\/\/stuttgarti-katolikusok.de","title":"Benedek Annik\u00f3: Egy kicsit beporosodott lelki vil\u00e1g - Stuttgarti Katolikusok","type":"rich","width":600,"height":338,"html":"<blockquote class=\"wp-embedded-content\" data-secret=\"KLiWp1CuWm\"><a href=\"https:\/\/stuttgarti-katolikusok.de\/index.php\/benedek-anniko-egy-kicsit-beporosodott-lelki-vilag\/\">Benedek Annik\u00f3: Egy kicsit beporosodott lelki vil\u00e1g<\/a><\/blockquote><iframe sandbox=\"allow-scripts\" security=\"restricted\" src=\"https:\/\/stuttgarti-katolikusok.de\/index.php\/benedek-anniko-egy-kicsit-beporosodott-lelki-vilag\/embed\/#?secret=KLiWp1CuWm\" width=\"600\" height=\"338\" title=\"&#8220;Benedek Annik\u00f3: Egy kicsit beporosodott lelki vil\u00e1g&#8221; &#8212; Stuttgarti Katolikusok\" data-secret=\"KLiWp1CuWm\" frameborder=\"0\" marginwidth=\"0\" marginheight=\"0\" scrolling=\"no\" class=\"wp-embedded-content\"><\/iframe><script type=\"text\/javascript\">\n\/* <![CDATA[ *\/\n\/*! This file is auto-generated *\/\n!function(d,l){\"use strict\";l.querySelector&&d.addEventListener&&\"undefined\"!=typeof URL&&(d.wp=d.wp||{},d.wp.receiveEmbedMessage||(d.wp.receiveEmbedMessage=function(e){var t=e.data;if((t||t.secret||t.message||t.value)&&!\/[^a-zA-Z0-9]\/.test(t.secret)){for(var s,r,n,a=l.querySelectorAll('iframe[data-secret=\"'+t.secret+'\"]'),o=l.querySelectorAll('blockquote[data-secret=\"'+t.secret+'\"]'),c=new RegExp(\"^https?:$\",\"i\"),i=0;i<o.length;i++)o[i].style.display=\"none\";for(i=0;i<a.length;i++)s=a[i],e.source===s.contentWindow&&(s.removeAttribute(\"style\"),\"height\"===t.message?(1e3<(r=parseInt(t.value,10))?r=1e3:~~r<200&&(r=200),s.height=r):\"link\"===t.message&&(r=new URL(s.getAttribute(\"src\")),n=new URL(t.value),c.test(n.protocol))&&n.host===r.host&&l.activeElement===s&&(d.top.location.href=t.value))}},d.addEventListener(\"message\",d.wp.receiveEmbedMessage,!1),l.addEventListener(\"DOMContentLoaded\",function(){for(var e,t,s=l.querySelectorAll(\"iframe.wp-embedded-content\"),r=0;r<s.length;r++)(t=(e=s[r]).getAttribute(\"data-secret\"))||(t=Math.random().toString(36).substring(2,12),e.src+=\"#?secret=\"+t,e.setAttribute(\"data-secret\",t)),e.contentWindow.postMessage({message:\"ready\",secret:t},\"*\")},!1)))}(window,document);\n\/\/# sourceURL=https:\/\/stuttgarti-katolikusok.de\/wp-includes\/js\/wp-embed.min.js\n\/* ]]> *\/\n<\/script>\n","thumbnail_url":"https:\/\/stuttgarti-katolikusok.de\/wp-content\/uploads\/2020\/05\/anniko.jpg","thumbnail_width":3435,"thumbnail_height":3105,"description":"+! Kedveseim, sorozatunk \u2013 minden jel szerinti \u2013 utols\u00f3 el\u0151tti \u00edr\u00e1sa k\u00f6vetkezik. Benne Benedek Annik\u00f3 egy \u00faj szempontra nyitja r\u00e1 a szem\u00fcnket: ennek a rendhagy\u00f3 H\u00fasv\u00e9tnak az ideje alatt ism\u00e9t felfedezhett\u00fck porral belepett lelki \u00e9rt\u00e9keinket. B\u00e1rcsak mindig szem\u00fcnk el\u0151tt lebegn\u00e9nek ezek a bels\u0151 aj\u00e1nd\u00e9kok, akkor a mindennapi \u00e9letben is sokkal boldogabbak lenn\u00e9nk! Lelkip\u00e1sztori szeretettel aj\u00e1nlom minden H\u00edv\u00fcnknek, Imre atya PS! Ja, m\u00e9g valami: minden \u00edr\u00e1s kapcs\u00e1n felfedezhettem, hogy a cikk\u00edr\u00f3k mindegyik\u00e9nek volt otthon h\u00e1zi olt\u00e1ra. Err\u0151l az jutott eszembe, hogy minden H\u00edv\u00fcnket \u00e9s Olvas\u00f3nkat megk\u00e9rjek: k\u00fcldj\u00e9tek el vagy az Egyh\u00e1zk\u00f6zs\u00e9g e-mail illetve facebook c\u00edm\u00e9re h\u00e1zi olt\u00e1rotok k\u00e9p\u00e9t. Ezeket azt\u00e1n a honlapunkra feltenn\u00e9nk, \u00e9s ha a koronav\u00edrus j\u00e1rv\u00e1ny elm\u00falt, ki is \u00e1ll\u00edthan\u00e1nk a Bruder Klaus templomban. El\u0151re is k\u00f6sz\u00f6n\u00f6m a k\u00e9peket! \u00a0 Egy kicsit beporosodott lelki vil\u00e1g\u2026. Nagyon furcsa id\u0151ket \u00e9l\u00fcnk. Ez a v\u00edrus a vil\u00e1g minden sark\u00e1t felforgatta, soha nem gondoltam volna, hogy egy kicsi kis v\u00edrus ekkora nagy felfordul\u00e1st tud kelteni, de szerintem ennek a felfordul\u00e1snak megvannak a pozit\u00edv oldalai is Lak\u00e1sunkat rendszeresen kitakar\u00edtjuk, kedves t\u00e1rgyainkat leporozzuk, \u00e1gyunkat \u00a0tiszta, friss \u00e1gynem\u0171vel beh\u00fazzuk, finom \u00e9teleket f\u0151z\u00fcnk \u00e9s m\u00e9g sorolhatn\u00e1m, de vajon ugyan\u00edgy vigy\u00e1zunk a lelk\u00fcnkre is? Az ut\u00f3bbi id\u0151ben ezt a k\u00e9rd\u00e9st t\u00f6bbsz\u00f6r is feltettem magamnak, hisz volt \u00e9s van el\u00e9g id\u0151m err\u0151l is gondolkodni, elm\u00e9lkedni. Nagyon neh\u00e9z az \u00e9let szoci\u00e1lis kapcsolatok n\u00e9lk\u00fcl, bonyolult a munk\u00e1mat vagy hivat\u00e1somat \u00fagy gyakorolnom, hogy azzal el\u00e9gedett legyek. Hi\u00e1nyzanak a rendszeres kapcsolatok a k\u00f6z\u00f6ss\u00e9gem tagjaival, hi\u00e1nyzik a templomba j\u00e1r\u00e1s,\u00a0fizikailag is! Azonban mostans\u00e1g r\u00e9gi-\u00faj dolgokat, \u00e9rt\u00e9keket, \u201em\u00e1sf\u00e9le\u201c kapcsolatokat fedezek fel. Jobban mondva csak le kellet \u201eporolnom\u201c a r\u00e9git, \u00e9s m\u00e1ris el\u0151csillogott, el\u0151villogott az \u00faj. Az ima most napr\u00f3l-napra eg\u00e9szen m\u00e1s \u00e9rz\u00e9seket hoz fel bennem. A J\u00f3isten r\u00e9sz\u00e9r\u0151l pedig olyan aj\u00e1nd\u00e9kat kaptam, hogy azt szavakban alig tudom le\u00edrni\u2026 Egyszer\u0171en meleg, kellemes, felgyullad a sz\u00edvem\u2026 \u00e9s r\u00e1j\u00f6ttem hogy ezt is csak le kellet poroznom. A szentmis\u00e9n r\u00e9szt... R\u00e9szletek"}