{"version":"1.0","provider_name":"Stuttgarti Katolikusok","provider_url":"https:\/\/stuttgarti-katolikusok.de","title":"Bar\u00e1tom - 2018 janu\u00e1rja - Stuttgarti Katolikusok","type":"rich","width":600,"height":338,"html":"<blockquote class=\"wp-embedded-content\" data-secret=\"cPyOsYwN21\"><a href=\"https:\/\/stuttgarti-katolikusok.de\/index.php\/baratom-2018-januarja\/\">Bar\u00e1tom &#8211; 2018 janu\u00e1rja<\/a><\/blockquote><iframe sandbox=\"allow-scripts\" security=\"restricted\" src=\"https:\/\/stuttgarti-katolikusok.de\/index.php\/baratom-2018-januarja\/embed\/#?secret=cPyOsYwN21\" width=\"600\" height=\"338\" title=\"&#8220;Bar\u00e1tom &#8211; 2018 janu\u00e1rja&#8221; &#8212; Stuttgarti Katolikusok\" data-secret=\"cPyOsYwN21\" frameborder=\"0\" marginwidth=\"0\" marginheight=\"0\" scrolling=\"no\" class=\"wp-embedded-content\"><\/iframe><script type=\"text\/javascript\">\n\/* <![CDATA[ *\/\n\/*! This file is auto-generated *\/\n!function(d,l){\"use strict\";l.querySelector&&d.addEventListener&&\"undefined\"!=typeof URL&&(d.wp=d.wp||{},d.wp.receiveEmbedMessage||(d.wp.receiveEmbedMessage=function(e){var t=e.data;if((t||t.secret||t.message||t.value)&&!\/[^a-zA-Z0-9]\/.test(t.secret)){for(var s,r,n,a=l.querySelectorAll('iframe[data-secret=\"'+t.secret+'\"]'),o=l.querySelectorAll('blockquote[data-secret=\"'+t.secret+'\"]'),c=new RegExp(\"^https?:$\",\"i\"),i=0;i<o.length;i++)o[i].style.display=\"none\";for(i=0;i<a.length;i++)s=a[i],e.source===s.contentWindow&&(s.removeAttribute(\"style\"),\"height\"===t.message?(1e3<(r=parseInt(t.value,10))?r=1e3:~~r<200&&(r=200),s.height=r):\"link\"===t.message&&(r=new URL(s.getAttribute(\"src\")),n=new URL(t.value),c.test(n.protocol))&&n.host===r.host&&l.activeElement===s&&(d.top.location.href=t.value))}},d.addEventListener(\"message\",d.wp.receiveEmbedMessage,!1),l.addEventListener(\"DOMContentLoaded\",function(){for(var e,t,s=l.querySelectorAll(\"iframe.wp-embedded-content\"),r=0;r<s.length;r++)(t=(e=s[r]).getAttribute(\"data-secret\"))||(t=Math.random().toString(36).substring(2,12),e.src+=\"#?secret=\"+t,e.setAttribute(\"data-secret\",t)),e.contentWindow.postMessage({message:\"ready\",secret:t},\"*\")},!1)))}(window,document);\n\/\/# sourceURL=https:\/\/stuttgarti-katolikusok.de\/wp-includes\/js\/wp-embed.min.js\n\/* ]]> *\/\n<\/script>\n","description":"B a r \u00e1 t o m A Szent Gell\u00e9rt Magyar Katolikus Egyh\u00e1zk\u00f6zs\u00e9g Havilapja Szerkeszt\u0151: Ft. Merl\u00e1s Tibor \u00e9s Ft. Dr. Tempfli Imre. Kiad\u00f3: Szent Gell\u00e9rt Magyar Katolikus Egyh\u00e1zk\u00f6zs\u00e9g. Postac\u00edm: Albert-Sch\u00e4ffle-Str. 30, 70186-Stuttgart. Tel: 0711-236 91 90, Fax: 0711-236 73 93, E-mail: mission@gracious-dewdney.138-201-221-2.plesk.page Honlap: www. stuttgarti-katolikusok.de Facebook: Stuttgarti.Katolikusok Sz\u00e1mla: Postbank Stuttgart, IBAN: DE80 600 100 700 002 190 704,\u00a0 BIC: PBNKDEFF 2 0 1 8\u00a0\u00a0 J A N U \u00c1 R \u201eBetlehemi csillag Szel\u00edd f\u00e9nye mellett Ma az \u00e9gen \u00e9s a f\u00f6ld\u00f6n Angyalok lebegnek. Isten h\u00edrviv\u0151i K\u00f6nnyezve dalolnak B\u00e9kess\u00e9get, boldogs\u00e1got F\u00f6ldi v\u00e1ndoroknak.\u201d (M\u00e1t\u00e9 evang\u00e9liuma 2,1.11) BETLEHEMI KIR\u00c1LYOK J\u00f3zsef Attila Adjonisten, J\u00e9zusunk, J\u00e9zusunk! H\u00e1rom kir\u00e1ly mi vagyunk. L\u00e1ngos csillag \u00e1llt felett\u00fcnk, gyalog j\u00f6tt\u00fcnk, mert siett\u00fcnk, kis juhocska mondta &#8211; biztos itt lakik a J\u00e9zus Krisztus. Menyh\u00e1rt kir\u00e1ly a nevem. Seg\u00edts, \u00e9des Istenem! Istenfia, j\u00f3napot, j\u00f3napot! Nem vagyunk mi v\u00e9n papok. \u016fgy hallottuk, megsz\u00fclett\u00e9l, szeg\u00e9nyek kir\u00e1lya lett\u00e9l. Ben\u00e9zt\u00fcnk h\u00e1t kicsit hozz\u00e1d, \u00dcdv\u00f6ss\u00e9g\u00fcnk, \u00e9gi orsz\u00e1g! G\u00e1sp\u00e1r voln\u00e9k, aff\u00e9le f\u00f6ldi kir\u00e1ly szem\u00e9lye. Adjonisten, Megv\u00e1lt\u00f3, Megv\u00e1lt\u00f3! J\u00f6tt\u00fcnk meleg orsz\u00e1gb\u00f3l. F\u0151tt kolb\u00e1szunk mind elfogyott, f\u00e9nyes csizm\u00e1nk is megrogyott, hoztunk aranyat hat mar\u00e9kkal, t\u00f6mj\u00e9nt eg\u00e9sz vasfaz\u00e9kkal. \u00c9n vagyok a Boldizs\u00e1r, aki szerecseny kir\u00e1ly. Irul-pirul M\u00e1ria, M\u00e1ria, boldogs\u00e1gos kis mama. Hull\u00f3 k\u00f6nnye z\u00e1por\u00e1n \u00e1t alig l\u00e1tja J\u00e9zusk\u00e1j\u00e1t. A sok p\u00e1sztor mind muzsik\u00e1l. Meg is k\u00e9ne szoptatni m\u00e1r. Kedves h\u00e1rom kir\u00e1lyok, j\u00f3\u00e9jszak\u00e1t k\u00edv\u00e1nok! K\u00d6ZLEM\u00c9NYEK \u2013 RENDEZV\u00c9NYEK Stuttgartban p\u00e9ntekenk\u00e9nt 17.45 \u00f3rakor r\u00f3zsaf\u00fcz\u00e9r-\u00e1jtatoss\u00e1g, majd szentmise, keret\u00e9ben besz\u00e9lget\u00e9s a katekizmusr\u00f3l. Az \u00e9rdekl\u0151d\u0151ket janu\u00e1r 12-\u00e9n, 19-\u00e9n \u00e9s 26-\u00e1n v\u00e1rjuk. A Bar\u00e1ts\u00e1gklub tagjai is janu\u00e1r 12-\u00e9n, 19-\u00e9n \u00e9s 26-\u00e1n tal\u00e1lkoznak, 15.30 \u00f3rakor, a K\u00f6z\u00f6ss\u00e9gi Teremben. Mindenkit szeretettel v\u00e1rnak! * Ulmban cs\u00fct\u00f6rt\u00f6k\u00f6nk\u00e9nt, azaz janu\u00e1r 11-\u00e9n, 18-\u00e1n \u00e9s 25-\u00e9n 17.30 \u00f3r\u00e1t\u00f3l, Weingartenben pedig p\u00e9ntekenk\u00e9nt, azaz janu\u00e1r 12-\u00e9n, 19-\u00e9n \u00e9s 26-\u00e1n\u00a0 18.00 \u00f3r\u00e1t\u00f3l szentmise, ut\u00e1na Besz\u00e9lget\u00e9sek a Bibli\u00e1r\u00f3l. * Stuttgartban janu\u00e1r 12-\u00e9n \u00e9s 26-\u00e1n Sportklub \u00e9s K\u00f3rus. Janu\u00e1r 19-\u00e9n pedig, 19.00 \u00f3rakor Bibliak\u00f6r. \u00a0 * A Magyar... R\u00e9szletek"}