{"version":"1.0","provider_name":"Stuttgarti Katolikusok","provider_url":"https:\/\/stuttgarti-katolikusok.de","title":"Bar\u00e1tom - 2017 j\u00faliusa - augusztusa - szeptembere - Stuttgarti Katolikusok","type":"rich","width":600,"height":338,"html":"<blockquote class=\"wp-embedded-content\" data-secret=\"6fIY38Cai1\"><a href=\"https:\/\/stuttgarti-katolikusok.de\/index.php\/baratom-2017-juliusa-augusztusa-szeptembere\/\">Bar\u00e1tom &#8211; 2017 j\u00faliusa &#8211; augusztusa &#8211; szeptembere<\/a><\/blockquote><iframe sandbox=\"allow-scripts\" security=\"restricted\" src=\"https:\/\/stuttgarti-katolikusok.de\/index.php\/baratom-2017-juliusa-augusztusa-szeptembere\/embed\/#?secret=6fIY38Cai1\" width=\"600\" height=\"338\" title=\"&#8220;Bar\u00e1tom &#8211; 2017 j\u00faliusa &#8211; augusztusa &#8211; szeptembere&#8221; &#8212; Stuttgarti Katolikusok\" data-secret=\"6fIY38Cai1\" frameborder=\"0\" marginwidth=\"0\" marginheight=\"0\" scrolling=\"no\" class=\"wp-embedded-content\"><\/iframe><script type=\"text\/javascript\">\n\/* <![CDATA[ *\/\n\/*! This file is auto-generated *\/\n!function(d,l){\"use strict\";l.querySelector&&d.addEventListener&&\"undefined\"!=typeof URL&&(d.wp=d.wp||{},d.wp.receiveEmbedMessage||(d.wp.receiveEmbedMessage=function(e){var t=e.data;if((t||t.secret||t.message||t.value)&&!\/[^a-zA-Z0-9]\/.test(t.secret)){for(var s,r,n,a=l.querySelectorAll('iframe[data-secret=\"'+t.secret+'\"]'),o=l.querySelectorAll('blockquote[data-secret=\"'+t.secret+'\"]'),c=new RegExp(\"^https?:$\",\"i\"),i=0;i<o.length;i++)o[i].style.display=\"none\";for(i=0;i<a.length;i++)s=a[i],e.source===s.contentWindow&&(s.removeAttribute(\"style\"),\"height\"===t.message?(1e3<(r=parseInt(t.value,10))?r=1e3:~~r<200&&(r=200),s.height=r):\"link\"===t.message&&(r=new URL(s.getAttribute(\"src\")),n=new URL(t.value),c.test(n.protocol))&&n.host===r.host&&l.activeElement===s&&(d.top.location.href=t.value))}},d.addEventListener(\"message\",d.wp.receiveEmbedMessage,!1),l.addEventListener(\"DOMContentLoaded\",function(){for(var e,t,s=l.querySelectorAll(\"iframe.wp-embedded-content\"),r=0;r<s.length;r++)(t=(e=s[r]).getAttribute(\"data-secret\"))||(t=Math.random().toString(36).substring(2,12),e.src+=\"#?secret=\"+t,e.setAttribute(\"data-secret\",t)),e.contentWindow.postMessage({message:\"ready\",secret:t},\"*\")},!1)))}(window,document);\n\/\/# sourceURL=https:\/\/stuttgarti-katolikusok.de\/wp-includes\/js\/wp-embed.min.js\n\/* ]]> *\/\n<\/script>\n","description":"B A R \u00c1 T O M A Szent Gell\u00e9rt Magyar Katolikus Egyh\u00e1zk\u00f6zs\u00e9g Havilapja Szerkeszt\u0151: Ft. Merl\u00e1s Tibor \u00e9s Ft. Dr. Tempfli Imre. Kiad\u00f3: a Szent Gell\u00e9rt Magyar Katolikus Egyh\u00e1zk\u00f6zs\u00e9g. Postac\u00edm: Albert-Sch\u00e4ffle-Str. 30, 70186-Stuttgart. Tel: 0711-236 91 90, Fax: 0711-236 73 93, E-mail: mission@gracious-dewdney.138-201-221-2.plesk.page Honlap: www. stuttgarti-katolikusok.de Facebook: Stuttgarti.Katolikusok Sz\u00e1mla: Postbank Stuttgart, IBAN: DE80 600 100 700 002 190 704,\u00a0 BIC: PBNKDEFF &#8221; H\u00e1rom sz\u00f3 nagyon sokat seg\u00edt (az \u00e9letben). H\u00e1rom sz\u00f3, amelyet mindig mondani kell: &#8222;k\u00e9rem; k\u00f6sz\u00f6n\u00f6m; bocs\u00e1nat&#8221;. (Ferenc p\u00e1pa) \u00a0 Mondd egyszer\u0171en azt, hogy \u201eK\u00f6sz\u00f6n\u00f6m!\u201d Ma durc\u00e1s vagy. Legal\u00e1bbis \u00fagy mutatod. Haragudni akarsz \u2013 tal\u00e1n az \u00e9letre, a munk\u00e1dra, az emberekre, a T\u00e9ged k\u00f6r\u00fclleng\u0151 stresszre vagy mindenre \u00e9s mindenkire \u2013, de nem sikeredik. Ismerlek m\u00e1r: l\u00e1tszik, hogy nem komoly az eg\u00e9sz, csak valamit el akarsz mondani&#8230; \u201eAtya, \u00e9n ezent\u00fal senkinek nem k\u00f6sz\u00f6n\u00f6k meg semmit! Nekem se k\u00f6sz\u00f6ni meg senki, hogy meghallgatom, kiszolg\u00e1lom, seg\u00edtem. Mi\u00e9rt kell egy\u00e1ltal\u00e1n h\u00e1l\u00e1snak lenni?\u201d \u2013 fakadsz ki, mik\u00f6zben t\u00e1sk\u00e1dat a sz\u00e9kre ejted, \u00e9s le\u00fclsz&#8230; Miel\u0151tt v\u00e1laszoln\u00e9k Neked, megv\u00e1rom, am\u00edg elhelyezkedsz \u00e9s r\u00e1m tudsz figyelni&#8230; Az\u00e9rt kell az \u00e9letben h\u00e1l\u00e1snak lenned, mert &#8211; a luter\u00e1nus teol\u00f3gus, Dietrich\u00a0 Bonhoeffer (1906-1945) szavaival kifejezve -: \u201eA h\u00e1la gazdagg\u00e1 teszi az \u00e9letedet.\u201d \u00c9s mert ez ford\u00edtva is igaz: \u201eHa nem tudsz valamit megk\u00f6sz\u00f6nni, ha nem vagy h\u00e1l\u00e1s, akkor egy nagyon szeg\u00e9ny ember vagy&#8230;\u201d Aki ki tudja mondani ezt a kis sz\u00f3t, hogy: \u201eK\u00f6sz\u00f6n\u00f6m\u201d, az \u2013 ha anyagilag nem is lesz gazdagabb, mint el\u0151tte volt, de \u2013 tudatosabban \u00e9li meg azt, amije van. \u00c9s \u00e9szreveszi, hogy gazdagabb, mint v\u00e9lte \u00e9s gondolta. Aki ki tudja mondani ezt a kis sz\u00f3t, hogy: \u201eK\u00f6sz\u00f6n\u00f6m\u201d, az \u00f6rvend annak, amije van, \u00e9s nem azon sop\u00e1nkodik folyton, amit m\u00e9g szeretne megszerezni. Aki ki tudja mondani ezt a kis sz\u00f3t, hogy: \u201eK\u00f6sz\u00f6n\u00f6m\u201d, az felismeri az \u00e9rt\u00e9k\u00e9t annak, amije van. Az a kis dolgokon is el tud csod\u00e1lkozni,... R\u00e9szletek"}