{"version":"1.0","provider_name":"Stuttgarti Katolikusok","provider_url":"https:\/\/stuttgarti-katolikusok.de","title":"Bar\u00e1tom - 2017 \u00e1prilisa - Stuttgarti Katolikusok","type":"rich","width":600,"height":338,"html":"<blockquote class=\"wp-embedded-content\" data-secret=\"0lF06vSYSb\"><a href=\"https:\/\/stuttgarti-katolikusok.de\/index.php\/baratom-2017-aprilisa\/\">Bar\u00e1tom &#8211; 2017 \u00e1prilisa<\/a><\/blockquote><iframe sandbox=\"allow-scripts\" security=\"restricted\" src=\"https:\/\/stuttgarti-katolikusok.de\/index.php\/baratom-2017-aprilisa\/embed\/#?secret=0lF06vSYSb\" width=\"600\" height=\"338\" title=\"&#8220;Bar\u00e1tom &#8211; 2017 \u00e1prilisa&#8221; &#8212; Stuttgarti Katolikusok\" data-secret=\"0lF06vSYSb\" frameborder=\"0\" marginwidth=\"0\" marginheight=\"0\" scrolling=\"no\" class=\"wp-embedded-content\"><\/iframe><script type=\"text\/javascript\">\n\/* <![CDATA[ *\/\n\/*! This file is auto-generated *\/\n!function(d,l){\"use strict\";l.querySelector&&d.addEventListener&&\"undefined\"!=typeof URL&&(d.wp=d.wp||{},d.wp.receiveEmbedMessage||(d.wp.receiveEmbedMessage=function(e){var t=e.data;if((t||t.secret||t.message||t.value)&&!\/[^a-zA-Z0-9]\/.test(t.secret)){for(var s,r,n,a=l.querySelectorAll('iframe[data-secret=\"'+t.secret+'\"]'),o=l.querySelectorAll('blockquote[data-secret=\"'+t.secret+'\"]'),c=new RegExp(\"^https?:$\",\"i\"),i=0;i<o.length;i++)o[i].style.display=\"none\";for(i=0;i<a.length;i++)s=a[i],e.source===s.contentWindow&&(s.removeAttribute(\"style\"),\"height\"===t.message?(1e3<(r=parseInt(t.value,10))?r=1e3:~~r<200&&(r=200),s.height=r):\"link\"===t.message&&(r=new URL(s.getAttribute(\"src\")),n=new URL(t.value),c.test(n.protocol))&&n.host===r.host&&l.activeElement===s&&(d.top.location.href=t.value))}},d.addEventListener(\"message\",d.wp.receiveEmbedMessage,!1),l.addEventListener(\"DOMContentLoaded\",function(){for(var e,t,s=l.querySelectorAll(\"iframe.wp-embedded-content\"),r=0;r<s.length;r++)(t=(e=s[r]).getAttribute(\"data-secret\"))||(t=Math.random().toString(36).substring(2,12),e.src+=\"#?secret=\"+t,e.setAttribute(\"data-secret\",t)),e.contentWindow.postMessage({message:\"ready\",secret:t},\"*\")},!1)))}(window,document);\n\/\/# sourceURL=https:\/\/stuttgarti-katolikusok.de\/wp-includes\/js\/wp-embed.min.js\n\/* ]]> *\/\n<\/script>\n","description":"&nbsp; Bar\u00e1tom A Szent Gell\u00e9rt Magyar Katolikus Egyh\u00e1zk\u00f6zs\u00e9g Havilapja Szerkeszt\u0151: Ft. Merl\u00e1s Tibor \u00e9s Ft. Dr. Tempfli Imre. Kiad\u00f3: a Szent Gell\u00e9rt Magyar Katolikus Egyh\u00e1zk\u00f6zs\u00e9g. Postac\u00edm: Albert-Sch\u00e4ffle-Str. 30, 70186-Stuttgart. Tel: 0711-236 91 90, Fax: 0711-236 73 93, E-mail: mission@gracious-dewdney.138-201-221-2.plesk.page Honlap: www. stuttgarti-katolikusok.de Facebook: Stuttgarti.Katolikusok Sz\u00e1mla: Postbank Stuttgart, IBAN: DE80 600 100 700 002 190 704,\u00a0 BIC: PBNKDEFF 2 0 1 7\u00a0 \u00a0\u00c1 P R\u00a0 I\u00a0 L I S \u00a0 &#8222;A h\u00fasv\u00e9t a vall\u00e1s \u00fcnnepe. A vall\u00e1s ad h\u00edveinek megnyugv\u00e1st, hitet, f\u00f6lt\u00e1mad\u00e1st \u00e9s mennyb\u00e9li \u00fcdv\u00f6ss\u00e9get, nagyp\u00e9ntek pedig adja a keresztrefesz\u00edt\u00e9s igazs\u00e1g\u00e1t&#8230; \u00d3h, boldogok a h\u00edv\u0151k, kik ma s\u00edrnak, zokognak, de tudj\u00e1k, hogy m\u00e1r holnap este halleluj\u00e1zni fognak.&#8221; \u00a0(Ady Endre) S Z E N T M I S \u00c9 I N K Balingen\u00a0\u00a0\u00a0\u00a0\u00a0\u00a0\u00a0\u00a0\u00a0\u00a0\u00a0\u00a0\u00a0\u00a0\u00a0\u00a0 \u00e1prilis 01 szombat\u00a0\u00a0\u00a0\u00a0\u00a0\u00a0\u00a0\u00a0\u00a0\u00a0\u00a0\u00a0 17.00 \u00f3ra Munderkingen \u00a0\u00a0\u00a0\u00a0\u00a0\u00a0\u00a0 \u00e1prilis 02 vas\u00e1rnap\u00a0\u00a0\u00a0\u00a0\u00a0\u00a0\u00a0\u00a0\u00a0\u00a0\u00a0 09.00 \u00f3ra Schw\u00e4bisch Gm\u00fcnd \u00a0\u00a0\u00a0\u00a0\u00a0\u00a0\u00a0\u00a0\u00a0 \u00e1prilis 02 vas\u00e1rnap\u00a0\u00a0\u00a0\u00a0\u00a0\u00a0\u00a0\u00a0\u00a0\u00a0\u00a0 09.30 \u00f3ra Stuttgart\u00a0\u00a0\u00a0\u00a0\u00a0\u00a0\u00a0\u00a0\u00a0\u00a0\u00a0\u00a0\u00a0\u00a0\u00a0 \u00e1prilis 02 vas\u00e1rnap\u00a0\u00a0\u00a0\u00a0\u00a0\u00a0\u00a0\u00a0\u00a0\u00a0\u00a0 15.00 \u00f3ra !!! Friedrichshafen-Berg\u00a0\u00a0\u00a0\u00a0\u00a0\u00a0\u00a0\u00a0 \u00e1prilis 08 szombat\u00a0\u00a0\u00a0\u00a0\u00a0\u00a0\u00a0\u00a0\u00a0\u00a0\u00a0\u00a0 17.00 \u00f3ra Weingarten \u00a0\u00a0\u00a0\u00a0\u00a0\u00a0\u00a0\u00a0\u00a0\u00a0\u00a0 \u00e1prilis 09 vas\u00e1rnap \u00a0\u00a0\u00a0\u00a0\u00a0\u00a0\u00a0\u00a0\u00a0\u00a0 10.00 \u00f3ra Ulm \u00a0\u00a0\u00a0\u00a0\u00a0\u00a0\u00a0\u00a0\u00a0\u00a0\u00a0\u00a0\u00a0\u00a0\u00a0\u00a0\u00a0\u00a0\u00a0\u00a0\u00a0\u00a0 \u00e1prilis 09 vas\u00e1rnap \u00a0\u00a0\u00a0\u00a0\u00a0\u00a0\u00a0\u00a0\u00a0\u00a0 15.00 \u00f3ra Weingarten\u00a0\u00a0\u00a0\u00a0\u00a0\u00a0\u00a0\u00a0\u00a0\u00a0\u00a0\u00a0 \u00a0\u00e1prilis 13 Nagycs\u00fct\u00f6rt\u00f6k\u00a0 19.00 \u00f3ra Stuttgart\u00a0 \u00a0\u00a0\u00a0\u00a0\u00a0\u00a0\u00a0\u00a0\u00a0\u00a0\u00a0\u00a0\u00a0\u00a0\u00a0\u00e1prilis 13 Nagycs\u00fct\u00f6rt\u00f6k\u00a0\u00a0\u00a0 19.00 \u00f3ra Weingarten\u00a0\u00a0\u00a0\u00a0\u00a0\u00a0\u00a0\u00a0\u00a0\u00a0\u00a0\u00a0 \u00e1prilis 14 Nagyp\u00e9ntek\u00a0\u00a0\u00a0\u00a0\u00a0\u00a0\u00a0 15.00 \u00f3ra Stuttgart\u00a0\u00a0\u00a0\u00a0\u00a0\u00a0\u00a0\u00a0\u00a0\u00a0\u00a0\u00a0\u00a0\u00a0\u00a0 \u00e1prilis 14 Nagyp\u00e9ntek\u00a0\u00a0\u00a0\u00a0\u00a0\u00a0\u00a0 18.00 \u00f3ra Weingarten\u00a0\u00a0\u00a0\u00a0\u00a0\u00a0\u00a0\u00a0\u00a0\u00a0\u00a0\u00a0 \u00e1prilis 15 Nagyszombat\u00a0\u00a0\u00a0\u00a0\u00a0 20.00 \u00f3ra Stuttgart\u00a0\u00a0\u00a0\u00a0\u00a0\u00a0\u00a0\u00a0\u00a0\u00a0\u00a0\u00a0\u00a0\u00a0\u00a0 \u00e1prilis 15 Nagyszombat\u00a0\u00a0\u00a0\u00a0\u00a0 20.00 \u00f3ra Ludwigsburg\u00a0\u00a0\u00a0\u00a0\u00a0\u00a0\u00a0\u00a0\u00a0\u00a0 \u00e1prilis 16 H\u00daSV\u00c9T\u00a0\u00a0\u00a0\u00a0\u00a0\u00a0\u00a0\u00a0\u00a0\u00a0\u00a0\u00a0 09.30 \u00f3ra Weingarten\u00a0\u00a0\u00a0\u00a0\u00a0\u00a0\u00a0\u00a0\u00a0\u00a0\u00a0\u00a0 \u00e1prilis 16 H\u00daSV\u00c9T\u00a0\u00a0\u00a0\u00a0\u00a0\u00a0\u00a0\u00a0 \u00a0\u00a0\u00a0 10.00 \u00f3ra Stuttgart\u00a0\u00a0\u00a0\u00a0\u00a0\u00a0\u00a0\u00a0\u00a0\u00a0\u00a0\u00a0\u00a0\u00a0\u00a0 \u00e1prilis 16 H\u00daSV\u00c9T\u00a0\u00a0\u00a0\u00a0\u00a0\u00a0\u00a0 \u00a0\u00a0\u00a0\u00a0 12.00 \u00f3ra Pforzheim\u00a0\u00a0\u00a0\u00a0\u00a0\u00a0\u00a0\u00a0\u00a0\u00a0\u00a0\u00a0\u00a0\u00a0 \u00e1prilis 16 H\u00daSV\u00c9T\u00a0\u00a0\u00a0\u00a0\u00a0\u00a0\u00a0\u00a0\u00a0\u00a0\u00a0\u00a0 15.00 \u00f3ra Ulm\u00a0\u00a0\u00a0\u00a0\u00a0\u00a0\u00a0\u00a0\u00a0\u00a0\u00a0\u00a0\u00a0\u00a0\u00a0\u00a0\u00a0\u00a0\u00a0\u00a0\u00a0\u00a0\u00a0 \u00e1prilis 16 H\u00daSV\u00c9T\u00a0\u00a0\u00a0\u00a0\u00a0\u00a0\u00a0\u00a0 \u00a0\u00a0\u00a0 15.00 \u00f3ra Stuttgart\u00a0\u00a0\u00a0\u00a0\u00a0\u00a0 \u00a0\u00a0\u00a0\u00a0\u00a0\u00a0\u00a0\u00a0 \u00e1prilis 17 H\u00fasv\u00e9th\u00e9tf\u0151\u00a0\u00a0\u00a0\u00a0\u00a0\u00a0\u00a0 09.30 \u00f3ra Weingarten\u00a0\u00a0\u00a0\u00a0\u00a0\u00a0\u00a0\u00a0\u00a0\u00a0\u00a0\u00a0 \u00e1prilis 17 H\u00fasv\u00e9th\u00e9tf\u0151\u00a0\u00a0\u00a0\u00a0\u00a0\u00a0\u00a0 10.00 \u00f3ra Heidenheim\u00a0\u00a0\u00a0\u00a0\u00a0\u00a0\u00a0\u00a0\u00a0\u00a0\u00a0 \u00e1prilis 22 szombat\u00a0\u00a0\u00a0\u00a0\u00a0\u00a0\u00a0\u00a0\u00a0\u00a0\u00a0\u00a0 15.30 \u00f3ra Reutlingen\u00a0\u00a0\u00a0\u00a0\u00a0\u00a0\u00a0\u00a0\u00a0\u00a0\u00a0\u00a0\u00a0 \u00e1prilis 22 szombat\u00a0\u00a0\u00a0\u00a0\u00a0\u00a0\u00a0\u00a0\u00a0\u00a0\u00a0\u00a0 16.30 \u00f3ra Biberach\u00a0\u00a0\u00a0\u00a0\u00a0\u00a0\u00a0\u00a0\u00a0\u00a0\u00a0\u00a0\u00a0\u00a0\u00a0\u00a0 \u00e1prilis 23 vas\u00e1rnap\u00a0\u00a0\u00a0\u00a0\u00a0\u00a0\u00a0\u00a0\u00a0\u00a0\u00a0 08.45 \u00f3ra B\u00f6blingen\u00a0\u00a0\u00a0\u00a0\u00a0\u00a0\u00a0\u00a0\u00a0\u00a0\u00a0\u00a0\u00a0\u00a0 \u00e1prilis 23 vas\u00e1rnap\u00a0\u00a0\u00a0\u00a0\u00a0\u00a0\u00a0\u00a0\u00a0\u00a0\u00a0 09.00 \u00f3ra Eislingen\u00a0\u00a0\u00a0\u00a0\u00a0\u00a0\u00a0\u00a0\u00a0\u00a0\u00a0\u00a0\u00a0\u00a0\u00a0\u00a0 \u00e1prilis 23 vas\u00e1rnap\u00a0\u00a0\u00a0\u00a0\u00a0\u00a0\u00a0\u00a0\u00a0\u00a0\u00a0 15.00 \u00f3ra Heilbronn\u00a0\u00a0\u00a0\u00a0\u00a0\u00a0\u00a0\u00a0\u00a0\u00a0\u00a0\u00a0\u00a0\u00a0\u00a0 \u00e1prilis 23 vas\u00e1rnap\u00a0\u00a0\u00a0\u00a0\u00a0\u00a0\u00a0\u00a0\u00a0\u00a0\u00a0 15.30 \u00f3ra !!! \u00a0 \u00a0 Reviczky Gyula: H\u00fasv\u00e9t\u00a0 Fakadnak m\u00e1r a vir\u00e1gok, Kider\u00fcl az... R\u00e9szletek"}