{"version":"1.0","provider_name":"Stuttgarti Katolikusok","provider_url":"https:\/\/stuttgarti-katolikusok.de","title":"B\u00e1li megh\u00edv\u00f3nk - Stuttgarti Katolikusok","type":"rich","width":600,"height":338,"html":"<blockquote class=\"wp-embedded-content\" data-secret=\"PAmae6pWcj\"><a href=\"https:\/\/stuttgarti-katolikusok.de\/index.php\/bali-meghivonk\/\">B\u00e1li megh\u00edv\u00f3nk<\/a><\/blockquote><iframe sandbox=\"allow-scripts\" security=\"restricted\" src=\"https:\/\/stuttgarti-katolikusok.de\/index.php\/bali-meghivonk\/embed\/#?secret=PAmae6pWcj\" width=\"600\" height=\"338\" title=\"&#8220;B\u00e1li megh\u00edv\u00f3nk&#8221; &#8212; Stuttgarti Katolikusok\" data-secret=\"PAmae6pWcj\" frameborder=\"0\" marginwidth=\"0\" marginheight=\"0\" scrolling=\"no\" class=\"wp-embedded-content\"><\/iframe><script type=\"text\/javascript\">\n\/* <![CDATA[ *\/\n\/*! This file is auto-generated *\/\n!function(d,l){\"use strict\";l.querySelector&&d.addEventListener&&\"undefined\"!=typeof URL&&(d.wp=d.wp||{},d.wp.receiveEmbedMessage||(d.wp.receiveEmbedMessage=function(e){var t=e.data;if((t||t.secret||t.message||t.value)&&!\/[^a-zA-Z0-9]\/.test(t.secret)){for(var s,r,n,a=l.querySelectorAll('iframe[data-secret=\"'+t.secret+'\"]'),o=l.querySelectorAll('blockquote[data-secret=\"'+t.secret+'\"]'),c=new RegExp(\"^https?:$\",\"i\"),i=0;i<o.length;i++)o[i].style.display=\"none\";for(i=0;i<a.length;i++)s=a[i],e.source===s.contentWindow&&(s.removeAttribute(\"style\"),\"height\"===t.message?(1e3<(r=parseInt(t.value,10))?r=1e3:~~r<200&&(r=200),s.height=r):\"link\"===t.message&&(r=new URL(s.getAttribute(\"src\")),n=new URL(t.value),c.test(n.protocol))&&n.host===r.host&&l.activeElement===s&&(d.top.location.href=t.value))}},d.addEventListener(\"message\",d.wp.receiveEmbedMessage,!1),l.addEventListener(\"DOMContentLoaded\",function(){for(var e,t,s=l.querySelectorAll(\"iframe.wp-embedded-content\"),r=0;r<s.length;r++)(t=(e=s[r]).getAttribute(\"data-secret\"))||(t=Math.random().toString(36).substring(2,12),e.src+=\"#?secret=\"+t,e.setAttribute(\"data-secret\",t)),e.contentWindow.postMessage({message:\"ready\",secret:t},\"*\")},!1)))}(window,document);\n\/\/# sourceURL=https:\/\/stuttgarti-katolikusok.de\/wp-includes\/js\/wp-embed.min.js\n\/* ]]> *\/\n<\/script>\n","thumbnail_url":"https:\/\/stuttgarti-katolikusok.de\/wp-content\/uploads\/2022\/11\/whatsapp-kep-2022-11-28-234714.jpg","thumbnail_width":2048,"thumbnail_height":1365,"description":"Kedves H\u00edveink, Bar\u00e1taink! &nbsp; M\u00e1r csak n\u00e9h\u00e1ny nap v\u00e1laszt el benn\u00fcnket idei, 48. Stuttgarti Magyar Katolikus J\u00f3t\u00e9konys\u00e1gi B\u00e1lunkt\u00f3l. Kimondhatatlanul nagy \u00f6r\u00f6m mindannyiunk sz\u00e1m\u00e1ra, hogy \u00fajb\u00f3l, minden korl\u00e1toz\u00e1s n\u00e9lk\u00fcl, egy\u00fctt lehet\u00fcnk. K\u00f6sz\u00f6net mindenkinek, aki sz\u00edv\u00fcgy\u00e9nek tekintette mostani j\u00f3t\u00e9konys\u00e1gi b\u00e1lunk megtart\u00e1s\u00e1t \u00e9s annak n\u00e9pszer\u0171s\u00edt\u00e9s\u00e9t.\u00a0 M\u00e1ra, minden v\u00e1rakoz\u00e1sunkat fel\u00fclm\u00falva, szinte minden bel\u00e9p\u0151jegy elkelt!\u00a0 Honlapunkon kereszt\u00fcl m\u00e1r nem lehet jegyet ig\u00e9nyelni! A helysz\u00ednen viszont janu\u00e1r 28-\u00e1n, szombaton, 18.00 &#8211; 19.00 \u00f3ra k\u00f6z\u00f6tt m\u00e9g korl\u00e1tozott sz\u00e1mban v\u00e1s\u00e1rolhat\u00f3 bel\u00e9p\u0151jegy.\u00a0 Az el\u0151csarnokban vannak m\u00e9g helyeink! Magyar B\u00e1l Rendez\u0151 Bizotts\u00e1ga"}