{"version":"1.0","provider_name":"Stuttgarti Katolikusok","provider_url":"https:\/\/stuttgarti-katolikusok.de","title":"Az Istenbe vetett hit a koronav\u00edrus alatt - Stuttgarti Katolikusok","type":"rich","width":600,"height":338,"html":"<blockquote class=\"wp-embedded-content\" data-secret=\"xzBqTrrytl\"><a href=\"https:\/\/stuttgarti-katolikusok.de\/index.php\/az-istenbe-vetett-hit-a-koronavirus-alatt\/\">Az Istenbe vetett hit a koronav\u00edrus alatt<\/a><\/blockquote><iframe sandbox=\"allow-scripts\" security=\"restricted\" src=\"https:\/\/stuttgarti-katolikusok.de\/index.php\/az-istenbe-vetett-hit-a-koronavirus-alatt\/embed\/#?secret=xzBqTrrytl\" width=\"600\" height=\"338\" title=\"&#8220;Az Istenbe vetett hit a koronav\u00edrus alatt&#8221; &#8212; Stuttgarti Katolikusok\" data-secret=\"xzBqTrrytl\" frameborder=\"0\" marginwidth=\"0\" marginheight=\"0\" scrolling=\"no\" class=\"wp-embedded-content\"><\/iframe><script type=\"text\/javascript\">\n\/* <![CDATA[ *\/\n\/*! This file is auto-generated *\/\n!function(d,l){\"use strict\";l.querySelector&&d.addEventListener&&\"undefined\"!=typeof URL&&(d.wp=d.wp||{},d.wp.receiveEmbedMessage||(d.wp.receiveEmbedMessage=function(e){var t=e.data;if((t||t.secret||t.message||t.value)&&!\/[^a-zA-Z0-9]\/.test(t.secret)){for(var s,r,n,a=l.querySelectorAll('iframe[data-secret=\"'+t.secret+'\"]'),o=l.querySelectorAll('blockquote[data-secret=\"'+t.secret+'\"]'),c=new RegExp(\"^https?:$\",\"i\"),i=0;i<o.length;i++)o[i].style.display=\"none\";for(i=0;i<a.length;i++)s=a[i],e.source===s.contentWindow&&(s.removeAttribute(\"style\"),\"height\"===t.message?(1e3<(r=parseInt(t.value,10))?r=1e3:~~r<200&&(r=200),s.height=r):\"link\"===t.message&&(r=new URL(s.getAttribute(\"src\")),n=new URL(t.value),c.test(n.protocol))&&n.host===r.host&&l.activeElement===s&&(d.top.location.href=t.value))}},d.addEventListener(\"message\",d.wp.receiveEmbedMessage,!1),l.addEventListener(\"DOMContentLoaded\",function(){for(var e,t,s=l.querySelectorAll(\"iframe.wp-embedded-content\"),r=0;r<s.length;r++)(t=(e=s[r]).getAttribute(\"data-secret\"))||(t=Math.random().toString(36).substring(2,12),e.src+=\"#?secret=\"+t,e.setAttribute(\"data-secret\",t)),e.contentWindow.postMessage({message:\"ready\",secret:t},\"*\")},!1)))}(window,document);\n\/\/# sourceURL=https:\/\/stuttgarti-katolikusok.de\/wp-includes\/js\/wp-embed.min.js\n\/* ]]> *\/\n<\/script>\n","thumbnail_url":"https:\/\/stuttgarti-katolikusok.de\/wp-content\/uploads\/2020\/09\/corona-5174671_640.jpg","thumbnail_width":640,"thumbnail_height":427,"description":"F\u0151p\u00e1sztori lev\u00e9l a Rottenburg-Stuttgarti egyh\u00e1zmegye pl\u00e9b\u00e1ni\u00e1ihoz a koronav\u00edrus-j\u00e1rv\u00e1nyr\u00f3l Az \u00e9v 25. vas\u00e1rnapja: 2020. szeptember 20. Dr. Gebhard F\u00fcrst p\u00fcsp\u00f6k Az Istenben vetett hit a koronav\u00edrus alatt Kedves testv\u00e9reim! Egy h\u00e9ttel a vak\u00e1ci\u00f3 v\u00e9ge \u00e9s az iskolakezd\u00e9s ut\u00e1n szeretn\u00e9k ma hozz\u00e1tok sz\u00f3lni. A koronav\u00edrus v\u00e1ls\u00e1ga tov\u00e1bbra is szorongat benn\u00fcnket, \u00e9s komoly hat\u00e1ssal van mindennapjainkra. Ez \u00e9v m\u00e1rciusa \u00f3ta vil\u00e1gszerte mindenkit s\u00falyosan \u00e9rinti a j\u00e1rv\u00e1ny. Mindannyian nagy \u00e1ldozatokat kell hoznunk napjainkban. Le kell mondanunk szeretett tev\u00e9kenys\u00e9geinkr\u0151l, \u00e1t kell alak\u00edtanunk h\u00e9tk\u00f6znapjainkat, meg kell v\u00e1ltoztatnunk \u00e9letvitel\u00fcnket, szigor\u00fa korl\u00e1toz\u00e1sokat kell betartanunk templomba j\u00e1r\u00e1s \u00e9s istentiszteletek sor\u00e1n. Visszatekintve mindenekel\u0151tt szeretn\u00e9m kifejezni h\u00e1l\u00e1s k\u00f6sz\u00f6netemet nektek, kedves testv\u00e9reim. A legt\u00f6bb ember az elm\u00falt id\u0151szakban igen felel\u0151ss\u00e9gteljesen viselkedett, \u00edgy egyh\u00e1zmegy\u00e9nkben is. \u00cdgy minden testi \u00e9s lelki terhel\u00e9s ellen\u00e9re viszonylag j\u00f3l \u00e1t\u00e9lt\u00fck a s\u00falyos v\u00e1ls\u00e1got a m\u00e1s orsz\u00e1gokban tapasztalhat\u00f3 helyzetekhez k\u00e9pest. \u00c1m a neh\u00e9z id\u0151knek m\u00e9g nincs v\u00e9ge. A koronav\u00edrus \u00e1ltal oly s\u00falyosan \u00e9rintett h\u00e9tk\u00f6znapok k\u00f6z\u00f6s \u00e1t\u00e9l\u00e9se mindannyiunk sz\u00e1m\u00e1ra megmutatja, mennyire fontos az egy\u00fcttl\u00e9t. A higi\u00e9niai okokb\u00f3l sz\u00fcks\u00e9ges t\u00e1vols\u00e1gtart\u00e1s mindeddig nem vezetett oda, hogy emberk\u00e9nt is elt\u00e1volodjunk egym\u00e1st\u00f3l. \u00c9pp ellenkez\u0151leg: Az embert\u00e1rsaink helyzeteire \u00e9s ig\u00e9nyeire val\u00f3 odafigyel\u00e9s, sorsuk ir\u00e1nti aggodalom \u00e9s a k\u00f6lcs\u00f6n\u00f6s seg\u00edteni akar\u00e1s sok helyen megn\u00f6vekedett. A higi\u00e9niai okokb\u00f3l bevezetett t\u00e1vols\u00e1gtart\u00e1s gyakran k\u00f6zelebb vitte egym\u00e1shoz az embereket. A s\u00falyosan beteg \u00e9s haldokl\u00f3 embert\u00e1rsaink f\u00e1jdalmas tapasztalatai mindannyiunkat m\u00e9lyen megr\u00e1ztak. J\u00f3istennek h\u00e1la, a rokonok, gondoz\u00f3k, orvosok \u00e9s bar\u00e1tok, de egyh\u00e1zi dolgoz\u00f3k is, p\u00e9ld\u00e1ul lelk\u00e9szek, diak\u00f3nusok, lelkip\u00e1sztori \u00e9s k\u00f6z\u00f6ss\u00e9gi tisztvisel\u0151k \u00e9s k\u00fcl\u00f6n\u00f6sen sok \u00f6nk\u00e9ntes kereszt\u00e9ny gondoskodott a r\u00e1szorul\u00f3 emberekr\u0151l. Amit a k\u00f6lcs\u00f6n\u00f6s t\u00e1mogat\u00e1s \u00f6tletess\u00e9g\u00e9ben l\u00e1ttam, hallottam \u00e9s tapasztaltam, vigaszt \u00e9s rem\u00e9nyt adott sz\u00e1momra minden szenved\u00e9s ellen\u00e9re. Az egyh\u00e1z az elk\u00f6telezett helyiek r\u00e9v\u00e9n v\u00e9gig az emberek mellett \u00e1llt. Kedves testv\u00e9reim! A koronav\u00edrus hat\u00e1sait l\u00e1tva sok h\u00edv\u0151 neh\u00e9z sz\u00edvvel k\u00e9rdi: Mi\u00e9rt kellett mindennek \u00edgy t\u00f6rt\u00e9nnie? Elfelejtette Isten teremt\u00e9s\u00e9t, elfelejtette teremtm\u00e9nyeit, minket, embereket? Kedves hittestv\u00e9reim! Nem k\u00f6nny\u0171 megv\u00e1laszolni ezeket a s\u00fcrget\u0151 k\u00e9rd\u00e9seket. De seg\u00edts\u00e9g\u00fcnkre... R\u00e9szletek"}